{"id":86,"date":"2020-06-24T22:36:01","date_gmt":"2020-06-24T20:36:01","guid":{"rendered":"https:\/\/gruene-wuppertal.de\/fraktion\/?page_id=86"},"modified":"2020-10-28T15:50:40","modified_gmt":"2020-10-28T14:50:40","slug":"pressemitteilungen-der-fraktion","status":"publish","type":"page","link":"https:\/\/gruene-wuppertal.de\/fraktion\/presse\/pressemitteilungen-der-fraktion\/","title":{"rendered":"Pressemitteilungen der Fraktion"},"content":{"rendered":"<p>[vc_row content_width=&#8220;grid&#8220;][vc_column][vc_column_text css=&#8220;.vc_custom_1593474951036{margin-bottom: 32px !important;padding-top: 32px !important;padding-right: 32px !important;padding-bottom: 32px !important;padding-left: 32px !important;background-color: #ffffff !important;}&#8220; el_class=&#8220;shadowbox&#8220;]<\/p>\n<h1>Pressemitteilungen der Fraktion<\/h1>\n<p>[\/vc_column_text][\/vc_column][\/vc_row][vc_row content_width=&#8220;grid&#8220;][vc_column][vc_column_text css=&#8220;.vc_custom_1594851464090{margin-bottom: 32px !important;padding-top: 32px !important;padding-right: 32px !important;padding-bottom: 32px !important;padding-left: 32px !important;background-color: #ffffff !important;}&#8220; el_class=&#8220;shadowbox&#8220;]<ul><li class=\"beitrag_wrapper\"><div class=\"beitrag_wrapper_inner\"><div class=\"beitrag_titel\"><h3><a href=\"https:\/\/gruene-wuppertal.de\/fraktion\/pressemitteilungen\/fuer-eine-zukunftsorientierte-finanzplanung-gruene-diskutieren-stadtfinanzen-mit-buergerinnen\/\" title=\"\u201eF\u00fcr eine zukunftsorientierte Finanzplanung\u201c \u2013 GR\u00dcNE diskutieren Stadtfinanzen mit B\u00fcrger*innen\"><span class=\"pmnummer-revised\">Nr. 17:&nbsp;&nbsp;<\/span>\u201eF\u00fcr eine zukunftsorientierte Finanzplanung\u201c \u2013 GR\u00dcNE diskutieren Stadtfinanzen mit B\u00fcrger*innen<\/a><\/h3><\/div><div class=\"beitrag_datum\">17. April 2026<\/div><div class=\"beitrag_kurzbeschreibung\"><p><strong>\u201e<\/strong><strong>F\u00fcr eine zukunftsorientierte Finanzplanung\u201c \u2013<br \/>\nGR\u00dcNE diskutieren Stadtfinanzen mit B\u00fcrger*innen<br \/>\n<\/strong><br \/>\nDie Gr\u00fcne Ratsfraktion hat am heutigen Freitag, 17.04.2026, 40 engagierte\u202fB\u00fcrger*<em>innen, lokale Initiativen und Expert*<\/em>innen im CVJM Elberfeld begr\u00fc\u00dft. Nach einem Input durch den Fraktionsvorsitzenden Ulrich T. Christenn \u00fcber die Finanzplanungen des K\u00e4mmerers wurden konkrete, GR\u00dcNE Priorit\u00e4ten f\u00fcr den st\u00e4dtischen Haushalt 2026\/27 erarbeitet: ein fl\u00e4chendeckender Ausbau des \u00d6PNV, sofortige Investitionen in bezahlbaren Wohnraum, verst\u00e4rkte Mittel f\u00fcr Schulen und Kitas sowie ein beschleunigter Klimaschutzfonds f\u00fcr kommunale &#8230;<\/p>\n<div class=\"hupso-share-buttons\"><!-- Hupso Share Buttons - https:\/\/www.hupso.com\/share\/ --><a class=\"hupso_toolbar\" href=\"https:\/\/www.hupso.com\/share\/\"><img decoding=\"async\" src=\"https:\/\/static.hupso.com\/share\/buttons\/dot.png\" style=\"border:0px; padding-top: 5px; float:left;\" alt=\"Share Button\"\/><\/a><script type=\"text\/javascript\">var hupso_services_t=new Array(\"Twitter\",\"Facebook\",\"Pinterest\",\"Linkedin\",\"Email\");var hupso_background_t=\"#EAF4FF\";var hupso_border_t=\"#66CCFF\";var hupso_toolbar_size_t=\"medium\";var hupso_image_folder_url = \"\";var hupso_url_t=\"\";var hupso_title_t=\"Pressemitteilungen%20der%20Fraktion\";<\/script><script type=\"text\/javascript\" src=\"https:\/\/static.hupso.com\/share\/js\/share_toolbar.js\"><\/script><!-- Hupso Share Buttons --><\/div><\/div><div class=\"beitrag_link\"><a href=\"https:\/\/gruene-wuppertal.de\/fraktion\/pressemitteilungen\/fuer-eine-zukunftsorientierte-finanzplanung-gruene-diskutieren-stadtfinanzen-mit-buergerinnen\/\" title=\"\u201eF\u00fcr eine zukunftsorientierte Finanzplanung\u201c \u2013 GR\u00dcNE diskutieren Stadtfinanzen mit B\u00fcrger*innen\" class=\"readmore\">Weiterlesen &raquo;<\/a><\/div><div style=\"clear:both;\"><\/div><\/div><\/li><li class=\"beitrag_wrapper\"><div class=\"beitrag_wrapper_inner\"><div class=\"beitrag_titel\"><h3><a href=\"https:\/\/gruene-wuppertal.de\/fraktion\/pressemitteilungen\/sportplatz-kommune-2-0-vereine-und-engagierte-in-wuppertal-koennen-jetzt-bis-zu-15-000-euro-foerderung-fuer-ihr-sportprojekt-beantragen\/\" title=\"\u201eSportplatz Kommune 2.0\u201c: Vereine und Engagierte in Wuppertal k\u00f6nnen jetzt bis zu 15.000 Euro F\u00f6rderung f\u00fcr ihr Sportprojekt beantragen\"><span class=\"pmnummer-revised\">Nr. 16:&nbsp;&nbsp;<\/span>\u201eSportplatz Kommune 2.0\u201c: Vereine und Engagierte in Wuppertal k\u00f6nnen jetzt bis zu 15.000 Euro F\u00f6rderung f\u00fcr ihr Sportprojekt beantragen<\/a><\/h3><\/div><div class=\"beitrag_datum\">16. April 2026<\/div><div class=\"beitrag_kurzbeschreibung\"><p><strong>\u201eSportplatz Kommune 2.0\u201c: Vereine und Engagierte in Wuppertal k\u00f6nnen jetzt bis zu 15.000 Euro F\u00f6rderung f\u00fcr ihr Sportprojekt beantragen<\/strong><\/p>\n<p>Kommunen, Vereine, Tr\u00e4ger in der Ganztagsbetreuung, aber auch selbstst\u00e4ndige Trainerinnen und Trainer k\u00f6nnen jetzt vom Land eine F\u00f6rderung f\u00fcr neue Bewegungs- und Sportprojekte vor Ort erhalten. Ab dem 1. April l\u00e4uft die Bewerbungsrunde f\u00fcr das Programm \u201eSportplatz Kommune 2.0\u201c. \u201eIch lade alle Vereine, Organisationen und Akteure aus dem Sport in <strong>Wuppertal <\/strong>ein, ihre Ideen einzureichen &#8230;<\/p>\n<div class=\"hupso-share-buttons\"><!-- Hupso Share Buttons - https:\/\/www.hupso.com\/share\/ --><a class=\"hupso_toolbar\" href=\"https:\/\/www.hupso.com\/share\/\"><img decoding=\"async\" src=\"https:\/\/static.hupso.com\/share\/buttons\/dot.png\" style=\"border:0px; padding-top: 5px; float:left;\" alt=\"Share Button\"\/><\/a><script type=\"text\/javascript\">var hupso_services_t=new Array(\"Twitter\",\"Facebook\",\"Pinterest\",\"Linkedin\",\"Email\");var hupso_background_t=\"#EAF4FF\";var hupso_border_t=\"#66CCFF\";var hupso_toolbar_size_t=\"medium\";var hupso_image_folder_url = \"\";var hupso_url_t=\"\";var hupso_title_t=\"Pressemitteilungen%20der%20Fraktion\";<\/script><script type=\"text\/javascript\" src=\"https:\/\/static.hupso.com\/share\/js\/share_toolbar.js\"><\/script><!-- Hupso Share Buttons --><\/div><\/div><div class=\"beitrag_link\"><a href=\"https:\/\/gruene-wuppertal.de\/fraktion\/pressemitteilungen\/sportplatz-kommune-2-0-vereine-und-engagierte-in-wuppertal-koennen-jetzt-bis-zu-15-000-euro-foerderung-fuer-ihr-sportprojekt-beantragen\/\" title=\"\u201eSportplatz Kommune 2.0\u201c: Vereine und Engagierte in Wuppertal k\u00f6nnen jetzt bis zu 15.000 Euro F\u00f6rderung f\u00fcr ihr Sportprojekt beantragen\" class=\"readmore\">Weiterlesen &raquo;<\/a><\/div><div style=\"clear:both;\"><\/div><\/div><\/li><li class=\"beitrag_wrapper\"><div class=\"beitrag_wrapper_inner\"><div class=\"beitrag_titel\"><h3><a href=\"https:\/\/gruene-wuppertal.de\/fraktion\/pressemitteilungen\/gruene-begruessen-beteiligung-an-abstimmung-zu-olympia\/\" title=\"GR\u00dcNE begr\u00fc\u00dfen Beteiligung an Abstimmung zu Olympia\">GR\u00dcNE begr\u00fc\u00dfen Beteiligung an Abstimmung zu Olympia<\/a><\/h3><\/div><div class=\"beitrag_datum\"> 2. April 2026<\/div><div class=\"beitrag_kurzbeschreibung\"><p>Mit bisher \u00fcber 50.000 R\u00fcckmeldungen zur m\u00f6glichen Beteiligung der Stadt Wuppertal an den Olympischen und Paralympischen Spielen 2036, 2040 oder 2044 zeigt sich nach Einsch\u00e4tzung von B\u00fcndnis 90\/Die Gr\u00fcnen ein au\u00dferordentlich hohes Interesse der B\u00fcrgerinnen und B\u00fcrger an diesem Thema. Die Abstimmung, die noch bis zum 19. April l\u00e4uft, bietet allen Wuppertalerinnen und Wuppertalern die Gelegenheit, ihre Meinung einzubringen.<\/p>\n<p>\u201eWir freuen uns sehr \u00fcber diese hohe Anzahl an R\u00fcckmeldungen und w\u00fcnschen uns, dass die &#8230;<\/p>\n<div class=\"hupso-share-buttons\"><!-- Hupso Share Buttons - https:\/\/www.hupso.com\/share\/ --><a class=\"hupso_toolbar\" href=\"https:\/\/www.hupso.com\/share\/\"><img decoding=\"async\" src=\"https:\/\/static.hupso.com\/share\/buttons\/dot.png\" style=\"border:0px; padding-top: 5px; float:left;\" alt=\"Share Button\"\/><\/a><script type=\"text\/javascript\">var hupso_services_t=new Array(\"Twitter\",\"Facebook\",\"Pinterest\",\"Linkedin\",\"Email\");var hupso_background_t=\"#EAF4FF\";var hupso_border_t=\"#66CCFF\";var hupso_toolbar_size_t=\"medium\";var hupso_image_folder_url = \"\";var hupso_url_t=\"\";var hupso_title_t=\"Pressemitteilungen%20der%20Fraktion\";<\/script><script type=\"text\/javascript\" src=\"https:\/\/static.hupso.com\/share\/js\/share_toolbar.js\"><\/script><!-- Hupso Share Buttons --><\/div><\/div><div class=\"beitrag_link\"><a href=\"https:\/\/gruene-wuppertal.de\/fraktion\/pressemitteilungen\/gruene-begruessen-beteiligung-an-abstimmung-zu-olympia\/\" title=\"GR\u00dcNE begr\u00fc\u00dfen Beteiligung an Abstimmung zu Olympia\" class=\"readmore\">Weiterlesen &raquo;<\/a><\/div><div style=\"clear:both;\"><\/div><\/div><\/li><li class=\"beitrag_wrapper\"><div class=\"beitrag_wrapper_inner\"><div class=\"beitrag_titel\"><h3><a href=\"https:\/\/gruene-wuppertal.de\/fraktion\/pressemitteilungen\/buga-antrag-einstimmig-angenommen\/\" title=\"BUGA-Antrag einstimmig angenommen\"><span class=\"pmnummer-revised\">Nr. 14:&nbsp;&nbsp;<\/span>BUGA-Antrag einstimmig angenommen<\/a><\/h3><\/div><div class=\"beitrag_datum\">23. March 2026<\/div><div class=\"beitrag_kurzbeschreibung\"><p><strong>Gro\u00dfer Erfolg der GR\u00dcNEN im VRR<\/strong><\/p>\n<p>In der Sitzung des Ausschusses f\u00fcr Verkehr und Planung des VRR am Donnerstag wurde der gr\u00fcne Antrag zur fr\u00fchzeitigen Planungsaufnahme des Schienenverkehrs f\u00fcr die BUGA in Wuppertal einstimmig angenommen.<\/p>\n<p>Ganz konkret bezieht sich der Antrag auf den reibungslosen und verl\u00e4sslichen Transport zur BUGA f\u00fcr Menschen aus anderen St\u00e4dten und Regionen \u2013u.a. durch Zusatzhalte und Verst\u00e4rkerfahrten der betroffenen Linien. Im Gespr\u00e4ch ist bspw. die Neuschaffung der RE-Linie Bochum &#8230;<\/p>\n<div class=\"hupso-share-buttons\"><!-- Hupso Share Buttons - https:\/\/www.hupso.com\/share\/ --><a class=\"hupso_toolbar\" href=\"https:\/\/www.hupso.com\/share\/\"><img decoding=\"async\" src=\"https:\/\/static.hupso.com\/share\/buttons\/dot.png\" style=\"border:0px; padding-top: 5px; float:left;\" alt=\"Share Button\"\/><\/a><script type=\"text\/javascript\">var hupso_services_t=new Array(\"Twitter\",\"Facebook\",\"Pinterest\",\"Linkedin\",\"Email\");var hupso_background_t=\"#EAF4FF\";var hupso_border_t=\"#66CCFF\";var hupso_toolbar_size_t=\"medium\";var hupso_image_folder_url = \"\";var hupso_url_t=\"\";var hupso_title_t=\"Pressemitteilungen%20der%20Fraktion\";<\/script><script type=\"text\/javascript\" src=\"https:\/\/static.hupso.com\/share\/js\/share_toolbar.js\"><\/script><!-- Hupso Share Buttons --><\/div><\/div><div class=\"beitrag_link\"><a href=\"https:\/\/gruene-wuppertal.de\/fraktion\/pressemitteilungen\/buga-antrag-einstimmig-angenommen\/\" title=\"BUGA-Antrag einstimmig angenommen\" class=\"readmore\">Weiterlesen &raquo;<\/a><\/div><div style=\"clear:both;\"><\/div><\/div><\/li><li class=\"beitrag_wrapper\"><div class=\"beitrag_wrapper_inner\"><div class=\"beitrag_titel\"><h3><a href=\"https:\/\/gruene-wuppertal.de\/fraktion\/pressemitteilungen\/gruene-fraktion-fordert-klarheit-ueber-personalabbau-im-wuppertaler-haushaltssicherungskonzept\/\" title=\"Gr\u00fcne Fraktion fordert Klarheit \u00fcber Personalabbau im Wuppertaler Haushaltssicherungskonzept\"><span class=\"pmnummer-revised\">Nr. 13:&nbsp;&nbsp;<\/span>Gr\u00fcne Fraktion fordert Klarheit \u00fcber Personalabbau im Wuppertaler Haushaltssicherungskonzept<\/a><\/h3><\/div><div class=\"beitrag_datum\">10. March 2026<\/div><div class=\"beitrag_kurzbeschreibung\"><p>Die Fraktion B\u00fcndnis 90\/Die Gr\u00fcnen im Wuppertaler Stadtrat hat heute eine Kleine Anfrage zum Personalabbau an Oberb\u00fcrgermeisterin Miriam Scherff gerichtet. Hintergrund sind die anhaltenden Kontroversen um das Haushaltssicherungskonzept (HSK) der Stadt, das massive Personalreduzierungen vorsieht. Sowohl die Gewerkschaft ver.di als auch der st\u00e4dtische Personalrat hatten in den vergangenen Tagen deutliche Kritik an den Pl\u00e4nen ge\u00e4u\u00dfert und vor den Folgen f\u00fcr die Leistungsf\u00e4higkeit der Verwaltung gewarnt.<\/p>\n<p>In ihrer Anfrage fordern die Fraktionsvorsitzenden Denise Frings und &#8230;<\/p>\n<div class=\"hupso-share-buttons\"><!-- Hupso Share Buttons - https:\/\/www.hupso.com\/share\/ --><a class=\"hupso_toolbar\" href=\"https:\/\/www.hupso.com\/share\/\"><img decoding=\"async\" src=\"https:\/\/static.hupso.com\/share\/buttons\/dot.png\" style=\"border:0px; padding-top: 5px; float:left;\" alt=\"Share Button\"\/><\/a><script type=\"text\/javascript\">var hupso_services_t=new Array(\"Twitter\",\"Facebook\",\"Pinterest\",\"Linkedin\",\"Email\");var hupso_background_t=\"#EAF4FF\";var hupso_border_t=\"#66CCFF\";var hupso_toolbar_size_t=\"medium\";var hupso_image_folder_url = \"\";var hupso_url_t=\"\";var hupso_title_t=\"Pressemitteilungen%20der%20Fraktion\";<\/script><script type=\"text\/javascript\" src=\"https:\/\/static.hupso.com\/share\/js\/share_toolbar.js\"><\/script><!-- Hupso Share Buttons --><\/div><\/div><div class=\"beitrag_link\"><a href=\"https:\/\/gruene-wuppertal.de\/fraktion\/pressemitteilungen\/gruene-fraktion-fordert-klarheit-ueber-personalabbau-im-wuppertaler-haushaltssicherungskonzept\/\" title=\"Gr\u00fcne Fraktion fordert Klarheit \u00fcber Personalabbau im Wuppertaler Haushaltssicherungskonzept\" class=\"readmore\">Weiterlesen &raquo;<\/a><\/div><div style=\"clear:both;\"><\/div><\/div><\/li><li class=\"beitrag_wrapper\"><div class=\"beitrag_wrapper_inner\"><div class=\"beitrag_titel\"><h3><a href=\"https:\/\/gruene-wuppertal.de\/fraktion\/pressemitteilungen\/gruene-zum-kooperationsvertrag-von-spd-und-cdu-fragiles-konstrukt-in-schwierigen-zeiten\/\" title=\"Gr\u00fcne zum Kooperationsvertrag von SPD und CDU: Fragiles Konstrukt in schwierigen Zeiten\"><span class=\"pmnummer-revised\">Nr. 12:&nbsp;&nbsp;<\/span>Gr\u00fcne zum Kooperationsvertrag von SPD und CDU: Fragiles Konstrukt in schwierigen Zeiten<\/a><\/h3><\/div><div class=\"beitrag_datum\">23. February 2026<\/div><div class=\"beitrag_kurzbeschreibung\"><p>Heute wollen SPD und CDU ihren Kooperationsvertrag f\u00fcr die kommende Legislaturperiode unterzeichnen. Die GR\u00dcNE Ratsfraktion ist skeptisch: Eine Mehrheit auf dem Papier garantiert keine Handlungsf\u00e4higkeit, um die aktuellen Herausforderungen der Stadt zu bew\u00e4ltigen. Insbesondere in Zeiten der angespannten Haushaltslage und des Haushaltssicherungskonzepts braucht Wuppertal klare Priorit\u00e4ten und verl\u00e4ssliche, mutige Entscheidungen \u2013 keine vagen Absichtserkl\u00e4rungen.<\/p>\n<p><strong>Denise Frings, Fraktionsvorsitzende<\/strong> der Gr\u00fcnen im Wuppertaler Stadtrat: \u201eNach Monaten der Uneinigkeit und fehlenden Mehrheiten wirkt dieser Vertrag wie ein &#8230;<\/p>\n<div class=\"hupso-share-buttons\"><!-- Hupso Share Buttons - https:\/\/www.hupso.com\/share\/ --><a class=\"hupso_toolbar\" href=\"https:\/\/www.hupso.com\/share\/\"><img decoding=\"async\" src=\"https:\/\/static.hupso.com\/share\/buttons\/dot.png\" style=\"border:0px; padding-top: 5px; float:left;\" alt=\"Share Button\"\/><\/a><script type=\"text\/javascript\">var hupso_services_t=new Array(\"Twitter\",\"Facebook\",\"Pinterest\",\"Linkedin\",\"Email\");var hupso_background_t=\"#EAF4FF\";var hupso_border_t=\"#66CCFF\";var hupso_toolbar_size_t=\"medium\";var hupso_image_folder_url = \"\";var hupso_url_t=\"\";var hupso_title_t=\"Pressemitteilungen%20der%20Fraktion\";<\/script><script type=\"text\/javascript\" src=\"https:\/\/static.hupso.com\/share\/js\/share_toolbar.js\"><\/script><!-- Hupso Share Buttons --><\/div><\/div><div class=\"beitrag_link\"><a href=\"https:\/\/gruene-wuppertal.de\/fraktion\/pressemitteilungen\/gruene-zum-kooperationsvertrag-von-spd-und-cdu-fragiles-konstrukt-in-schwierigen-zeiten\/\" title=\"Gr\u00fcne zum Kooperationsvertrag von SPD und CDU: Fragiles Konstrukt in schwierigen Zeiten\" class=\"readmore\">Weiterlesen &raquo;<\/a><\/div><div style=\"clear:both;\"><\/div><\/div><\/li><li class=\"beitrag_wrapper\"><div class=\"beitrag_wrapper_inner\"><div class=\"beitrag_titel\"><h3><a href=\"https:\/\/gruene-wuppertal.de\/fraktion\/pressemitteilungen\/gruener-antrag-beschlossen-stadt-oeffnet-raeume-fuer-kulturelle-schuelerinnenprojekte\/\" title=\"Gr\u00fcner Antrag beschlossen: Stadt \u00f6ffnet R\u00e4ume f\u00fcr kulturelle Sch\u00fcler*innenprojekte\"><span class=\"pmnummer-revised\">Nr. 11:&nbsp;&nbsp;<\/span>Gr\u00fcner Antrag beschlossen: Stadt \u00f6ffnet R\u00e4ume f\u00fcr kulturelle Sch\u00fcler*innenprojekte<\/a><\/h3><\/div><div class=\"beitrag_datum\">19. February 2026<\/div><div class=\"beitrag_kurzbeschreibung\"><p>Ein wichtiger Schritt f\u00fcr kulturelle Bildung und echte Teilhabe: Der Kulturausschuss hat gestern den Antrag der Ratsfraktion B\u00fcndnis 90\/Die Gr\u00fcnen beschlossen, Schulen ohne eigene Aula k\u00fcnftig kostenfrei geeignete st\u00e4dtische R\u00e4ume f\u00fcr Auff\u00fchrungen, Ausstellungen und Konzerte zur Verf\u00fcgung zu stellen. Damit erhalten Sch\u00fclerinnen und Sch\u00fcler die M\u00f6glichkeit, ihre k\u00fcnstlerischen Arbeiten \u00f6ffentlich zu pr\u00e4sentieren \u2013 unb\u00fcrokratisch, sichtbar und wertgesch\u00e4tzt.<\/p>\n<p>Einige Wuppertaler Schulen verf\u00fcgen bislang \u00fcber keinen geeigneten Veranstaltungsort, Lehrkr\u00e4fte mussten bisher aufw\u00e4ndig nach m\u00f6glichen Orten suchen, &#8230;<\/p>\n<div class=\"hupso-share-buttons\"><!-- Hupso Share Buttons - https:\/\/www.hupso.com\/share\/ --><a class=\"hupso_toolbar\" href=\"https:\/\/www.hupso.com\/share\/\"><img decoding=\"async\" src=\"https:\/\/static.hupso.com\/share\/buttons\/dot.png\" style=\"border:0px; padding-top: 5px; float:left;\" alt=\"Share Button\"\/><\/a><script type=\"text\/javascript\">var hupso_services_t=new Array(\"Twitter\",\"Facebook\",\"Pinterest\",\"Linkedin\",\"Email\");var hupso_background_t=\"#EAF4FF\";var hupso_border_t=\"#66CCFF\";var hupso_toolbar_size_t=\"medium\";var hupso_image_folder_url = \"\";var hupso_url_t=\"\";var hupso_title_t=\"Pressemitteilungen%20der%20Fraktion\";<\/script><script type=\"text\/javascript\" src=\"https:\/\/static.hupso.com\/share\/js\/share_toolbar.js\"><\/script><!-- Hupso Share Buttons --><\/div><\/div><div class=\"beitrag_link\"><a href=\"https:\/\/gruene-wuppertal.de\/fraktion\/pressemitteilungen\/gruener-antrag-beschlossen-stadt-oeffnet-raeume-fuer-kulturelle-schuelerinnenprojekte\/\" title=\"Gr\u00fcner Antrag beschlossen: Stadt \u00f6ffnet R\u00e4ume f\u00fcr kulturelle Sch\u00fcler*innenprojekte\" class=\"readmore\">Weiterlesen &raquo;<\/a><\/div><div style=\"clear:both;\"><\/div><\/div><\/li><li class=\"beitrag_wrapper\"><div class=\"beitrag_wrapper_inner\"><div class=\"beitrag_titel\"><h3><a href=\"https:\/\/gruene-wuppertal.de\/fraktion\/pressemitteilungen\/gruene-lehnen-verschiebung-des-haushaltsbeschlusses-ab\/\" title=\"Gr\u00fcne lehnen Verschiebung des Haushaltsbeschlusses ab\"><span class=\"pmnummer-revised\">Nr. 10:&nbsp;&nbsp;<\/span>Gr\u00fcne lehnen Verschiebung des Haushaltsbeschlusses ab<\/a><\/h3><\/div><div class=\"beitrag_datum\">17. February 2026<\/div><div class=\"beitrag_kurzbeschreibung\"><p>Die Fraktion von B\u00fcndnis 90\/DIE Gr\u00fcnen lehnt die Verschiebung der Verabschiedung des Haushaltsplans und des Haushaltsicherungskonzeptes ab. Ohne Zweifel sind die aktuellen Beratungen inhaltlich und zeitlich schwierig. Die sp\u00e4te Einbringung des Haushaltsplans im Dezember und die erst im Januar erfolgten Erg\u00e4nzungen haben ihre Ursache in der Konstituierung des neu gew\u00e4hlten Stadtrates und den Umstellungsarbeiten der K\u00e4mmerei auf ein neues System.<\/p>\n<p><strong>Thomas Lenz<\/strong>, finanzpolitischer Sprecher: \u201eBisherige Bem\u00fchungen, zum Beispiel Beratungen im Februar durch Sondersitzungen der &#8230;<\/p>\n<div class=\"hupso-share-buttons\"><!-- Hupso Share Buttons - https:\/\/www.hupso.com\/share\/ --><a class=\"hupso_toolbar\" href=\"https:\/\/www.hupso.com\/share\/\"><img decoding=\"async\" src=\"https:\/\/static.hupso.com\/share\/buttons\/dot.png\" style=\"border:0px; padding-top: 5px; float:left;\" alt=\"Share Button\"\/><\/a><script type=\"text\/javascript\">var hupso_services_t=new Array(\"Twitter\",\"Facebook\",\"Pinterest\",\"Linkedin\",\"Email\");var hupso_background_t=\"#EAF4FF\";var hupso_border_t=\"#66CCFF\";var hupso_toolbar_size_t=\"medium\";var hupso_image_folder_url = \"\";var hupso_url_t=\"\";var hupso_title_t=\"Pressemitteilungen%20der%20Fraktion\";<\/script><script type=\"text\/javascript\" src=\"https:\/\/static.hupso.com\/share\/js\/share_toolbar.js\"><\/script><!-- Hupso Share Buttons --><\/div><\/div><div class=\"beitrag_link\"><a href=\"https:\/\/gruene-wuppertal.de\/fraktion\/pressemitteilungen\/gruene-lehnen-verschiebung-des-haushaltsbeschlusses-ab\/\" title=\"Gr\u00fcne lehnen Verschiebung des Haushaltsbeschlusses ab\" class=\"readmore\">Weiterlesen &raquo;<\/a><\/div><div style=\"clear:both;\"><\/div><\/div><\/li><li class=\"beitrag_wrapper\"><div class=\"beitrag_wrapper_inner\"><div class=\"beitrag_titel\"><h3><a href=\"https:\/\/gruene-wuppertal.de\/fraktion\/pressemitteilungen\/engagierte-diskussion-ueber-den-haushaltsentwurf-veranstaltung-wofuer-gibt-wuppertal-geld-aus-voller-erfolg\/\" title=\"Engagierte Diskussion \u00fcber den Haushaltsentwurf &#8211; Veranstaltung \u201eWof\u00fcr gibt Wuppertal Geld aus?\u201c voller Erfolg!\"><span class=\"pmnummer-revised\">Nr. 09:&nbsp;&nbsp;<\/span>Engagierte Diskussion \u00fcber den Haushaltsentwurf &#8211; Veranstaltung \u201eWof\u00fcr gibt Wuppertal Geld aus?\u201c voller Erfolg!<\/a><\/h3><\/div><div class=\"beitrag_datum\">14. February 2026<\/div><div class=\"beitrag_kurzbeschreibung\"><p><strong>Unter dem Motto \u201eWof\u00fcr gibt Wuppertal Geld aus?\u201c hat die Ratsfraktion von B\u00fcndnis 90\/Die Gr\u00fcnen am Freitagabend zu einem offenen B\u00fcrger*innendialog in die R\u00e4umlichkeiten des CVJM Elberfeld eingeladen. <\/strong><\/p>\n<p>Rund 50 Personen diskutierten \u00fcber Priorit\u00e4ten im st\u00e4dtischen Haushalt, setzten GR\u00dcNE Impulse und benannten Handlungsfelder f\u00fcr eine zukunftsorientierte Finanzplanung.<\/p>\n<p>Die Veranstaltung, die vom finanzpolitischen Sprecher <strong>Thomas Lenz<\/strong> und dem Fraktionsvorsitzenden <strong>Ulrich T. Christenn<\/strong> mit einem Input \u00fcber die aktuelle Haushaltslage gestartet wurde, bot eine &#8230;<\/p>\n<div class=\"hupso-share-buttons\"><!-- Hupso Share Buttons - https:\/\/www.hupso.com\/share\/ --><a class=\"hupso_toolbar\" href=\"https:\/\/www.hupso.com\/share\/\"><img decoding=\"async\" src=\"https:\/\/static.hupso.com\/share\/buttons\/dot.png\" style=\"border:0px; padding-top: 5px; float:left;\" alt=\"Share Button\"\/><\/a><script type=\"text\/javascript\">var hupso_services_t=new Array(\"Twitter\",\"Facebook\",\"Pinterest\",\"Linkedin\",\"Email\");var hupso_background_t=\"#EAF4FF\";var hupso_border_t=\"#66CCFF\";var hupso_toolbar_size_t=\"medium\";var hupso_image_folder_url = \"\";var hupso_url_t=\"\";var hupso_title_t=\"Pressemitteilungen%20der%20Fraktion\";<\/script><script type=\"text\/javascript\" src=\"https:\/\/static.hupso.com\/share\/js\/share_toolbar.js\"><\/script><!-- Hupso Share Buttons --><\/div><\/div><div class=\"beitrag_link\"><a href=\"https:\/\/gruene-wuppertal.de\/fraktion\/pressemitteilungen\/engagierte-diskussion-ueber-den-haushaltsentwurf-veranstaltung-wofuer-gibt-wuppertal-geld-aus-voller-erfolg\/\" title=\"Engagierte Diskussion \u00fcber den Haushaltsentwurf &#8211; Veranstaltung \u201eWof\u00fcr gibt Wuppertal Geld aus?\u201c voller Erfolg!\" class=\"readmore\">Weiterlesen &raquo;<\/a><\/div><div style=\"clear:both;\"><\/div><\/div><\/li><li class=\"beitrag_wrapper\"><div class=\"beitrag_wrapper_inner\"><div class=\"beitrag_titel\"><h3><a href=\"https:\/\/gruene-wuppertal.de\/fraktion\/pressemitteilungen\/gruene-ratsfraktion-fordert-beschleunigung-von-schulbau-und-schulentwicklungsplanung-ambitionierte-ziele-fuer-moderne-lernumgebungen-in-wuppertal\/\" title=\"Gr\u00fcne Ratsfraktion fordert Beschleunigung von Schulbau und Schulentwicklungsplanung \u2013   Ambitionierte Ziele f\u00fcr moderne Lernumgebungen in Wuppertal\"><span class=\"pmnummer-revised\">Nr. 08:&nbsp;&nbsp;<\/span>Gr\u00fcne Ratsfraktion fordert Beschleunigung von Schulbau und Schulentwicklungsplanung \u2013   Ambitionierte Ziele f\u00fcr moderne Lernumgebungen in Wuppertal<\/a><\/h3><\/div><div class=\"beitrag_datum\">13. February 2026<\/div><div class=\"beitrag_kurzbeschreibung\"><p>Die gemeinsame Sitzung des Schulausschusses und des Betriebsausschusses Geb\u00e4udemanagement hat am gestrigen Donnerstag den Abschlussbericht zur Schulentwicklungsplanung sowie die Schulbauoffensive auf die Agenda gesetzt.<br \/>\nDie Gr\u00fcne Ratsfraktion begr\u00fc\u00dft die nun eingeleiteten Schritte, um die dringend notwendige Modernisierung der Wuppertaler Schullandschaft voranzutreiben.<\/p>\n<p><strong>Denise Frings<\/strong>, Fraktionsvorsitzende und bildungspolitische Sprecherin der Gr\u00fcnen im Rat der Stadt Wuppertal: \u201eUnsere Sch\u00fclerinnen und Sch\u00fcler haben ein Recht auf ein zeitgem\u00e4\u00dfes, qualitativ hochwertiges Lernumfeld. Die aktuelle Schulsituation in Wuppertal ist seit &#8230;<\/p>\n<div class=\"hupso-share-buttons\"><!-- Hupso Share Buttons - https:\/\/www.hupso.com\/share\/ --><a class=\"hupso_toolbar\" href=\"https:\/\/www.hupso.com\/share\/\"><img decoding=\"async\" src=\"https:\/\/static.hupso.com\/share\/buttons\/dot.png\" style=\"border:0px; padding-top: 5px; float:left;\" alt=\"Share Button\"\/><\/a><script type=\"text\/javascript\">var hupso_services_t=new Array(\"Twitter\",\"Facebook\",\"Pinterest\",\"Linkedin\",\"Email\");var hupso_background_t=\"#EAF4FF\";var hupso_border_t=\"#66CCFF\";var hupso_toolbar_size_t=\"medium\";var hupso_image_folder_url = \"\";var hupso_url_t=\"\";var hupso_title_t=\"Pressemitteilungen%20der%20Fraktion\";<\/script><script type=\"text\/javascript\" src=\"https:\/\/static.hupso.com\/share\/js\/share_toolbar.js\"><\/script><!-- Hupso Share Buttons --><\/div><\/div><div class=\"beitrag_link\"><a href=\"https:\/\/gruene-wuppertal.de\/fraktion\/pressemitteilungen\/gruene-ratsfraktion-fordert-beschleunigung-von-schulbau-und-schulentwicklungsplanung-ambitionierte-ziele-fuer-moderne-lernumgebungen-in-wuppertal\/\" title=\"Gr\u00fcne Ratsfraktion fordert Beschleunigung von Schulbau und Schulentwicklungsplanung \u2013   Ambitionierte Ziele f\u00fcr moderne Lernumgebungen in Wuppertal\" class=\"readmore\">Weiterlesen &raquo;<\/a><\/div><div style=\"clear:both;\"><\/div><\/div><\/li><\/ul><div class=\"gruene-pagination\"><nav class=\"pagination\"><ul><li><span class=\"current\">1<\/span><\/li><li><a href=\"https:\/\/gruene-wuppertal.de\/fraktion\/wp-json\/wp\/v2\/pages\/86\/page\/2\/\" class=\"inactive \">2<\/a><\/li><li><a href=\"https:\/\/gruene-wuppertal.de\/fraktion\/wp-json\/wp\/v2\/pages\/86\/page\/3\/\" class=\"inactive \">3<\/a><\/li><li><a href=\"https:\/\/gruene-wuppertal.de\/fraktion\/wp-json\/wp\/v2\/pages\/86\/page\/4\/\" class=\"inactive \">4<\/a><\/li><li><a href=\"https:\/\/gruene-wuppertal.de\/fraktion\/wp-json\/wp\/v2\/pages\/86\/page\/5\/\" class=\"inactive \">5<\/a><\/li><li><a href=\"https:\/\/gruene-wuppertal.de\/fraktion\/wp-json\/wp\/v2\/pages\/86\/page\/2\/\">&rsaquo;<\/a><\/li><li><a href=\"https:\/\/gruene-wuppertal.de\/fraktion\/wp-json\/wp\/v2\/pages\/86\/page\/199\/\">&raquo;<\/a><\/li><div style=\"clear:both;\"><\/div><\/ul><\/nav><\/div><div class=\"gruene-jahresarchiv\"><nav class=\"jahresarchiv\"><ul><li><a href=\"\/fraktion\/presse\/pressemitteilungen-der-fraktion?jahr=2026\" title=\"Nur Beitr\u00e4ge aus 2026\">2026<\/a><\/li><li><a href=\"\/fraktion\/presse\/pressemitteilungen-der-fraktion?jahr=2025\" title=\"Nur Beitr\u00e4ge aus 2025\">2025<\/a><\/li><li><a href=\"\/fraktion\/presse\/pressemitteilungen-der-fraktion?jahr=2024\" title=\"Nur Beitr\u00e4ge aus 2024\">2024<\/a><\/li><li><a href=\"\/fraktion\/presse\/pressemitteilungen-der-fraktion?jahr=2023\" title=\"Nur Beitr\u00e4ge aus 2023\">2023<\/a><\/li><li><a href=\"\/fraktion\/presse\/pressemitteilungen-der-fraktion?jahr=2022\" title=\"Nur Beitr\u00e4ge aus 2022\">2022<\/a><\/li><li><a href=\"\/fraktion\/presse\/pressemitteilungen-der-fraktion?jahr=2021\" title=\"Nur Beitr\u00e4ge aus 2021\">2021<\/a><\/li><li><a href=\"\/fraktion\/presse\/pressemitteilungen-der-fraktion?jahr=2020\" title=\"Nur Beitr\u00e4ge aus 2020\">2020<\/a><\/li><li><a href=\"\/fraktion\/presse\/pressemitteilungen-der-fraktion?jahr=2019\" title=\"Nur Beitr\u00e4ge aus 2019\">2019<\/a><\/li><li><a href=\"\/fraktion\/presse\/pressemitteilungen-der-fraktion?jahr=2018\" title=\"Nur Beitr\u00e4ge aus 2018\">2018<\/a><\/li><li><a href=\"\/fraktion\/presse\/pressemitteilungen-der-fraktion?jahr=2017\" title=\"Nur Beitr\u00e4ge aus 2017\">2017<\/a><\/li><li><a href=\"\/fraktion\/presse\/pressemitteilungen-der-fraktion?jahr=2016\" title=\"Nur Beitr\u00e4ge aus 2016\">2016<\/a><\/li><li><a href=\"\/fraktion\/presse\/pressemitteilungen-der-fraktion?jahr=2015\" title=\"Nur Beitr\u00e4ge aus 2015\">2015<\/a><\/li><li><a href=\"\/fraktion\/presse\/pressemitteilungen-der-fraktion?jahr=2014\" title=\"Nur Beitr\u00e4ge aus 2014\">2014<\/a><\/li><li><a href=\"\/fraktion\/presse\/pressemitteilungen-der-fraktion?jahr=2013\" title=\"Nur Beitr\u00e4ge aus 2013\">2013<\/a><\/li><li><a href=\"\/fraktion\/presse\/pressemitteilungen-der-fraktion?jahr=2012\" title=\"Nur Beitr\u00e4ge aus 2012\">2012<\/a><\/li><li><a href=\"\/fraktion\/presse\/pressemitteilungen-der-fraktion?jahr=2011\" title=\"Nur Beitr\u00e4ge aus 2011\">2011<\/a><\/li><li><a href=\"\/fraktion\/presse\/pressemitteilungen-der-fraktion?jahr=2010\" title=\"Nur Beitr\u00e4ge aus 2010\">2010<\/a><\/li><li><a href=\"\/fraktion\/presse\/pressemitteilungen-der-fraktion?jahr=2009\" title=\"Nur Beitr\u00e4ge aus 2009\">2009<\/a><\/li><li><a href=\"\/fraktion\/presse\/pressemitteilungen-der-fraktion?jahr=2008\" title=\"Nur Beitr\u00e4ge aus 2008\">2008<\/a><\/li><li><a href=\"\/fraktion\/presse\/pressemitteilungen-der-fraktion?jahr=2007\" title=\"Nur Beitr\u00e4ge aus 2007\">2007<\/a><\/li><li><a href=\"\/fraktion\/presse\/pressemitteilungen-der-fraktion?jahr=2006\" title=\"Nur Beitr\u00e4ge aus 2006\">2006<\/a><\/li><li><a href=\"\/fraktion\/presse\/pressemitteilungen-der-fraktion?jahr=2005\" title=\"Nur Beitr\u00e4ge aus 2005\">2005<\/a><\/li><li><a href=\"\/fraktion\/presse\/pressemitteilungen-der-fraktion?jahr=2004\" title=\"Nur Beitr\u00e4ge aus 2004\">2004<\/a><\/li><li><a href=\"\/fraktion\/presse\/pressemitteilungen-der-fraktion?jahr=2003\" title=\"Nur Beitr\u00e4ge aus 2003\">2003<\/a><\/li><li><a href=\"\/fraktion\/presse\/pressemitteilungen-der-fraktion?jahr=2002\" title=\"Nur Beitr\u00e4ge aus 2002\">2002<\/a><\/li><li><a href=\"\/fraktion\/presse\/pressemitteilungen-der-fraktion?jahr=2001\" title=\"Nur Beitr\u00e4ge aus 2001\">2001<\/a><\/li><li><a href=\"\/fraktion\/presse\/pressemitteilungen-der-fraktion?jahr=2000\" title=\"Nur Beitr\u00e4ge aus 2000\">2000<\/a><\/li><\/ul><\/nav><\/div>[\/vc_column_text][\/vc_column][\/vc_row]<\/p>\n<div class=\"hupso-share-buttons\"><!-- Hupso Share Buttons - https:\/\/www.hupso.com\/share\/ --><a class=\"hupso_toolbar\" href=\"https:\/\/www.hupso.com\/share\/\"><img decoding=\"async\" src=\"https:\/\/static.hupso.com\/share\/buttons\/dot.png\" style=\"border:0px; padding-top: 5px; float:left;\" alt=\"Share Button\"\/><\/a><script type=\"text\/javascript\">var hupso_services_t=new Array(\"Twitter\",\"Facebook\",\"Pinterest\",\"Linkedin\",\"Email\");var hupso_background_t=\"#EAF4FF\";var hupso_border_t=\"#66CCFF\";var hupso_toolbar_size_t=\"medium\";var hupso_image_folder_url = \"\";var hupso_url_t=\"\";var hupso_title_t=\"Pressemitteilungen%20der%20Fraktion\";<\/script><script type=\"text\/javascript\" src=\"https:\/\/static.hupso.com\/share\/js\/share_toolbar.js\"><\/script><!-- Hupso Share Buttons --><\/div>","protected":false},"excerpt":{"rendered":"<p>[vc_row content_width=&#8220;grid&#8220;][vc_column][vc_column_text css=&#8220;.vc_custom_1593474951036{margin-bottom: 32px !important;padding-top: 32px !important;padding-right: 32px !important;padding-bottom: 32px !important;padding-left: 32px !important;background-color: #ffffff !important;}&#8220; el_class=&#8220;shadowbox&#8220;] Pressemitteilungen der Fraktion [\/vc_column_text][\/vc_column][\/vc_row][vc_row content_width=&#8220;grid&#8220;][vc_column][vc_column_text css=&#8220;.vc_custom_1594851464090{margin-bottom: 32px !important;padding-top: 32px !important;padding-right: 32px !important;padding-bottom: 32px !important;padding-left: 32px !important;background-color: #ffffff !important;}&#8220; el_class=&#8220;shadowbox&#8220;][\/vc_column_text][\/vc_column][\/vc_row]<\/p>\n","protected":false},"author":1,"featured_media":0,"parent":14,"menu_order":4,"comment_status":"closed","ping_status":"closed","template":"full-width.php","meta":{"footnotes":"","_wp_rev_ctl_limit":""},"yoast_head":"<!-- This site is optimized with the Yoast SEO plugin v21.8 - https:\/\/yoast.com\/wordpress\/plugins\/seo\/ -->\n<title>Pressemitteilungen der Fraktion - Fraktion von B\u00fcndnis 90 \/ DIE GR\u00dcNEN im Rat der Stadt Wuppertal<\/title>\n<meta name=\"robots\" content=\"index, follow, max-snippet:-1, max-image-preview:large, max-video-preview:-1\" \/>\n<link rel=\"canonical\" href=\"https:\/\/gruene-wuppertal.de\/fraktion\/presse\/pressemitteilungen-der-fraktion\/\" \/>\n<meta property=\"og:locale\" content=\"de_DE\" \/>\n<meta property=\"og:type\" content=\"article\" \/>\n<meta property=\"og:title\" content=\"Pressemitteilungen der Fraktion - Fraktion von B\u00fcndnis 90 \/ DIE GR\u00dcNEN im Rat der Stadt Wuppertal\" \/>\n<meta property=\"og:description\" content=\"[vc_row content_width=&#8220;grid&#8220;][vc_column][vc_column_text css=&#8220;.vc_custom_1593474951036{margin-bottom: 32px !important;padding-top: 32px !important;padding-right: 32px !important;padding-bottom: 32px !important;padding-left: 32px !important;background-color: #ffffff !important;}&#8220; el_class=&#8220;shadowbox&#8220;] Pressemitteilungen der Fraktion [\/vc_column_text][\/vc_column][\/vc_row][vc_row content_width=&#8220;grid&#8220;][vc_column][vc_column_text css=&#8220;.vc_custom_1594851464090{margin-bottom: 32px !important;padding-top: 32px !important;padding-right: 32px !important;padding-bottom: 32px !important;padding-left: 32px !important;background-color: #ffffff !important;}&#8220; el_class=&#8220;shadowbox&#8220;][\/vc_column_text][\/vc_column][\/vc_row]\" \/>\n<meta property=\"og:url\" content=\"https:\/\/gruene-wuppertal.de\/fraktion\/presse\/pressemitteilungen-der-fraktion\/\" \/>\n<meta property=\"og:site_name\" content=\"Fraktion von B\u00fcndnis 90 \/ DIE GR\u00dcNEN im Rat der Stadt Wuppertal\" \/>\n<meta property=\"article:modified_time\" content=\"2020-10-28T14:50:40+00:00\" \/>\n<meta name=\"twitter:card\" content=\"summary_large_image\" \/>\n<script type=\"application\/ld+json\" class=\"yoast-schema-graph\">{\"@context\":\"https:\/\/schema.org\",\"@graph\":[{\"@type\":\"WebPage\",\"@id\":\"https:\/\/gruene-wuppertal.de\/fraktion\/presse\/pressemitteilungen-der-fraktion\/\",\"url\":\"https:\/\/gruene-wuppertal.de\/fraktion\/presse\/pressemitteilungen-der-fraktion\/\",\"name\":\"Pressemitteilungen der Fraktion - Fraktion von B\u00fcndnis 90 \/ DIE GR\u00dcNEN im Rat der Stadt Wuppertal\",\"isPartOf\":{\"@id\":\"https:\/\/gruene-wuppertal.de\/fraktion\/#website\"},\"datePublished\":\"2020-06-24T20:36:01+00:00\",\"dateModified\":\"2020-10-28T14:50:40+00:00\",\"breadcrumb\":{\"@id\":\"https:\/\/gruene-wuppertal.de\/fraktion\/presse\/pressemitteilungen-der-fraktion\/#breadcrumb\"},\"inLanguage\":\"de-DE\",\"potentialAction\":[{\"@type\":\"ReadAction\",\"target\":[\"https:\/\/gruene-wuppertal.de\/fraktion\/presse\/pressemitteilungen-der-fraktion\/\"]}]},{\"@type\":\"BreadcrumbList\",\"@id\":\"https:\/\/gruene-wuppertal.de\/fraktion\/presse\/pressemitteilungen-der-fraktion\/#breadcrumb\",\"itemListElement\":[{\"@type\":\"ListItem\",\"position\":1,\"name\":\"Startseite\",\"item\":\"https:\/\/gruene-wuppertal.de\/fraktion\/\"},{\"@type\":\"ListItem\",\"position\":2,\"name\":\"Presse\",\"item\":\"https:\/\/gruene-wuppertal.de\/fraktion\/presse\/\"},{\"@type\":\"ListItem\",\"position\":3,\"name\":\"Pressemitteilungen der Fraktion\"}]},{\"@type\":\"WebSite\",\"@id\":\"https:\/\/gruene-wuppertal.de\/fraktion\/#website\",\"url\":\"https:\/\/gruene-wuppertal.de\/fraktion\/\",\"name\":\"Fraktion von B\u00fcndnis 90 \/ DIE GR\u00dcNEN im Rat der Stadt Wuppertal\",\"description\":\"\",\"potentialAction\":[{\"@type\":\"SearchAction\",\"target\":{\"@type\":\"EntryPoint\",\"urlTemplate\":\"https:\/\/gruene-wuppertal.de\/fraktion\/?s={search_term_string}\"},\"query-input\":\"required name=search_term_string\"}],\"inLanguage\":\"de-DE\"}]}<\/script>\n<!-- \/ Yoast SEO plugin. -->","yoast_head_json":{"title":"Pressemitteilungen der Fraktion - Fraktion von B\u00fcndnis 90 \/ DIE GR\u00dcNEN im Rat der Stadt Wuppertal","robots":{"index":"index","follow":"follow","max-snippet":"max-snippet:-1","max-image-preview":"max-image-preview:large","max-video-preview":"max-video-preview:-1"},"canonical":"https:\/\/gruene-wuppertal.de\/fraktion\/presse\/pressemitteilungen-der-fraktion\/","og_locale":"de_DE","og_type":"article","og_title":"Pressemitteilungen der Fraktion - Fraktion von B\u00fcndnis 90 \/ DIE GR\u00dcNEN im Rat der Stadt Wuppertal","og_description":"[vc_row content_width=&#8220;grid&#8220;][vc_column][vc_column_text css=&#8220;.vc_custom_1593474951036{margin-bottom: 32px !important;padding-top: 32px !important;padding-right: 32px !important;padding-bottom: 32px !important;padding-left: 32px !important;background-color: #ffffff !important;}&#8220; el_class=&#8220;shadowbox&#8220;] Pressemitteilungen der Fraktion [\/vc_column_text][\/vc_column][\/vc_row][vc_row content_width=&#8220;grid&#8220;][vc_column][vc_column_text css=&#8220;.vc_custom_1594851464090{margin-bottom: 32px !important;padding-top: 32px !important;padding-right: 32px !important;padding-bottom: 32px !important;padding-left: 32px !important;background-color: #ffffff !important;}&#8220; el_class=&#8220;shadowbox&#8220;][\/vc_column_text][\/vc_column][\/vc_row]","og_url":"https:\/\/gruene-wuppertal.de\/fraktion\/presse\/pressemitteilungen-der-fraktion\/","og_site_name":"Fraktion von B\u00fcndnis 90 \/ DIE GR\u00dcNEN im Rat der Stadt Wuppertal","article_modified_time":"2020-10-28T14:50:40+00:00","twitter_card":"summary_large_image","schema":{"@context":"https:\/\/schema.org","@graph":[{"@type":"WebPage","@id":"https:\/\/gruene-wuppertal.de\/fraktion\/presse\/pressemitteilungen-der-fraktion\/","url":"https:\/\/gruene-wuppertal.de\/fraktion\/presse\/pressemitteilungen-der-fraktion\/","name":"Pressemitteilungen der Fraktion - Fraktion von B\u00fcndnis 90 \/ DIE GR\u00dcNEN im Rat der Stadt Wuppertal","isPartOf":{"@id":"https:\/\/gruene-wuppertal.de\/fraktion\/#website"},"datePublished":"2020-06-24T20:36:01+00:00","dateModified":"2020-10-28T14:50:40+00:00","breadcrumb":{"@id":"https:\/\/gruene-wuppertal.de\/fraktion\/presse\/pressemitteilungen-der-fraktion\/#breadcrumb"},"inLanguage":"de-DE","potentialAction":[{"@type":"ReadAction","target":["https:\/\/gruene-wuppertal.de\/fraktion\/presse\/pressemitteilungen-der-fraktion\/"]}]},{"@type":"BreadcrumbList","@id":"https:\/\/gruene-wuppertal.de\/fraktion\/presse\/pressemitteilungen-der-fraktion\/#breadcrumb","itemListElement":[{"@type":"ListItem","position":1,"name":"Startseite","item":"https:\/\/gruene-wuppertal.de\/fraktion\/"},{"@type":"ListItem","position":2,"name":"Presse","item":"https:\/\/gruene-wuppertal.de\/fraktion\/presse\/"},{"@type":"ListItem","position":3,"name":"Pressemitteilungen der Fraktion"}]},{"@type":"WebSite","@id":"https:\/\/gruene-wuppertal.de\/fraktion\/#website","url":"https:\/\/gruene-wuppertal.de\/fraktion\/","name":"Fraktion von B\u00fcndnis 90 \/ DIE GR\u00dcNEN im Rat der Stadt Wuppertal","description":"","potentialAction":[{"@type":"SearchAction","target":{"@type":"EntryPoint","urlTemplate":"https:\/\/gruene-wuppertal.de\/fraktion\/?s={search_term_string}"},"query-input":"required name=search_term_string"}],"inLanguage":"de-DE"}]}},"post_mailing_queue_ids":[],"_links":{"self":[{"href":"https:\/\/gruene-wuppertal.de\/fraktion\/wp-json\/wp\/v2\/pages\/86"}],"collection":[{"href":"https:\/\/gruene-wuppertal.de\/fraktion\/wp-json\/wp\/v2\/pages"}],"about":[{"href":"https:\/\/gruene-wuppertal.de\/fraktion\/wp-json\/wp\/v2\/types\/page"}],"author":[{"embeddable":true,"href":"https:\/\/gruene-wuppertal.de\/fraktion\/wp-json\/wp\/v2\/users\/1"}],"replies":[{"embeddable":true,"href":"https:\/\/gruene-wuppertal.de\/fraktion\/wp-json\/wp\/v2\/comments?post=86"}],"version-history":[{"count":9,"href":"https:\/\/gruene-wuppertal.de\/fraktion\/wp-json\/wp\/v2\/pages\/86\/revisions"}],"predecessor-version":[{"id":18197,"href":"https:\/\/gruene-wuppertal.de\/fraktion\/wp-json\/wp\/v2\/pages\/86\/revisions\/18197"}],"up":[{"embeddable":true,"href":"https:\/\/gruene-wuppertal.de\/fraktion\/wp-json\/wp\/v2\/pages\/14"}],"wp:attachment":[{"href":"https:\/\/gruene-wuppertal.de\/fraktion\/wp-json\/wp\/v2\/media?parent=86"}],"curies":[{"name":"wp","href":"https:\/\/api.w.org\/{rel}","templated":true}]}}