{"id":10,"date":"2020-06-17T19:49:43","date_gmt":"2020-06-17T17:49:43","guid":{"rendered":"https:\/\/gruene-wuppertal.de\/fraktion\/?page_id=10"},"modified":"2023-04-27T19:07:48","modified_gmt":"2023-04-27T17:07:48","slug":"startseite","status":"publish","type":"page","link":"https:\/\/gruene-wuppertal.de\/fraktion\/","title":{"rendered":"Startseite"},"content":{"rendered":"<p>[vc_row content_width=&#8220;grid&#8220;][vc_column width=&#8220;3\/4&#8243;][vc_column_text el_class=&#8220;shadowbox&#8220; css=&#8220;.vc_custom_1594242731030{margin-bottom: 32px !important;padding-top: 32px !important;padding-right: 32px !important;padding-bottom: 32px !important;padding-left: 32px !important;background-color: #ffffff !important;}&#8220;]<\/p>\n<div class=\"welcome-box-left\">\n<h1>Herzlich willkommen!<\/h1>\n<p>Hier finden Sie alles \u00fcber unsere GR\u00dcNE kommunalpolitische Arbeit in Wuppertal und k\u00f6nnen sich \u00fcber unsere Initiativen, Antr\u00e4ge, Anfragen, Pressemitteilungen, die Mitglieder im Rat, \u00fcber die Aussch\u00fcsse und die Bezirksvertretungen informieren.<\/p>\n<p>Abonnieren Sie gerne unseren Newsletter und folgen Sie uns auf <a href=\"https:\/\/www.facebook.com\/Bundnis90DieGrunenWuppertal\/\" target=\"_blank\" rel=\"noopener noreferrer\">facebook<\/a>, <a href=\"https:\/\/www.instagram.com\/gruene_wuppertal\/\" target=\"_blank\" rel=\"noopener noreferrer\">instagram<\/a> oder auf <a href=\"https:\/\/twitter.com\/Gruene_Wupper\" target=\"_blank\" rel=\"noopener noreferrer\">twitter<\/a>!<\/p>\n<\/div>\n<div class=\"welcome-box-right\"><img loading=\"lazy\" decoding=\"async\" class=\"wp-image-11 size-full\" src=\"https:\/\/gruene-wuppertal.de\/fraktion\/wp-content\/uploads\/2020\/06\/gruene-green-lion.png\" alt=\"DIE GR\u00dcNEN Ratsfraktion Wuppertal - Green Lion\" width=\"138\" height=\"180\" \/><\/div>\n<div style=\"clear: both;\"><\/div>\n<p>[\/vc_column_text][vc_column_text el_class=&#8220;shadowbox&#8220; css=&#8220;.vc_custom_1594649429228{margin-bottom: 32px !important;padding-top: 32px !important;padding-right: 32px !important;padding-bottom: 32px !important;padding-left: 32px !important;background-color: #ffffff !important;}&#8220;]<\/p>\n<h2><a href=\"https:\/\/gruene-wuppertal.de\/fraktion\/presse\/pressemitteilungen-der-fraktion\/\">Die aktuellen Pressemitteilungen der GR\u00dcNEN Ratsfraktion<\/a><\/h2>\n<div class=\"themen-outerbox\"><ul><li class=\"beitrag_wrapper\"><div class=\"beitrag_wrapper_inner\"><div class=\"beitrag_titel\"><h4><a href=\"https:\/\/gruene-wuppertal.de\/fraktion\/pressemitteilungen\/fuer-eine-zukunftsorientierte-finanzplanung-gruene-diskutieren-stadtfinanzen-mit-buergerinnen\/\" title=\"\u201eF\u00fcr eine zukunftsorientierte Finanzplanung\u201c \u2013 GR\u00dcNE diskutieren Stadtfinanzen mit B\u00fcrger*innen\">\u201eF\u00fcr eine zukunftsorientierte Finanzplanung\u201c \u2013 GR\u00dcNE diskutieren Stadtfinanzen mit B\u00fcrger*innen<\/a><\/h4><\/div><div class=\"beitrag_datum\">17. April 2026<\/div><div class=\"beitrag_kurzbeschreibung\">\u201eF\u00fcr eine zukunftsorientierte Finanzplanung\u201c \u2013\nGR\u00dcNE diskutieren Stadtfinanzen mit B\u00fcrger*innen\n\nDie Gr\u00fcne Ratsfraktion hat am heutigen Freitag, 17.04.2026, 40 engagierte\u202fB\u00fcrger*innen, lokale Initiativen und Expert*innen im CVJM Elberfeld begr\u00fc\u00dft. Nach einem Input durch den Fraktionsvorsitzenden Ulrich T. Christenn \u00fcber die Finanzplanungen des K\u00e4mmerers wurden konkrete, GR\u00dcNE Priorit\u00e4ten f\u00fcr den st\u00e4dtischen Haushalt 2026\/27 erarbeitet:...<\/div><div class=\"beitrag_link\"><a href=\"https:\/\/gruene-wuppertal.de\/fraktion\/pressemitteilungen\/fuer-eine-zukunftsorientierte-finanzplanung-gruene-diskutieren-stadtfinanzen-mit-buergerinnen\/\" title=\"\u201eF\u00fcr eine zukunftsorientierte Finanzplanung\u201c \u2013 GR\u00dcNE diskutieren Stadtfinanzen mit B\u00fcrger*innen\" class=\"readmore\">Weiterlesen &raquo;<\/a><\/div><div style=\"clear:both;\"><\/div><\/div><\/li><li class=\"beitrag_wrapper\"><div class=\"beitrag_wrapper_inner\"><div class=\"beitrag_titel\"><h4><a href=\"https:\/\/gruene-wuppertal.de\/fraktion\/pressemitteilungen\/sportplatz-kommune-2-0-vereine-und-engagierte-in-wuppertal-koennen-jetzt-bis-zu-15-000-euro-foerderung-fuer-ihr-sportprojekt-beantragen\/\" title=\"\u201eSportplatz Kommune 2.0\u201c: Vereine und Engagierte in Wuppertal k\u00f6nnen jetzt bis zu 15.000 Euro F\u00f6rderung f\u00fcr ihr Sportprojekt beantragen\">\u201eSportplatz Kommune 2.0\u201c: Vereine und Engagierte in Wuppertal k\u00f6nnen jetzt bis zu 15.000 Euro F\u00f6rderung f\u00fcr ihr Sportprojekt beantragen<\/a><\/h4><\/div><div class=\"beitrag_datum\">16. April 2026<\/div><div class=\"beitrag_kurzbeschreibung\">\u201eSportplatz Kommune 2.0\u201c: Vereine und Engagierte in Wuppertal k\u00f6nnen jetzt bis zu 15.000 Euro F\u00f6rderung f\u00fcr ihr Sportprojekt beantragen\nKommunen, Vereine, Tr\u00e4ger in der Ganztagsbetreuung, aber auch selbstst\u00e4ndige Trainerinnen und Trainer k\u00f6nnen jetzt vom Land eine F\u00f6rderung f\u00fcr neue Bewegungs- und Sportprojekte vor Ort erhalten. Ab dem 1. April l\u00e4uft die...<\/div><div class=\"beitrag_link\"><a href=\"https:\/\/gruene-wuppertal.de\/fraktion\/pressemitteilungen\/sportplatz-kommune-2-0-vereine-und-engagierte-in-wuppertal-koennen-jetzt-bis-zu-15-000-euro-foerderung-fuer-ihr-sportprojekt-beantragen\/\" title=\"\u201eSportplatz Kommune 2.0\u201c: Vereine und Engagierte in Wuppertal k\u00f6nnen jetzt bis zu 15.000 Euro F\u00f6rderung f\u00fcr ihr Sportprojekt beantragen\" class=\"readmore\">Weiterlesen &raquo;<\/a><\/div><div style=\"clear:both;\"><\/div><\/div><\/li><\/ul><\/div>\n<p><a href=\"https:\/\/gruene-wuppertal.de\/fraktion\/presse\/pressemitteilungen-der-fraktion\/\">\u00bb Alle Pressemitteilungen<\/a>[\/vc_column_text][vc_column_text el_class=&#8220;shadowbox&#8220; css=&#8220;.vc_custom_1594649436714{margin-bottom: 32px !important;padding-top: 32px !important;padding-right: 32px !important;padding-bottom: 32px !important;padding-left: 32px !important;background-color: #ffffff !important;}&#8220;]<\/p>\n<h2><a href=\"https:\/\/gruene-wuppertal.de\/fraktion\/aktuell\/aktuelles-aus-der-ratsfraktion\/\">Aktuelles aus der Ratsfraktion<\/a><\/h2>\n<div class=\"themen-outerbox\"><ul><li class=\"beitrag_wrapper\"><div class=\"beitrag_wrapper_inner\"><div class=\"beitrag_titel\"><h4><a href=\"https:\/\/gruene-wuppertal.de\/fraktion\/ausderratsfraktion\/gruen-informiert-im-februar-2\/\" title=\"GR\u00dcN informiert im Februar.\">GR\u00dcN informiert im Februar.<\/a><\/h4><\/div><div class=\"beitrag_datum\">26. February 2026<\/div><div class=\"beitrag_kurzbeschreibung\">Hier finden Sie unseren aktuellen Newsletter.\nvar hupso_services_t=new Array(\"Twitter\",\"Facebook\",\"Pinterest\",\"Linkedin\",\"Email\");var hupso_background_t=\"#EAF4FF\";var hupso_border_t=\"#66CCFF\";var hupso_toolbar_size_t=\"medium\";var hupso_image_folder_url = \"\";var hupso_url_t=\"\";var hupso_title_t=\"Startseite\";...<\/div><div class=\"beitrag_link\"><a href=\"https:\/\/gruene-wuppertal.de\/fraktion\/ausderratsfraktion\/gruen-informiert-im-februar-2\/\" title=\"GR\u00dcN informiert im Februar.\" class=\"readmore\">Weiterlesen &raquo;<\/a><\/div><div style=\"clear:both;\"><\/div><\/div><\/li><li class=\"beitrag_wrapper\"><div class=\"beitrag_wrapper_inner\"><div class=\"beitrag_titel\"><h4><a href=\"https:\/\/gruene-wuppertal.de\/fraktion\/ausderratsfraktion\/reden-aus-der-ratssitzung-am-23-02-2026\/\" title=\"Reden aus der Ratssitzung am 23.02.2026\">Reden aus der Ratssitzung am 23.02.2026<\/a><\/h4><\/div><div class=\"beitrag_datum\">24. February 2026<\/div><div class=\"beitrag_kurzbeschreibung\">Aktuelle halbe Stunde zum Thema &#8222;Auswirkungen der K\u00fcrzungspolitik bei Integrationskursen&#8220;\nRede unserer stellv. Fraktionsvorsitzenden Liliane Viola Pollmann.\u00a0\n4.1 Streichung der Beigeordneten-Stelle f\u00fcr Kultur und Sport sowie Sicherheit und Ordnung\nRede unserer B\u00fcrgermeisterin Dagmar Liste-Frinker.\n4.2 Vertagung der Sitzung des Rates am 16.03.2026 zur abschlie\u00dfenden Entscheidung zu dem am 26.01.2026 eingebrachten Haushaltssicherungskonzept auf das 2....<\/div><div class=\"beitrag_link\"><a href=\"https:\/\/gruene-wuppertal.de\/fraktion\/ausderratsfraktion\/reden-aus-der-ratssitzung-am-23-02-2026\/\" title=\"Reden aus der Ratssitzung am 23.02.2026\" class=\"readmore\">Weiterlesen &raquo;<\/a><\/div><div style=\"clear:both;\"><\/div><\/div><\/li><\/ul><\/div>\n<p><a href=\"https:\/\/gruene-wuppertal.de\/fraktion\/aktuell\/aktuelles-aus-der-ratsfraktion\/\">\u00bb Alle aktuellen Beitr\u00e4ge aus der Ratsfraktion<\/a>[\/vc_column_text][vc_column_text el_class=&#8220;shadowbox&#8220; css=&#8220;.vc_custom_1682615265126{margin-bottom: 32px !important;padding-top: 32px !important;padding-right: 32px !important;padding-bottom: 32px !important;padding-left: 32px !important;background-color: #ffffff !important;}&#8220;]<\/p>\n<h2><a href=\"https:\/\/www.instagram.com\/gruenewuppertal\/\" target=\"_blank\" rel=\"noopener noreferrer\">GRU\u0308NE Wuppertal bei Instagram<\/a><\/h2>\n<div id=\"sb_instagram\"  class=\"sbi sbi_mob_col_1 sbi_tab_col_2 sbi_col_4 sbi_width_resp\" style=\"padding-bottom: 10px;\"\t data-feedid=\"*2\"  data-res=\"auto\" data-cols=\"4\" data-colsmobile=\"1\" data-colstablet=\"2\" data-num=\"20\" data-nummobile=\"20\" data-item-padding=\"5\"\t data-shortcode-atts=\"{&quot;feed&quot;:&quot;2&quot;}\"  data-postid=\"10\" data-locatornonce=\"878d2fe077\" data-imageaspectratio=\"1:1\" data-sbi-flags=\"favorLocal,gdpr\">\n\t<div class=\"sb_instagram_header  sbi_medium\"   >\n\t<a class=\"sbi_header_link\" target=\"_blank\"\n\t   rel=\"nofollow noopener\" href=\"https:\/\/www.instagram.com\/gruenewuppertal\/\" title=\"@gruenewuppertal\">\n\t\t<div class=\"sbi_header_text\">\n\t\t\t<div class=\"sbi_header_img\"  data-avatar-url=\"https:\/\/scontent-dus1-1.cdninstagram.com\/v\/t51.2885-19\/470489669_1977188706092634_3421295136847809906_n.jpg?stp=dst-jpg_s206x206_tt6&amp;_nc_cat=109&amp;ccb=7-5&amp;_nc_sid=bf7eb4&amp;efg=eyJ2ZW5jb2RlX3RhZyI6InByb2ZpbGVfcGljLnd3dy4xMDgwLkMzIn0%3D&amp;_nc_ohc=ucyWP6bK8K8Q7kNvwGBXRHD&amp;_nc_oc=AdpXwVCqhi03mdRwNcL2U1BqXcFJX9HHF8nGe9O9myuTM6K2ldNI59J1wag_aLjhFytrkP4bMK0lmoM-evfL7-I4&amp;_nc_zt=24&amp;_nc_ht=scontent-dus1-1.cdninstagram.com&amp;edm=AP4hL3IEAAAA&amp;_nc_tpa=Q5bMBQGFvmm_jFKykszOHh3ekA1jI9nkLKc7zvhDmpMoxAnLSv-oeCfAtBd5stYlerblUt16EGJokG0oFA&amp;oh=00_Af1rDwz78t2G9-A-YyqBr_u6J5lP098JMSYxKZ8vYxnB6g&amp;oe=69F30ED7\">\n\t\t\t\t\t\t\t\t\t<div class=\"sbi_header_img_hover\"  ><svg class=\"sbi_new_logo fa-instagram fa-w-14\" aria-hidden=\"true\" data-fa-processed=\"\" aria-label=\"Instagram\" data-prefix=\"fab\" data-icon=\"instagram\" role=\"img\" viewBox=\"0 0 448 512\">\n                    <path fill=\"currentColor\" d=\"M224.1 141c-63.6 0-114.9 51.3-114.9 114.9s51.3 114.9 114.9 114.9S339 319.5 339 255.9 287.7 141 224.1 141zm0 189.6c-41.1 0-74.7-33.5-74.7-74.7s33.5-74.7 74.7-74.7 74.7 33.5 74.7 74.7-33.6 74.7-74.7 74.7zm146.4-194.3c0 14.9-12 26.8-26.8 26.8-14.9 0-26.8-12-26.8-26.8s12-26.8 26.8-26.8 26.8 12 26.8 26.8zm76.1 27.2c-1.7-35.9-9.9-67.7-36.2-93.9-26.2-26.2-58-34.4-93.9-36.2-37-2.1-147.9-2.1-184.9 0-35.8 1.7-67.6 9.9-93.9 36.1s-34.4 58-36.2 93.9c-2.1 37-2.1 147.9 0 184.9 1.7 35.9 9.9 67.7 36.2 93.9s58 34.4 93.9 36.2c37 2.1 147.9 2.1 184.9 0 35.9-1.7 67.7-9.9 93.9-36.2 26.2-26.2 34.4-58 36.2-93.9 2.1-37 2.1-147.8 0-184.8zM398.8 388c-7.8 19.6-22.9 34.7-42.6 42.6-29.5 11.7-99.5 9-132.1 9s-102.7 2.6-132.1-9c-19.6-7.8-34.7-22.9-42.6-42.6-11.7-29.5-9-99.5-9-132.1s-2.6-102.7 9-132.1c7.8-19.6 22.9-34.7 42.6-42.6 29.5-11.7 99.5-9 132.1-9s102.7-2.6 132.1 9c19.6 7.8 34.7 22.9 42.6 42.6 11.7 29.5 9 99.5 9 132.1s2.7 102.7-9 132.1z\"><\/path>\n                <\/svg><\/div>\n\t\t\t\t\t<img loading=\"lazy\" decoding=\"async\"  src=\"https:\/\/gruene-wuppertal.de\/fraktion\/wp-content\/uploads\/sb-instagram-feed-images\/gruenewuppertal.webp\" alt=\"\" width=\"50\" height=\"50\">\n\t\t\t\t\n\t\t\t\t\t\t\t<\/div>\n\n\t\t\t<div class=\"sbi_feedtheme_header_text\">\n\t\t\t\t<h3>gruenewuppertal<\/h3>\n\t\t\t\t\t\t\t\t\t<p class=\"sbi_bio\">Wir k\u00e4mpfen f\u00fcr ein weltoffenes, klimaneutrales, gleichberechtigtes und soziales Wuppertal! \ud83d\ude9f<br>\nInfos aus der Partei und der Ratsfraktion!\ud83c\udf3b\ud83d\udc9a\ud83c\udff3\ufe0f\u200d\ud83c\udf08\ud83c\uddea\ud83c\uddfa<\/p>\n\t\t\t\t\t\t\t<\/div>\n\t\t<\/div>\n\t<\/a>\n<\/div>\n\n\t<div id=\"sbi_images\"  style=\"gap: 10px;\">\n\t\t<div class=\"sbi_item sbi_type_image sbi_new sbi_transition\"\n\tid=\"sbi_18092692016332112\" data-date=\"1777024800\">\n\t<div class=\"sbi_photo_wrap\">\n\t\t<a class=\"sbi_photo\" href=\"https:\/\/www.instagram.com\/p\/DXgqFNSDA7R\/\" target=\"_blank\" rel=\"noopener nofollow\"\n\t\t\tdata-full-res=\"https:\/\/scontent-dus1-1.cdninstagram.com\/v\/t51.82787-15\/671848841_18327201403271458_5525308660288748518_n.jpg?stp=dst-jpg_e35_tt6&#038;_nc_cat=106&#038;ccb=7-5&#038;_nc_sid=18de74&#038;efg=eyJlZmdfdGFnIjoiRkVFRC5iZXN0X2ltYWdlX3VybGdlbi5DMyJ9&#038;_nc_ohc=eImP8Goi_ggQ7kNvwHmnDYw&#038;_nc_oc=AdpQnc3YLZ-DE9Mar1vVm9eNIvcQ6v3uWWS5UCrIYK-7gLuFXCoHnOp1gJvHXzoKrvLJ1WYovhFXxUZKPVW7F50E&#038;_nc_zt=23&#038;_nc_ht=scontent-dus1-1.cdninstagram.com&#038;edm=ANo9K5cEAAAA&#038;_nc_gid=rzONof3SukXGJ3EiD8HdGg&#038;_nc_tpa=Q5bMBQFbOCd5pP2aRbFQx8XHz_HtAnt82V3ao8lXYoFDTm-c0KK9dyEkiXiXgvdNXHYWsYKbHuQe2PDqKw&#038;oh=00_Af2-Q68BxG4QUSmfrVmt3lX1vV8wn1dO5mH4F30a9uzL9g&#038;oe=69F31CB5\"\n\t\t\tdata-img-src-set=\"{&quot;d&quot;:&quot;https:\\\/\\\/scontent-dus1-1.cdninstagram.com\\\/v\\\/t51.82787-15\\\/671848841_18327201403271458_5525308660288748518_n.jpg?stp=dst-jpg_e35_tt6&amp;_nc_cat=106&amp;ccb=7-5&amp;_nc_sid=18de74&amp;efg=eyJlZmdfdGFnIjoiRkVFRC5iZXN0X2ltYWdlX3VybGdlbi5DMyJ9&amp;_nc_ohc=eImP8Goi_ggQ7kNvwHmnDYw&amp;_nc_oc=AdpQnc3YLZ-DE9Mar1vVm9eNIvcQ6v3uWWS5UCrIYK-7gLuFXCoHnOp1gJvHXzoKrvLJ1WYovhFXxUZKPVW7F50E&amp;_nc_zt=23&amp;_nc_ht=scontent-dus1-1.cdninstagram.com&amp;edm=ANo9K5cEAAAA&amp;_nc_gid=rzONof3SukXGJ3EiD8HdGg&amp;_nc_tpa=Q5bMBQFbOCd5pP2aRbFQx8XHz_HtAnt82V3ao8lXYoFDTm-c0KK9dyEkiXiXgvdNXHYWsYKbHuQe2PDqKw&amp;oh=00_Af2-Q68BxG4QUSmfrVmt3lX1vV8wn1dO5mH4F30a9uzL9g&amp;oe=69F31CB5&quot;,&quot;150&quot;:&quot;https:\\\/\\\/scontent-dus1-1.cdninstagram.com\\\/v\\\/t51.82787-15\\\/671848841_18327201403271458_5525308660288748518_n.jpg?stp=dst-jpg_e35_tt6&amp;_nc_cat=106&amp;ccb=7-5&amp;_nc_sid=18de74&amp;efg=eyJlZmdfdGFnIjoiRkVFRC5iZXN0X2ltYWdlX3VybGdlbi5DMyJ9&amp;_nc_ohc=eImP8Goi_ggQ7kNvwHmnDYw&amp;_nc_oc=AdpQnc3YLZ-DE9Mar1vVm9eNIvcQ6v3uWWS5UCrIYK-7gLuFXCoHnOp1gJvHXzoKrvLJ1WYovhFXxUZKPVW7F50E&amp;_nc_zt=23&amp;_nc_ht=scontent-dus1-1.cdninstagram.com&amp;edm=ANo9K5cEAAAA&amp;_nc_gid=rzONof3SukXGJ3EiD8HdGg&amp;_nc_tpa=Q5bMBQFbOCd5pP2aRbFQx8XHz_HtAnt82V3ao8lXYoFDTm-c0KK9dyEkiXiXgvdNXHYWsYKbHuQe2PDqKw&amp;oh=00_Af2-Q68BxG4QUSmfrVmt3lX1vV8wn1dO5mH4F30a9uzL9g&amp;oe=69F31CB5&quot;,&quot;320&quot;:&quot;https:\\\/\\\/scontent-dus1-1.cdninstagram.com\\\/v\\\/t51.82787-15\\\/671848841_18327201403271458_5525308660288748518_n.jpg?stp=dst-jpg_e35_tt6&amp;_nc_cat=106&amp;ccb=7-5&amp;_nc_sid=18de74&amp;efg=eyJlZmdfdGFnIjoiRkVFRC5iZXN0X2ltYWdlX3VybGdlbi5DMyJ9&amp;_nc_ohc=eImP8Goi_ggQ7kNvwHmnDYw&amp;_nc_oc=AdpQnc3YLZ-DE9Mar1vVm9eNIvcQ6v3uWWS5UCrIYK-7gLuFXCoHnOp1gJvHXzoKrvLJ1WYovhFXxUZKPVW7F50E&amp;_nc_zt=23&amp;_nc_ht=scontent-dus1-1.cdninstagram.com&amp;edm=ANo9K5cEAAAA&amp;_nc_gid=rzONof3SukXGJ3EiD8HdGg&amp;_nc_tpa=Q5bMBQFbOCd5pP2aRbFQx8XHz_HtAnt82V3ao8lXYoFDTm-c0KK9dyEkiXiXgvdNXHYWsYKbHuQe2PDqKw&amp;oh=00_Af2-Q68BxG4QUSmfrVmt3lX1vV8wn1dO5mH4F30a9uzL9g&amp;oe=69F31CB5&quot;,&quot;640&quot;:&quot;https:\\\/\\\/scontent-dus1-1.cdninstagram.com\\\/v\\\/t51.82787-15\\\/671848841_18327201403271458_5525308660288748518_n.jpg?stp=dst-jpg_e35_tt6&amp;_nc_cat=106&amp;ccb=7-5&amp;_nc_sid=18de74&amp;efg=eyJlZmdfdGFnIjoiRkVFRC5iZXN0X2ltYWdlX3VybGdlbi5DMyJ9&amp;_nc_ohc=eImP8Goi_ggQ7kNvwHmnDYw&amp;_nc_oc=AdpQnc3YLZ-DE9Mar1vVm9eNIvcQ6v3uWWS5UCrIYK-7gLuFXCoHnOp1gJvHXzoKrvLJ1WYovhFXxUZKPVW7F50E&amp;_nc_zt=23&amp;_nc_ht=scontent-dus1-1.cdninstagram.com&amp;edm=ANo9K5cEAAAA&amp;_nc_gid=rzONof3SukXGJ3EiD8HdGg&amp;_nc_tpa=Q5bMBQFbOCd5pP2aRbFQx8XHz_HtAnt82V3ao8lXYoFDTm-c0KK9dyEkiXiXgvdNXHYWsYKbHuQe2PDqKw&amp;oh=00_Af2-Q68BxG4QUSmfrVmt3lX1vV8wn1dO5mH4F30a9uzL9g&amp;oe=69F31CB5&quot;}\">\n\t\t\t<span class=\"sbi-screenreader\">Fahrradfahren ist gesund und klimafreundlich, h\u00e4l<\/span>\n\t\t\t\t\t\t\t\t\t<img decoding=\"async\" src=\"https:\/\/gruene-wuppertal.de\/fraktion\/wp-content\/plugins\/instagram-feed\/img\/placeholder.png\" alt=\"Fahrradfahren ist gesund und klimafreundlich, h\u00e4lt fit und spart Geld! \ud83d\udeb2\ud83c\udf40\n\nDaher findet auch in diesem Jahr vom 9. bis zum 29. Mai wieder das STADTRADELN statt: Drei Wochen lang werden auf dem Fahrrad m\u00f6glichst viele Kilometer gesammelt und aufaddiert. Unser Team \u201eGr\u00fcne Pedale\u201c freut sich \u00fcber jede gefahrene Strecke, egal ob zum B\u00e4cker oder zur Arbeit. Und w\u00e4hrend ihr ganz nebenbei etwas Gutes f\u00fcr euch und die Umwelt tut, k\u00f6nnt ihr sogar etwas gewinnen: Auf den oder die Radler*in in unserem Team mit den meisten gefahrenen Kilometern, wartet eine kleine \u00dcberraschung, mit der ihr nach den drei sportlichen Wochen wieder ein paar Kalorien reinholen k\u00f6nnt! Meldet euch an und radelt mit \ud83d\udc9a\ud83d\udeb4\ud83c\udffd\u200d\u2640\ufe0f\" aria-hidden=\"true\">\n\t\t<\/a>\n\t<\/div>\n<\/div><div class=\"sbi_item sbi_type_carousel sbi_new sbi_transition\"\n\tid=\"sbi_18135058531547293\" data-date=\"1776966077\">\n\t<div class=\"sbi_photo_wrap\">\n\t\t<a class=\"sbi_photo\" href=\"https:\/\/www.instagram.com\/p\/DXe6DrZDdew\/\" target=\"_blank\" rel=\"noopener nofollow\"\n\t\t\tdata-full-res=\"https:\/\/scontent-dus1-1.cdninstagram.com\/v\/t51.82787-15\/673863167_18327508216271458_9036040109883283262_n.jpg?stp=dst-jpg_e35_tt6&#038;_nc_cat=101&#038;ccb=7-5&#038;_nc_sid=18de74&#038;efg=eyJlZmdfdGFnIjoiQ0FST1VTRUxfSVRFTS5iZXN0X2ltYWdlX3VybGdlbi5DMyJ9&#038;_nc_ohc=v4pgPtq1zsYQ7kNvwGBgVri&#038;_nc_oc=AdqFWwwEnnq7AtjbCeWcdBOMA0DokmBastjzkHFhHpbPPRGVO0ZPzNGQv60vRStzT3_n8YYY6K8xSRblMnRPC0N0&#038;_nc_zt=23&#038;_nc_ht=scontent-dus1-1.cdninstagram.com&#038;edm=ANo9K5cEAAAA&#038;_nc_gid=rzONof3SukXGJ3EiD8HdGg&#038;_nc_tpa=Q5bMBQF1ZfxTU5P3hUVX--o2BojehJfR4ZRxyJnCFhHfaf8PKv3PSAUTQr39wYr9ee7xEY5OvswF_MWIXQ&#038;oh=00_Af3b3heWw9jZxahqSRBX-tzO3CXcgy3br7_Z6DjHj5eoXg&#038;oe=69F3307A\"\n\t\t\tdata-img-src-set=\"{&quot;d&quot;:&quot;https:\\\/\\\/scontent-dus1-1.cdninstagram.com\\\/v\\\/t51.82787-15\\\/673863167_18327508216271458_9036040109883283262_n.jpg?stp=dst-jpg_e35_tt6&amp;_nc_cat=101&amp;ccb=7-5&amp;_nc_sid=18de74&amp;efg=eyJlZmdfdGFnIjoiQ0FST1VTRUxfSVRFTS5iZXN0X2ltYWdlX3VybGdlbi5DMyJ9&amp;_nc_ohc=v4pgPtq1zsYQ7kNvwGBgVri&amp;_nc_oc=AdqFWwwEnnq7AtjbCeWcdBOMA0DokmBastjzkHFhHpbPPRGVO0ZPzNGQv60vRStzT3_n8YYY6K8xSRblMnRPC0N0&amp;_nc_zt=23&amp;_nc_ht=scontent-dus1-1.cdninstagram.com&amp;edm=ANo9K5cEAAAA&amp;_nc_gid=rzONof3SukXGJ3EiD8HdGg&amp;_nc_tpa=Q5bMBQF1ZfxTU5P3hUVX--o2BojehJfR4ZRxyJnCFhHfaf8PKv3PSAUTQr39wYr9ee7xEY5OvswF_MWIXQ&amp;oh=00_Af3b3heWw9jZxahqSRBX-tzO3CXcgy3br7_Z6DjHj5eoXg&amp;oe=69F3307A&quot;,&quot;150&quot;:&quot;https:\\\/\\\/scontent-dus1-1.cdninstagram.com\\\/v\\\/t51.82787-15\\\/673863167_18327508216271458_9036040109883283262_n.jpg?stp=dst-jpg_e35_tt6&amp;_nc_cat=101&amp;ccb=7-5&amp;_nc_sid=18de74&amp;efg=eyJlZmdfdGFnIjoiQ0FST1VTRUxfSVRFTS5iZXN0X2ltYWdlX3VybGdlbi5DMyJ9&amp;_nc_ohc=v4pgPtq1zsYQ7kNvwGBgVri&amp;_nc_oc=AdqFWwwEnnq7AtjbCeWcdBOMA0DokmBastjzkHFhHpbPPRGVO0ZPzNGQv60vRStzT3_n8YYY6K8xSRblMnRPC0N0&amp;_nc_zt=23&amp;_nc_ht=scontent-dus1-1.cdninstagram.com&amp;edm=ANo9K5cEAAAA&amp;_nc_gid=rzONof3SukXGJ3EiD8HdGg&amp;_nc_tpa=Q5bMBQF1ZfxTU5P3hUVX--o2BojehJfR4ZRxyJnCFhHfaf8PKv3PSAUTQr39wYr9ee7xEY5OvswF_MWIXQ&amp;oh=00_Af3b3heWw9jZxahqSRBX-tzO3CXcgy3br7_Z6DjHj5eoXg&amp;oe=69F3307A&quot;,&quot;320&quot;:&quot;https:\\\/\\\/scontent-dus1-1.cdninstagram.com\\\/v\\\/t51.82787-15\\\/673863167_18327508216271458_9036040109883283262_n.jpg?stp=dst-jpg_e35_tt6&amp;_nc_cat=101&amp;ccb=7-5&amp;_nc_sid=18de74&amp;efg=eyJlZmdfdGFnIjoiQ0FST1VTRUxfSVRFTS5iZXN0X2ltYWdlX3VybGdlbi5DMyJ9&amp;_nc_ohc=v4pgPtq1zsYQ7kNvwGBgVri&amp;_nc_oc=AdqFWwwEnnq7AtjbCeWcdBOMA0DokmBastjzkHFhHpbPPRGVO0ZPzNGQv60vRStzT3_n8YYY6K8xSRblMnRPC0N0&amp;_nc_zt=23&amp;_nc_ht=scontent-dus1-1.cdninstagram.com&amp;edm=ANo9K5cEAAAA&amp;_nc_gid=rzONof3SukXGJ3EiD8HdGg&amp;_nc_tpa=Q5bMBQF1ZfxTU5P3hUVX--o2BojehJfR4ZRxyJnCFhHfaf8PKv3PSAUTQr39wYr9ee7xEY5OvswF_MWIXQ&amp;oh=00_Af3b3heWw9jZxahqSRBX-tzO3CXcgy3br7_Z6DjHj5eoXg&amp;oe=69F3307A&quot;,&quot;640&quot;:&quot;https:\\\/\\\/scontent-dus1-1.cdninstagram.com\\\/v\\\/t51.82787-15\\\/673863167_18327508216271458_9036040109883283262_n.jpg?stp=dst-jpg_e35_tt6&amp;_nc_cat=101&amp;ccb=7-5&amp;_nc_sid=18de74&amp;efg=eyJlZmdfdGFnIjoiQ0FST1VTRUxfSVRFTS5iZXN0X2ltYWdlX3VybGdlbi5DMyJ9&amp;_nc_ohc=v4pgPtq1zsYQ7kNvwGBgVri&amp;_nc_oc=AdqFWwwEnnq7AtjbCeWcdBOMA0DokmBastjzkHFhHpbPPRGVO0ZPzNGQv60vRStzT3_n8YYY6K8xSRblMnRPC0N0&amp;_nc_zt=23&amp;_nc_ht=scontent-dus1-1.cdninstagram.com&amp;edm=ANo9K5cEAAAA&amp;_nc_gid=rzONof3SukXGJ3EiD8HdGg&amp;_nc_tpa=Q5bMBQF1ZfxTU5P3hUVX--o2BojehJfR4ZRxyJnCFhHfaf8PKv3PSAUTQr39wYr9ee7xEY5OvswF_MWIXQ&amp;oh=00_Af3b3heWw9jZxahqSRBX-tzO3CXcgy3br7_Z6DjHj5eoXg&amp;oe=69F3307A&quot;}\">\n\t\t\t<span class=\"sbi-screenreader\">GR\u00dcN bei den @pechpfoten! \ud83d\udc36\nSo sch\u00f6n die Pl\u00e4<\/span>\n\t\t\t<svg class=\"svg-inline--fa fa-clone fa-w-16 sbi_lightbox_carousel_icon\" aria-hidden=\"true\" aria-label=\"Clone\" data-fa-pro\u0192cessed=\"\" data-prefix=\"far\" data-icon=\"clone\" role=\"img\" xmlns=\"http:\/\/www.w3.org\/2000\/svg\" viewBox=\"0 0 512 512\">\n                    <path fill=\"currentColor\" d=\"M464 0H144c-26.51 0-48 21.49-48 48v48H48c-26.51 0-48 21.49-48 48v320c0 26.51 21.49 48 48 48h320c26.51 0 48-21.49 48-48v-48h48c26.51 0 48-21.49 48-48V48c0-26.51-21.49-48-48-48zM362 464H54a6 6 0 0 1-6-6V150a6 6 0 0 1 6-6h42v224c0 26.51 21.49 48 48 48h224v42a6 6 0 0 1-6 6zm96-96H150a6 6 0 0 1-6-6V54a6 6 0 0 1 6-6h308a6 6 0 0 1 6 6v308a6 6 0 0 1-6 6z\"><\/path>\n                <\/svg>\t\t\t\t\t\t<img decoding=\"async\" src=\"https:\/\/gruene-wuppertal.de\/fraktion\/wp-content\/plugins\/instagram-feed\/img\/placeholder.png\" alt=\"GR\u00dcN bei den @pechpfoten! \ud83d\udc36\nSo sch\u00f6n die Pl\u00e4ne auch sind - fertig ist das Tierschutzzentrum an der Grenze zu W\u00fclfrath noch nicht. Der Grund: Ein Rechtsstreit! Diakonie und Pechpfoten liegen im Clinch, dabei sollte es doch eigentlich um die Tiere gehen, die in Wuppertal und im Bergischen Hilfe ben\u00f6tigen! \ud83d\ude14 Wir hoffen auf ein schnelles Ende des Rechtsstreits, die Vernunft aller Beteiligten - zum Wohle der Tiere! \ud83d\udc08\nWir danken Anke S\u00fcper f\u00fcr ihren unerm\u00fcdlichen Einsatz - ohne sie w\u00e4re dieses tolle Projekt schon l\u00e4ngst nicht mehr umsetzbar! \ud83d\udcaa\" aria-hidden=\"true\">\n\t\t<\/a>\n\t<\/div>\n<\/div><div class=\"sbi_item sbi_type_video sbi_new sbi_transition\"\n\tid=\"sbi_18105498613919478\" data-date=\"1776868377\">\n\t<div class=\"sbi_photo_wrap\">\n\t\t<a class=\"sbi_photo\" href=\"https:\/\/www.instagram.com\/reel\/DXb9CcZDHfK\/\" target=\"_blank\" rel=\"noopener nofollow\"\n\t\t\tdata-full-res=\"https:\/\/scontent-dus1-1.cdninstagram.com\/v\/t51.82787-15\/673010817_18327339637271458_336931580656393363_n.jpg?stp=dst-jpg_e35_tt6&#038;_nc_cat=103&#038;ccb=7-5&#038;_nc_sid=18de74&#038;efg=eyJlZmdfdGFnIjoiQ0xJUFMuYmVzdF9pbWFnZV91cmxnZW4uQzMifQ%3D%3D&#038;_nc_ohc=-are8rb4ofUQ7kNvwHyA6pN&#038;_nc_oc=Adoatk6EsDB5HbpDP864ozQKPy24SthA1z-u3-2k2KOY3CtxjxRV0zP6oGbB3ij4aUdKbLEMkWUFkExQIXMDPNSq&#038;_nc_zt=23&#038;_nc_ht=scontent-dus1-1.cdninstagram.com&#038;edm=ANo9K5cEAAAA&#038;_nc_gid=rzONof3SukXGJ3EiD8HdGg&#038;_nc_tpa=Q5bMBQGOYbt0p7dkH2G9YMTKzYSHK_8hRBuAfwYH3FmYENdUrl1uXPWviphJOZc_jkwh8w2eGKamuk2QHQ&#038;oh=00_Af1ohLK7EW3ZGI5FKCEJ-CKw59lfrePwA9d8BEt0_4AbUQ&#038;oe=69F30BA5\"\n\t\t\tdata-img-src-set=\"{&quot;d&quot;:&quot;https:\\\/\\\/scontent-dus1-1.cdninstagram.com\\\/v\\\/t51.82787-15\\\/673010817_18327339637271458_336931580656393363_n.jpg?stp=dst-jpg_e35_tt6&amp;_nc_cat=103&amp;ccb=7-5&amp;_nc_sid=18de74&amp;efg=eyJlZmdfdGFnIjoiQ0xJUFMuYmVzdF9pbWFnZV91cmxnZW4uQzMifQ%3D%3D&amp;_nc_ohc=-are8rb4ofUQ7kNvwHyA6pN&amp;_nc_oc=Adoatk6EsDB5HbpDP864ozQKPy24SthA1z-u3-2k2KOY3CtxjxRV0zP6oGbB3ij4aUdKbLEMkWUFkExQIXMDPNSq&amp;_nc_zt=23&amp;_nc_ht=scontent-dus1-1.cdninstagram.com&amp;edm=ANo9K5cEAAAA&amp;_nc_gid=rzONof3SukXGJ3EiD8HdGg&amp;_nc_tpa=Q5bMBQGOYbt0p7dkH2G9YMTKzYSHK_8hRBuAfwYH3FmYENdUrl1uXPWviphJOZc_jkwh8w2eGKamuk2QHQ&amp;oh=00_Af1ohLK7EW3ZGI5FKCEJ-CKw59lfrePwA9d8BEt0_4AbUQ&amp;oe=69F30BA5&quot;,&quot;150&quot;:&quot;https:\\\/\\\/scontent-dus1-1.cdninstagram.com\\\/v\\\/t51.82787-15\\\/673010817_18327339637271458_336931580656393363_n.jpg?stp=dst-jpg_e35_tt6&amp;_nc_cat=103&amp;ccb=7-5&amp;_nc_sid=18de74&amp;efg=eyJlZmdfdGFnIjoiQ0xJUFMuYmVzdF9pbWFnZV91cmxnZW4uQzMifQ%3D%3D&amp;_nc_ohc=-are8rb4ofUQ7kNvwHyA6pN&amp;_nc_oc=Adoatk6EsDB5HbpDP864ozQKPy24SthA1z-u3-2k2KOY3CtxjxRV0zP6oGbB3ij4aUdKbLEMkWUFkExQIXMDPNSq&amp;_nc_zt=23&amp;_nc_ht=scontent-dus1-1.cdninstagram.com&amp;edm=ANo9K5cEAAAA&amp;_nc_gid=rzONof3SukXGJ3EiD8HdGg&amp;_nc_tpa=Q5bMBQGOYbt0p7dkH2G9YMTKzYSHK_8hRBuAfwYH3FmYENdUrl1uXPWviphJOZc_jkwh8w2eGKamuk2QHQ&amp;oh=00_Af1ohLK7EW3ZGI5FKCEJ-CKw59lfrePwA9d8BEt0_4AbUQ&amp;oe=69F30BA5&quot;,&quot;320&quot;:&quot;https:\\\/\\\/scontent-dus1-1.cdninstagram.com\\\/v\\\/t51.82787-15\\\/673010817_18327339637271458_336931580656393363_n.jpg?stp=dst-jpg_e35_tt6&amp;_nc_cat=103&amp;ccb=7-5&amp;_nc_sid=18de74&amp;efg=eyJlZmdfdGFnIjoiQ0xJUFMuYmVzdF9pbWFnZV91cmxnZW4uQzMifQ%3D%3D&amp;_nc_ohc=-are8rb4ofUQ7kNvwHyA6pN&amp;_nc_oc=Adoatk6EsDB5HbpDP864ozQKPy24SthA1z-u3-2k2KOY3CtxjxRV0zP6oGbB3ij4aUdKbLEMkWUFkExQIXMDPNSq&amp;_nc_zt=23&amp;_nc_ht=scontent-dus1-1.cdninstagram.com&amp;edm=ANo9K5cEAAAA&amp;_nc_gid=rzONof3SukXGJ3EiD8HdGg&amp;_nc_tpa=Q5bMBQGOYbt0p7dkH2G9YMTKzYSHK_8hRBuAfwYH3FmYENdUrl1uXPWviphJOZc_jkwh8w2eGKamuk2QHQ&amp;oh=00_Af1ohLK7EW3ZGI5FKCEJ-CKw59lfrePwA9d8BEt0_4AbUQ&amp;oe=69F30BA5&quot;,&quot;640&quot;:&quot;https:\\\/\\\/scontent-dus1-1.cdninstagram.com\\\/v\\\/t51.82787-15\\\/673010817_18327339637271458_336931580656393363_n.jpg?stp=dst-jpg_e35_tt6&amp;_nc_cat=103&amp;ccb=7-5&amp;_nc_sid=18de74&amp;efg=eyJlZmdfdGFnIjoiQ0xJUFMuYmVzdF9pbWFnZV91cmxnZW4uQzMifQ%3D%3D&amp;_nc_ohc=-are8rb4ofUQ7kNvwHyA6pN&amp;_nc_oc=Adoatk6EsDB5HbpDP864ozQKPy24SthA1z-u3-2k2KOY3CtxjxRV0zP6oGbB3ij4aUdKbLEMkWUFkExQIXMDPNSq&amp;_nc_zt=23&amp;_nc_ht=scontent-dus1-1.cdninstagram.com&amp;edm=ANo9K5cEAAAA&amp;_nc_gid=rzONof3SukXGJ3EiD8HdGg&amp;_nc_tpa=Q5bMBQGOYbt0p7dkH2G9YMTKzYSHK_8hRBuAfwYH3FmYENdUrl1uXPWviphJOZc_jkwh8w2eGKamuk2QHQ&amp;oh=00_Af1ohLK7EW3ZGI5FKCEJ-CKw59lfrePwA9d8BEt0_4AbUQ&amp;oe=69F30BA5&quot;}\">\n\t\t\t<span class=\"sbi-screenreader\">Hundekot ist nervig! \ud83d\ude2c Wir fragen bei der Stadt<\/span>\n\t\t\t\t\t\t<svg style=\"color: rgba(255,255,255,1)\" class=\"svg-inline--fa fa-play fa-w-14 sbi_playbtn\" aria-label=\"Play\" aria-hidden=\"true\" data-fa-processed=\"\" data-prefix=\"fa\" data-icon=\"play\" role=\"presentation\" xmlns=\"http:\/\/www.w3.org\/2000\/svg\" viewBox=\"0 0 448 512\"><path fill=\"currentColor\" d=\"M424.4 214.7L72.4 6.6C43.8-10.3 0 6.1 0 47.9V464c0 37.5 40.7 60.1 72.4 41.3l352-208c31.4-18.5 31.5-64.1 0-82.6z\"><\/path><\/svg>\t\t\t<img decoding=\"async\" src=\"https:\/\/gruene-wuppertal.de\/fraktion\/wp-content\/plugins\/instagram-feed\/img\/placeholder.png\" alt=\"Hundekot ist nervig! \ud83d\ude2c Wir fragen bei der Stadtverwaltung nach, wie die Situation rund um diese \u201eSchei\u00dfsituation\u201c ist: Warum gibts so wenige Kotbeutelspender? Warum so wenig M\u00fclleimer? Wie will die Stadtverwaltung Kot&amp;M\u00fcllproblem in den Griff bekommen? @fotosvonanika aus der Stadtteilgruppe Elberfeld und Neumitglied Svenja haben sich in Nordstadt und Mirke mal auf die Suche vor Ort gemacht! \ud83d\udd0e\" aria-hidden=\"true\">\n\t\t<\/a>\n\t<\/div>\n<\/div><div class=\"sbi_item sbi_type_carousel sbi_new sbi_transition\"\n\tid=\"sbi_18408067588178040\" data-date=\"1776794564\">\n\t<div class=\"sbi_photo_wrap\">\n\t\t<a class=\"sbi_photo\" href=\"https:\/\/www.instagram.com\/p\/DXZy7C4jHXL\/\" target=\"_blank\" rel=\"noopener nofollow\"\n\t\t\tdata-full-res=\"https:\/\/scontent-dus1-1.cdninstagram.com\/v\/t39.30808-6\/677948349_1408018144691547_1195189047198595671_n.jpg?stp=dst-jpg_e35_tt6&#038;_nc_cat=111&#038;ccb=7-5&#038;_nc_sid=18de74&#038;efg=eyJlZmdfdGFnIjoiQ0FST1VTRUxfSVRFTS5iZXN0X2ltYWdlX3VybGdlbi5DMyJ9&#038;_nc_ohc=4L_2gGi8JFgQ7kNvwHI0SPS&#038;_nc_oc=AdpVufv2ZXV7cuTSMZY47W1jR-rMiDAOLj5ICO6v8Abee1cksR9YKYXXzi0bXmtqn7ZQ3r2BPURcQZqKwzK-AlTa&#038;_nc_zt=23&#038;_nc_ht=scontent-dus1-1.cdninstagram.com&#038;edm=ANo9K5cEAAAA&#038;_nc_gid=rzONof3SukXGJ3EiD8HdGg&#038;_nc_tpa=Q5bMBQF7Pe1nDuENuiiwW54JeW85s2EstTCmA7Hp5IVYp1cQOwB-qcfN8HUXv8mVEDdYKpVPfkAjm3n5VQ&#038;oh=00_Af2Zb-tNjpDEKPuBolTk8F6o6AV7ENZN9UOdJkiGOPSNuQ&#038;oe=69F32A85\"\n\t\t\tdata-img-src-set=\"{&quot;d&quot;:&quot;https:\\\/\\\/scontent-dus1-1.cdninstagram.com\\\/v\\\/t39.30808-6\\\/677948349_1408018144691547_1195189047198595671_n.jpg?stp=dst-jpg_e35_tt6&amp;_nc_cat=111&amp;ccb=7-5&amp;_nc_sid=18de74&amp;efg=eyJlZmdfdGFnIjoiQ0FST1VTRUxfSVRFTS5iZXN0X2ltYWdlX3VybGdlbi5DMyJ9&amp;_nc_ohc=4L_2gGi8JFgQ7kNvwHI0SPS&amp;_nc_oc=AdpVufv2ZXV7cuTSMZY47W1jR-rMiDAOLj5ICO6v8Abee1cksR9YKYXXzi0bXmtqn7ZQ3r2BPURcQZqKwzK-AlTa&amp;_nc_zt=23&amp;_nc_ht=scontent-dus1-1.cdninstagram.com&amp;edm=ANo9K5cEAAAA&amp;_nc_gid=rzONof3SukXGJ3EiD8HdGg&amp;_nc_tpa=Q5bMBQF7Pe1nDuENuiiwW54JeW85s2EstTCmA7Hp5IVYp1cQOwB-qcfN8HUXv8mVEDdYKpVPfkAjm3n5VQ&amp;oh=00_Af2Zb-tNjpDEKPuBolTk8F6o6AV7ENZN9UOdJkiGOPSNuQ&amp;oe=69F32A85&quot;,&quot;150&quot;:&quot;https:\\\/\\\/scontent-dus1-1.cdninstagram.com\\\/v\\\/t39.30808-6\\\/677948349_1408018144691547_1195189047198595671_n.jpg?stp=dst-jpg_e35_tt6&amp;_nc_cat=111&amp;ccb=7-5&amp;_nc_sid=18de74&amp;efg=eyJlZmdfdGFnIjoiQ0FST1VTRUxfSVRFTS5iZXN0X2ltYWdlX3VybGdlbi5DMyJ9&amp;_nc_ohc=4L_2gGi8JFgQ7kNvwHI0SPS&amp;_nc_oc=AdpVufv2ZXV7cuTSMZY47W1jR-rMiDAOLj5ICO6v8Abee1cksR9YKYXXzi0bXmtqn7ZQ3r2BPURcQZqKwzK-AlTa&amp;_nc_zt=23&amp;_nc_ht=scontent-dus1-1.cdninstagram.com&amp;edm=ANo9K5cEAAAA&amp;_nc_gid=rzONof3SukXGJ3EiD8HdGg&amp;_nc_tpa=Q5bMBQF7Pe1nDuENuiiwW54JeW85s2EstTCmA7Hp5IVYp1cQOwB-qcfN8HUXv8mVEDdYKpVPfkAjm3n5VQ&amp;oh=00_Af2Zb-tNjpDEKPuBolTk8F6o6AV7ENZN9UOdJkiGOPSNuQ&amp;oe=69F32A85&quot;,&quot;320&quot;:&quot;https:\\\/\\\/scontent-dus1-1.cdninstagram.com\\\/v\\\/t39.30808-6\\\/677948349_1408018144691547_1195189047198595671_n.jpg?stp=dst-jpg_e35_tt6&amp;_nc_cat=111&amp;ccb=7-5&amp;_nc_sid=18de74&amp;efg=eyJlZmdfdGFnIjoiQ0FST1VTRUxfSVRFTS5iZXN0X2ltYWdlX3VybGdlbi5DMyJ9&amp;_nc_ohc=4L_2gGi8JFgQ7kNvwHI0SPS&amp;_nc_oc=AdpVufv2ZXV7cuTSMZY47W1jR-rMiDAOLj5ICO6v8Abee1cksR9YKYXXzi0bXmtqn7ZQ3r2BPURcQZqKwzK-AlTa&amp;_nc_zt=23&amp;_nc_ht=scontent-dus1-1.cdninstagram.com&amp;edm=ANo9K5cEAAAA&amp;_nc_gid=rzONof3SukXGJ3EiD8HdGg&amp;_nc_tpa=Q5bMBQF7Pe1nDuENuiiwW54JeW85s2EstTCmA7Hp5IVYp1cQOwB-qcfN8HUXv8mVEDdYKpVPfkAjm3n5VQ&amp;oh=00_Af2Zb-tNjpDEKPuBolTk8F6o6AV7ENZN9UOdJkiGOPSNuQ&amp;oe=69F32A85&quot;,&quot;640&quot;:&quot;https:\\\/\\\/scontent-dus1-1.cdninstagram.com\\\/v\\\/t39.30808-6\\\/677948349_1408018144691547_1195189047198595671_n.jpg?stp=dst-jpg_e35_tt6&amp;_nc_cat=111&amp;ccb=7-5&amp;_nc_sid=18de74&amp;efg=eyJlZmdfdGFnIjoiQ0FST1VTRUxfSVRFTS5iZXN0X2ltYWdlX3VybGdlbi5DMyJ9&amp;_nc_ohc=4L_2gGi8JFgQ7kNvwHI0SPS&amp;_nc_oc=AdpVufv2ZXV7cuTSMZY47W1jR-rMiDAOLj5ICO6v8Abee1cksR9YKYXXzi0bXmtqn7ZQ3r2BPURcQZqKwzK-AlTa&amp;_nc_zt=23&amp;_nc_ht=scontent-dus1-1.cdninstagram.com&amp;edm=ANo9K5cEAAAA&amp;_nc_gid=rzONof3SukXGJ3EiD8HdGg&amp;_nc_tpa=Q5bMBQF7Pe1nDuENuiiwW54JeW85s2EstTCmA7Hp5IVYp1cQOwB-qcfN8HUXv8mVEDdYKpVPfkAjm3n5VQ&amp;oh=00_Af2Zb-tNjpDEKPuBolTk8F6o6AV7ENZN9UOdJkiGOPSNuQ&amp;oe=69F32A85&quot;}\">\n\t\t\t<span class=\"sbi-screenreader\"><\/span>\n\t\t\t<svg class=\"svg-inline--fa fa-clone fa-w-16 sbi_lightbox_carousel_icon\" aria-hidden=\"true\" aria-label=\"Clone\" data-fa-pro\u0192cessed=\"\" data-prefix=\"far\" data-icon=\"clone\" role=\"img\" xmlns=\"http:\/\/www.w3.org\/2000\/svg\" viewBox=\"0 0 512 512\">\n                    <path fill=\"currentColor\" d=\"M464 0H144c-26.51 0-48 21.49-48 48v48H48c-26.51 0-48 21.49-48 48v320c0 26.51 21.49 48 48 48h320c26.51 0 48-21.49 48-48v-48h48c26.51 0 48-21.49 48-48V48c0-26.51-21.49-48-48-48zM362 464H54a6 6 0 0 1-6-6V150a6 6 0 0 1 6-6h42v224c0 26.51 21.49 48 48 48h224v42a6 6 0 0 1-6 6zm96-96H150a6 6 0 0 1-6-6V54a6 6 0 0 1 6-6h308a6 6 0 0 1 6 6v308a6 6 0 0 1-6 6z\"><\/path>\n                <\/svg>\t\t\t\t\t\t<img decoding=\"async\" src=\"https:\/\/gruene-wuppertal.de\/fraktion\/wp-content\/plugins\/instagram-feed\/img\/placeholder.png\" alt=\"F\u00fcr eine zukunftsorientierte Finanzplanung \ud83d\udc4f\ud83c\udffb\nWir haben mit 40 engagierten Wuppertaler*innen im @cvjmelberfeld die GR\u00dcNEN Priorit\u00e4ten f\u00fcr den Haushalt 2026\/27 erarbeitet: mehr \u00d6PNV, bezahlbarer Wohnraum, starke Schulen &amp; Kitas und ein beschleunigter Klimaschutzfonds. \ud83d\udc9a \nUnser Austausch in kleinen Gruppen zu Bildung, Wohnraum, Verkehr und Klimaschutz hat von eurem Input gelebt - genau so funktioniert Lokalpolitik! \ud83d\udde3\ufe0fWir versprechen: Das wird nicht der letzte Austausch mit euch sein - wir bleiben dran! \u270c\ud83c\udffb\n\ud83d\udcf8 @weirdotakespictures_\" aria-hidden=\"true\">\n\t\t<\/a>\n\t<\/div>\n<\/div><div class=\"sbi_item sbi_type_image sbi_new sbi_transition\"\n\tid=\"sbi_18071663186285637\" data-date=\"1776702352\">\n\t<div class=\"sbi_photo_wrap\">\n\t\t<a class=\"sbi_photo\" href=\"https:\/\/www.instagram.com\/p\/DXXDCi7DAzP\/\" target=\"_blank\" rel=\"noopener nofollow\"\n\t\t\tdata-full-res=\"https:\/\/scontent-dus1-1.cdninstagram.com\/v\/t39.30808-6\/678091486_1407123014781060_8955929539514856303_n.jpg?stp=dst-jpg_e35_tt6&#038;_nc_cat=107&#038;ccb=7-5&#038;_nc_sid=18de74&#038;efg=eyJlZmdfdGFnIjoiRkVFRC5iZXN0X2ltYWdlX3VybGdlbi5DMyJ9&#038;_nc_ohc=uHFGHy3Ycd8Q7kNvwGRx33J&#038;_nc_oc=AdomXWwIAvh2Blpxg_sV08vYxVMPwnlKSkS-LQ-f4TwcXbNYv5pF9vhVIKSO9_fTA014s7a6JzxLoFoYNaDV2rsV&#038;_nc_zt=23&#038;_nc_ht=scontent-dus1-1.cdninstagram.com&#038;edm=ANo9K5cEAAAA&#038;_nc_gid=rzONof3SukXGJ3EiD8HdGg&#038;_nc_tpa=Q5bMBQHSW4wQv7T4p264_v8X1OqEORzRWVfH3Yzl5rnpRW1LSAanWdaJFfpHltb9mNcj7gFy1pHxqq5mhQ&#038;oh=00_Af1hqHYIwNQZ5cfE3RJSt_R-TYmkJu9JVaVUiIOrUr4wHQ&#038;oe=69F31697\"\n\t\t\tdata-img-src-set=\"{&quot;d&quot;:&quot;https:\\\/\\\/scontent-dus1-1.cdninstagram.com\\\/v\\\/t39.30808-6\\\/678091486_1407123014781060_8955929539514856303_n.jpg?stp=dst-jpg_e35_tt6&amp;_nc_cat=107&amp;ccb=7-5&amp;_nc_sid=18de74&amp;efg=eyJlZmdfdGFnIjoiRkVFRC5iZXN0X2ltYWdlX3VybGdlbi5DMyJ9&amp;_nc_ohc=uHFGHy3Ycd8Q7kNvwGRx33J&amp;_nc_oc=AdomXWwIAvh2Blpxg_sV08vYxVMPwnlKSkS-LQ-f4TwcXbNYv5pF9vhVIKSO9_fTA014s7a6JzxLoFoYNaDV2rsV&amp;_nc_zt=23&amp;_nc_ht=scontent-dus1-1.cdninstagram.com&amp;edm=ANo9K5cEAAAA&amp;_nc_gid=rzONof3SukXGJ3EiD8HdGg&amp;_nc_tpa=Q5bMBQHSW4wQv7T4p264_v8X1OqEORzRWVfH3Yzl5rnpRW1LSAanWdaJFfpHltb9mNcj7gFy1pHxqq5mhQ&amp;oh=00_Af1hqHYIwNQZ5cfE3RJSt_R-TYmkJu9JVaVUiIOrUr4wHQ&amp;oe=69F31697&quot;,&quot;150&quot;:&quot;https:\\\/\\\/scontent-dus1-1.cdninstagram.com\\\/v\\\/t39.30808-6\\\/678091486_1407123014781060_8955929539514856303_n.jpg?stp=dst-jpg_e35_tt6&amp;_nc_cat=107&amp;ccb=7-5&amp;_nc_sid=18de74&amp;efg=eyJlZmdfdGFnIjoiRkVFRC5iZXN0X2ltYWdlX3VybGdlbi5DMyJ9&amp;_nc_ohc=uHFGHy3Ycd8Q7kNvwGRx33J&amp;_nc_oc=AdomXWwIAvh2Blpxg_sV08vYxVMPwnlKSkS-LQ-f4TwcXbNYv5pF9vhVIKSO9_fTA014s7a6JzxLoFoYNaDV2rsV&amp;_nc_zt=23&amp;_nc_ht=scontent-dus1-1.cdninstagram.com&amp;edm=ANo9K5cEAAAA&amp;_nc_gid=rzONof3SukXGJ3EiD8HdGg&amp;_nc_tpa=Q5bMBQHSW4wQv7T4p264_v8X1OqEORzRWVfH3Yzl5rnpRW1LSAanWdaJFfpHltb9mNcj7gFy1pHxqq5mhQ&amp;oh=00_Af1hqHYIwNQZ5cfE3RJSt_R-TYmkJu9JVaVUiIOrUr4wHQ&amp;oe=69F31697&quot;,&quot;320&quot;:&quot;https:\\\/\\\/scontent-dus1-1.cdninstagram.com\\\/v\\\/t39.30808-6\\\/678091486_1407123014781060_8955929539514856303_n.jpg?stp=dst-jpg_e35_tt6&amp;_nc_cat=107&amp;ccb=7-5&amp;_nc_sid=18de74&amp;efg=eyJlZmdfdGFnIjoiRkVFRC5iZXN0X2ltYWdlX3VybGdlbi5DMyJ9&amp;_nc_ohc=uHFGHy3Ycd8Q7kNvwGRx33J&amp;_nc_oc=AdomXWwIAvh2Blpxg_sV08vYxVMPwnlKSkS-LQ-f4TwcXbNYv5pF9vhVIKSO9_fTA014s7a6JzxLoFoYNaDV2rsV&amp;_nc_zt=23&amp;_nc_ht=scontent-dus1-1.cdninstagram.com&amp;edm=ANo9K5cEAAAA&amp;_nc_gid=rzONof3SukXGJ3EiD8HdGg&amp;_nc_tpa=Q5bMBQHSW4wQv7T4p264_v8X1OqEORzRWVfH3Yzl5rnpRW1LSAanWdaJFfpHltb9mNcj7gFy1pHxqq5mhQ&amp;oh=00_Af1hqHYIwNQZ5cfE3RJSt_R-TYmkJu9JVaVUiIOrUr4wHQ&amp;oe=69F31697&quot;,&quot;640&quot;:&quot;https:\\\/\\\/scontent-dus1-1.cdninstagram.com\\\/v\\\/t39.30808-6\\\/678091486_1407123014781060_8955929539514856303_n.jpg?stp=dst-jpg_e35_tt6&amp;_nc_cat=107&amp;ccb=7-5&amp;_nc_sid=18de74&amp;efg=eyJlZmdfdGFnIjoiRkVFRC5iZXN0X2ltYWdlX3VybGdlbi5DMyJ9&amp;_nc_ohc=uHFGHy3Ycd8Q7kNvwGRx33J&amp;_nc_oc=AdomXWwIAvh2Blpxg_sV08vYxVMPwnlKSkS-LQ-f4TwcXbNYv5pF9vhVIKSO9_fTA014s7a6JzxLoFoYNaDV2rsV&amp;_nc_zt=23&amp;_nc_ht=scontent-dus1-1.cdninstagram.com&amp;edm=ANo9K5cEAAAA&amp;_nc_gid=rzONof3SukXGJ3EiD8HdGg&amp;_nc_tpa=Q5bMBQHSW4wQv7T4p264_v8X1OqEORzRWVfH3Yzl5rnpRW1LSAanWdaJFfpHltb9mNcj7gFy1pHxqq5mhQ&amp;oh=00_Af1hqHYIwNQZ5cfE3RJSt_R-TYmkJu9JVaVUiIOrUr4wHQ&amp;oe=69F31697&quot;}\">\n\t\t\t<span class=\"sbi-screenreader\">Bereits im August 2022 haben DIE GR\u00dcNEN in einem <\/span>\n\t\t\t\t\t\t\t\t\t<img decoding=\"async\" src=\"https:\/\/gruene-wuppertal.de\/fraktion\/wp-content\/plugins\/instagram-feed\/img\/placeholder.png\" alt=\"Bereits im August 2022 haben DIE GR\u00dcNEN in einem Antrag mehr Trinkwasserbrunnen f\u00fcr den Stadtteil Barmen angeregt und u.a. auch einen Brunnen im Nordpark vorgeschlagen. Seitdem hat der gr\u00fcne Fraktionssprecher in der BV-Barmen @rainerwidmann (im Bild neben Theresa Tour\u00e9, GR\u00dcNE Bezirksvertreterin Oberbarmen) das Thema in den letzten Jahren immer wieder auf die Tagesordnung gesetzt - mittlerweile mit Erfolg! Seit heute steht ein weiterer Trinkwasserspender vor Ort. \ud83d\udc9a\nLetzten Sommer hat die Bezirksvertretung Barmen die Verwendung von sog. GfG-Mitteln (nach Gemeinde-Finanzierungs-Gesetz) in H\u00f6he von 16.000 \u20ac f\u00fcr die Errichtung von Trinkwasserbrunnen im Bezirk beschlossen. Diese Mittel reichten aus, den Brunnen nun zwischen Spielplatz, Wildgehege und Turmterrassen zu installieren! \ud83d\udeb0\n\n\u201eAufgrund der durch den fortschreitenden Klimawandel immer hei\u00dfer werdenden Sommertage, ist eine gute Versorgung mit kostenlosem Trinkwasser f\u00fcr Stadtbev\u00f6lkerung notwendiger denn je\u201c, so der Gr\u00fcne Bezirksvertreter @axelfrevert. \ud83d\udde3\ufe0f\" aria-hidden=\"true\">\n\t\t<\/a>\n\t<\/div>\n<\/div><div class=\"sbi_item sbi_type_carousel sbi_new sbi_transition\"\n\tid=\"sbi_18101849695982818\" data-date=\"1776614992\">\n\t<div class=\"sbi_photo_wrap\">\n\t\t<a class=\"sbi_photo\" href=\"https:\/\/www.instagram.com\/p\/DXUcaizjHZ1\/\" target=\"_blank\" rel=\"noopener nofollow\"\n\t\t\tdata-full-res=\"https:\/\/scontent-dus1-1.cdninstagram.com\/v\/t51.82787-15\/671225101_18326972887271458_5221484789854506836_n.jpg?stp=dst-jpg_e35_tt6&#038;_nc_cat=102&#038;ccb=7-5&#038;_nc_sid=18de74&#038;efg=eyJlZmdfdGFnIjoiQ0FST1VTRUxfSVRFTS5iZXN0X2ltYWdlX3VybGdlbi5DMyJ9&#038;_nc_ohc=kZzPf8qUEbsQ7kNvwFfZqY4&#038;_nc_oc=AdoiuRmtTXaKvFA9zDhIVCUAki36xW4FWy1U4NDWyUR1sq6y4RKkHB1xIwVC4K6JgOXkjOLRj2_5V1Bs2NolAoPS&#038;_nc_zt=23&#038;_nc_ht=scontent-dus1-1.cdninstagram.com&#038;edm=ANo9K5cEAAAA&#038;_nc_gid=rzONof3SukXGJ3EiD8HdGg&#038;_nc_tpa=Q5bMBQH6xfDakpBjgB_6Jd5B9VaDsx_zY0rFIl9VL_b8syi04zJTLgRtBJ1_XrdcYm7v5C22D8ipUgwh3g&#038;oh=00_Af1W8psFIo2Z9GBGqdMnJfhEuhfSpdQE6uoWmb2kMUdH-g&#038;oe=69F329A2\"\n\t\t\tdata-img-src-set=\"{&quot;d&quot;:&quot;https:\\\/\\\/scontent-dus1-1.cdninstagram.com\\\/v\\\/t51.82787-15\\\/671225101_18326972887271458_5221484789854506836_n.jpg?stp=dst-jpg_e35_tt6&amp;_nc_cat=102&amp;ccb=7-5&amp;_nc_sid=18de74&amp;efg=eyJlZmdfdGFnIjoiQ0FST1VTRUxfSVRFTS5iZXN0X2ltYWdlX3VybGdlbi5DMyJ9&amp;_nc_ohc=kZzPf8qUEbsQ7kNvwFfZqY4&amp;_nc_oc=AdoiuRmtTXaKvFA9zDhIVCUAki36xW4FWy1U4NDWyUR1sq6y4RKkHB1xIwVC4K6JgOXkjOLRj2_5V1Bs2NolAoPS&amp;_nc_zt=23&amp;_nc_ht=scontent-dus1-1.cdninstagram.com&amp;edm=ANo9K5cEAAAA&amp;_nc_gid=rzONof3SukXGJ3EiD8HdGg&amp;_nc_tpa=Q5bMBQH6xfDakpBjgB_6Jd5B9VaDsx_zY0rFIl9VL_b8syi04zJTLgRtBJ1_XrdcYm7v5C22D8ipUgwh3g&amp;oh=00_Af1W8psFIo2Z9GBGqdMnJfhEuhfSpdQE6uoWmb2kMUdH-g&amp;oe=69F329A2&quot;,&quot;150&quot;:&quot;https:\\\/\\\/scontent-dus1-1.cdninstagram.com\\\/v\\\/t51.82787-15\\\/671225101_18326972887271458_5221484789854506836_n.jpg?stp=dst-jpg_e35_tt6&amp;_nc_cat=102&amp;ccb=7-5&amp;_nc_sid=18de74&amp;efg=eyJlZmdfdGFnIjoiQ0FST1VTRUxfSVRFTS5iZXN0X2ltYWdlX3VybGdlbi5DMyJ9&amp;_nc_ohc=kZzPf8qUEbsQ7kNvwFfZqY4&amp;_nc_oc=AdoiuRmtTXaKvFA9zDhIVCUAki36xW4FWy1U4NDWyUR1sq6y4RKkHB1xIwVC4K6JgOXkjOLRj2_5V1Bs2NolAoPS&amp;_nc_zt=23&amp;_nc_ht=scontent-dus1-1.cdninstagram.com&amp;edm=ANo9K5cEAAAA&amp;_nc_gid=rzONof3SukXGJ3EiD8HdGg&amp;_nc_tpa=Q5bMBQH6xfDakpBjgB_6Jd5B9VaDsx_zY0rFIl9VL_b8syi04zJTLgRtBJ1_XrdcYm7v5C22D8ipUgwh3g&amp;oh=00_Af1W8psFIo2Z9GBGqdMnJfhEuhfSpdQE6uoWmb2kMUdH-g&amp;oe=69F329A2&quot;,&quot;320&quot;:&quot;https:\\\/\\\/scontent-dus1-1.cdninstagram.com\\\/v\\\/t51.82787-15\\\/671225101_18326972887271458_5221484789854506836_n.jpg?stp=dst-jpg_e35_tt6&amp;_nc_cat=102&amp;ccb=7-5&amp;_nc_sid=18de74&amp;efg=eyJlZmdfdGFnIjoiQ0FST1VTRUxfSVRFTS5iZXN0X2ltYWdlX3VybGdlbi5DMyJ9&amp;_nc_ohc=kZzPf8qUEbsQ7kNvwFfZqY4&amp;_nc_oc=AdoiuRmtTXaKvFA9zDhIVCUAki36xW4FWy1U4NDWyUR1sq6y4RKkHB1xIwVC4K6JgOXkjOLRj2_5V1Bs2NolAoPS&amp;_nc_zt=23&amp;_nc_ht=scontent-dus1-1.cdninstagram.com&amp;edm=ANo9K5cEAAAA&amp;_nc_gid=rzONof3SukXGJ3EiD8HdGg&amp;_nc_tpa=Q5bMBQH6xfDakpBjgB_6Jd5B9VaDsx_zY0rFIl9VL_b8syi04zJTLgRtBJ1_XrdcYm7v5C22D8ipUgwh3g&amp;oh=00_Af1W8psFIo2Z9GBGqdMnJfhEuhfSpdQE6uoWmb2kMUdH-g&amp;oe=69F329A2&quot;,&quot;640&quot;:&quot;https:\\\/\\\/scontent-dus1-1.cdninstagram.com\\\/v\\\/t51.82787-15\\\/671225101_18326972887271458_5221484789854506836_n.jpg?stp=dst-jpg_e35_tt6&amp;_nc_cat=102&amp;ccb=7-5&amp;_nc_sid=18de74&amp;efg=eyJlZmdfdGFnIjoiQ0FST1VTRUxfSVRFTS5iZXN0X2ltYWdlX3VybGdlbi5DMyJ9&amp;_nc_ohc=kZzPf8qUEbsQ7kNvwFfZqY4&amp;_nc_oc=AdoiuRmtTXaKvFA9zDhIVCUAki36xW4FWy1U4NDWyUR1sq6y4RKkHB1xIwVC4K6JgOXkjOLRj2_5V1Bs2NolAoPS&amp;_nc_zt=23&amp;_nc_ht=scontent-dus1-1.cdninstagram.com&amp;edm=ANo9K5cEAAAA&amp;_nc_gid=rzONof3SukXGJ3EiD8HdGg&amp;_nc_tpa=Q5bMBQH6xfDakpBjgB_6Jd5B9VaDsx_zY0rFIl9VL_b8syi04zJTLgRtBJ1_XrdcYm7v5C22D8ipUgwh3g&amp;oh=00_Af1W8psFIo2Z9GBGqdMnJfhEuhfSpdQE6uoWmb2kMUdH-g&amp;oe=69F329A2&quot;}\">\n\t\t\t<span class=\"sbi-screenreader\">Vereine und Engagierte in Wuppertal k\u00f6nnen jetzt <\/span>\n\t\t\t<svg class=\"svg-inline--fa fa-clone fa-w-16 sbi_lightbox_carousel_icon\" aria-hidden=\"true\" aria-label=\"Clone\" data-fa-pro\u0192cessed=\"\" data-prefix=\"far\" data-icon=\"clone\" role=\"img\" xmlns=\"http:\/\/www.w3.org\/2000\/svg\" viewBox=\"0 0 512 512\">\n                    <path fill=\"currentColor\" d=\"M464 0H144c-26.51 0-48 21.49-48 48v48H48c-26.51 0-48 21.49-48 48v320c0 26.51 21.49 48 48 48h320c26.51 0 48-21.49 48-48v-48h48c26.51 0 48-21.49 48-48V48c0-26.51-21.49-48-48-48zM362 464H54a6 6 0 0 1-6-6V150a6 6 0 0 1 6-6h42v224c0 26.51 21.49 48 48 48h224v42a6 6 0 0 1-6 6zm96-96H150a6 6 0 0 1-6-6V54a6 6 0 0 1 6-6h308a6 6 0 0 1 6 6v308a6 6 0 0 1-6 6z\"><\/path>\n                <\/svg>\t\t\t\t\t\t<img decoding=\"async\" src=\"https:\/\/gruene-wuppertal.de\/fraktion\/wp-content\/plugins\/instagram-feed\/img\/placeholder.png\" alt=\"Vereine und Engagierte in Wuppertal k\u00f6nnen jetzt bis zu 15.000 Euro F\u00f6rderung f\u00fcr ihr Sportprojekt beantragen! \ud83d\ude0d\ud83d\udc9a\nKommunen, Vereine, Tr\u00e4ger in der Ganztagsbetreuung, aber auch selbstst\u00e4ndige Trainerinnen und Trainer k\u00f6nnen jetzt vom Land eine F\u00f6rderung f\u00fcr neue Bewegungs- und Sportprojekte vor Ort erhalten. Ab dem 1. April l\u00e4uft die Bewerbungsrunde f\u00fcr das Programm \u201eSportplatz Kommune 2.0\u201c! Gef\u00f6rdert werden Bewegungs-, Spiel- und Sportangebote, aber auch der Aufbau regionaler Netzwerke zur Zusammenarbeit von Vereinen, Kommunen und sozialen Einrichtungen. Auch Schwimmprojekte inklusive Qualifizierung von Trainerinnen und Trainern sind m\u00f6glich. Insgesamt stehen 1,8 Millionen Euro zur Verf\u00fcgung. M\u00f6glich gemacht hat das unserer @gruene_fraktion_nrw mit ihrem Koalitionspartner!\n\nProjektideen k\u00f6nnen vom 1. April bis zum 31. Mai 2026 \u00fcber den @landessportbund_nrw eingereicht werden. Der F\u00f6rderzeitraum l\u00e4uft vom 1. Juli 2026 bis zum 31. Dezember 2027. Alle weiteren Informationen findet ihr im Link in der Bio oder unserer Story! \u270c\ufe0f\" aria-hidden=\"true\">\n\t\t<\/a>\n\t<\/div>\n<\/div><div class=\"sbi_item sbi_type_video sbi_new sbi_transition\"\n\tid=\"sbi_17984510138967884\" data-date=\"1776171802\">\n\t<div class=\"sbi_photo_wrap\">\n\t\t<a class=\"sbi_photo\" href=\"https:\/\/www.instagram.com\/reel\/DXHMzEVjArP\/\" target=\"_blank\" rel=\"noopener nofollow\"\n\t\t\tdata-full-res=\"https:\/\/scontent-dus1-1.cdninstagram.com\/v\/t51.82787-15\/670559622_18326337409271458_6005645297850192994_n.jpg?stp=dst-jpg_e35_tt6&#038;_nc_cat=102&#038;ccb=7-5&#038;_nc_sid=18de74&#038;efg=eyJlZmdfdGFnIjoiQ0xJUFMuYmVzdF9pbWFnZV91cmxnZW4uQzMifQ%3D%3D&#038;_nc_ohc=1Z_K2X_GXTsQ7kNvwEsZtuk&#038;_nc_oc=AdoGfYDX8R0zSvAR4K3p-5dXw3H8S00vrPUEbD7Qy0dq_t1tkaic-t-3s-O4o5pe2_8_Sghw85rqxgleP6Cncr-M&#038;_nc_zt=23&#038;_nc_ht=scontent-dus1-1.cdninstagram.com&#038;edm=ANo9K5cEAAAA&#038;_nc_gid=rzONof3SukXGJ3EiD8HdGg&#038;_nc_tpa=Q5bMBQF4lpV75-hv53IzGVMJl0M453UruBy-GCeHLhHHI9I9wvwW0pWhbIQfJGqAVZesVSlFpdwmbneKBA&#038;oh=00_Af1OZFi_xm2sabmhrZBGoXCGqyW4_V0sv_uY44k6leG7VA&#038;oe=69F30E10\"\n\t\t\tdata-img-src-set=\"{&quot;d&quot;:&quot;https:\\\/\\\/scontent-dus1-1.cdninstagram.com\\\/v\\\/t51.82787-15\\\/670559622_18326337409271458_6005645297850192994_n.jpg?stp=dst-jpg_e35_tt6&amp;_nc_cat=102&amp;ccb=7-5&amp;_nc_sid=18de74&amp;efg=eyJlZmdfdGFnIjoiQ0xJUFMuYmVzdF9pbWFnZV91cmxnZW4uQzMifQ%3D%3D&amp;_nc_ohc=1Z_K2X_GXTsQ7kNvwEsZtuk&amp;_nc_oc=AdoGfYDX8R0zSvAR4K3p-5dXw3H8S00vrPUEbD7Qy0dq_t1tkaic-t-3s-O4o5pe2_8_Sghw85rqxgleP6Cncr-M&amp;_nc_zt=23&amp;_nc_ht=scontent-dus1-1.cdninstagram.com&amp;edm=ANo9K5cEAAAA&amp;_nc_gid=rzONof3SukXGJ3EiD8HdGg&amp;_nc_tpa=Q5bMBQF4lpV75-hv53IzGVMJl0M453UruBy-GCeHLhHHI9I9wvwW0pWhbIQfJGqAVZesVSlFpdwmbneKBA&amp;oh=00_Af1OZFi_xm2sabmhrZBGoXCGqyW4_V0sv_uY44k6leG7VA&amp;oe=69F30E10&quot;,&quot;150&quot;:&quot;https:\\\/\\\/scontent-dus1-1.cdninstagram.com\\\/v\\\/t51.82787-15\\\/670559622_18326337409271458_6005645297850192994_n.jpg?stp=dst-jpg_e35_tt6&amp;_nc_cat=102&amp;ccb=7-5&amp;_nc_sid=18de74&amp;efg=eyJlZmdfdGFnIjoiQ0xJUFMuYmVzdF9pbWFnZV91cmxnZW4uQzMifQ%3D%3D&amp;_nc_ohc=1Z_K2X_GXTsQ7kNvwEsZtuk&amp;_nc_oc=AdoGfYDX8R0zSvAR4K3p-5dXw3H8S00vrPUEbD7Qy0dq_t1tkaic-t-3s-O4o5pe2_8_Sghw85rqxgleP6Cncr-M&amp;_nc_zt=23&amp;_nc_ht=scontent-dus1-1.cdninstagram.com&amp;edm=ANo9K5cEAAAA&amp;_nc_gid=rzONof3SukXGJ3EiD8HdGg&amp;_nc_tpa=Q5bMBQF4lpV75-hv53IzGVMJl0M453UruBy-GCeHLhHHI9I9wvwW0pWhbIQfJGqAVZesVSlFpdwmbneKBA&amp;oh=00_Af1OZFi_xm2sabmhrZBGoXCGqyW4_V0sv_uY44k6leG7VA&amp;oe=69F30E10&quot;,&quot;320&quot;:&quot;https:\\\/\\\/scontent-dus1-1.cdninstagram.com\\\/v\\\/t51.82787-15\\\/670559622_18326337409271458_6005645297850192994_n.jpg?stp=dst-jpg_e35_tt6&amp;_nc_cat=102&amp;ccb=7-5&amp;_nc_sid=18de74&amp;efg=eyJlZmdfdGFnIjoiQ0xJUFMuYmVzdF9pbWFnZV91cmxnZW4uQzMifQ%3D%3D&amp;_nc_ohc=1Z_K2X_GXTsQ7kNvwEsZtuk&amp;_nc_oc=AdoGfYDX8R0zSvAR4K3p-5dXw3H8S00vrPUEbD7Qy0dq_t1tkaic-t-3s-O4o5pe2_8_Sghw85rqxgleP6Cncr-M&amp;_nc_zt=23&amp;_nc_ht=scontent-dus1-1.cdninstagram.com&amp;edm=ANo9K5cEAAAA&amp;_nc_gid=rzONof3SukXGJ3EiD8HdGg&amp;_nc_tpa=Q5bMBQF4lpV75-hv53IzGVMJl0M453UruBy-GCeHLhHHI9I9wvwW0pWhbIQfJGqAVZesVSlFpdwmbneKBA&amp;oh=00_Af1OZFi_xm2sabmhrZBGoXCGqyW4_V0sv_uY44k6leG7VA&amp;oe=69F30E10&quot;,&quot;640&quot;:&quot;https:\\\/\\\/scontent-dus1-1.cdninstagram.com\\\/v\\\/t51.82787-15\\\/670559622_18326337409271458_6005645297850192994_n.jpg?stp=dst-jpg_e35_tt6&amp;_nc_cat=102&amp;ccb=7-5&amp;_nc_sid=18de74&amp;efg=eyJlZmdfdGFnIjoiQ0xJUFMuYmVzdF9pbWFnZV91cmxnZW4uQzMifQ%3D%3D&amp;_nc_ohc=1Z_K2X_GXTsQ7kNvwEsZtuk&amp;_nc_oc=AdoGfYDX8R0zSvAR4K3p-5dXw3H8S00vrPUEbD7Qy0dq_t1tkaic-t-3s-O4o5pe2_8_Sghw85rqxgleP6Cncr-M&amp;_nc_zt=23&amp;_nc_ht=scontent-dus1-1.cdninstagram.com&amp;edm=ANo9K5cEAAAA&amp;_nc_gid=rzONof3SukXGJ3EiD8HdGg&amp;_nc_tpa=Q5bMBQF4lpV75-hv53IzGVMJl0M453UruBy-GCeHLhHHI9I9wvwW0pWhbIQfJGqAVZesVSlFpdwmbneKBA&amp;oh=00_Af1OZFi_xm2sabmhrZBGoXCGqyW4_V0sv_uY44k6leG7VA&amp;oe=69F30E10&quot;}\">\n\t\t\t<span class=\"sbi-screenreader\">GABY WILL DIE REGENWASSERBANK! \ud83c\udf08 Auf www.wasfeh<\/span>\n\t\t\t\t\t\t<svg style=\"color: rgba(255,255,255,1)\" class=\"svg-inline--fa fa-play fa-w-14 sbi_playbtn\" aria-label=\"Play\" aria-hidden=\"true\" data-fa-processed=\"\" data-prefix=\"fa\" data-icon=\"play\" role=\"presentation\" xmlns=\"http:\/\/www.w3.org\/2000\/svg\" viewBox=\"0 0 448 512\"><path fill=\"currentColor\" d=\"M424.4 214.7L72.4 6.6C43.8-10.3 0 6.1 0 47.9V464c0 37.5 40.7 60.1 72.4 41.3l352-208c31.4-18.5 31.5-64.1 0-82.6z\"><\/path><\/svg>\t\t\t<img decoding=\"async\" src=\"https:\/\/gruene-wuppertal.de\/fraktion\/wp-content\/plugins\/instagram-feed\/img\/placeholder.png\" alt=\"GABY WILL DIE REGENWASSERBANK! \ud83c\udf08 Auf www.wasfehlthier.de geht in diesem Fr\u00fchling wieder einiges - wir wollen weiterhin eure Vorschl\u00e4ge f\u00fcr unsere Stadt! Aus dem letzten Jahr wird aktuell die Idee von Gaby gepr\u00fcft - eine Regenwasserbank f\u00fcr die B\u00e4ume am Otto-B\u00f6hne-Platz! Im Gespr\u00e4ch mit den B\u00fcrger*innen vor Ort haben D\u00f6rthe Bremer, Bezirksvertreterin in Elberfeld und die GR\u00dcNE Fraktionsvorsitzende @denise.frings noch weitere gute Ideen f\u00fcr Ver\u00e4nderungen am \u00d6lberg aufgenommen:\n- Mehr Parkb\u00e4nke am Schuster, mehr B\u00e4ume zwischen und auf den Pl\u00e4tzen und die \u00dcberpr\u00fcfung des Wasserspielplatzes! Alles zu finden im GR\u00dcNEN Pr\u00fcfauftrag an die Stadtverwaltung \ud83d\udc9a Wir updaten euch weiter!\" aria-hidden=\"true\">\n\t\t<\/a>\n\t<\/div>\n<\/div><div class=\"sbi_item sbi_type_image sbi_new sbi_transition\"\n\tid=\"sbi_17921414889124674\" data-date=\"1775818200\">\n\t<div class=\"sbi_photo_wrap\">\n\t\t<a class=\"sbi_photo\" href=\"https:\/\/www.instagram.com\/p\/DW8srWajJgR\/\" target=\"_blank\" rel=\"noopener nofollow\"\n\t\t\tdata-full-res=\"https:\/\/scontent-dus1-1.cdninstagram.com\/v\/t51.82787-15\/669429466_18325851970271458_6953061709341376432_n.jpg?stp=dst-jpg_e35_tt6&#038;_nc_cat=105&#038;ccb=7-5&#038;_nc_sid=18de74&#038;efg=eyJlZmdfdGFnIjoiRkVFRC5iZXN0X2ltYWdlX3VybGdlbi5DMyJ9&#038;_nc_ohc=w1F_gEjmlGYQ7kNvwGIoHwJ&#038;_nc_oc=AdqQ-GZTQlGhXL_kuapzDxuV-7WDZbf3cPudOW-qOTwRwKfWcsEaPao9r4R0l3QzYpmVcgv-15_ukFBiYgmOmBtY&#038;_nc_zt=23&#038;_nc_ht=scontent-dus1-1.cdninstagram.com&#038;edm=ANo9K5cEAAAA&#038;_nc_gid=rzONof3SukXGJ3EiD8HdGg&#038;_nc_tpa=Q5bMBQHXwvjtl62i7gbV1xytEBS5LT9MehxXDaWgWSBf9XS266f6LAcrG7jWeexWCaqK38FDFlnUy_aBog&#038;oh=00_Af3m4xEub5wyFlNItZp5IBwKgebAbsVeZvvPsL_c18dHuA&#038;oe=69F30130\"\n\t\t\tdata-img-src-set=\"{&quot;d&quot;:&quot;https:\\\/\\\/scontent-dus1-1.cdninstagram.com\\\/v\\\/t51.82787-15\\\/669429466_18325851970271458_6953061709341376432_n.jpg?stp=dst-jpg_e35_tt6&amp;_nc_cat=105&amp;ccb=7-5&amp;_nc_sid=18de74&amp;efg=eyJlZmdfdGFnIjoiRkVFRC5iZXN0X2ltYWdlX3VybGdlbi5DMyJ9&amp;_nc_ohc=w1F_gEjmlGYQ7kNvwGIoHwJ&amp;_nc_oc=AdqQ-GZTQlGhXL_kuapzDxuV-7WDZbf3cPudOW-qOTwRwKfWcsEaPao9r4R0l3QzYpmVcgv-15_ukFBiYgmOmBtY&amp;_nc_zt=23&amp;_nc_ht=scontent-dus1-1.cdninstagram.com&amp;edm=ANo9K5cEAAAA&amp;_nc_gid=rzONof3SukXGJ3EiD8HdGg&amp;_nc_tpa=Q5bMBQHXwvjtl62i7gbV1xytEBS5LT9MehxXDaWgWSBf9XS266f6LAcrG7jWeexWCaqK38FDFlnUy_aBog&amp;oh=00_Af3m4xEub5wyFlNItZp5IBwKgebAbsVeZvvPsL_c18dHuA&amp;oe=69F30130&quot;,&quot;150&quot;:&quot;https:\\\/\\\/scontent-dus1-1.cdninstagram.com\\\/v\\\/t51.82787-15\\\/669429466_18325851970271458_6953061709341376432_n.jpg?stp=dst-jpg_e35_tt6&amp;_nc_cat=105&amp;ccb=7-5&amp;_nc_sid=18de74&amp;efg=eyJlZmdfdGFnIjoiRkVFRC5iZXN0X2ltYWdlX3VybGdlbi5DMyJ9&amp;_nc_ohc=w1F_gEjmlGYQ7kNvwGIoHwJ&amp;_nc_oc=AdqQ-GZTQlGhXL_kuapzDxuV-7WDZbf3cPudOW-qOTwRwKfWcsEaPao9r4R0l3QzYpmVcgv-15_ukFBiYgmOmBtY&amp;_nc_zt=23&amp;_nc_ht=scontent-dus1-1.cdninstagram.com&amp;edm=ANo9K5cEAAAA&amp;_nc_gid=rzONof3SukXGJ3EiD8HdGg&amp;_nc_tpa=Q5bMBQHXwvjtl62i7gbV1xytEBS5LT9MehxXDaWgWSBf9XS266f6LAcrG7jWeexWCaqK38FDFlnUy_aBog&amp;oh=00_Af3m4xEub5wyFlNItZp5IBwKgebAbsVeZvvPsL_c18dHuA&amp;oe=69F30130&quot;,&quot;320&quot;:&quot;https:\\\/\\\/scontent-dus1-1.cdninstagram.com\\\/v\\\/t51.82787-15\\\/669429466_18325851970271458_6953061709341376432_n.jpg?stp=dst-jpg_e35_tt6&amp;_nc_cat=105&amp;ccb=7-5&amp;_nc_sid=18de74&amp;efg=eyJlZmdfdGFnIjoiRkVFRC5iZXN0X2ltYWdlX3VybGdlbi5DMyJ9&amp;_nc_ohc=w1F_gEjmlGYQ7kNvwGIoHwJ&amp;_nc_oc=AdqQ-GZTQlGhXL_kuapzDxuV-7WDZbf3cPudOW-qOTwRwKfWcsEaPao9r4R0l3QzYpmVcgv-15_ukFBiYgmOmBtY&amp;_nc_zt=23&amp;_nc_ht=scontent-dus1-1.cdninstagram.com&amp;edm=ANo9K5cEAAAA&amp;_nc_gid=rzONof3SukXGJ3EiD8HdGg&amp;_nc_tpa=Q5bMBQHXwvjtl62i7gbV1xytEBS5LT9MehxXDaWgWSBf9XS266f6LAcrG7jWeexWCaqK38FDFlnUy_aBog&amp;oh=00_Af3m4xEub5wyFlNItZp5IBwKgebAbsVeZvvPsL_c18dHuA&amp;oe=69F30130&quot;,&quot;640&quot;:&quot;https:\\\/\\\/scontent-dus1-1.cdninstagram.com\\\/v\\\/t51.82787-15\\\/669429466_18325851970271458_6953061709341376432_n.jpg?stp=dst-jpg_e35_tt6&amp;_nc_cat=105&amp;ccb=7-5&amp;_nc_sid=18de74&amp;efg=eyJlZmdfdGFnIjoiRkVFRC5iZXN0X2ltYWdlX3VybGdlbi5DMyJ9&amp;_nc_ohc=w1F_gEjmlGYQ7kNvwGIoHwJ&amp;_nc_oc=AdqQ-GZTQlGhXL_kuapzDxuV-7WDZbf3cPudOW-qOTwRwKfWcsEaPao9r4R0l3QzYpmVcgv-15_ukFBiYgmOmBtY&amp;_nc_zt=23&amp;_nc_ht=scontent-dus1-1.cdninstagram.com&amp;edm=ANo9K5cEAAAA&amp;_nc_gid=rzONof3SukXGJ3EiD8HdGg&amp;_nc_tpa=Q5bMBQHXwvjtl62i7gbV1xytEBS5LT9MehxXDaWgWSBf9XS266f6LAcrG7jWeexWCaqK38FDFlnUy_aBog&amp;oh=00_Af3m4xEub5wyFlNItZp5IBwKgebAbsVeZvvPsL_c18dHuA&amp;oe=69F30130&quot;}\">\n\t\t\t<span class=\"sbi-screenreader\">Klimaschutz wird ausgebremst \u2013 wir werden laut. <\/span>\n\t\t\t\t\t\t\t\t\t<img decoding=\"async\" src=\"https:\/\/gruene-wuppertal.de\/fraktion\/wp-content\/plugins\/instagram-feed\/img\/placeholder.png\" alt=\"Klimaschutz wird ausgebremst \u2013 wir werden laut. \ud83c\udf31\u26a1\n\nErneuerbare sichern Jobs, Zukunft und Unabh\u00e4ngigkeit. Daf\u00fcr gehen wir am 18. April auf die Stra\u00dfe!\n\n\ud83d\udce2 Wuppertal, komm mit zur Demo \u2013 bring Freundinnen, Familie &amp; Kolleginnen mit.\n\n\ud83d\udce2Gro\u00dfdemo | Sa, 18.4. | 12 Uhr | K\u00f6ln, Heumarkt \n\ud83d\udfe2Treffpunkt GR\u00dcNE: vor dem Augustiner Brauhaus\n\nJetzt ist die Zeit. \ud83d\udc9a\n\nDanke f\u00fcr die Organisation @fridaysforfuture.koeln @bund_nrw @bundjugend_nrw @greenpeacekoeln @granniesforfuture_koeln @klimawendek\" aria-hidden=\"true\">\n\t\t<\/a>\n\t<\/div>\n<\/div><div class=\"sbi_item sbi_type_image sbi_new sbi_transition\"\n\tid=\"sbi_17905647426223161\" data-date=\"1775653904\">\n\t<div class=\"sbi_photo_wrap\">\n\t\t<a class=\"sbi_photo\" href=\"https:\/\/www.instagram.com\/p\/DW3zSNnjLo4\/\" target=\"_blank\" rel=\"noopener nofollow\"\n\t\t\tdata-full-res=\"https:\/\/scontent-dus1-1.cdninstagram.com\/v\/t51.82787-15\/661477108_18325621987271458_4300555744151560141_n.jpg?stp=dst-jpg_e35_tt6&#038;_nc_cat=105&#038;ccb=7-5&#038;_nc_sid=18de74&#038;efg=eyJlZmdfdGFnIjoiRkVFRC5iZXN0X2ltYWdlX3VybGdlbi5DMyJ9&#038;_nc_ohc=R-HVU2OFOeoQ7kNvwFB9PqS&#038;_nc_oc=Adrfhbjy1K1UIUJmTYLm8ohpXtKhpvt4S5o8oPIhdyuf1mC4VrfZvQOQIArHGqouNgwyTSqq7tLMEcOrknTB95xG&#038;_nc_zt=23&#038;_nc_ht=scontent-dus1-1.cdninstagram.com&#038;edm=ANo9K5cEAAAA&#038;_nc_gid=rzONof3SukXGJ3EiD8HdGg&#038;_nc_tpa=Q5bMBQEeP1ftlYj3mI1xqFfhGOeeyUYbUAgccF1dE9_iXtlCKnj4dXP12KJ1S-6_S6q-kbTCsp9IyTvFHQ&#038;oh=00_Af3_2G2agDFawe1t3V-uy6u5HqOcMPOruAuEvZ9RZ5_UKQ&#038;oe=69F321C8\"\n\t\t\tdata-img-src-set=\"{&quot;d&quot;:&quot;https:\\\/\\\/scontent-dus1-1.cdninstagram.com\\\/v\\\/t51.82787-15\\\/661477108_18325621987271458_4300555744151560141_n.jpg?stp=dst-jpg_e35_tt6&amp;_nc_cat=105&amp;ccb=7-5&amp;_nc_sid=18de74&amp;efg=eyJlZmdfdGFnIjoiRkVFRC5iZXN0X2ltYWdlX3VybGdlbi5DMyJ9&amp;_nc_ohc=R-HVU2OFOeoQ7kNvwFB9PqS&amp;_nc_oc=Adrfhbjy1K1UIUJmTYLm8ohpXtKhpvt4S5o8oPIhdyuf1mC4VrfZvQOQIArHGqouNgwyTSqq7tLMEcOrknTB95xG&amp;_nc_zt=23&amp;_nc_ht=scontent-dus1-1.cdninstagram.com&amp;edm=ANo9K5cEAAAA&amp;_nc_gid=rzONof3SukXGJ3EiD8HdGg&amp;_nc_tpa=Q5bMBQEeP1ftlYj3mI1xqFfhGOeeyUYbUAgccF1dE9_iXtlCKnj4dXP12KJ1S-6_S6q-kbTCsp9IyTvFHQ&amp;oh=00_Af3_2G2agDFawe1t3V-uy6u5HqOcMPOruAuEvZ9RZ5_UKQ&amp;oe=69F321C8&quot;,&quot;150&quot;:&quot;https:\\\/\\\/scontent-dus1-1.cdninstagram.com\\\/v\\\/t51.82787-15\\\/661477108_18325621987271458_4300555744151560141_n.jpg?stp=dst-jpg_e35_tt6&amp;_nc_cat=105&amp;ccb=7-5&amp;_nc_sid=18de74&amp;efg=eyJlZmdfdGFnIjoiRkVFRC5iZXN0X2ltYWdlX3VybGdlbi5DMyJ9&amp;_nc_ohc=R-HVU2OFOeoQ7kNvwFB9PqS&amp;_nc_oc=Adrfhbjy1K1UIUJmTYLm8ohpXtKhpvt4S5o8oPIhdyuf1mC4VrfZvQOQIArHGqouNgwyTSqq7tLMEcOrknTB95xG&amp;_nc_zt=23&amp;_nc_ht=scontent-dus1-1.cdninstagram.com&amp;edm=ANo9K5cEAAAA&amp;_nc_gid=rzONof3SukXGJ3EiD8HdGg&amp;_nc_tpa=Q5bMBQEeP1ftlYj3mI1xqFfhGOeeyUYbUAgccF1dE9_iXtlCKnj4dXP12KJ1S-6_S6q-kbTCsp9IyTvFHQ&amp;oh=00_Af3_2G2agDFawe1t3V-uy6u5HqOcMPOruAuEvZ9RZ5_UKQ&amp;oe=69F321C8&quot;,&quot;320&quot;:&quot;https:\\\/\\\/scontent-dus1-1.cdninstagram.com\\\/v\\\/t51.82787-15\\\/661477108_18325621987271458_4300555744151560141_n.jpg?stp=dst-jpg_e35_tt6&amp;_nc_cat=105&amp;ccb=7-5&amp;_nc_sid=18de74&amp;efg=eyJlZmdfdGFnIjoiRkVFRC5iZXN0X2ltYWdlX3VybGdlbi5DMyJ9&amp;_nc_ohc=R-HVU2OFOeoQ7kNvwFB9PqS&amp;_nc_oc=Adrfhbjy1K1UIUJmTYLm8ohpXtKhpvt4S5o8oPIhdyuf1mC4VrfZvQOQIArHGqouNgwyTSqq7tLMEcOrknTB95xG&amp;_nc_zt=23&amp;_nc_ht=scontent-dus1-1.cdninstagram.com&amp;edm=ANo9K5cEAAAA&amp;_nc_gid=rzONof3SukXGJ3EiD8HdGg&amp;_nc_tpa=Q5bMBQEeP1ftlYj3mI1xqFfhGOeeyUYbUAgccF1dE9_iXtlCKnj4dXP12KJ1S-6_S6q-kbTCsp9IyTvFHQ&amp;oh=00_Af3_2G2agDFawe1t3V-uy6u5HqOcMPOruAuEvZ9RZ5_UKQ&amp;oe=69F321C8&quot;,&quot;640&quot;:&quot;https:\\\/\\\/scontent-dus1-1.cdninstagram.com\\\/v\\\/t51.82787-15\\\/661477108_18325621987271458_4300555744151560141_n.jpg?stp=dst-jpg_e35_tt6&amp;_nc_cat=105&amp;ccb=7-5&amp;_nc_sid=18de74&amp;efg=eyJlZmdfdGFnIjoiRkVFRC5iZXN0X2ltYWdlX3VybGdlbi5DMyJ9&amp;_nc_ohc=R-HVU2OFOeoQ7kNvwFB9PqS&amp;_nc_oc=Adrfhbjy1K1UIUJmTYLm8ohpXtKhpvt4S5o8oPIhdyuf1mC4VrfZvQOQIArHGqouNgwyTSqq7tLMEcOrknTB95xG&amp;_nc_zt=23&amp;_nc_ht=scontent-dus1-1.cdninstagram.com&amp;edm=ANo9K5cEAAAA&amp;_nc_gid=rzONof3SukXGJ3EiD8HdGg&amp;_nc_tpa=Q5bMBQEeP1ftlYj3mI1xqFfhGOeeyUYbUAgccF1dE9_iXtlCKnj4dXP12KJ1S-6_S6q-kbTCsp9IyTvFHQ&amp;oh=00_Af3_2G2agDFawe1t3V-uy6u5HqOcMPOruAuEvZ9RZ5_UKQ&amp;oe=69F321C8&quot;}\">\n\t\t\t<span class=\"sbi-screenreader\">UPDATE \ud83d\udc9a Wir haben euch etwas versprochen und w<\/span>\n\t\t\t\t\t\t\t\t\t<img decoding=\"async\" src=\"https:\/\/gruene-wuppertal.de\/fraktion\/wp-content\/plugins\/instagram-feed\/img\/placeholder.png\" alt=\"UPDATE \ud83d\udc9a Wir haben euch etwas versprochen und wir halten es auch: Bei unserer ersten Veranstaltung zum Thema \u201eWof\u00fcr gibt Wuppertal Geld aus?\u201c haben wir spannende Impulse f\u00fcr unsere Stadt aufgenommen. Dar\u00fcber wollen wir euch informieren, weitere Ideen f\u00fcr Wuppertal sammeln und Haushaltsvorschl\u00e4ge in den Stadtrat einbringen, die Wuppertal gerecht werden! Die GR\u00dcNE Ratsfraktion l\u00e4dt dich daher herzlich zum offenen Dialog \u00fcber die Zukunft unserer Stadt ein!\n\n\u201eWof\u00fcr gibt Wuppertal Geld aus?\u202fDeine Ideen f\u00fcr Deine Stadt!\u201c\n\ud83d\uddd3\u202f17.\u202fApril\u202f2026\n\ud83d\udccd\u202fKirchplatz 2, CVJM\u202fElberfeld\n\u23f0\u202f17:00\u202f\u2013\u202f20:00\u202fUhr \n\nWir geben dir einen kurzen \u00dcberblick der aktuellen Finanzplanung der Stadt und entwickeln bei Interaktiven Brainstorm-Sessions an Thementischen weitere Themen! \ud83d\udc9a Meldet euch gern bei uns \ud83d\udd25\" aria-hidden=\"true\">\n\t\t<\/a>\n\t<\/div>\n<\/div><div class=\"sbi_item sbi_type_video sbi_new sbi_transition\"\n\tid=\"sbi_18085688525255675\" data-date=\"1775385000\">\n\t<div class=\"sbi_photo_wrap\">\n\t\t<a class=\"sbi_photo\" href=\"https:\/\/www.instagram.com\/reel\/DWvydL9u-ff\/\" target=\"_blank\" rel=\"noopener nofollow\"\n\t\t\tdata-full-res=\"https:\/\/scontent-dus1-1.cdninstagram.com\/v\/t51.71878-15\/656294771_1510314604081484_5304244910408733728_n.jpg?stp=dst-jpg_e35_tt6&#038;_nc_cat=111&#038;ccb=7-5&#038;_nc_sid=18de74&#038;efg=eyJlZmdfdGFnIjoiQ0xJUFMuYmVzdF9pbWFnZV91cmxnZW4uQzMifQ%3D%3D&#038;_nc_ohc=83YMw6fSNnEQ7kNvwGIs0RC&#038;_nc_oc=Ado-vuB6Qt6JsYMgiyGFMjIqFIsgbkpSAWTZMjzYPiYwtQEiTXRcZjrQuq0p3B8X2CqJCTsf0RtFFyQ2ITC-QaJz&#038;_nc_zt=23&#038;_nc_ht=scontent-dus1-1.cdninstagram.com&#038;edm=ANo9K5cEAAAA&#038;_nc_gid=rzONof3SukXGJ3EiD8HdGg&#038;_nc_tpa=Q5bMBQGm9SuKnG8jplwRE6WGchrvblGsM8sB8H-uZYGYpa7YIw_AkIGs0yp9gZ08qlf1hBvmnO6TWge8LQ&#038;oh=00_Af3Ce1GMBx-usv0R9KijkhUVeotQA53Pv54YDObGDVb8-Q&#038;oe=69F322DF\"\n\t\t\tdata-img-src-set=\"{&quot;d&quot;:&quot;https:\\\/\\\/scontent-dus1-1.cdninstagram.com\\\/v\\\/t51.71878-15\\\/656294771_1510314604081484_5304244910408733728_n.jpg?stp=dst-jpg_e35_tt6&amp;_nc_cat=111&amp;ccb=7-5&amp;_nc_sid=18de74&amp;efg=eyJlZmdfdGFnIjoiQ0xJUFMuYmVzdF9pbWFnZV91cmxnZW4uQzMifQ%3D%3D&amp;_nc_ohc=83YMw6fSNnEQ7kNvwGIs0RC&amp;_nc_oc=Ado-vuB6Qt6JsYMgiyGFMjIqFIsgbkpSAWTZMjzYPiYwtQEiTXRcZjrQuq0p3B8X2CqJCTsf0RtFFyQ2ITC-QaJz&amp;_nc_zt=23&amp;_nc_ht=scontent-dus1-1.cdninstagram.com&amp;edm=ANo9K5cEAAAA&amp;_nc_gid=rzONof3SukXGJ3EiD8HdGg&amp;_nc_tpa=Q5bMBQGm9SuKnG8jplwRE6WGchrvblGsM8sB8H-uZYGYpa7YIw_AkIGs0yp9gZ08qlf1hBvmnO6TWge8LQ&amp;oh=00_Af3Ce1GMBx-usv0R9KijkhUVeotQA53Pv54YDObGDVb8-Q&amp;oe=69F322DF&quot;,&quot;150&quot;:&quot;https:\\\/\\\/scontent-dus1-1.cdninstagram.com\\\/v\\\/t51.71878-15\\\/656294771_1510314604081484_5304244910408733728_n.jpg?stp=dst-jpg_e35_tt6&amp;_nc_cat=111&amp;ccb=7-5&amp;_nc_sid=18de74&amp;efg=eyJlZmdfdGFnIjoiQ0xJUFMuYmVzdF9pbWFnZV91cmxnZW4uQzMifQ%3D%3D&amp;_nc_ohc=83YMw6fSNnEQ7kNvwGIs0RC&amp;_nc_oc=Ado-vuB6Qt6JsYMgiyGFMjIqFIsgbkpSAWTZMjzYPiYwtQEiTXRcZjrQuq0p3B8X2CqJCTsf0RtFFyQ2ITC-QaJz&amp;_nc_zt=23&amp;_nc_ht=scontent-dus1-1.cdninstagram.com&amp;edm=ANo9K5cEAAAA&amp;_nc_gid=rzONof3SukXGJ3EiD8HdGg&amp;_nc_tpa=Q5bMBQGm9SuKnG8jplwRE6WGchrvblGsM8sB8H-uZYGYpa7YIw_AkIGs0yp9gZ08qlf1hBvmnO6TWge8LQ&amp;oh=00_Af3Ce1GMBx-usv0R9KijkhUVeotQA53Pv54YDObGDVb8-Q&amp;oe=69F322DF&quot;,&quot;320&quot;:&quot;https:\\\/\\\/scontent-dus1-1.cdninstagram.com\\\/v\\\/t51.71878-15\\\/656294771_1510314604081484_5304244910408733728_n.jpg?stp=dst-jpg_e35_tt6&amp;_nc_cat=111&amp;ccb=7-5&amp;_nc_sid=18de74&amp;efg=eyJlZmdfdGFnIjoiQ0xJUFMuYmVzdF9pbWFnZV91cmxnZW4uQzMifQ%3D%3D&amp;_nc_ohc=83YMw6fSNnEQ7kNvwGIs0RC&amp;_nc_oc=Ado-vuB6Qt6JsYMgiyGFMjIqFIsgbkpSAWTZMjzYPiYwtQEiTXRcZjrQuq0p3B8X2CqJCTsf0RtFFyQ2ITC-QaJz&amp;_nc_zt=23&amp;_nc_ht=scontent-dus1-1.cdninstagram.com&amp;edm=ANo9K5cEAAAA&amp;_nc_gid=rzONof3SukXGJ3EiD8HdGg&amp;_nc_tpa=Q5bMBQGm9SuKnG8jplwRE6WGchrvblGsM8sB8H-uZYGYpa7YIw_AkIGs0yp9gZ08qlf1hBvmnO6TWge8LQ&amp;oh=00_Af3Ce1GMBx-usv0R9KijkhUVeotQA53Pv54YDObGDVb8-Q&amp;oe=69F322DF&quot;,&quot;640&quot;:&quot;https:\\\/\\\/scontent-dus1-1.cdninstagram.com\\\/v\\\/t51.71878-15\\\/656294771_1510314604081484_5304244910408733728_n.jpg?stp=dst-jpg_e35_tt6&amp;_nc_cat=111&amp;ccb=7-5&amp;_nc_sid=18de74&amp;efg=eyJlZmdfdGFnIjoiQ0xJUFMuYmVzdF9pbWFnZV91cmxnZW4uQzMifQ%3D%3D&amp;_nc_ohc=83YMw6fSNnEQ7kNvwGIs0RC&amp;_nc_oc=Ado-vuB6Qt6JsYMgiyGFMjIqFIsgbkpSAWTZMjzYPiYwtQEiTXRcZjrQuq0p3B8X2CqJCTsf0RtFFyQ2ITC-QaJz&amp;_nc_zt=23&amp;_nc_ht=scontent-dus1-1.cdninstagram.com&amp;edm=ANo9K5cEAAAA&amp;_nc_gid=rzONof3SukXGJ3EiD8HdGg&amp;_nc_tpa=Q5bMBQGm9SuKnG8jplwRE6WGchrvblGsM8sB8H-uZYGYpa7YIw_AkIGs0yp9gZ08qlf1hBvmnO6TWge8LQ&amp;oh=00_Af3Ce1GMBx-usv0R9KijkhUVeotQA53Pv54YDObGDVb8-Q&amp;oe=69F322DF&quot;}\">\n\t\t\t<span class=\"sbi-screenreader\">SPOT ON Wuppertaler Jugendliche: Bei der Er\u00f6ffnun<\/span>\n\t\t\t\t\t\t<svg style=\"color: rgba(255,255,255,1)\" class=\"svg-inline--fa fa-play fa-w-14 sbi_playbtn\" aria-label=\"Play\" aria-hidden=\"true\" data-fa-processed=\"\" data-prefix=\"fa\" data-icon=\"play\" role=\"presentation\" xmlns=\"http:\/\/www.w3.org\/2000\/svg\" viewBox=\"0 0 448 512\"><path fill=\"currentColor\" d=\"M424.4 214.7L72.4 6.6C43.8-10.3 0 6.1 0 47.9V464c0 37.5 40.7 60.1 72.4 41.3l352-208c31.4-18.5 31.5-64.1 0-82.6z\"><\/path><\/svg>\t\t\t<img decoding=\"async\" src=\"https:\/\/gruene-wuppertal.de\/fraktion\/wp-content\/plugins\/instagram-feed\/img\/placeholder.png\" alt=\"SPOT ON Wuppertaler Jugendliche: Bei der Er\u00f6ffnung von @soulspace_center in den @wiesenwerke hat uns @jana.kortwig ihr Jugendzentrum f\u00fcr mentale Gesundheit gezeigt. Mit dabei auch viele Jugendliche, mit denen sie bereits gearbeitet hat. Euer Feedback zu unserem Beitrag am Donnerstag war so toll - mit dem Wunsch, den Jugendlichen noch mehr zuzuh\u00f6ren. Daher hier die ganzen Interviews mit Ali, Giada und Masa und ein GR\u00dcNER Dank von @janina.smits an die Gr\u00fcnderin Jana Kortwig! \ud83d\udc9a\" aria-hidden=\"true\">\n\t\t<\/a>\n\t<\/div>\n<\/div><div class=\"sbi_item sbi_type_image sbi_new sbi_transition\"\n\tid=\"sbi_18083152016060740\" data-date=\"1775378273\">\n\t<div class=\"sbi_photo_wrap\">\n\t\t<a class=\"sbi_photo\" href=\"https:\/\/www.instagram.com\/p\/DWvlj6ljPVD\/\" target=\"_blank\" rel=\"noopener nofollow\"\n\t\t\tdata-full-res=\"https:\/\/scontent-dus1-1.cdninstagram.com\/v\/t51.82787-15\/658808122_18325251169271458_7787789143503772066_n.jpg?stp=dst-jpg_e35_tt6&#038;_nc_cat=109&#038;ccb=7-5&#038;_nc_sid=18de74&#038;efg=eyJlZmdfdGFnIjoiRkVFRC5iZXN0X2ltYWdlX3VybGdlbi5DMyJ9&#038;_nc_ohc=Sg1JjtbuLzsQ7kNvwHy9rVB&#038;_nc_oc=AdpIUuGGHVZI7XRF_C1e1SjWUkWRe8vpvLzdPVEl_LW738j5oVQ18S8x8Q-tskGZXvo0APzveCYg7ojSk4_3OlkU&#038;_nc_zt=23&#038;_nc_ht=scontent-dus1-1.cdninstagram.com&#038;edm=ANo9K5cEAAAA&#038;_nc_gid=rzONof3SukXGJ3EiD8HdGg&#038;_nc_tpa=Q5bMBQE1UDDkzKk-xcFb2OKqyZbyX9Sk8p3Dvs6vT9hnUyQtuoJ-Ba5W3Qq5Oz3uc2CCf6OCHhaaD3ujkw&#038;oh=00_Af1f10kR7MsMzE9PaPsvH1dvScvWj-n1jfZl24RHcPcnMg&#038;oe=69F3205D\"\n\t\t\tdata-img-src-set=\"{&quot;d&quot;:&quot;https:\\\/\\\/scontent-dus1-1.cdninstagram.com\\\/v\\\/t51.82787-15\\\/658808122_18325251169271458_7787789143503772066_n.jpg?stp=dst-jpg_e35_tt6&amp;_nc_cat=109&amp;ccb=7-5&amp;_nc_sid=18de74&amp;efg=eyJlZmdfdGFnIjoiRkVFRC5iZXN0X2ltYWdlX3VybGdlbi5DMyJ9&amp;_nc_ohc=Sg1JjtbuLzsQ7kNvwHy9rVB&amp;_nc_oc=AdpIUuGGHVZI7XRF_C1e1SjWUkWRe8vpvLzdPVEl_LW738j5oVQ18S8x8Q-tskGZXvo0APzveCYg7ojSk4_3OlkU&amp;_nc_zt=23&amp;_nc_ht=scontent-dus1-1.cdninstagram.com&amp;edm=ANo9K5cEAAAA&amp;_nc_gid=rzONof3SukXGJ3EiD8HdGg&amp;_nc_tpa=Q5bMBQE1UDDkzKk-xcFb2OKqyZbyX9Sk8p3Dvs6vT9hnUyQtuoJ-Ba5W3Qq5Oz3uc2CCf6OCHhaaD3ujkw&amp;oh=00_Af1f10kR7MsMzE9PaPsvH1dvScvWj-n1jfZl24RHcPcnMg&amp;oe=69F3205D&quot;,&quot;150&quot;:&quot;https:\\\/\\\/scontent-dus1-1.cdninstagram.com\\\/v\\\/t51.82787-15\\\/658808122_18325251169271458_7787789143503772066_n.jpg?stp=dst-jpg_e35_tt6&amp;_nc_cat=109&amp;ccb=7-5&amp;_nc_sid=18de74&amp;efg=eyJlZmdfdGFnIjoiRkVFRC5iZXN0X2ltYWdlX3VybGdlbi5DMyJ9&amp;_nc_ohc=Sg1JjtbuLzsQ7kNvwHy9rVB&amp;_nc_oc=AdpIUuGGHVZI7XRF_C1e1SjWUkWRe8vpvLzdPVEl_LW738j5oVQ18S8x8Q-tskGZXvo0APzveCYg7ojSk4_3OlkU&amp;_nc_zt=23&amp;_nc_ht=scontent-dus1-1.cdninstagram.com&amp;edm=ANo9K5cEAAAA&amp;_nc_gid=rzONof3SukXGJ3EiD8HdGg&amp;_nc_tpa=Q5bMBQE1UDDkzKk-xcFb2OKqyZbyX9Sk8p3Dvs6vT9hnUyQtuoJ-Ba5W3Qq5Oz3uc2CCf6OCHhaaD3ujkw&amp;oh=00_Af1f10kR7MsMzE9PaPsvH1dvScvWj-n1jfZl24RHcPcnMg&amp;oe=69F3205D&quot;,&quot;320&quot;:&quot;https:\\\/\\\/scontent-dus1-1.cdninstagram.com\\\/v\\\/t51.82787-15\\\/658808122_18325251169271458_7787789143503772066_n.jpg?stp=dst-jpg_e35_tt6&amp;_nc_cat=109&amp;ccb=7-5&amp;_nc_sid=18de74&amp;efg=eyJlZmdfdGFnIjoiRkVFRC5iZXN0X2ltYWdlX3VybGdlbi5DMyJ9&amp;_nc_ohc=Sg1JjtbuLzsQ7kNvwHy9rVB&amp;_nc_oc=AdpIUuGGHVZI7XRF_C1e1SjWUkWRe8vpvLzdPVEl_LW738j5oVQ18S8x8Q-tskGZXvo0APzveCYg7ojSk4_3OlkU&amp;_nc_zt=23&amp;_nc_ht=scontent-dus1-1.cdninstagram.com&amp;edm=ANo9K5cEAAAA&amp;_nc_gid=rzONof3SukXGJ3EiD8HdGg&amp;_nc_tpa=Q5bMBQE1UDDkzKk-xcFb2OKqyZbyX9Sk8p3Dvs6vT9hnUyQtuoJ-Ba5W3Qq5Oz3uc2CCf6OCHhaaD3ujkw&amp;oh=00_Af1f10kR7MsMzE9PaPsvH1dvScvWj-n1jfZl24RHcPcnMg&amp;oe=69F3205D&quot;,&quot;640&quot;:&quot;https:\\\/\\\/scontent-dus1-1.cdninstagram.com\\\/v\\\/t51.82787-15\\\/658808122_18325251169271458_7787789143503772066_n.jpg?stp=dst-jpg_e35_tt6&amp;_nc_cat=109&amp;ccb=7-5&amp;_nc_sid=18de74&amp;efg=eyJlZmdfdGFnIjoiRkVFRC5iZXN0X2ltYWdlX3VybGdlbi5DMyJ9&amp;_nc_ohc=Sg1JjtbuLzsQ7kNvwHy9rVB&amp;_nc_oc=AdpIUuGGHVZI7XRF_C1e1SjWUkWRe8vpvLzdPVEl_LW738j5oVQ18S8x8Q-tskGZXvo0APzveCYg7ojSk4_3OlkU&amp;_nc_zt=23&amp;_nc_ht=scontent-dus1-1.cdninstagram.com&amp;edm=ANo9K5cEAAAA&amp;_nc_gid=rzONof3SukXGJ3EiD8HdGg&amp;_nc_tpa=Q5bMBQE1UDDkzKk-xcFb2OKqyZbyX9Sk8p3Dvs6vT9hnUyQtuoJ-Ba5W3Qq5Oz3uc2CCf6OCHhaaD3ujkw&amp;oh=00_Af1f10kR7MsMzE9PaPsvH1dvScvWj-n1jfZl24RHcPcnMg&amp;oe=69F3205D&quot;}\">\n\t\t\t<span class=\"sbi-screenreader\"><\/span>\n\t\t\t\t\t\t\t\t\t<img decoding=\"async\" src=\"https:\/\/gruene-wuppertal.de\/fraktion\/wp-content\/plugins\/instagram-feed\/img\/placeholder.png\" alt=\"Ein fr\u00f6hliches Osterfest und sch\u00f6ne Feiertage w\u00fcnscht euch der Kreisverband Wuppertal! \ud83d\udc9a\ud83d\udc07\" aria-hidden=\"true\">\n\t\t<\/a>\n\t<\/div>\n<\/div><div class=\"sbi_item sbi_type_video sbi_new sbi_transition\"\n\tid=\"sbi_18054428414709984\" data-date=\"1775134369\">\n\t<div class=\"sbi_photo_wrap\">\n\t\t<a class=\"sbi_photo\" href=\"https:\/\/www.instagram.com\/reel\/DWoTY1oDK1K\/\" target=\"_blank\" rel=\"noopener nofollow\"\n\t\t\tdata-full-res=\"https:\/\/scontent-dus1-1.cdninstagram.com\/v\/t51.82787-15\/660115562_18324895903271458_1534516875447116154_n.jpg?stp=dst-jpg_e35_tt6&#038;_nc_cat=100&#038;ccb=7-5&#038;_nc_sid=18de74&#038;efg=eyJlZmdfdGFnIjoiQ0xJUFMuYmVzdF9pbWFnZV91cmxnZW4uQzMifQ%3D%3D&#038;_nc_ohc=GnN_VY22jagQ7kNvwGVPyQN&#038;_nc_oc=AdpbcRcs44-19SKmqtjl-pIAV1N3mkq1LmRC60lqWXtjrrCNfkD9u6wKu08ZwME96aR2X6DDpbnXAZb9aWVWNiVk&#038;_nc_zt=23&#038;_nc_ht=scontent-dus1-1.cdninstagram.com&#038;edm=ANo9K5cEAAAA&#038;_nc_gid=rzONof3SukXGJ3EiD8HdGg&#038;_nc_tpa=Q5bMBQE0JBjjBH0SomhPpBKRq5lpGpbqMKiZKuZyvfTyqkZAgQrFNd2-WTinqKufoKl8ntwkc9bg1PKNFQ&#038;oh=00_Af0bmjlc42rB07l4sgGIfAd7EDzkTA7u5W8TRurSPKVdvQ&#038;oe=69F306C1\"\n\t\t\tdata-img-src-set=\"{&quot;d&quot;:&quot;https:\\\/\\\/scontent-dus1-1.cdninstagram.com\\\/v\\\/t51.82787-15\\\/660115562_18324895903271458_1534516875447116154_n.jpg?stp=dst-jpg_e35_tt6&amp;_nc_cat=100&amp;ccb=7-5&amp;_nc_sid=18de74&amp;efg=eyJlZmdfdGFnIjoiQ0xJUFMuYmVzdF9pbWFnZV91cmxnZW4uQzMifQ%3D%3D&amp;_nc_ohc=GnN_VY22jagQ7kNvwGVPyQN&amp;_nc_oc=AdpbcRcs44-19SKmqtjl-pIAV1N3mkq1LmRC60lqWXtjrrCNfkD9u6wKu08ZwME96aR2X6DDpbnXAZb9aWVWNiVk&amp;_nc_zt=23&amp;_nc_ht=scontent-dus1-1.cdninstagram.com&amp;edm=ANo9K5cEAAAA&amp;_nc_gid=rzONof3SukXGJ3EiD8HdGg&amp;_nc_tpa=Q5bMBQE0JBjjBH0SomhPpBKRq5lpGpbqMKiZKuZyvfTyqkZAgQrFNd2-WTinqKufoKl8ntwkc9bg1PKNFQ&amp;oh=00_Af0bmjlc42rB07l4sgGIfAd7EDzkTA7u5W8TRurSPKVdvQ&amp;oe=69F306C1&quot;,&quot;150&quot;:&quot;https:\\\/\\\/scontent-dus1-1.cdninstagram.com\\\/v\\\/t51.82787-15\\\/660115562_18324895903271458_1534516875447116154_n.jpg?stp=dst-jpg_e35_tt6&amp;_nc_cat=100&amp;ccb=7-5&amp;_nc_sid=18de74&amp;efg=eyJlZmdfdGFnIjoiQ0xJUFMuYmVzdF9pbWFnZV91cmxnZW4uQzMifQ%3D%3D&amp;_nc_ohc=GnN_VY22jagQ7kNvwGVPyQN&amp;_nc_oc=AdpbcRcs44-19SKmqtjl-pIAV1N3mkq1LmRC60lqWXtjrrCNfkD9u6wKu08ZwME96aR2X6DDpbnXAZb9aWVWNiVk&amp;_nc_zt=23&amp;_nc_ht=scontent-dus1-1.cdninstagram.com&amp;edm=ANo9K5cEAAAA&amp;_nc_gid=rzONof3SukXGJ3EiD8HdGg&amp;_nc_tpa=Q5bMBQE0JBjjBH0SomhPpBKRq5lpGpbqMKiZKuZyvfTyqkZAgQrFNd2-WTinqKufoKl8ntwkc9bg1PKNFQ&amp;oh=00_Af0bmjlc42rB07l4sgGIfAd7EDzkTA7u5W8TRurSPKVdvQ&amp;oe=69F306C1&quot;,&quot;320&quot;:&quot;https:\\\/\\\/scontent-dus1-1.cdninstagram.com\\\/v\\\/t51.82787-15\\\/660115562_18324895903271458_1534516875447116154_n.jpg?stp=dst-jpg_e35_tt6&amp;_nc_cat=100&amp;ccb=7-5&amp;_nc_sid=18de74&amp;efg=eyJlZmdfdGFnIjoiQ0xJUFMuYmVzdF9pbWFnZV91cmxnZW4uQzMifQ%3D%3D&amp;_nc_ohc=GnN_VY22jagQ7kNvwGVPyQN&amp;_nc_oc=AdpbcRcs44-19SKmqtjl-pIAV1N3mkq1LmRC60lqWXtjrrCNfkD9u6wKu08ZwME96aR2X6DDpbnXAZb9aWVWNiVk&amp;_nc_zt=23&amp;_nc_ht=scontent-dus1-1.cdninstagram.com&amp;edm=ANo9K5cEAAAA&amp;_nc_gid=rzONof3SukXGJ3EiD8HdGg&amp;_nc_tpa=Q5bMBQE0JBjjBH0SomhPpBKRq5lpGpbqMKiZKuZyvfTyqkZAgQrFNd2-WTinqKufoKl8ntwkc9bg1PKNFQ&amp;oh=00_Af0bmjlc42rB07l4sgGIfAd7EDzkTA7u5W8TRurSPKVdvQ&amp;oe=69F306C1&quot;,&quot;640&quot;:&quot;https:\\\/\\\/scontent-dus1-1.cdninstagram.com\\\/v\\\/t51.82787-15\\\/660115562_18324895903271458_1534516875447116154_n.jpg?stp=dst-jpg_e35_tt6&amp;_nc_cat=100&amp;ccb=7-5&amp;_nc_sid=18de74&amp;efg=eyJlZmdfdGFnIjoiQ0xJUFMuYmVzdF9pbWFnZV91cmxnZW4uQzMifQ%3D%3D&amp;_nc_ohc=GnN_VY22jagQ7kNvwGVPyQN&amp;_nc_oc=AdpbcRcs44-19SKmqtjl-pIAV1N3mkq1LmRC60lqWXtjrrCNfkD9u6wKu08ZwME96aR2X6DDpbnXAZb9aWVWNiVk&amp;_nc_zt=23&amp;_nc_ht=scontent-dus1-1.cdninstagram.com&amp;edm=ANo9K5cEAAAA&amp;_nc_gid=rzONof3SukXGJ3EiD8HdGg&amp;_nc_tpa=Q5bMBQE0JBjjBH0SomhPpBKRq5lpGpbqMKiZKuZyvfTyqkZAgQrFNd2-WTinqKufoKl8ntwkc9bg1PKNFQ&amp;oh=00_Af0bmjlc42rB07l4sgGIfAd7EDzkTA7u5W8TRurSPKVdvQ&amp;oe=69F306C1&quot;}\">\n\t\t\t<span class=\"sbi-screenreader\">Ein Meilenstein f\u00fcr Wuppertaler Jugendliche: @jan<\/span>\n\t\t\t\t\t\t<svg style=\"color: rgba(255,255,255,1)\" class=\"svg-inline--fa fa-play fa-w-14 sbi_playbtn\" aria-label=\"Play\" aria-hidden=\"true\" data-fa-processed=\"\" data-prefix=\"fa\" data-icon=\"play\" role=\"presentation\" xmlns=\"http:\/\/www.w3.org\/2000\/svg\" viewBox=\"0 0 448 512\"><path fill=\"currentColor\" d=\"M424.4 214.7L72.4 6.6C43.8-10.3 0 6.1 0 47.9V464c0 37.5 40.7 60.1 72.4 41.3l352-208c31.4-18.5 31.5-64.1 0-82.6z\"><\/path><\/svg>\t\t\t<img decoding=\"async\" src=\"https:\/\/gruene-wuppertal.de\/fraktion\/wp-content\/plugins\/instagram-feed\/img\/placeholder.png\" alt=\"Ein Meilenstein f\u00fcr Wuppertaler Jugendliche: @jana.kortwig hat ihr @soulspace_center in den @wiesenwerke er\u00f6ffnet! \ud83d\ude0d\ud83d\udc9a Ihr Angebot: Ein Zentrum f\u00fcr Kinder und Jugendliche, ihre Themen und mentale Gesundheit! Das alles habt auch ihr erm\u00f6glicht -  50.000 Euro gab es durch das B\u00fcrger*innenbudget von @talbeteiligung! Wir waren mit @janina.smits aus unserer Fraktion bei der Er\u00f6ffnung.\ud83d\udc9a Danke an Giada und Ali, die ihre Geschichte auch mit uns geteilt haben!\" aria-hidden=\"true\">\n\t\t<\/a>\n\t<\/div>\n<\/div><div class=\"sbi_item sbi_type_video sbi_new sbi_transition\"\n\tid=\"sbi_18098568460823046\" data-date=\"1775059200\">\n\t<div class=\"sbi_photo_wrap\">\n\t\t<a class=\"sbi_photo\" href=\"https:\/\/www.instagram.com\/reel\/DWmFEpROejJ\/\" target=\"_blank\" rel=\"noopener nofollow\"\n\t\t\tdata-full-res=\"https:\/\/scontent-dus1-1.cdninstagram.com\/v\/t51.82787-15\/659487553_18324795040271458_8684231862392395720_n.jpg?stp=dst-jpg_e35_tt6&#038;_nc_cat=110&#038;ccb=7-5&#038;_nc_sid=18de74&#038;efg=eyJlZmdfdGFnIjoiQ0xJUFMuYmVzdF9pbWFnZV91cmxnZW4uQzMifQ%3D%3D&#038;_nc_ohc=ag-5yzYwQzMQ7kNvwEOTzeA&#038;_nc_oc=AdoxysoJPsahXC6C9ATsDwLkRDjhCdTBuPEfIYcFBheE5L7JZ9GA0xPcymK_oSKZZgNrX2E7am-eWipJSzyGRdBf&#038;_nc_zt=23&#038;_nc_ht=scontent-dus1-1.cdninstagram.com&#038;edm=ANo9K5cEAAAA&#038;_nc_gid=rzONof3SukXGJ3EiD8HdGg&#038;_nc_tpa=Q5bMBQHhQm2UAOH2l_Ap_w1srERdb71Ab3DpCL-wUz1gKQfgi3KRPfCisq88A0ywGA9_K8FHl8MbWRN7Ng&#038;oh=00_Af0x1j4aL_jy4cSk0vTegy_hhkdz46bSrpY28OsudHvy0Q&#038;oe=69F30A72\"\n\t\t\tdata-img-src-set=\"{&quot;d&quot;:&quot;https:\\\/\\\/scontent-dus1-1.cdninstagram.com\\\/v\\\/t51.82787-15\\\/659487553_18324795040271458_8684231862392395720_n.jpg?stp=dst-jpg_e35_tt6&amp;_nc_cat=110&amp;ccb=7-5&amp;_nc_sid=18de74&amp;efg=eyJlZmdfdGFnIjoiQ0xJUFMuYmVzdF9pbWFnZV91cmxnZW4uQzMifQ%3D%3D&amp;_nc_ohc=ag-5yzYwQzMQ7kNvwEOTzeA&amp;_nc_oc=AdoxysoJPsahXC6C9ATsDwLkRDjhCdTBuPEfIYcFBheE5L7JZ9GA0xPcymK_oSKZZgNrX2E7am-eWipJSzyGRdBf&amp;_nc_zt=23&amp;_nc_ht=scontent-dus1-1.cdninstagram.com&amp;edm=ANo9K5cEAAAA&amp;_nc_gid=rzONof3SukXGJ3EiD8HdGg&amp;_nc_tpa=Q5bMBQHhQm2UAOH2l_Ap_w1srERdb71Ab3DpCL-wUz1gKQfgi3KRPfCisq88A0ywGA9_K8FHl8MbWRN7Ng&amp;oh=00_Af0x1j4aL_jy4cSk0vTegy_hhkdz46bSrpY28OsudHvy0Q&amp;oe=69F30A72&quot;,&quot;150&quot;:&quot;https:\\\/\\\/scontent-dus1-1.cdninstagram.com\\\/v\\\/t51.82787-15\\\/659487553_18324795040271458_8684231862392395720_n.jpg?stp=dst-jpg_e35_tt6&amp;_nc_cat=110&amp;ccb=7-5&amp;_nc_sid=18de74&amp;efg=eyJlZmdfdGFnIjoiQ0xJUFMuYmVzdF9pbWFnZV91cmxnZW4uQzMifQ%3D%3D&amp;_nc_ohc=ag-5yzYwQzMQ7kNvwEOTzeA&amp;_nc_oc=AdoxysoJPsahXC6C9ATsDwLkRDjhCdTBuPEfIYcFBheE5L7JZ9GA0xPcymK_oSKZZgNrX2E7am-eWipJSzyGRdBf&amp;_nc_zt=23&amp;_nc_ht=scontent-dus1-1.cdninstagram.com&amp;edm=ANo9K5cEAAAA&amp;_nc_gid=rzONof3SukXGJ3EiD8HdGg&amp;_nc_tpa=Q5bMBQHhQm2UAOH2l_Ap_w1srERdb71Ab3DpCL-wUz1gKQfgi3KRPfCisq88A0ywGA9_K8FHl8MbWRN7Ng&amp;oh=00_Af0x1j4aL_jy4cSk0vTegy_hhkdz46bSrpY28OsudHvy0Q&amp;oe=69F30A72&quot;,&quot;320&quot;:&quot;https:\\\/\\\/scontent-dus1-1.cdninstagram.com\\\/v\\\/t51.82787-15\\\/659487553_18324795040271458_8684231862392395720_n.jpg?stp=dst-jpg_e35_tt6&amp;_nc_cat=110&amp;ccb=7-5&amp;_nc_sid=18de74&amp;efg=eyJlZmdfdGFnIjoiQ0xJUFMuYmVzdF9pbWFnZV91cmxnZW4uQzMifQ%3D%3D&amp;_nc_ohc=ag-5yzYwQzMQ7kNvwEOTzeA&amp;_nc_oc=AdoxysoJPsahXC6C9ATsDwLkRDjhCdTBuPEfIYcFBheE5L7JZ9GA0xPcymK_oSKZZgNrX2E7am-eWipJSzyGRdBf&amp;_nc_zt=23&amp;_nc_ht=scontent-dus1-1.cdninstagram.com&amp;edm=ANo9K5cEAAAA&amp;_nc_gid=rzONof3SukXGJ3EiD8HdGg&amp;_nc_tpa=Q5bMBQHhQm2UAOH2l_Ap_w1srERdb71Ab3DpCL-wUz1gKQfgi3KRPfCisq88A0ywGA9_K8FHl8MbWRN7Ng&amp;oh=00_Af0x1j4aL_jy4cSk0vTegy_hhkdz46bSrpY28OsudHvy0Q&amp;oe=69F30A72&quot;,&quot;640&quot;:&quot;https:\\\/\\\/scontent-dus1-1.cdninstagram.com\\\/v\\\/t51.82787-15\\\/659487553_18324795040271458_8684231862392395720_n.jpg?stp=dst-jpg_e35_tt6&amp;_nc_cat=110&amp;ccb=7-5&amp;_nc_sid=18de74&amp;efg=eyJlZmdfdGFnIjoiQ0xJUFMuYmVzdF9pbWFnZV91cmxnZW4uQzMifQ%3D%3D&amp;_nc_ohc=ag-5yzYwQzMQ7kNvwEOTzeA&amp;_nc_oc=AdoxysoJPsahXC6C9ATsDwLkRDjhCdTBuPEfIYcFBheE5L7JZ9GA0xPcymK_oSKZZgNrX2E7am-eWipJSzyGRdBf&amp;_nc_zt=23&amp;_nc_ht=scontent-dus1-1.cdninstagram.com&amp;edm=ANo9K5cEAAAA&amp;_nc_gid=rzONof3SukXGJ3EiD8HdGg&amp;_nc_tpa=Q5bMBQHhQm2UAOH2l_Ap_w1srERdb71Ab3DpCL-wUz1gKQfgi3KRPfCisq88A0ywGA9_K8FHl8MbWRN7Ng&amp;oh=00_Af0x1j4aL_jy4cSk0vTegy_hhkdz46bSrpY28OsudHvy0Q&amp;oe=69F30A72&quot;}\">\n\t\t\t<span class=\"sbi-screenreader\">HINSCHAUEN.ZUH\u00d6REN.HANDELN. \u270a\ud83c\udffc\nGemeinsam geg<\/span>\n\t\t\t\t\t\t<svg style=\"color: rgba(255,255,255,1)\" class=\"svg-inline--fa fa-play fa-w-14 sbi_playbtn\" aria-label=\"Play\" aria-hidden=\"true\" data-fa-processed=\"\" data-prefix=\"fa\" data-icon=\"play\" role=\"presentation\" xmlns=\"http:\/\/www.w3.org\/2000\/svg\" viewBox=\"0 0 448 512\"><path fill=\"currentColor\" d=\"M424.4 214.7L72.4 6.6C43.8-10.3 0 6.1 0 47.9V464c0 37.5 40.7 60.1 72.4 41.3l352-208c31.4-18.5 31.5-64.1 0-82.6z\"><\/path><\/svg>\t\t\t<img decoding=\"async\" src=\"https:\/\/gruene-wuppertal.de\/fraktion\/wp-content\/plugins\/instagram-feed\/img\/placeholder.png\" alt=\"HINSCHAUEN.ZUH\u00d6REN.HANDELN. \u270a\ud83c\udffc\nGemeinsam gegen Rassismus. \nDanke an @meieli.borowsky_islam f\u00fcr deine Worte! \ud83d\udc9a\" aria-hidden=\"true\">\n\t\t<\/a>\n\t<\/div>\n<\/div><div class=\"sbi_item sbi_type_video sbi_new sbi_transition\"\n\tid=\"sbi_18087970160215003\" data-date=\"1774978324\">\n\t<div class=\"sbi_photo_wrap\">\n\t\t<a class=\"sbi_photo\" href=\"https:\/\/www.instagram.com\/reel\/DWjqYmojJUi\/\" target=\"_blank\" rel=\"noopener nofollow\"\n\t\t\tdata-full-res=\"https:\/\/scontent-dus1-1.cdninstagram.com\/v\/t51.71878-15\/656399195_1988707095051275_5644746676542715046_n.jpg?stp=dst-jpg_e35_tt6&#038;_nc_cat=100&#038;ccb=7-5&#038;_nc_sid=18de74&#038;efg=eyJlZmdfdGFnIjoiQ0xJUFMuYmVzdF9pbWFnZV91cmxnZW4uQzMifQ%3D%3D&#038;_nc_ohc=e3s_9LbkA6YQ7kNvwHEt0Dy&#038;_nc_oc=Adpz3YIeoYB0TltIgDcOuOYS6azW9opEYbRqre43xzbtv8ZAT9uCOwOByjzi1_KGod7fZ8vYp9GYfoj4P7XFxmD5&#038;_nc_zt=23&#038;_nc_ht=scontent-dus1-1.cdninstagram.com&#038;edm=ANo9K5cEAAAA&#038;_nc_gid=rzONof3SukXGJ3EiD8HdGg&#038;_nc_tpa=Q5bMBQGWZeVM1OQAxkHl6ISm6vBIEEvQtc7Z0eZvNxs8rIH9FPsL9xHvk5rDp_Fgfr7ILT2QLSpHTtJhQA&#038;oh=00_Af2U5wCrKlc5x4-SZOvrt0vt_HUSL5jSbiDGp9i1rdP5Kg&#038;oe=69F31129\"\n\t\t\tdata-img-src-set=\"{&quot;d&quot;:&quot;https:\\\/\\\/scontent-dus1-1.cdninstagram.com\\\/v\\\/t51.71878-15\\\/656399195_1988707095051275_5644746676542715046_n.jpg?stp=dst-jpg_e35_tt6&amp;_nc_cat=100&amp;ccb=7-5&amp;_nc_sid=18de74&amp;efg=eyJlZmdfdGFnIjoiQ0xJUFMuYmVzdF9pbWFnZV91cmxnZW4uQzMifQ%3D%3D&amp;_nc_ohc=e3s_9LbkA6YQ7kNvwHEt0Dy&amp;_nc_oc=Adpz3YIeoYB0TltIgDcOuOYS6azW9opEYbRqre43xzbtv8ZAT9uCOwOByjzi1_KGod7fZ8vYp9GYfoj4P7XFxmD5&amp;_nc_zt=23&amp;_nc_ht=scontent-dus1-1.cdninstagram.com&amp;edm=ANo9K5cEAAAA&amp;_nc_gid=rzONof3SukXGJ3EiD8HdGg&amp;_nc_tpa=Q5bMBQGWZeVM1OQAxkHl6ISm6vBIEEvQtc7Z0eZvNxs8rIH9FPsL9xHvk5rDp_Fgfr7ILT2QLSpHTtJhQA&amp;oh=00_Af2U5wCrKlc5x4-SZOvrt0vt_HUSL5jSbiDGp9i1rdP5Kg&amp;oe=69F31129&quot;,&quot;150&quot;:&quot;https:\\\/\\\/scontent-dus1-1.cdninstagram.com\\\/v\\\/t51.71878-15\\\/656399195_1988707095051275_5644746676542715046_n.jpg?stp=dst-jpg_e35_tt6&amp;_nc_cat=100&amp;ccb=7-5&amp;_nc_sid=18de74&amp;efg=eyJlZmdfdGFnIjoiQ0xJUFMuYmVzdF9pbWFnZV91cmxnZW4uQzMifQ%3D%3D&amp;_nc_ohc=e3s_9LbkA6YQ7kNvwHEt0Dy&amp;_nc_oc=Adpz3YIeoYB0TltIgDcOuOYS6azW9opEYbRqre43xzbtv8ZAT9uCOwOByjzi1_KGod7fZ8vYp9GYfoj4P7XFxmD5&amp;_nc_zt=23&amp;_nc_ht=scontent-dus1-1.cdninstagram.com&amp;edm=ANo9K5cEAAAA&amp;_nc_gid=rzONof3SukXGJ3EiD8HdGg&amp;_nc_tpa=Q5bMBQGWZeVM1OQAxkHl6ISm6vBIEEvQtc7Z0eZvNxs8rIH9FPsL9xHvk5rDp_Fgfr7ILT2QLSpHTtJhQA&amp;oh=00_Af2U5wCrKlc5x4-SZOvrt0vt_HUSL5jSbiDGp9i1rdP5Kg&amp;oe=69F31129&quot;,&quot;320&quot;:&quot;https:\\\/\\\/scontent-dus1-1.cdninstagram.com\\\/v\\\/t51.71878-15\\\/656399195_1988707095051275_5644746676542715046_n.jpg?stp=dst-jpg_e35_tt6&amp;_nc_cat=100&amp;ccb=7-5&amp;_nc_sid=18de74&amp;efg=eyJlZmdfdGFnIjoiQ0xJUFMuYmVzdF9pbWFnZV91cmxnZW4uQzMifQ%3D%3D&amp;_nc_ohc=e3s_9LbkA6YQ7kNvwHEt0Dy&amp;_nc_oc=Adpz3YIeoYB0TltIgDcOuOYS6azW9opEYbRqre43xzbtv8ZAT9uCOwOByjzi1_KGod7fZ8vYp9GYfoj4P7XFxmD5&amp;_nc_zt=23&amp;_nc_ht=scontent-dus1-1.cdninstagram.com&amp;edm=ANo9K5cEAAAA&amp;_nc_gid=rzONof3SukXGJ3EiD8HdGg&amp;_nc_tpa=Q5bMBQGWZeVM1OQAxkHl6ISm6vBIEEvQtc7Z0eZvNxs8rIH9FPsL9xHvk5rDp_Fgfr7ILT2QLSpHTtJhQA&amp;oh=00_Af2U5wCrKlc5x4-SZOvrt0vt_HUSL5jSbiDGp9i1rdP5Kg&amp;oe=69F31129&quot;,&quot;640&quot;:&quot;https:\\\/\\\/scontent-dus1-1.cdninstagram.com\\\/v\\\/t51.71878-15\\\/656399195_1988707095051275_5644746676542715046_n.jpg?stp=dst-jpg_e35_tt6&amp;_nc_cat=100&amp;ccb=7-5&amp;_nc_sid=18de74&amp;efg=eyJlZmdfdGFnIjoiQ0xJUFMuYmVzdF9pbWFnZV91cmxnZW4uQzMifQ%3D%3D&amp;_nc_ohc=e3s_9LbkA6YQ7kNvwHEt0Dy&amp;_nc_oc=Adpz3YIeoYB0TltIgDcOuOYS6azW9opEYbRqre43xzbtv8ZAT9uCOwOByjzi1_KGod7fZ8vYp9GYfoj4P7XFxmD5&amp;_nc_zt=23&amp;_nc_ht=scontent-dus1-1.cdninstagram.com&amp;edm=ANo9K5cEAAAA&amp;_nc_gid=rzONof3SukXGJ3EiD8HdGg&amp;_nc_tpa=Q5bMBQGWZeVM1OQAxkHl6ISm6vBIEEvQtc7Z0eZvNxs8rIH9FPsL9xHvk5rDp_Fgfr7ILT2QLSpHTtJhQA&amp;oh=00_Af2U5wCrKlc5x4-SZOvrt0vt_HUSL5jSbiDGp9i1rdP5Kg&amp;oe=69F31129&quot;}\">\n\t\t\t<span class=\"sbi-screenreader\">Wuppertaler Fu\u00dfballvereine aufgepasst: Beim @dfb <\/span>\n\t\t\t\t\t\t<svg style=\"color: rgba(255,255,255,1)\" class=\"svg-inline--fa fa-play fa-w-14 sbi_playbtn\" aria-label=\"Play\" aria-hidden=\"true\" data-fa-processed=\"\" data-prefix=\"fa\" data-icon=\"play\" role=\"presentation\" xmlns=\"http:\/\/www.w3.org\/2000\/svg\" viewBox=\"0 0 448 512\"><path fill=\"currentColor\" d=\"M424.4 214.7L72.4 6.6C43.8-10.3 0 6.1 0 47.9V464c0 37.5 40.7 60.1 72.4 41.3l352-208c31.4-18.5 31.5-64.1 0-82.6z\"><\/path><\/svg>\t\t\t<img decoding=\"async\" src=\"https:\/\/gruene-wuppertal.de\/fraktion\/wp-content\/plugins\/instagram-feed\/img\/placeholder.png\" alt=\"Wuppertaler Fu\u00dfballvereine aufgepasst: Beim @dfb gibt es F\u00f6rderungen f\u00fcr die Nachhaltigkeit in eurem Club! \ud83d\ude0d\ud83c\udf33 @franzi_hilger aus unserem Sportteam hat das mal f\u00fcr euch zusammengefasst! \ud83d\udcf1\" aria-hidden=\"true\">\n\t\t<\/a>\n\t<\/div>\n<\/div><div class=\"sbi_item sbi_type_image sbi_new sbi_transition\"\n\tid=\"sbi_18074032529554515\" data-date=\"1774953000\">\n\t<div class=\"sbi_photo_wrap\">\n\t\t<a class=\"sbi_photo\" href=\"https:\/\/www.instagram.com\/p\/DWi6hYwjIzi\/\" target=\"_blank\" rel=\"noopener nofollow\"\n\t\t\tdata-full-res=\"https:\/\/scontent-dus1-1.cdninstagram.com\/v\/t51.82787-15\/659322283_18324621976271458_1918854388659240999_n.jpg?stp=dst-jpg_e35_tt6&#038;_nc_cat=107&#038;ccb=7-5&#038;_nc_sid=18de74&#038;efg=eyJlZmdfdGFnIjoiRkVFRC5iZXN0X2ltYWdlX3VybGdlbi5DMyJ9&#038;_nc_ohc=y6oc0z2eb-8Q7kNvwGK7u9L&#038;_nc_oc=AdoAiVI7pudGv1flJIr7DWzOSQISF8n_McE2OpHnbMq4oPJd9BRc8khUSARKrykSxaFQvvsOgHTr4USw2CJANavk&#038;_nc_zt=23&#038;_nc_ht=scontent-dus1-1.cdninstagram.com&#038;edm=ANo9K5cEAAAA&#038;_nc_gid=rzONof3SukXGJ3EiD8HdGg&#038;_nc_tpa=Q5bMBQH3jHMpYvwyjiM8_s9Bz9pHXJ7yGtsZBJRfbVz8sRaiXVQapaZqTVlMVthh0wepG3ba33vAKXSrgA&#038;oh=00_Af2-P7Tku6RrGE_ZWt7mP2A34u7zu0H38ji9kPM8qti28Q&#038;oe=69F325D6\"\n\t\t\tdata-img-src-set=\"{&quot;d&quot;:&quot;https:\\\/\\\/scontent-dus1-1.cdninstagram.com\\\/v\\\/t51.82787-15\\\/659322283_18324621976271458_1918854388659240999_n.jpg?stp=dst-jpg_e35_tt6&amp;_nc_cat=107&amp;ccb=7-5&amp;_nc_sid=18de74&amp;efg=eyJlZmdfdGFnIjoiRkVFRC5iZXN0X2ltYWdlX3VybGdlbi5DMyJ9&amp;_nc_ohc=y6oc0z2eb-8Q7kNvwGK7u9L&amp;_nc_oc=AdoAiVI7pudGv1flJIr7DWzOSQISF8n_McE2OpHnbMq4oPJd9BRc8khUSARKrykSxaFQvvsOgHTr4USw2CJANavk&amp;_nc_zt=23&amp;_nc_ht=scontent-dus1-1.cdninstagram.com&amp;edm=ANo9K5cEAAAA&amp;_nc_gid=rzONof3SukXGJ3EiD8HdGg&amp;_nc_tpa=Q5bMBQH3jHMpYvwyjiM8_s9Bz9pHXJ7yGtsZBJRfbVz8sRaiXVQapaZqTVlMVthh0wepG3ba33vAKXSrgA&amp;oh=00_Af2-P7Tku6RrGE_ZWt7mP2A34u7zu0H38ji9kPM8qti28Q&amp;oe=69F325D6&quot;,&quot;150&quot;:&quot;https:\\\/\\\/scontent-dus1-1.cdninstagram.com\\\/v\\\/t51.82787-15\\\/659322283_18324621976271458_1918854388659240999_n.jpg?stp=dst-jpg_e35_tt6&amp;_nc_cat=107&amp;ccb=7-5&amp;_nc_sid=18de74&amp;efg=eyJlZmdfdGFnIjoiRkVFRC5iZXN0X2ltYWdlX3VybGdlbi5DMyJ9&amp;_nc_ohc=y6oc0z2eb-8Q7kNvwGK7u9L&amp;_nc_oc=AdoAiVI7pudGv1flJIr7DWzOSQISF8n_McE2OpHnbMq4oPJd9BRc8khUSARKrykSxaFQvvsOgHTr4USw2CJANavk&amp;_nc_zt=23&amp;_nc_ht=scontent-dus1-1.cdninstagram.com&amp;edm=ANo9K5cEAAAA&amp;_nc_gid=rzONof3SukXGJ3EiD8HdGg&amp;_nc_tpa=Q5bMBQH3jHMpYvwyjiM8_s9Bz9pHXJ7yGtsZBJRfbVz8sRaiXVQapaZqTVlMVthh0wepG3ba33vAKXSrgA&amp;oh=00_Af2-P7Tku6RrGE_ZWt7mP2A34u7zu0H38ji9kPM8qti28Q&amp;oe=69F325D6&quot;,&quot;320&quot;:&quot;https:\\\/\\\/scontent-dus1-1.cdninstagram.com\\\/v\\\/t51.82787-15\\\/659322283_18324621976271458_1918854388659240999_n.jpg?stp=dst-jpg_e35_tt6&amp;_nc_cat=107&amp;ccb=7-5&amp;_nc_sid=18de74&amp;efg=eyJlZmdfdGFnIjoiRkVFRC5iZXN0X2ltYWdlX3VybGdlbi5DMyJ9&amp;_nc_ohc=y6oc0z2eb-8Q7kNvwGK7u9L&amp;_nc_oc=AdoAiVI7pudGv1flJIr7DWzOSQISF8n_McE2OpHnbMq4oPJd9BRc8khUSARKrykSxaFQvvsOgHTr4USw2CJANavk&amp;_nc_zt=23&amp;_nc_ht=scontent-dus1-1.cdninstagram.com&amp;edm=ANo9K5cEAAAA&amp;_nc_gid=rzONof3SukXGJ3EiD8HdGg&amp;_nc_tpa=Q5bMBQH3jHMpYvwyjiM8_s9Bz9pHXJ7yGtsZBJRfbVz8sRaiXVQapaZqTVlMVthh0wepG3ba33vAKXSrgA&amp;oh=00_Af2-P7Tku6RrGE_ZWt7mP2A34u7zu0H38ji9kPM8qti28Q&amp;oe=69F325D6&quot;,&quot;640&quot;:&quot;https:\\\/\\\/scontent-dus1-1.cdninstagram.com\\\/v\\\/t51.82787-15\\\/659322283_18324621976271458_1918854388659240999_n.jpg?stp=dst-jpg_e35_tt6&amp;_nc_cat=107&amp;ccb=7-5&amp;_nc_sid=18de74&amp;efg=eyJlZmdfdGFnIjoiRkVFRC5iZXN0X2ltYWdlX3VybGdlbi5DMyJ9&amp;_nc_ohc=y6oc0z2eb-8Q7kNvwGK7u9L&amp;_nc_oc=AdoAiVI7pudGv1flJIr7DWzOSQISF8n_McE2OpHnbMq4oPJd9BRc8khUSARKrykSxaFQvvsOgHTr4USw2CJANavk&amp;_nc_zt=23&amp;_nc_ht=scontent-dus1-1.cdninstagram.com&amp;edm=ANo9K5cEAAAA&amp;_nc_gid=rzONof3SukXGJ3EiD8HdGg&amp;_nc_tpa=Q5bMBQH3jHMpYvwyjiM8_s9Bz9pHXJ7yGtsZBJRfbVz8sRaiXVQapaZqTVlMVthh0wepG3ba33vAKXSrgA&amp;oh=00_Af2-P7Tku6RrGE_ZWt7mP2A34u7zu0H38ji9kPM8qti28Q&amp;oe=69F325D6&quot;}\">\n\t\t\t<span class=\"sbi-screenreader\">Heute ist Transgender Day of Visibility \u2013 ein Ta<\/span>\n\t\t\t\t\t\t\t\t\t<img decoding=\"async\" src=\"https:\/\/gruene-wuppertal.de\/fraktion\/wp-content\/plugins\/instagram-feed\/img\/placeholder.png\" alt=\"Heute ist Transgender Day of Visibility \u2013 ein Tag, um sichtbar zu machen, was l\u00e4ngst selbstverst\u00e4ndlich sein sollte: Selbstbestimmung ist ein Grundrecht. \ud83c\udff3\ufe0f\u200d\u26a7\ufe0f\n\nJeder Mensch hat das Recht, selbstbestimmt zu leben. Ohne Diskriminierung. Ohne H\u00fcrden. Ohne Angst. Doch w\u00e4hrend wir heute Flaggen hissen, k\u00e4mpfen trans Menschen t\u00e4glich um Anerkennung, sichere Gesundheitsversorgung und Schutz vor Gewalt.\n\nWir fordern: Gesetze die diese Rechte sch\u00fctzen. Keine b\u00fcrokratischen Hindernisse, keine Pathologisierung \u2013 sondern Respekt und echte Gleichstellung. Denn Vielfalt ist kein Luxus, sondern die Basis einer freien Gesellschaft.\n\n#TransRechteSindMenschenrechte #Wuppertal #VielfaltSt\u00e4rkt #SelbstbestimmungJetzt\" aria-hidden=\"true\">\n\t\t<\/a>\n\t<\/div>\n<\/div><div class=\"sbi_item sbi_type_carousel sbi_new sbi_transition\"\n\tid=\"sbi_18074963882543352\" data-date=\"1774638112\">\n\t<div class=\"sbi_photo_wrap\">\n\t\t<a class=\"sbi_photo\" href=\"https:\/\/www.instagram.com\/p\/DWZh0NqDH8X\/\" target=\"_blank\" rel=\"noopener nofollow\"\n\t\t\tdata-full-res=\"https:\/\/scontent-dus1-1.cdninstagram.com\/v\/t51.82787-15\/657383483_18324150280271458_3631496154753290982_n.jpg?stp=dst-jpg_e35_tt6&#038;_nc_cat=101&#038;ccb=7-5&#038;_nc_sid=18de74&#038;efg=eyJlZmdfdGFnIjoiQ0FST1VTRUxfSVRFTS5iZXN0X2ltYWdlX3VybGdlbi5DMyJ9&#038;_nc_ohc=dbX24LG8MN8Q7kNvwFctpXb&#038;_nc_oc=AdrhqN0VsuEiufDT_qmAvfR5A2ivYg1R2NYaTFIkVe0k929UQQt-9edK3U2g8OUItxRDOMsZAGwIPLe-0dAsJjUm&#038;_nc_zt=23&#038;_nc_ht=scontent-dus1-1.cdninstagram.com&#038;edm=ANo9K5cEAAAA&#038;_nc_gid=rzONof3SukXGJ3EiD8HdGg&#038;_nc_tpa=Q5bMBQHA6R9zwVFU1q7GDbxs1zE8zMuAiIse1bicdazKk19w3wa69yFZpkFdVohv4AlrKFwvn66hs4U9Fw&#038;oh=00_Af207wReCIpN4JZ-Lmh-FIQm-pEwNFtJhaMlQUcza4jR6w&#038;oe=69F328E7\"\n\t\t\tdata-img-src-set=\"{&quot;d&quot;:&quot;https:\\\/\\\/scontent-dus1-1.cdninstagram.com\\\/v\\\/t51.82787-15\\\/657383483_18324150280271458_3631496154753290982_n.jpg?stp=dst-jpg_e35_tt6&amp;_nc_cat=101&amp;ccb=7-5&amp;_nc_sid=18de74&amp;efg=eyJlZmdfdGFnIjoiQ0FST1VTRUxfSVRFTS5iZXN0X2ltYWdlX3VybGdlbi5DMyJ9&amp;_nc_ohc=dbX24LG8MN8Q7kNvwFctpXb&amp;_nc_oc=AdrhqN0VsuEiufDT_qmAvfR5A2ivYg1R2NYaTFIkVe0k929UQQt-9edK3U2g8OUItxRDOMsZAGwIPLe-0dAsJjUm&amp;_nc_zt=23&amp;_nc_ht=scontent-dus1-1.cdninstagram.com&amp;edm=ANo9K5cEAAAA&amp;_nc_gid=rzONof3SukXGJ3EiD8HdGg&amp;_nc_tpa=Q5bMBQHA6R9zwVFU1q7GDbxs1zE8zMuAiIse1bicdazKk19w3wa69yFZpkFdVohv4AlrKFwvn66hs4U9Fw&amp;oh=00_Af207wReCIpN4JZ-Lmh-FIQm-pEwNFtJhaMlQUcza4jR6w&amp;oe=69F328E7&quot;,&quot;150&quot;:&quot;https:\\\/\\\/scontent-dus1-1.cdninstagram.com\\\/v\\\/t51.82787-15\\\/657383483_18324150280271458_3631496154753290982_n.jpg?stp=dst-jpg_e35_tt6&amp;_nc_cat=101&amp;ccb=7-5&amp;_nc_sid=18de74&amp;efg=eyJlZmdfdGFnIjoiQ0FST1VTRUxfSVRFTS5iZXN0X2ltYWdlX3VybGdlbi5DMyJ9&amp;_nc_ohc=dbX24LG8MN8Q7kNvwFctpXb&amp;_nc_oc=AdrhqN0VsuEiufDT_qmAvfR5A2ivYg1R2NYaTFIkVe0k929UQQt-9edK3U2g8OUItxRDOMsZAGwIPLe-0dAsJjUm&amp;_nc_zt=23&amp;_nc_ht=scontent-dus1-1.cdninstagram.com&amp;edm=ANo9K5cEAAAA&amp;_nc_gid=rzONof3SukXGJ3EiD8HdGg&amp;_nc_tpa=Q5bMBQHA6R9zwVFU1q7GDbxs1zE8zMuAiIse1bicdazKk19w3wa69yFZpkFdVohv4AlrKFwvn66hs4U9Fw&amp;oh=00_Af207wReCIpN4JZ-Lmh-FIQm-pEwNFtJhaMlQUcza4jR6w&amp;oe=69F328E7&quot;,&quot;320&quot;:&quot;https:\\\/\\\/scontent-dus1-1.cdninstagram.com\\\/v\\\/t51.82787-15\\\/657383483_18324150280271458_3631496154753290982_n.jpg?stp=dst-jpg_e35_tt6&amp;_nc_cat=101&amp;ccb=7-5&amp;_nc_sid=18de74&amp;efg=eyJlZmdfdGFnIjoiQ0FST1VTRUxfSVRFTS5iZXN0X2ltYWdlX3VybGdlbi5DMyJ9&amp;_nc_ohc=dbX24LG8MN8Q7kNvwFctpXb&amp;_nc_oc=AdrhqN0VsuEiufDT_qmAvfR5A2ivYg1R2NYaTFIkVe0k929UQQt-9edK3U2g8OUItxRDOMsZAGwIPLe-0dAsJjUm&amp;_nc_zt=23&amp;_nc_ht=scontent-dus1-1.cdninstagram.com&amp;edm=ANo9K5cEAAAA&amp;_nc_gid=rzONof3SukXGJ3EiD8HdGg&amp;_nc_tpa=Q5bMBQHA6R9zwVFU1q7GDbxs1zE8zMuAiIse1bicdazKk19w3wa69yFZpkFdVohv4AlrKFwvn66hs4U9Fw&amp;oh=00_Af207wReCIpN4JZ-Lmh-FIQm-pEwNFtJhaMlQUcza4jR6w&amp;oe=69F328E7&quot;,&quot;640&quot;:&quot;https:\\\/\\\/scontent-dus1-1.cdninstagram.com\\\/v\\\/t51.82787-15\\\/657383483_18324150280271458_3631496154753290982_n.jpg?stp=dst-jpg_e35_tt6&amp;_nc_cat=101&amp;ccb=7-5&amp;_nc_sid=18de74&amp;efg=eyJlZmdfdGFnIjoiQ0FST1VTRUxfSVRFTS5iZXN0X2ltYWdlX3VybGdlbi5DMyJ9&amp;_nc_ohc=dbX24LG8MN8Q7kNvwFctpXb&amp;_nc_oc=AdrhqN0VsuEiufDT_qmAvfR5A2ivYg1R2NYaTFIkVe0k929UQQt-9edK3U2g8OUItxRDOMsZAGwIPLe-0dAsJjUm&amp;_nc_zt=23&amp;_nc_ht=scontent-dus1-1.cdninstagram.com&amp;edm=ANo9K5cEAAAA&amp;_nc_gid=rzONof3SukXGJ3EiD8HdGg&amp;_nc_tpa=Q5bMBQHA6R9zwVFU1q7GDbxs1zE8zMuAiIse1bicdazKk19w3wa69yFZpkFdVohv4AlrKFwvn66hs4U9Fw&amp;oh=00_Af207wReCIpN4JZ-Lmh-FIQm-pEwNFtJhaMlQUcza4jR6w&amp;oe=69F328E7&quot;}\">\n\t\t\t<span class=\"sbi-screenreader\">Feierlich illuminiert: Stadion am Zoo zur Olympia <\/span>\n\t\t\t<svg class=\"svg-inline--fa fa-clone fa-w-16 sbi_lightbox_carousel_icon\" aria-hidden=\"true\" aria-label=\"Clone\" data-fa-pro\u0192cessed=\"\" data-prefix=\"far\" data-icon=\"clone\" role=\"img\" xmlns=\"http:\/\/www.w3.org\/2000\/svg\" viewBox=\"0 0 512 512\">\n                    <path fill=\"currentColor\" d=\"M464 0H144c-26.51 0-48 21.49-48 48v48H48c-26.51 0-48 21.49-48 48v320c0 26.51 21.49 48 48 48h320c26.51 0 48-21.49 48-48v-48h48c26.51 0 48-21.49 48-48V48c0-26.51-21.49-48-48-48zM362 464H54a6 6 0 0 1-6-6V150a6 6 0 0 1 6-6h42v224c0 26.51 21.49 48 48 48h224v42a6 6 0 0 1-6 6zm96-96H150a6 6 0 0 1-6-6V54a6 6 0 0 1 6-6h308a6 6 0 0 1 6 6v308a6 6 0 0 1-6 6z\"><\/path>\n                <\/svg>\t\t\t\t\t\t<img decoding=\"async\" src=\"https:\/\/gruene-wuppertal.de\/fraktion\/wp-content\/plugins\/instagram-feed\/img\/placeholder.png\" alt=\"Feierlich illuminiert: Stadion am Zoo zur Olympia Bewerbung im Festgewand! \ud83c\udf08\ud83d\udd26\nWasserball, Fu\u00dfball und unfassbare Lichter: @gregoreisenmann hat mit seiner Lichtinstallation einen besonderen Moment zur Wuppertaler Bewerbung f\u00fcr das gr\u00f6\u00dfte Sportereignis der Welt geschaffen! Unsere Gr\u00fcne Haltung bleibt dabei aber gleich: @thomas.lenz.5477 schaut positiv und kritisch auf eine m\u00f6gliche Wuppertaler Beteiligung an Olympia. \ud83e\udd0d\" aria-hidden=\"true\">\n\t\t<\/a>\n\t<\/div>\n<\/div><div class=\"sbi_item sbi_type_carousel sbi_new sbi_transition\"\n\tid=\"sbi_18117140662652740\" data-date=\"1774374714\">\n\t<div class=\"sbi_photo_wrap\">\n\t\t<a class=\"sbi_photo\" href=\"https:\/\/www.instagram.com\/p\/DWRrbJQjGy6\/\" target=\"_blank\" rel=\"noopener nofollow\"\n\t\t\tdata-full-res=\"https:\/\/scontent-dus1-1.cdninstagram.com\/v\/t51.82787-15\/658392738_18323643967271458_8227708369345245879_n.jpg?stp=dst-jpg_e35_tt6&#038;_nc_cat=105&#038;ccb=7-5&#038;_nc_sid=18de74&#038;efg=eyJlZmdfdGFnIjoiQ0FST1VTRUxfSVRFTS5iZXN0X2ltYWdlX3VybGdlbi5DMyJ9&#038;_nc_ohc=ap_EG-3vQGAQ7kNvwGeNEvL&#038;_nc_oc=AdrO6YSAJkoXTtxfZLQaFW8F0LFnSNxhcGwWZpF6HbuKx-0rgAPV-TVq3sKf5AF9Ohv3kWZK4r9zfZmVUz2P8KOb&#038;_nc_zt=23&#038;_nc_ht=scontent-dus1-1.cdninstagram.com&#038;edm=ANo9K5cEAAAA&#038;_nc_gid=rzONof3SukXGJ3EiD8HdGg&#038;_nc_tpa=Q5bMBQGSM1UHK0gkRpsi773nZN3ELkfqnoPOZRlHI1jtogFksHoFM_BGOqbr1MScbpd8wr4U55rW0uQuxA&#038;oh=00_Af2OIeqGzCX77wIhkuGtggrwHL-17MSkiSIGSYs2zocR-Q&#038;oe=69F31102\"\n\t\t\tdata-img-src-set=\"{&quot;d&quot;:&quot;https:\\\/\\\/scontent-dus1-1.cdninstagram.com\\\/v\\\/t51.82787-15\\\/658392738_18323643967271458_8227708369345245879_n.jpg?stp=dst-jpg_e35_tt6&amp;_nc_cat=105&amp;ccb=7-5&amp;_nc_sid=18de74&amp;efg=eyJlZmdfdGFnIjoiQ0FST1VTRUxfSVRFTS5iZXN0X2ltYWdlX3VybGdlbi5DMyJ9&amp;_nc_ohc=ap_EG-3vQGAQ7kNvwGeNEvL&amp;_nc_oc=AdrO6YSAJkoXTtxfZLQaFW8F0LFnSNxhcGwWZpF6HbuKx-0rgAPV-TVq3sKf5AF9Ohv3kWZK4r9zfZmVUz2P8KOb&amp;_nc_zt=23&amp;_nc_ht=scontent-dus1-1.cdninstagram.com&amp;edm=ANo9K5cEAAAA&amp;_nc_gid=rzONof3SukXGJ3EiD8HdGg&amp;_nc_tpa=Q5bMBQGSM1UHK0gkRpsi773nZN3ELkfqnoPOZRlHI1jtogFksHoFM_BGOqbr1MScbpd8wr4U55rW0uQuxA&amp;oh=00_Af2OIeqGzCX77wIhkuGtggrwHL-17MSkiSIGSYs2zocR-Q&amp;oe=69F31102&quot;,&quot;150&quot;:&quot;https:\\\/\\\/scontent-dus1-1.cdninstagram.com\\\/v\\\/t51.82787-15\\\/658392738_18323643967271458_8227708369345245879_n.jpg?stp=dst-jpg_e35_tt6&amp;_nc_cat=105&amp;ccb=7-5&amp;_nc_sid=18de74&amp;efg=eyJlZmdfdGFnIjoiQ0FST1VTRUxfSVRFTS5iZXN0X2ltYWdlX3VybGdlbi5DMyJ9&amp;_nc_ohc=ap_EG-3vQGAQ7kNvwGeNEvL&amp;_nc_oc=AdrO6YSAJkoXTtxfZLQaFW8F0LFnSNxhcGwWZpF6HbuKx-0rgAPV-TVq3sKf5AF9Ohv3kWZK4r9zfZmVUz2P8KOb&amp;_nc_zt=23&amp;_nc_ht=scontent-dus1-1.cdninstagram.com&amp;edm=ANo9K5cEAAAA&amp;_nc_gid=rzONof3SukXGJ3EiD8HdGg&amp;_nc_tpa=Q5bMBQGSM1UHK0gkRpsi773nZN3ELkfqnoPOZRlHI1jtogFksHoFM_BGOqbr1MScbpd8wr4U55rW0uQuxA&amp;oh=00_Af2OIeqGzCX77wIhkuGtggrwHL-17MSkiSIGSYs2zocR-Q&amp;oe=69F31102&quot;,&quot;320&quot;:&quot;https:\\\/\\\/scontent-dus1-1.cdninstagram.com\\\/v\\\/t51.82787-15\\\/658392738_18323643967271458_8227708369345245879_n.jpg?stp=dst-jpg_e35_tt6&amp;_nc_cat=105&amp;ccb=7-5&amp;_nc_sid=18de74&amp;efg=eyJlZmdfdGFnIjoiQ0FST1VTRUxfSVRFTS5iZXN0X2ltYWdlX3VybGdlbi5DMyJ9&amp;_nc_ohc=ap_EG-3vQGAQ7kNvwGeNEvL&amp;_nc_oc=AdrO6YSAJkoXTtxfZLQaFW8F0LFnSNxhcGwWZpF6HbuKx-0rgAPV-TVq3sKf5AF9Ohv3kWZK4r9zfZmVUz2P8KOb&amp;_nc_zt=23&amp;_nc_ht=scontent-dus1-1.cdninstagram.com&amp;edm=ANo9K5cEAAAA&amp;_nc_gid=rzONof3SukXGJ3EiD8HdGg&amp;_nc_tpa=Q5bMBQGSM1UHK0gkRpsi773nZN3ELkfqnoPOZRlHI1jtogFksHoFM_BGOqbr1MScbpd8wr4U55rW0uQuxA&amp;oh=00_Af2OIeqGzCX77wIhkuGtggrwHL-17MSkiSIGSYs2zocR-Q&amp;oe=69F31102&quot;,&quot;640&quot;:&quot;https:\\\/\\\/scontent-dus1-1.cdninstagram.com\\\/v\\\/t51.82787-15\\\/658392738_18323643967271458_8227708369345245879_n.jpg?stp=dst-jpg_e35_tt6&amp;_nc_cat=105&amp;ccb=7-5&amp;_nc_sid=18de74&amp;efg=eyJlZmdfdGFnIjoiQ0FST1VTRUxfSVRFTS5iZXN0X2ltYWdlX3VybGdlbi5DMyJ9&amp;_nc_ohc=ap_EG-3vQGAQ7kNvwGeNEvL&amp;_nc_oc=AdrO6YSAJkoXTtxfZLQaFW8F0LFnSNxhcGwWZpF6HbuKx-0rgAPV-TVq3sKf5AF9Ohv3kWZK4r9zfZmVUz2P8KOb&amp;_nc_zt=23&amp;_nc_ht=scontent-dus1-1.cdninstagram.com&amp;edm=ANo9K5cEAAAA&amp;_nc_gid=rzONof3SukXGJ3EiD8HdGg&amp;_nc_tpa=Q5bMBQGSM1UHK0gkRpsi773nZN3ELkfqnoPOZRlHI1jtogFksHoFM_BGOqbr1MScbpd8wr4U55rW0uQuxA&amp;oh=00_Af2OIeqGzCX77wIhkuGtggrwHL-17MSkiSIGSYs2zocR-Q&amp;oe=69F31102&quot;}\">\n\t\t\t<span class=\"sbi-screenreader\">Danke f\u00fcr eure helfenden H\u00e4nde \ud83d\udc9a\n\nBeim Wupper<\/span>\n\t\t\t<svg class=\"svg-inline--fa fa-clone fa-w-16 sbi_lightbox_carousel_icon\" aria-hidden=\"true\" aria-label=\"Clone\" data-fa-pro\u0192cessed=\"\" data-prefix=\"far\" data-icon=\"clone\" role=\"img\" xmlns=\"http:\/\/www.w3.org\/2000\/svg\" viewBox=\"0 0 512 512\">\n                    <path fill=\"currentColor\" d=\"M464 0H144c-26.51 0-48 21.49-48 48v48H48c-26.51 0-48 21.49-48 48v320c0 26.51 21.49 48 48 48h320c26.51 0 48-21.49 48-48v-48h48c26.51 0 48-21.49 48-48V48c0-26.51-21.49-48-48-48zM362 464H54a6 6 0 0 1-6-6V150a6 6 0 0 1 6-6h42v224c0 26.51 21.49 48 48 48h224v42a6 6 0 0 1-6 6zm96-96H150a6 6 0 0 1-6-6V54a6 6 0 0 1 6-6h308a6 6 0 0 1 6 6v308a6 6 0 0 1-6 6z\"><\/path>\n                <\/svg>\t\t\t\t\t\t<img decoding=\"async\" src=\"https:\/\/gruene-wuppertal.de\/fraktion\/wp-content\/plugins\/instagram-feed\/img\/placeholder.png\" alt=\"Danke f\u00fcr eure helfenden H\u00e4nde \ud83d\udc9a\n\nBeim Wupperputz haben \u00fcber 2100 Wuppertalerinnen und Wuppertaler gemeinsam angepackt \u2013 und trotz verschobenem Termin und ohne Schwebebahn rund 5 Tonnen M\u00fcll gesammelt!\n\nAuf den Fotos seht ihr auch einige aus unserer gr\u00fcnen Gruppe \u2013 wir sind stolz auf euch \ud83c\udf31 Gemeinsam machen wir die Wupper St\u00fcck f\u00fcr St\u00fcck sauberer!\n\n#cleanup #wupperputz #natur\" aria-hidden=\"true\">\n\t\t<\/a>\n\t<\/div>\n<\/div><div class=\"sbi_item sbi_type_video sbi_new sbi_transition\"\n\tid=\"sbi_18067174031653212\" data-date=\"1774335600\">\n\t<div class=\"sbi_photo_wrap\">\n\t\t<a class=\"sbi_photo\" href=\"https:\/\/www.instagram.com\/reel\/DWQg0gXuMrJ\/\" target=\"_blank\" rel=\"noopener nofollow\"\n\t\t\tdata-full-res=\"https:\/\/scontent-dus1-1.cdninstagram.com\/v\/t51.82787-15\/658840038_18323488468271458_6215957601767175767_n.jpg?stp=dst-jpg_e35_tt6&#038;_nc_cat=106&#038;ccb=7-5&#038;_nc_sid=18de74&#038;efg=eyJlZmdfdGFnIjoiQ0xJUFMuYmVzdF9pbWFnZV91cmxnZW4uQzMifQ%3D%3D&#038;_nc_ohc=zcJ_-uemPPcQ7kNvwH7wdsX&#038;_nc_oc=AdpOKLC1tGFHqVNBebtfY_n7_nhlBIaIjFQqOw83-6_LDZ2vL4lGUdlK0om6GdKbGAvwcsimAQIcXxlBBH0layTc&#038;_nc_zt=23&#038;_nc_ht=scontent-dus1-1.cdninstagram.com&#038;edm=ANo9K5cEAAAA&#038;_nc_gid=rzONof3SukXGJ3EiD8HdGg&#038;_nc_tpa=Q5bMBQFNq99BvbNwAxrqPpAJsdBFbD10fnWdfTU3RUqxNNcoiELQLg7vCMpwukviyyP4YNcy5LZWOpgdGA&#038;oh=00_Af2esC_xJZte4tNfapjC8MLw0-cx6hdTmC4v6B7flGt-zQ&#038;oe=69F2FEEE\"\n\t\t\tdata-img-src-set=\"{&quot;d&quot;:&quot;https:\\\/\\\/scontent-dus1-1.cdninstagram.com\\\/v\\\/t51.82787-15\\\/658840038_18323488468271458_6215957601767175767_n.jpg?stp=dst-jpg_e35_tt6&amp;_nc_cat=106&amp;ccb=7-5&amp;_nc_sid=18de74&amp;efg=eyJlZmdfdGFnIjoiQ0xJUFMuYmVzdF9pbWFnZV91cmxnZW4uQzMifQ%3D%3D&amp;_nc_ohc=zcJ_-uemPPcQ7kNvwH7wdsX&amp;_nc_oc=AdpOKLC1tGFHqVNBebtfY_n7_nhlBIaIjFQqOw83-6_LDZ2vL4lGUdlK0om6GdKbGAvwcsimAQIcXxlBBH0layTc&amp;_nc_zt=23&amp;_nc_ht=scontent-dus1-1.cdninstagram.com&amp;edm=ANo9K5cEAAAA&amp;_nc_gid=rzONof3SukXGJ3EiD8HdGg&amp;_nc_tpa=Q5bMBQFNq99BvbNwAxrqPpAJsdBFbD10fnWdfTU3RUqxNNcoiELQLg7vCMpwukviyyP4YNcy5LZWOpgdGA&amp;oh=00_Af2esC_xJZte4tNfapjC8MLw0-cx6hdTmC4v6B7flGt-zQ&amp;oe=69F2FEEE&quot;,&quot;150&quot;:&quot;https:\\\/\\\/scontent-dus1-1.cdninstagram.com\\\/v\\\/t51.82787-15\\\/658840038_18323488468271458_6215957601767175767_n.jpg?stp=dst-jpg_e35_tt6&amp;_nc_cat=106&amp;ccb=7-5&amp;_nc_sid=18de74&amp;efg=eyJlZmdfdGFnIjoiQ0xJUFMuYmVzdF9pbWFnZV91cmxnZW4uQzMifQ%3D%3D&amp;_nc_ohc=zcJ_-uemPPcQ7kNvwH7wdsX&amp;_nc_oc=AdpOKLC1tGFHqVNBebtfY_n7_nhlBIaIjFQqOw83-6_LDZ2vL4lGUdlK0om6GdKbGAvwcsimAQIcXxlBBH0layTc&amp;_nc_zt=23&amp;_nc_ht=scontent-dus1-1.cdninstagram.com&amp;edm=ANo9K5cEAAAA&amp;_nc_gid=rzONof3SukXGJ3EiD8HdGg&amp;_nc_tpa=Q5bMBQFNq99BvbNwAxrqPpAJsdBFbD10fnWdfTU3RUqxNNcoiELQLg7vCMpwukviyyP4YNcy5LZWOpgdGA&amp;oh=00_Af2esC_xJZte4tNfapjC8MLw0-cx6hdTmC4v6B7flGt-zQ&amp;oe=69F2FEEE&quot;,&quot;320&quot;:&quot;https:\\\/\\\/scontent-dus1-1.cdninstagram.com\\\/v\\\/t51.82787-15\\\/658840038_18323488468271458_6215957601767175767_n.jpg?stp=dst-jpg_e35_tt6&amp;_nc_cat=106&amp;ccb=7-5&amp;_nc_sid=18de74&amp;efg=eyJlZmdfdGFnIjoiQ0xJUFMuYmVzdF9pbWFnZV91cmxnZW4uQzMifQ%3D%3D&amp;_nc_ohc=zcJ_-uemPPcQ7kNvwH7wdsX&amp;_nc_oc=AdpOKLC1tGFHqVNBebtfY_n7_nhlBIaIjFQqOw83-6_LDZ2vL4lGUdlK0om6GdKbGAvwcsimAQIcXxlBBH0layTc&amp;_nc_zt=23&amp;_nc_ht=scontent-dus1-1.cdninstagram.com&amp;edm=ANo9K5cEAAAA&amp;_nc_gid=rzONof3SukXGJ3EiD8HdGg&amp;_nc_tpa=Q5bMBQFNq99BvbNwAxrqPpAJsdBFbD10fnWdfTU3RUqxNNcoiELQLg7vCMpwukviyyP4YNcy5LZWOpgdGA&amp;oh=00_Af2esC_xJZte4tNfapjC8MLw0-cx6hdTmC4v6B7flGt-zQ&amp;oe=69F2FEEE&quot;,&quot;640&quot;:&quot;https:\\\/\\\/scontent-dus1-1.cdninstagram.com\\\/v\\\/t51.82787-15\\\/658840038_18323488468271458_6215957601767175767_n.jpg?stp=dst-jpg_e35_tt6&amp;_nc_cat=106&amp;ccb=7-5&amp;_nc_sid=18de74&amp;efg=eyJlZmdfdGFnIjoiQ0xJUFMuYmVzdF9pbWFnZV91cmxnZW4uQzMifQ%3D%3D&amp;_nc_ohc=zcJ_-uemPPcQ7kNvwH7wdsX&amp;_nc_oc=AdpOKLC1tGFHqVNBebtfY_n7_nhlBIaIjFQqOw83-6_LDZ2vL4lGUdlK0om6GdKbGAvwcsimAQIcXxlBBH0layTc&amp;_nc_zt=23&amp;_nc_ht=scontent-dus1-1.cdninstagram.com&amp;edm=ANo9K5cEAAAA&amp;_nc_gid=rzONof3SukXGJ3EiD8HdGg&amp;_nc_tpa=Q5bMBQFNq99BvbNwAxrqPpAJsdBFbD10fnWdfTU3RUqxNNcoiELQLg7vCMpwukviyyP4YNcy5LZWOpgdGA&amp;oh=00_Af2esC_xJZte4tNfapjC8MLw0-cx6hdTmC4v6B7flGt-zQ&amp;oe=69F2FEEE&quot;}\">\n\t\t\t<span class=\"sbi-screenreader\">Zukunft f\u00fcr den \u00d6PNV mit einem Zukunftsprojekt: <\/span>\n\t\t\t\t\t\t<svg style=\"color: rgba(255,255,255,1)\" class=\"svg-inline--fa fa-play fa-w-14 sbi_playbtn\" aria-label=\"Play\" aria-hidden=\"true\" data-fa-processed=\"\" data-prefix=\"fa\" data-icon=\"play\" role=\"presentation\" xmlns=\"http:\/\/www.w3.org\/2000\/svg\" viewBox=\"0 0 448 512\"><path fill=\"currentColor\" d=\"M424.4 214.7L72.4 6.6C43.8-10.3 0 6.1 0 47.9V464c0 37.5 40.7 60.1 72.4 41.3l352-208c31.4-18.5 31.5-64.1 0-82.6z\"><\/path><\/svg>\t\t\t<img decoding=\"async\" src=\"https:\/\/gruene-wuppertal.de\/fraktion\/wp-content\/plugins\/instagram-feed\/img\/placeholder.png\" alt=\"Zukunft f\u00fcr den \u00d6PNV mit einem Zukunftsprojekt: Der GR\u00dcNE Antrag im Verkehrsausschuss des @verkehrsverbund_rhein_ruhr bezieht sich auf den reibungslosen und verl\u00e4sslichen Transport zur BUGA f\u00fcr Menschen aus anderen St\u00e4dten und Regionen \u2013 u.a. durch Zusatzhalte und Verst\u00e4rkerfahrten der betroffenen Linien. Im Gespr\u00e4ch ist bspw. die Neuschaffung der RE-Linie Bochum \u2013 Hagen \u2013 Wuppertal \u2013 K\u00f6ln, was einen Halbstundentakt in Fahrtrichtung K\u00f6ln bedeutet. Der m\u00f6glichst CO\u00b2-neutrale Verkehr steht im Fokus, sowohl hinsichtlich der Strecke der S7, aber auch hinsichtlich des Vermeidens von Parkfl\u00e4chen und zus\u00e4tzlichem KFZ-Verkehr. Das Beste: Diese \u00c4nderungen bleiben auch nach der @bugatal2031 bestehen! Die Infrastruktur erm\u00f6glicht den Menschen ein bequemes Nutzen der Angebote unserer drei St\u00e4dte. Die BUGA ist Ansporn, den Schienenverkehr schon heute f\u00fcr 2031 statt wie geplant 2035 so zu planen, dass wir den Besucherinnen und Besuchern umweltfreundliche Mobilit\u00e4t bieten k\u00f6nnen. Es ist ein guter Schritt hin zu mehr Bergischem Denken, dass wir diesen Antrag erfolgreich durchbringen konnten.\n\nAber wir Gr\u00fcne wollen mehr. Mehr Bergisch. Gemeinsam sind wir st\u00e4rker als allein: kulturell, verkehrlich, sportlich und politisch. Damit die Stimme des Bergischen etwa im Wettbewerb um F\u00f6rdermittel endlich in geb\u00fchrender Weise geh\u00f6rt wird. Daf\u00fcr geht der VRR jetzt auch in den Austausch mit dem Verkehrsministerium und hofft dort auf gute Unterst\u00fctzung um das St\u00e4dtedreieck f\u00fcr 2031 fit zu machen. \ud83d\udc9a\" aria-hidden=\"true\">\n\t\t<\/a>\n\t<\/div>\n<\/div><div class=\"sbi_item sbi_type_carousel sbi_new sbi_transition\"\n\tid=\"sbi_18576085804029247\" data-date=\"1774176925\">\n\t<div class=\"sbi_photo_wrap\">\n\t\t<a class=\"sbi_photo\" href=\"https:\/\/www.instagram.com\/p\/DWLyK9-jG0E\/\" target=\"_blank\" rel=\"noopener nofollow\"\n\t\t\tdata-full-res=\"https:\/\/scontent-dus1-1.cdninstagram.com\/v\/t39.30808-6\/655729199_1382809713879057_829776117690463397_n.jpg?stp=dst-jpg_e35_tt6&#038;_nc_cat=109&#038;ccb=7-5&#038;_nc_sid=18de74&#038;efg=eyJlZmdfdGFnIjoiQ0FST1VTRUxfSVRFTS5iZXN0X2ltYWdlX3VybGdlbi5DMyJ9&#038;_nc_ohc=0Rez1ms06yUQ7kNvwEyvJtn&#038;_nc_oc=AdqEQdh8g2qqS2OwQwpm5QXSpMXD2b4BsjnW_ezb87nZu9D9WhaIXoFNaGQxzalvnQ1-y14aRGeNPXMuJ7TP7EOv&#038;_nc_zt=23&#038;_nc_ht=scontent-dus1-1.cdninstagram.com&#038;edm=ANo9K5cEAAAA&#038;_nc_gid=rzONof3SukXGJ3EiD8HdGg&#038;_nc_tpa=Q5bMBQG0Vo5bjCTv_bf2AVj_IwDw_o5Zn8AeAfTdX3SIBB8M9pRRvvJGJtiqUtU9MrrA4vF9yH9TS0nafw&#038;oh=00_Af3HfI6MpkzNKQGcgx38grRcGHgtTVd6mWIDXVPe2NVUyQ&#038;oe=69F32F4B\"\n\t\t\tdata-img-src-set=\"{&quot;d&quot;:&quot;https:\\\/\\\/scontent-dus1-1.cdninstagram.com\\\/v\\\/t39.30808-6\\\/655729199_1382809713879057_829776117690463397_n.jpg?stp=dst-jpg_e35_tt6&amp;_nc_cat=109&amp;ccb=7-5&amp;_nc_sid=18de74&amp;efg=eyJlZmdfdGFnIjoiQ0FST1VTRUxfSVRFTS5iZXN0X2ltYWdlX3VybGdlbi5DMyJ9&amp;_nc_ohc=0Rez1ms06yUQ7kNvwEyvJtn&amp;_nc_oc=AdqEQdh8g2qqS2OwQwpm5QXSpMXD2b4BsjnW_ezb87nZu9D9WhaIXoFNaGQxzalvnQ1-y14aRGeNPXMuJ7TP7EOv&amp;_nc_zt=23&amp;_nc_ht=scontent-dus1-1.cdninstagram.com&amp;edm=ANo9K5cEAAAA&amp;_nc_gid=rzONof3SukXGJ3EiD8HdGg&amp;_nc_tpa=Q5bMBQG0Vo5bjCTv_bf2AVj_IwDw_o5Zn8AeAfTdX3SIBB8M9pRRvvJGJtiqUtU9MrrA4vF9yH9TS0nafw&amp;oh=00_Af3HfI6MpkzNKQGcgx38grRcGHgtTVd6mWIDXVPe2NVUyQ&amp;oe=69F32F4B&quot;,&quot;150&quot;:&quot;https:\\\/\\\/scontent-dus1-1.cdninstagram.com\\\/v\\\/t39.30808-6\\\/655729199_1382809713879057_829776117690463397_n.jpg?stp=dst-jpg_e35_tt6&amp;_nc_cat=109&amp;ccb=7-5&amp;_nc_sid=18de74&amp;efg=eyJlZmdfdGFnIjoiQ0FST1VTRUxfSVRFTS5iZXN0X2ltYWdlX3VybGdlbi5DMyJ9&amp;_nc_ohc=0Rez1ms06yUQ7kNvwEyvJtn&amp;_nc_oc=AdqEQdh8g2qqS2OwQwpm5QXSpMXD2b4BsjnW_ezb87nZu9D9WhaIXoFNaGQxzalvnQ1-y14aRGeNPXMuJ7TP7EOv&amp;_nc_zt=23&amp;_nc_ht=scontent-dus1-1.cdninstagram.com&amp;edm=ANo9K5cEAAAA&amp;_nc_gid=rzONof3SukXGJ3EiD8HdGg&amp;_nc_tpa=Q5bMBQG0Vo5bjCTv_bf2AVj_IwDw_o5Zn8AeAfTdX3SIBB8M9pRRvvJGJtiqUtU9MrrA4vF9yH9TS0nafw&amp;oh=00_Af3HfI6MpkzNKQGcgx38grRcGHgtTVd6mWIDXVPe2NVUyQ&amp;oe=69F32F4B&quot;,&quot;320&quot;:&quot;https:\\\/\\\/scontent-dus1-1.cdninstagram.com\\\/v\\\/t39.30808-6\\\/655729199_1382809713879057_829776117690463397_n.jpg?stp=dst-jpg_e35_tt6&amp;_nc_cat=109&amp;ccb=7-5&amp;_nc_sid=18de74&amp;efg=eyJlZmdfdGFnIjoiQ0FST1VTRUxfSVRFTS5iZXN0X2ltYWdlX3VybGdlbi5DMyJ9&amp;_nc_ohc=0Rez1ms06yUQ7kNvwEyvJtn&amp;_nc_oc=AdqEQdh8g2qqS2OwQwpm5QXSpMXD2b4BsjnW_ezb87nZu9D9WhaIXoFNaGQxzalvnQ1-y14aRGeNPXMuJ7TP7EOv&amp;_nc_zt=23&amp;_nc_ht=scontent-dus1-1.cdninstagram.com&amp;edm=ANo9K5cEAAAA&amp;_nc_gid=rzONof3SukXGJ3EiD8HdGg&amp;_nc_tpa=Q5bMBQG0Vo5bjCTv_bf2AVj_IwDw_o5Zn8AeAfTdX3SIBB8M9pRRvvJGJtiqUtU9MrrA4vF9yH9TS0nafw&amp;oh=00_Af3HfI6MpkzNKQGcgx38grRcGHgtTVd6mWIDXVPe2NVUyQ&amp;oe=69F32F4B&quot;,&quot;640&quot;:&quot;https:\\\/\\\/scontent-dus1-1.cdninstagram.com\\\/v\\\/t39.30808-6\\\/655729199_1382809713879057_829776117690463397_n.jpg?stp=dst-jpg_e35_tt6&amp;_nc_cat=109&amp;ccb=7-5&amp;_nc_sid=18de74&amp;efg=eyJlZmdfdGFnIjoiQ0FST1VTRUxfSVRFTS5iZXN0X2ltYWdlX3VybGdlbi5DMyJ9&amp;_nc_ohc=0Rez1ms06yUQ7kNvwEyvJtn&amp;_nc_oc=AdqEQdh8g2qqS2OwQwpm5QXSpMXD2b4BsjnW_ezb87nZu9D9WhaIXoFNaGQxzalvnQ1-y14aRGeNPXMuJ7TP7EOv&amp;_nc_zt=23&amp;_nc_ht=scontent-dus1-1.cdninstagram.com&amp;edm=ANo9K5cEAAAA&amp;_nc_gid=rzONof3SukXGJ3EiD8HdGg&amp;_nc_tpa=Q5bMBQG0Vo5bjCTv_bf2AVj_IwDw_o5Zn8AeAfTdX3SIBB8M9pRRvvJGJtiqUtU9MrrA4vF9yH9TS0nafw&amp;oh=00_Af3HfI6MpkzNKQGcgx38grRcGHgtTVd6mWIDXVPe2NVUyQ&amp;oe=69F32F4B&quot;}\">\n\t\t\t<span class=\"sbi-screenreader\">Inklusion braucht Qualit\u00e4t \u2013 und die kostet Gel<\/span>\n\t\t\t<svg class=\"svg-inline--fa fa-clone fa-w-16 sbi_lightbox_carousel_icon\" aria-hidden=\"true\" aria-label=\"Clone\" data-fa-pro\u0192cessed=\"\" data-prefix=\"far\" data-icon=\"clone\" role=\"img\" xmlns=\"http:\/\/www.w3.org\/2000\/svg\" viewBox=\"0 0 512 512\">\n                    <path fill=\"currentColor\" d=\"M464 0H144c-26.51 0-48 21.49-48 48v48H48c-26.51 0-48 21.49-48 48v320c0 26.51 21.49 48 48 48h320c26.51 0 48-21.49 48-48v-48h48c26.51 0 48-21.49 48-48V48c0-26.51-21.49-48-48-48zM362 464H54a6 6 0 0 1-6-6V150a6 6 0 0 1 6-6h42v224c0 26.51 21.49 48 48 48h224v42a6 6 0 0 1-6 6zm96-96H150a6 6 0 0 1-6-6V54a6 6 0 0 1 6-6h308a6 6 0 0 1 6 6v308a6 6 0 0 1-6 6z\"><\/path>\n                <\/svg>\t\t\t\t\t\t<img decoding=\"async\" src=\"https:\/\/gruene-wuppertal.de\/fraktion\/wp-content\/plugins\/instagram-feed\/img\/placeholder.png\" alt=\"Inklusion braucht Qualit\u00e4t \u2013 und die kostet Geld! \ud83d\udc9a\n\nUnser Stadtverordneter @marcelsimonwupp  war zu Gast bei @behindertnaundwuppertal \u2013 eine Einrichtung, die mit Herz und Fachkompetenz Menschen mit Behinderungen begleitet. Von Schulbegleitung bis ambulanter Pflege: Hier wird Inklusion gelebt.\n\nDoch die Herausforderungen wachsen \u2013 besonders bei Autismus-Spektrum-St\u00f6rungen. Marcel sagt klar: \u201eQualit\u00e4t darf nicht gek\u00fcrzt werden!\u201c \u270a\n\nWo muss Wuppertal investieren? Und wo darf niemals gespart werden? Diskutiert mit uns bei unserer zweiten Veranstaltung: \ud83d\udcc5 \u201eWof\u00fcr gibt Wuppertal Geld aus? Deine Ideen f\u00fcr Deine Stadt!\u201c \ud83d\udd17 Infos &amp; Anmeldung folgen!\n\n#Inklusion #Wuppertal #Gr\u00fcne #Soziales #KeineK\u00fcrzungen\" aria-hidden=\"true\">\n\t\t<\/a>\n\t<\/div>\n<\/div><div class=\"sbi_item sbi_type_image sbi_new sbi_transition\"\n\tid=\"sbi_18114261460598035\" data-date=\"1774170000\">\n\t<div class=\"sbi_photo_wrap\">\n\t\t<a class=\"sbi_photo\" href=\"https:\/\/www.instagram.com\/p\/DWLk-t4jLqF\/\" target=\"_blank\" rel=\"noopener nofollow\"\n\t\t\tdata-full-res=\"https:\/\/scontent-dus1-1.cdninstagram.com\/v\/t51.82787-15\/655198678_18322687408271458_802274290022261913_n.jpg?stp=dst-jpg_e35_tt6&#038;_nc_cat=102&#038;ccb=7-5&#038;_nc_sid=18de74&#038;efg=eyJlZmdfdGFnIjoiRkVFRC5iZXN0X2ltYWdlX3VybGdlbi5DMyJ9&#038;_nc_ohc=8BOq_Ci1QAwQ7kNvwGRm9En&#038;_nc_oc=Adrt5E0KVOEg6plwSL7vraaMZzOOo6B0tpSFfWhQ03kJKsAPBHHRFxYulDlldUDSZ3FeoKCfh3VzrVPt9rpNcmJK&#038;_nc_zt=23&#038;_nc_ht=scontent-dus1-1.cdninstagram.com&#038;edm=ANo9K5cEAAAA&#038;_nc_gid=rzONof3SukXGJ3EiD8HdGg&#038;_nc_tpa=Q5bMBQEg5zLf4egqmL1_43j1tSr7gJVi0fclAS0j-aeJS9f7-EYPQQAvoeSFfuDoG0A3rJgSp2iKkXfYHA&#038;oh=00_Af1MOCbqcBC7DRCSA_dCMwd64vKR4aZzUrJlBcZ7v0DDlg&#038;oe=69F31E82\"\n\t\t\tdata-img-src-set=\"{&quot;d&quot;:&quot;https:\\\/\\\/scontent-dus1-1.cdninstagram.com\\\/v\\\/t51.82787-15\\\/655198678_18322687408271458_802274290022261913_n.jpg?stp=dst-jpg_e35_tt6&amp;_nc_cat=102&amp;ccb=7-5&amp;_nc_sid=18de74&amp;efg=eyJlZmdfdGFnIjoiRkVFRC5iZXN0X2ltYWdlX3VybGdlbi5DMyJ9&amp;_nc_ohc=8BOq_Ci1QAwQ7kNvwGRm9En&amp;_nc_oc=Adrt5E0KVOEg6plwSL7vraaMZzOOo6B0tpSFfWhQ03kJKsAPBHHRFxYulDlldUDSZ3FeoKCfh3VzrVPt9rpNcmJK&amp;_nc_zt=23&amp;_nc_ht=scontent-dus1-1.cdninstagram.com&amp;edm=ANo9K5cEAAAA&amp;_nc_gid=rzONof3SukXGJ3EiD8HdGg&amp;_nc_tpa=Q5bMBQEg5zLf4egqmL1_43j1tSr7gJVi0fclAS0j-aeJS9f7-EYPQQAvoeSFfuDoG0A3rJgSp2iKkXfYHA&amp;oh=00_Af1MOCbqcBC7DRCSA_dCMwd64vKR4aZzUrJlBcZ7v0DDlg&amp;oe=69F31E82&quot;,&quot;150&quot;:&quot;https:\\\/\\\/scontent-dus1-1.cdninstagram.com\\\/v\\\/t51.82787-15\\\/655198678_18322687408271458_802274290022261913_n.jpg?stp=dst-jpg_e35_tt6&amp;_nc_cat=102&amp;ccb=7-5&amp;_nc_sid=18de74&amp;efg=eyJlZmdfdGFnIjoiRkVFRC5iZXN0X2ltYWdlX3VybGdlbi5DMyJ9&amp;_nc_ohc=8BOq_Ci1QAwQ7kNvwGRm9En&amp;_nc_oc=Adrt5E0KVOEg6plwSL7vraaMZzOOo6B0tpSFfWhQ03kJKsAPBHHRFxYulDlldUDSZ3FeoKCfh3VzrVPt9rpNcmJK&amp;_nc_zt=23&amp;_nc_ht=scontent-dus1-1.cdninstagram.com&amp;edm=ANo9K5cEAAAA&amp;_nc_gid=rzONof3SukXGJ3EiD8HdGg&amp;_nc_tpa=Q5bMBQEg5zLf4egqmL1_43j1tSr7gJVi0fclAS0j-aeJS9f7-EYPQQAvoeSFfuDoG0A3rJgSp2iKkXfYHA&amp;oh=00_Af1MOCbqcBC7DRCSA_dCMwd64vKR4aZzUrJlBcZ7v0DDlg&amp;oe=69F31E82&quot;,&quot;320&quot;:&quot;https:\\\/\\\/scontent-dus1-1.cdninstagram.com\\\/v\\\/t51.82787-15\\\/655198678_18322687408271458_802274290022261913_n.jpg?stp=dst-jpg_e35_tt6&amp;_nc_cat=102&amp;ccb=7-5&amp;_nc_sid=18de74&amp;efg=eyJlZmdfdGFnIjoiRkVFRC5iZXN0X2ltYWdlX3VybGdlbi5DMyJ9&amp;_nc_ohc=8BOq_Ci1QAwQ7kNvwGRm9En&amp;_nc_oc=Adrt5E0KVOEg6plwSL7vraaMZzOOo6B0tpSFfWhQ03kJKsAPBHHRFxYulDlldUDSZ3FeoKCfh3VzrVPt9rpNcmJK&amp;_nc_zt=23&amp;_nc_ht=scontent-dus1-1.cdninstagram.com&amp;edm=ANo9K5cEAAAA&amp;_nc_gid=rzONof3SukXGJ3EiD8HdGg&amp;_nc_tpa=Q5bMBQEg5zLf4egqmL1_43j1tSr7gJVi0fclAS0j-aeJS9f7-EYPQQAvoeSFfuDoG0A3rJgSp2iKkXfYHA&amp;oh=00_Af1MOCbqcBC7DRCSA_dCMwd64vKR4aZzUrJlBcZ7v0DDlg&amp;oe=69F31E82&quot;,&quot;640&quot;:&quot;https:\\\/\\\/scontent-dus1-1.cdninstagram.com\\\/v\\\/t51.82787-15\\\/655198678_18322687408271458_802274290022261913_n.jpg?stp=dst-jpg_e35_tt6&amp;_nc_cat=102&amp;ccb=7-5&amp;_nc_sid=18de74&amp;efg=eyJlZmdfdGFnIjoiRkVFRC5iZXN0X2ltYWdlX3VybGdlbi5DMyJ9&amp;_nc_ohc=8BOq_Ci1QAwQ7kNvwGRm9En&amp;_nc_oc=Adrt5E0KVOEg6plwSL7vraaMZzOOo6B0tpSFfWhQ03kJKsAPBHHRFxYulDlldUDSZ3FeoKCfh3VzrVPt9rpNcmJK&amp;_nc_zt=23&amp;_nc_ht=scontent-dus1-1.cdninstagram.com&amp;edm=ANo9K5cEAAAA&amp;_nc_gid=rzONof3SukXGJ3EiD8HdGg&amp;_nc_tpa=Q5bMBQEg5zLf4egqmL1_43j1tSr7gJVi0fclAS0j-aeJS9f7-EYPQQAvoeSFfuDoG0A3rJgSp2iKkXfYHA&amp;oh=00_Af1MOCbqcBC7DRCSA_dCMwd64vKR4aZzUrJlBcZ7v0DDlg&amp;oe=69F31E82&quot;}\">\n\t\t\t<span class=\"sbi-screenreader\">Hier in Wuppertal schl\u00e4gt das Herz eines freien E<\/span>\n\t\t\t\t\t\t\t\t\t<img decoding=\"async\" src=\"https:\/\/gruene-wuppertal.de\/fraktion\/wp-content\/plugins\/instagram-feed\/img\/placeholder.png\" alt=\"Hier in Wuppertal schl\u00e4gt das Herz eines freien Europas. \ud83c\uddea\ud83c\uddfa\ud83d\udc9a\n\nEchte Unabh\u00e4ngigkeit f\u00e4ngt vor unserer Haust\u00fcr an. Wir wollen ein Europa, das sein Schicksal selbst in die Hand nimmt: Frei von der Willk\u00fcr der Autokraten, unabh\u00e4ngig von globalen Tech-Giganten und stark durch eigene Ideen. Als Partei besch\u00e4ftigen wir uns dieses Wochenende bei unserem kleinen Parteitag in NRW intensiv mit der Zukunft Europas.\nDenn das Herz Europas schl\u00e4gt hier:\n\nAls bunte und wache Community sind wir in Wuppertal und NRW das Schutzschild gegen autorit\u00e4re Tr\u00e4ume. Unsere Demokratie ist nicht erpressbar. Was wir hier in bewegen, macht ganz Europa souver\u00e4n. Damit wir auch morgen noch selbst entscheiden, wie wir leben wollen.\nWir sind der Heartbeat of Europe. Aus \u00dcberzeugung und Leidenschaft. \ud83d\udc9a\ud83c\uddea\ud83c\uddfa\n\n#heartbeatofeurope #europeunited #eu\" aria-hidden=\"true\">\n\t\t<\/a>\n\t<\/div>\n<\/div>\t<\/div>\n\n\t<div id=\"sbi_load\" >\n\n\t\t\t<button class=\"sbi_load_btn\"\n\t\t\ttype=\"button\" >\n\t\t\t<span class=\"sbi_btn_text\" >Mehr laden<\/span>\n\t\t\t<span class=\"sbi_loader sbi_hidden\" style=\"background-color: rgb(255, 255, 255);\" aria-hidden=\"true\"><\/span>\n\t\t<\/button>\n\t\n\t\t\t<span class=\"sbi_follow_btn sbi_custom\" >\n\t\t\t<a target=\"_blank\"\n\t\t\t\trel=\"nofollow noopener\"  href=\"https:\/\/www.instagram.com\/gruenewuppertal\/\" style=\"background: rgb(64,139,209);\">\n\t\t\t\t<svg class=\"svg-inline--fa fa-instagram fa-w-14\" aria-hidden=\"true\" data-fa-processed=\"\" aria-label=\"Instagram\" data-prefix=\"fab\" data-icon=\"instagram\" role=\"img\" viewBox=\"0 0 448 512\">\n                    <path fill=\"currentColor\" d=\"M224.1 141c-63.6 0-114.9 51.3-114.9 114.9s51.3 114.9 114.9 114.9S339 319.5 339 255.9 287.7 141 224.1 141zm0 189.6c-41.1 0-74.7-33.5-74.7-74.7s33.5-74.7 74.7-74.7 74.7 33.5 74.7 74.7-33.6 74.7-74.7 74.7zm146.4-194.3c0 14.9-12 26.8-26.8 26.8-14.9 0-26.8-12-26.8-26.8s12-26.8 26.8-26.8 26.8 12 26.8 26.8zm76.1 27.2c-1.7-35.9-9.9-67.7-36.2-93.9-26.2-26.2-58-34.4-93.9-36.2-37-2.1-147.9-2.1-184.9 0-35.8 1.7-67.6 9.9-93.9 36.1s-34.4 58-36.2 93.9c-2.1 37-2.1 147.9 0 184.9 1.7 35.9 9.9 67.7 36.2 93.9s58 34.4 93.9 36.2c37 2.1 147.9 2.1 184.9 0 35.9-1.7 67.7-9.9 93.9-36.2 26.2-26.2 34.4-58 36.2-93.9 2.1-37 2.1-147.8 0-184.8zM398.8 388c-7.8 19.6-22.9 34.7-42.6 42.6-29.5 11.7-99.5 9-132.1 9s-102.7 2.6-132.1-9c-19.6-7.8-34.7-22.9-42.6-42.6-11.7-29.5-9-99.5-9-132.1s-2.6-102.7 9-132.1c7.8-19.6 22.9-34.7 42.6-42.6 29.5-11.7 99.5-9 132.1-9s102.7-2.6 132.1 9c19.6 7.8 34.7 22.9 42.6 42.6 11.7 29.5 9 99.5 9 132.1s2.7 102.7-9 132.1z\"><\/path>\n                <\/svg>\t\t\t\t<span>Auf Instagram folgen<\/span>\n\t\t\t<\/a>\n\t\t<\/span>\n\t\n<\/div>\n\t\t<span class=\"sbi_resized_image_data\" data-feed-id=\"*2\"\n\t\t  data-resized=\"{&quot;18576085804029247&quot;:{&quot;id&quot;:&quot;655729199_1382809713879057_829776117690463397_n&quot;,&quot;ratio&quot;:&quot;0.80&quot;,&quot;sizes&quot;:{&quot;full&quot;:640,&quot;low&quot;:320,&quot;thumb&quot;:150},&quot;extension&quot;:&quot;.webp&quot;},&quot;18114261460598035&quot;:{&quot;id&quot;:&quot;655198678_18322687408271458_802274290022261913_n&quot;,&quot;ratio&quot;:&quot;0.75&quot;,&quot;sizes&quot;:{&quot;full&quot;:640,&quot;low&quot;:320,&quot;thumb&quot;:150},&quot;extension&quot;:&quot;.webp&quot;},&quot;18067174031653212&quot;:{&quot;id&quot;:&quot;658840038_18323488468271458_6215957601767175767_n&quot;,&quot;ratio&quot;:&quot;0.56&quot;,&quot;sizes&quot;:{&quot;full&quot;:640,&quot;low&quot;:320,&quot;thumb&quot;:150},&quot;extension&quot;:&quot;.webp&quot;},&quot;18117140662652740&quot;:{&quot;id&quot;:&quot;658392738_18323643967271458_8227708369345245879_n&quot;,&quot;ratio&quot;:&quot;0.80&quot;,&quot;sizes&quot;:{&quot;full&quot;:640,&quot;low&quot;:320,&quot;thumb&quot;:150},&quot;extension&quot;:&quot;.webp&quot;},&quot;18074963882543352&quot;:{&quot;id&quot;:&quot;657383483_18324150280271458_3631496154753290982_n&quot;,&quot;ratio&quot;:&quot;0.80&quot;,&quot;sizes&quot;:{&quot;full&quot;:640,&quot;low&quot;:320,&quot;thumb&quot;:150},&quot;extension&quot;:&quot;.webp&quot;},&quot;18074032529554515&quot;:{&quot;id&quot;:&quot;659322283_18324621976271458_1918854388659240999_n&quot;,&quot;ratio&quot;:&quot;0.80&quot;,&quot;sizes&quot;:{&quot;full&quot;:640,&quot;low&quot;:320,&quot;thumb&quot;:150},&quot;extension&quot;:&quot;.webp&quot;},&quot;18087970160215003&quot;:{&quot;id&quot;:&quot;656399195_1988707095051275_5644746676542715046_n&quot;,&quot;ratio&quot;:&quot;0.56&quot;,&quot;sizes&quot;:{&quot;full&quot;:640,&quot;low&quot;:320,&quot;thumb&quot;:150},&quot;extension&quot;:&quot;.webp&quot;},&quot;18098568460823046&quot;:{&quot;id&quot;:&quot;659487553_18324795040271458_8684231862392395720_n&quot;,&quot;ratio&quot;:&quot;0.56&quot;,&quot;sizes&quot;:{&quot;full&quot;:640,&quot;low&quot;:320,&quot;thumb&quot;:150},&quot;extension&quot;:&quot;.webp&quot;},&quot;18054428414709984&quot;:{&quot;id&quot;:&quot;660115562_18324895903271458_1534516875447116154_n&quot;,&quot;ratio&quot;:&quot;0.56&quot;,&quot;sizes&quot;:{&quot;full&quot;:640,&quot;low&quot;:320,&quot;thumb&quot;:150},&quot;extension&quot;:&quot;.webp&quot;},&quot;18085688525255675&quot;:{&quot;id&quot;:&quot;656294771_1510314604081484_5304244910408733728_n&quot;,&quot;ratio&quot;:&quot;0.56&quot;,&quot;sizes&quot;:{&quot;full&quot;:640,&quot;low&quot;:320,&quot;thumb&quot;:150},&quot;extension&quot;:&quot;.webp&quot;},&quot;18083152016060740&quot;:{&quot;id&quot;:&quot;658808122_18325251169271458_7787789143503772066_n&quot;,&quot;ratio&quot;:&quot;0.80&quot;,&quot;sizes&quot;:{&quot;full&quot;:640,&quot;low&quot;:320,&quot;thumb&quot;:150},&quot;extension&quot;:&quot;.webp&quot;},&quot;17905647426223161&quot;:{&quot;id&quot;:&quot;661477108_18325621987271458_4300555744151560141_n&quot;,&quot;ratio&quot;:&quot;0.80&quot;,&quot;sizes&quot;:{&quot;full&quot;:640,&quot;low&quot;:320,&quot;thumb&quot;:150},&quot;extension&quot;:&quot;.webp&quot;},&quot;17921414889124674&quot;:{&quot;id&quot;:&quot;669429466_18325851970271458_6953061709341376432_n&quot;,&quot;ratio&quot;:&quot;0.80&quot;,&quot;sizes&quot;:{&quot;full&quot;:640,&quot;low&quot;:320,&quot;thumb&quot;:150},&quot;extension&quot;:&quot;.webp&quot;},&quot;17984510138967884&quot;:{&quot;id&quot;:&quot;670559622_18326337409271458_6005645297850192994_n&quot;,&quot;ratio&quot;:&quot;0.56&quot;,&quot;sizes&quot;:{&quot;full&quot;:640,&quot;low&quot;:320,&quot;thumb&quot;:150},&quot;extension&quot;:&quot;.webp&quot;},&quot;18101849695982818&quot;:{&quot;id&quot;:&quot;671225101_18326972887271458_5221484789854506836_n&quot;,&quot;ratio&quot;:&quot;0.80&quot;,&quot;sizes&quot;:{&quot;full&quot;:640,&quot;low&quot;:320,&quot;thumb&quot;:150},&quot;extension&quot;:&quot;.webp&quot;},&quot;18071663186285637&quot;:{&quot;id&quot;:&quot;678091486_1407123014781060_8955929539514856303_n&quot;,&quot;ratio&quot;:&quot;0.80&quot;,&quot;sizes&quot;:{&quot;full&quot;:640,&quot;low&quot;:320,&quot;thumb&quot;:150},&quot;extension&quot;:&quot;.webp&quot;},&quot;18408067588178040&quot;:{&quot;id&quot;:&quot;677948349_1408018144691547_1195189047198595671_n&quot;,&quot;ratio&quot;:&quot;1.00&quot;,&quot;sizes&quot;:{&quot;full&quot;:640,&quot;low&quot;:320,&quot;thumb&quot;:150},&quot;extension&quot;:&quot;.webp&quot;},&quot;18105498613919478&quot;:{&quot;id&quot;:&quot;673010817_18327339637271458_336931580656393363_n&quot;,&quot;ratio&quot;:&quot;0.56&quot;,&quot;sizes&quot;:{&quot;full&quot;:640,&quot;low&quot;:320,&quot;thumb&quot;:150},&quot;extension&quot;:&quot;.webp&quot;},&quot;18135058531547293&quot;:{&quot;id&quot;:&quot;673863167_18327508216271458_9036040109883283262_n&quot;,&quot;ratio&quot;:&quot;0.80&quot;,&quot;sizes&quot;:{&quot;full&quot;:640,&quot;low&quot;:320,&quot;thumb&quot;:150},&quot;extension&quot;:&quot;.webp&quot;},&quot;18092692016332112&quot;:{&quot;id&quot;:&quot;671848841_18327201403271458_5525308660288748518_n&quot;,&quot;ratio&quot;:&quot;0.80&quot;,&quot;sizes&quot;:{&quot;full&quot;:640,&quot;low&quot;:320,&quot;thumb&quot;:150},&quot;extension&quot;:&quot;.webp&quot;}}\">\n\t<\/span>\n\t<\/div>\n\n[\/vc_column_text][\/vc_column][vc_column width=&#8220;1\/4&#8243;][vc_column_text el_class=&#8220;shadowbox&#8220; css=&#8220;.vc_custom_1594238753947{margin-bottom: 32px !important;padding-top: 32px !important;padding-right: 32px !important;padding-bottom: 32px !important;padding-left: 32px !important;background-color: #ffffff !important;}&#8220;]<\/p>\n<h2 class=\"widget-title\">Kontakt<\/h2>\n<div class=\"widget-content\" style=\"margin-bottom: 12px;\">Ratsfraktion Wuppertal<br \/>\nim Rathaus Barmen<br \/>\nZimmer 147<br \/>\nJohannes-Rau-Platz 1<br \/>\n42269 Wuppertal<\/div>\n<div class=\"widget-content\">Telefon:\u00a0<a href=\"tel:+492025636204\" target=\"_blank\" rel=\"noopener noreferrer\">0202 &#8211; 563 62 04<\/a><br \/>\n<a href=\"mailto:fraktion@gruene-wuppertal.de\">\u00bb E-Mail senden<\/a><\/div>\n<p>[\/vc_column_text][vc_widget_sidebar title=&#8220;N\u00e4chste Termine&#8220; sidebar_id=&#8220;startseite-widget-termine&#8220; el_class=&#8220;startseite-widget-box shadowbox&#8220; el_id=&#8220;startseite-widget-box-termine&#8220;][vc_column_text el_class=&#8220;shadowbox&#8220; css=&#8220;.vc_custom_1594309312293{margin-bottom: 32px !important;padding-top: 32px !important;padding-right: 32px !important;padding-bottom: 32px !important;padding-left: 32px !important;background-color: #ffffff !important;}&#8220;]<\/p>\n<h2>Gr\u00fcne Themen<\/h2>\n<p><a href=\"\/fraktion\/themen?thema=arbeit\" class=\"tag-cloud-link tag-link-66 tag-link-position-1\" style=\"font-size: 8pt;\" aria-label=\"Arbeit (87 Eintr\u00e4ge)\">Arbeit<\/a>\n<a href=\"\/fraktion\/themen?thema=barmen\" class=\"tag-cloud-link tag-link-15 tag-link-position-2\" style=\"font-size: 8.4516129032258pt;\" aria-label=\"Barmen (90 Eintr\u00e4ge)\">Barmen<\/a>\n<a href=\"\/fraktion\/themen?thema=bauen\" class=\"tag-cloud-link tag-link-25 tag-link-position-3\" style=\"font-size: 12.064516129032pt;\" aria-label=\"Bauen (130 Eintr\u00e4ge)\">Bauen<\/a>\n<a href=\"\/fraktion\/themen?thema=burgerbeteiligung\" class=\"tag-cloud-link tag-link-48 tag-link-position-4\" style=\"font-size: 12.064516129032pt;\" aria-label=\"B\u00fcrgerbeteiligung (131 Eintr\u00e4ge)\">B\u00fcrgerbeteiligung<\/a>\n<a href=\"\/fraktion\/themen?thema=gesundheit\" class=\"tag-cloud-link tag-link-24 tag-link-position-5\" style=\"font-size: 13.41935483871pt;\" aria-label=\"Gesundheit (149 Eintr\u00e4ge)\">Gesundheit<\/a>\n<a href=\"\/fraktion\/themen?thema=integration\" class=\"tag-cloud-link tag-link-14 tag-link-position-6\" style=\"font-size: 10.032258064516pt;\" aria-label=\"Integration (105 Eintr\u00e4ge)\">Integration<\/a>\n<a href=\"\/fraktion\/themen?thema=jugend\" class=\"tag-cloud-link tag-link-35 tag-link-position-7\" style=\"font-size: 12.516129032258pt;\" aria-label=\"Jugend (137 Eintr\u00e4ge)\">Jugend<\/a>\n<a href=\"\/fraktion\/themen?thema=kinder\" class=\"tag-cloud-link tag-link-56 tag-link-position-8\" style=\"font-size: 17.483870967742pt;\" aria-label=\"Kinder (227 Eintr\u00e4ge)\">Kinder<\/a>\n<a href=\"\/fraktion\/themen?thema=klima\" class=\"tag-cloud-link tag-link-34 tag-link-position-9\" style=\"font-size: 16.129032258065pt;\" aria-label=\"Klima (200 Eintr\u00e4ge)\">Klima<\/a>\n<a href=\"\/fraktion\/themen?thema=kommunalpolitik\" class=\"tag-cloud-link tag-link-79 tag-link-position-10\" style=\"font-size: 10.709677419355pt;\" aria-label=\"Kommunalpolitik (114 Eintr\u00e4ge)\">Kommunalpolitik<\/a>\n<a href=\"\/fraktion\/themen?thema=medien-und-kultur\" class=\"tag-cloud-link tag-link-10 tag-link-position-11\" style=\"font-size: 9.3548387096774pt;\" aria-label=\"Kultur (99 Eintr\u00e4ge)\">Kultur<\/a>\n<a href=\"\/fraktion\/themen?thema=luftreinhaltung\" class=\"tag-cloud-link tag-link-47 tag-link-position-12\" style=\"font-size: 8.4516129032258pt;\" aria-label=\"Luftreinhaltung (91 Eintr\u00e4ge)\">Luftreinhaltung<\/a>\n<a href=\"\/fraktion\/themen?thema=schule_bildung\" class=\"tag-cloud-link tag-link-39 tag-link-position-13\" style=\"font-size: 16.58064516129pt;\" aria-label=\"Schule und Bildung (207 Eintr\u00e4ge)\">Schule und Bildung<\/a>\n<a href=\"\/fraktion\/themen?thema=soziales\" class=\"tag-cloud-link tag-link-36 tag-link-position-14\" style=\"font-size: 19.064516129032pt;\" aria-label=\"Soziales (267 Eintr\u00e4ge)\">Soziales<\/a>\n<a href=\"\/fraktion\/themen?thema=stadtentwicklung\" class=\"tag-cloud-link tag-link-58 tag-link-position-15\" style=\"font-size: 20.41935483871pt;\" aria-label=\"Stadtentwicklung (306 Eintr\u00e4ge)\">Stadtentwicklung<\/a>\n<a href=\"\/fraktion\/themen?thema=stadtfinanzen\" class=\"tag-cloud-link tag-link-70 tag-link-position-16\" style=\"font-size: 18.387096774194pt;\" aria-label=\"Stadtfinanzen (251 Eintr\u00e4ge)\">Stadtfinanzen<\/a>\n<a href=\"\/fraktion\/themen?thema=stadtverwaltung\" class=\"tag-cloud-link tag-link-22 tag-link-position-17\" style=\"font-size: 15.451612903226pt;\" aria-label=\"Stadtverwaltung (187 Eintr\u00e4ge)\">Stadtverwaltung<\/a>\n<a href=\"\/fraktion\/themen?thema=umwelt\" class=\"tag-cloud-link tag-link-23 tag-link-position-18\" style=\"font-size: 18.838709677419pt;\" aria-label=\"Umwelt (265 Eintr\u00e4ge)\">Umwelt<\/a>\n<a href=\"\/fraktion\/themen?thema=verkehr\" class=\"tag-cloud-link tag-link-44 tag-link-position-19\" style=\"font-size: 22pt;\" aria-label=\"Verkehr (360 Eintr\u00e4ge)\">Verkehr<\/a>\n<a href=\"\/fraktion\/themen?thema=wirtschaft\" class=\"tag-cloud-link tag-link-74 tag-link-position-20\" style=\"font-size: 8.2258064516129pt;\" aria-label=\"Wirtschaft (89 Eintr\u00e4ge)\">Wirtschaft<\/a>[\/vc_column_text][vc_widget_sidebar title=&#8220;Newsletter abonnieren&#8220; sidebar_id=&#8220;startseite-widget-newsletter-subscription&#8220; el_class=&#8220;startseite-widget-box shadowbox&#8220; el_id=&#8220;startseite-widget-box-newsletter&#8220;][vc_single_image image=&#8220;17654&#8243; img_size=&#8220;full&#8220; alignment=&#8220;center&#8220; onclick=&#8220;custom_link&#8220; img_link_target=&#8220;_blank&#8220; el_class=&#8220;shadowbox&#8220; css=&#8220;.vc_custom_1594306399119{margin-bottom: 32px !important;padding-top: 32px !important;padding-right: 32px !important;padding-bottom: 32px !important;padding-left: 32px !important;background-color: #ffffff !important;}&#8220; link=&#8220;https:\/\/www.facebook.com\/Bundnis90DieGrunenWuppertal&#8220;][vc_single_image image=&#8220;17652&#8243; img_size=&#8220;full&#8220; alignment=&#8220;center&#8220; onclick=&#8220;custom_link&#8220; img_link_target=&#8220;_blank&#8220; el_class=&#8220;shadowbox&#8220; css=&#8220;.vc_custom_1594306530257{margin-bottom: 32px !important;padding-top: 32px !important;padding-right: 32px !important;padding-bottom: 32px !important;padding-left: 32px !important;background-color: #ffffff !important;}&#8220; link=&#8220;https:\/\/www.instagram.com\/gruene_wuppertal&#8220;][vc_single_image image=&#8220;17653&#8243; img_size=&#8220;full&#8220; alignment=&#8220;center&#8220; el_class=&#8220;shadowbox&#8220; css=&#8220;.vc_custom_1594306554403{margin-bottom: 32px !important;padding-top: 32px !important;padding-right: 32px !important;padding-bottom: 32px !important;padding-left: 32px !important;background-color: #ffffff !important;}&#8220;][vc_single_image image=&#8220;17658&#8243; img_size=&#8220;full&#8220; alignment=&#8220;center&#8220; onclick=&#8220;custom_link&#8220; img_link_target=&#8220;_blank&#8220; el_class=&#8220;shadowbox&#8220; css=&#8220;.vc_custom_1594308473953{margin-bottom: 32px !important;padding-top: 32px !important;padding-right: 32px !important;padding-bottom: 32px !important;padding-left: 32px !important;background-color: #ffffff !important;}&#8220; link=&#8220;https:\/\/gruene-kvwuppertal.de\/&#8220;][vc_widget_sidebar title=&#8220;Teilen&#8220; sidebar_id=&#8220;startseite-widget-social-sharing&#8220; el_class=&#8220;startseite-widget-box shadowbox&#8220; el_id=&#8220;startseite-widget-box-social-sharing&#8220;][\/vc_column][\/vc_row]<\/p>\n<div class=\"hupso-share-buttons\"><!-- Hupso Share Buttons - https:\/\/www.hupso.com\/share\/ --><a class=\"hupso_toolbar\" href=\"https:\/\/www.hupso.com\/share\/\"><img decoding=\"async\" src=\"https:\/\/static.hupso.com\/share\/buttons\/dot.png\" style=\"border:0px; padding-top: 5px; float:left;\" alt=\"Share Button\"\/><\/a><script type=\"text\/javascript\">var hupso_services_t=new Array(\"Twitter\",\"Facebook\",\"Pinterest\",\"Linkedin\",\"Email\");var hupso_background_t=\"#EAF4FF\";var hupso_border_t=\"#66CCFF\";var hupso_toolbar_size_t=\"medium\";var hupso_image_folder_url = \"\";var hupso_url_t=\"\";var hupso_title_t=\"Startseite\";<\/script><script type=\"text\/javascript\" src=\"https:\/\/static.hupso.com\/share\/js\/share_toolbar.js\"><\/script><!-- Hupso Share Buttons --><\/div>","protected":false},"excerpt":{"rendered":"<p>[vc_row content_width=&#8220;grid&#8220;][vc_column width=&#8220;3\/4&#8243;][vc_column_text el_class=&#8220;shadowbox&#8220; css=&#8220;.vc_custom_1594242731030{margin-bottom: 32px !important;padding-top: 32px !important;padding-right: 32px !important;padding-bottom: 32px !important;padding-left: 32px !important;background-color: #ffffff !important;}&#8220;] Herzlich willkommen! Hier finden Sie alles \u00fcber unsere GR\u00dcNE kommunalpolitische Arbeit in Wuppertal und k\u00f6nnen sich \u00fcber unsere Initiativen, Antr\u00e4ge, Anfragen, Pressemitteilungen, die Mitglieder im Rat, \u00fcber die&#8230;<\/p>\n","protected":false},"author":1,"featured_media":0,"parent":0,"menu_order":5,"comment_status":"closed","ping_status":"closed","template":"full-width.php","meta":{"footnotes":"","_wp_rev_ctl_limit":""},"yoast_head":"<!-- This site is optimized with the Yoast SEO plugin v21.8 - https:\/\/yoast.com\/wordpress\/plugins\/seo\/ -->\n<title>Startseite - Fraktion von B\u00fcndnis 90 \/ DIE GR\u00dcNEN im Rat der Stadt Wuppertal<\/title>\n<meta name=\"robots\" content=\"index, follow, max-snippet:-1, max-image-preview:large, max-video-preview:-1\" \/>\n<link rel=\"canonical\" href=\"https:\/\/gruene-wuppertal.de\/fraktion\/\" \/>\n<meta property=\"og:locale\" content=\"de_DE\" \/>\n<meta property=\"og:type\" content=\"article\" \/>\n<meta property=\"og:title\" content=\"Startseite - Fraktion von B\u00fcndnis 90 \/ DIE GR\u00dcNEN im Rat der Stadt Wuppertal\" \/>\n<meta property=\"og:description\" content=\"[vc_row content_width=&#8220;grid&#8220;][vc_column width=&#8220;3\/4&#8243;][vc_column_text el_class=&#8220;shadowbox&#8220; css=&#8220;.vc_custom_1594242731030{margin-bottom: 32px !important;padding-top: 32px !important;padding-right: 32px !important;padding-bottom: 32px !important;padding-left: 32px !important;background-color: #ffffff !important;}&#8220;] Herzlich willkommen! Hier finden Sie alles \u00fcber unsere GR\u00dcNE kommunalpolitische Arbeit in Wuppertal und k\u00f6nnen sich \u00fcber unsere Initiativen, Antr\u00e4ge, Anfragen, Pressemitteilungen, die Mitglieder im Rat, \u00fcber die...\" \/>\n<meta property=\"og:url\" content=\"https:\/\/gruene-wuppertal.de\/fraktion\/\" \/>\n<meta property=\"og:site_name\" content=\"Fraktion von B\u00fcndnis 90 \/ DIE GR\u00dcNEN im Rat der Stadt Wuppertal\" \/>\n<meta property=\"article:modified_time\" content=\"2023-04-27T17:07:48+00:00\" \/>\n<meta property=\"og:image\" content=\"https:\/\/gruene-wuppertal.de\/fraktion\/wp-content\/uploads\/2020\/06\/gruene-green-lion.png\" \/>\n<meta name=\"twitter:card\" content=\"summary_large_image\" \/>\n<meta name=\"twitter:label1\" content=\"Gesch\u00e4tzte Lesezeit\" \/>\n\t<meta name=\"twitter:data1\" content=\"2 Minuten\" \/>\n<script type=\"application\/ld+json\" class=\"yoast-schema-graph\">{\"@context\":\"https:\/\/schema.org\",\"@graph\":[{\"@type\":\"WebPage\",\"@id\":\"https:\/\/gruene-wuppertal.de\/fraktion\/\",\"url\":\"https:\/\/gruene-wuppertal.de\/fraktion\/\",\"name\":\"Startseite - Fraktion von B\u00fcndnis 90 \/ DIE GR\u00dcNEN im Rat der Stadt Wuppertal\",\"isPartOf\":{\"@id\":\"https:\/\/gruene-wuppertal.de\/fraktion\/#website\"},\"datePublished\":\"2020-06-17T17:49:43+00:00\",\"dateModified\":\"2023-04-27T17:07:48+00:00\",\"breadcrumb\":{\"@id\":\"https:\/\/gruene-wuppertal.de\/fraktion\/#breadcrumb\"},\"inLanguage\":\"de-DE\",\"potentialAction\":[{\"@type\":\"ReadAction\",\"target\":[\"https:\/\/gruene-wuppertal.de\/fraktion\/\"]}]},{\"@type\":\"BreadcrumbList\",\"@id\":\"https:\/\/gruene-wuppertal.de\/fraktion\/#breadcrumb\",\"itemListElement\":[{\"@type\":\"ListItem\",\"position\":1,\"name\":\"Startseite\",\"item\":\"https:\/\/gruene-wuppertal.de\/fraktion\/\"},{\"@type\":\"ListItem\",\"position\":2,\"name\":\"Startseite\"}]},{\"@type\":\"WebSite\",\"@id\":\"https:\/\/gruene-wuppertal.de\/fraktion\/#website\",\"url\":\"https:\/\/gruene-wuppertal.de\/fraktion\/\",\"name\":\"Fraktion von B\u00fcndnis 90 \/ DIE GR\u00dcNEN im Rat der Stadt Wuppertal\",\"description\":\"\",\"potentialAction\":[{\"@type\":\"SearchAction\",\"target\":{\"@type\":\"EntryPoint\",\"urlTemplate\":\"https:\/\/gruene-wuppertal.de\/fraktion\/?s={search_term_string}\"},\"query-input\":\"required name=search_term_string\"}],\"inLanguage\":\"de-DE\"}]}<\/script>\n<!-- \/ Yoast SEO plugin. -->","yoast_head_json":{"title":"Startseite - Fraktion von B\u00fcndnis 90 \/ DIE GR\u00dcNEN im Rat der Stadt Wuppertal","robots":{"index":"index","follow":"follow","max-snippet":"max-snippet:-1","max-image-preview":"max-image-preview:large","max-video-preview":"max-video-preview:-1"},"canonical":"https:\/\/gruene-wuppertal.de\/fraktion\/","og_locale":"de_DE","og_type":"article","og_title":"Startseite - Fraktion von B\u00fcndnis 90 \/ DIE GR\u00dcNEN im Rat der Stadt Wuppertal","og_description":"[vc_row content_width=&#8220;grid&#8220;][vc_column width=&#8220;3\/4&#8243;][vc_column_text el_class=&#8220;shadowbox&#8220; css=&#8220;.vc_custom_1594242731030{margin-bottom: 32px !important;padding-top: 32px !important;padding-right: 32px !important;padding-bottom: 32px !important;padding-left: 32px !important;background-color: #ffffff !important;}&#8220;] Herzlich willkommen! Hier finden Sie alles \u00fcber unsere GR\u00dcNE kommunalpolitische Arbeit in Wuppertal und k\u00f6nnen sich \u00fcber unsere Initiativen, Antr\u00e4ge, Anfragen, Pressemitteilungen, die Mitglieder im Rat, \u00fcber die...","og_url":"https:\/\/gruene-wuppertal.de\/fraktion\/","og_site_name":"Fraktion von B\u00fcndnis 90 \/ DIE GR\u00dcNEN im Rat der Stadt Wuppertal","article_modified_time":"2023-04-27T17:07:48+00:00","og_image":[{"url":"https:\/\/gruene-wuppertal.de\/fraktion\/wp-content\/uploads\/2020\/06\/gruene-green-lion.png"}],"twitter_card":"summary_large_image","twitter_misc":{"Gesch\u00e4tzte Lesezeit":"2 Minuten"},"schema":{"@context":"https:\/\/schema.org","@graph":[{"@type":"WebPage","@id":"https:\/\/gruene-wuppertal.de\/fraktion\/","url":"https:\/\/gruene-wuppertal.de\/fraktion\/","name":"Startseite - Fraktion von B\u00fcndnis 90 \/ DIE GR\u00dcNEN im Rat der Stadt Wuppertal","isPartOf":{"@id":"https:\/\/gruene-wuppertal.de\/fraktion\/#website"},"datePublished":"2020-06-17T17:49:43+00:00","dateModified":"2023-04-27T17:07:48+00:00","breadcrumb":{"@id":"https:\/\/gruene-wuppertal.de\/fraktion\/#breadcrumb"},"inLanguage":"de-DE","potentialAction":[{"@type":"ReadAction","target":["https:\/\/gruene-wuppertal.de\/fraktion\/"]}]},{"@type":"BreadcrumbList","@id":"https:\/\/gruene-wuppertal.de\/fraktion\/#breadcrumb","itemListElement":[{"@type":"ListItem","position":1,"name":"Startseite","item":"https:\/\/gruene-wuppertal.de\/fraktion\/"},{"@type":"ListItem","position":2,"name":"Startseite"}]},{"@type":"WebSite","@id":"https:\/\/gruene-wuppertal.de\/fraktion\/#website","url":"https:\/\/gruene-wuppertal.de\/fraktion\/","name":"Fraktion von B\u00fcndnis 90 \/ DIE GR\u00dcNEN im Rat der Stadt Wuppertal","description":"","potentialAction":[{"@type":"SearchAction","target":{"@type":"EntryPoint","urlTemplate":"https:\/\/gruene-wuppertal.de\/fraktion\/?s={search_term_string}"},"query-input":"required name=search_term_string"}],"inLanguage":"de-DE"}]}},"post_mailing_queue_ids":[],"_links":{"self":[{"href":"https:\/\/gruene-wuppertal.de\/fraktion\/wp-json\/wp\/v2\/pages\/10"}],"collection":[{"href":"https:\/\/gruene-wuppertal.de\/fraktion\/wp-json\/wp\/v2\/pages"}],"about":[{"href":"https:\/\/gruene-wuppertal.de\/fraktion\/wp-json\/wp\/v2\/types\/page"}],"author":[{"embeddable":true,"href":"https:\/\/gruene-wuppertal.de\/fraktion\/wp-json\/wp\/v2\/users\/1"}],"replies":[{"embeddable":true,"href":"https:\/\/gruene-wuppertal.de\/fraktion\/wp-json\/wp\/v2\/comments?post=10"}],"version-history":[{"count":10,"href":"https:\/\/gruene-wuppertal.de\/fraktion\/wp-json\/wp\/v2\/pages\/10\/revisions"}],"predecessor-version":[{"id":21189,"href":"https:\/\/gruene-wuppertal.de\/fraktion\/wp-json\/wp\/v2\/pages\/10\/revisions\/21189"}],"wp:attachment":[{"href":"https:\/\/gruene-wuppertal.de\/fraktion\/wp-json\/wp\/v2\/media?parent=10"}],"curies":[{"name":"wp","href":"https:\/\/api.w.org\/{rel}","templated":true}]}}