{"id":20890,"date":"2022-11-24T13:52:32","date_gmt":"2022-11-24T12:52:32","guid":{"rendered":"https:\/\/gruene-wuppertal.de\/fraktion\/?post_type=bezirksvertretung&#038;p=20890"},"modified":"2022-11-24T13:52:32","modified_gmt":"2022-11-24T12:52:32","slug":"der-staffelstab-wird-weitergereicht","status":"publish","type":"bezirksvertretung","link":"https:\/\/gruene-wuppertal.de\/fraktion\/bezirksvertretung\/der-staffelstab-wird-weitergereicht\/","title":{"rendered":"Der Staffelstab wird weitergereicht!"},"content":{"rendered":"<p>Der verabredete Wechselzeitraum ist erreicht. In den ersten beiden Jahren der Kooperation haben wir mit unserer Gr\u00fcnen B\u00fcrgermeisterin Gabriele Mahnert wichtige Etappenziele (z.B. die F\u00f6rderung der Sanierung der Jakobstreppe zwischen Friedrich-Ebert-Stra\u00dfe und N\u00fctzenberger Stra\u00dfe) und verschiedene kleine Verbesserungen oder Ver\u00e4nderungen (z.B. demn\u00e4chst Sportger\u00e4te im Remigius-Park in Sonnborn) f\u00fcr den Stadtbezirk Elberfeld -West erreicht. Wir Gr\u00fcne lassen uns jetzt nach der Staffelstab\u00fcbergabe an Ellen Kineke nicht zur\u00fcckfallen, wir haben unsere Ziellinie noch nicht erreicht.<\/p>\n<p>Die Einf\u00fchrung der regelm\u00e4\u00dfigen B\u00fcrgerInnen-Sprechstunde zum Beginn unserer BV-Sitzungen ist ein erster wichtiger Schritt zu mehr Kommunikation mit den B\u00fcrgerInnen, den wir mit Gabriele Mahnert als Bezirksb\u00fcrgermeisterin und der Kooperation zwischen B\u00fcndnis90\/Die Gr\u00fcnen, der CDU und der FDP gleich zu Anfang auf den Weg gebracht haben. Hier k\u00f6nnen BewohnerInnen aus den Bezirken ihre Ideen und Anliegen vortragen, um Ver\u00e4nderungen oder Verbesserungen vorzuschlagen oder anzumahnen. So gab es f\u00fcr uns wichtige Gespr\u00e4che zu Solaranlagen auf denkmalgesch\u00fctzten Wohnh\u00e4usern zwischen Politik, Verwaltung und AnwohnerInnen, die deutlich machen, wie wichtig eine dezentrale Stromversorgung in diesen Zeiten f\u00fcr MieterInnen ist.<\/p>\n<p><img loading=\"lazy\" decoding=\"async\" class=\"alignnone  wp-image-20894\" src=\"https:\/\/gruene-wuppertal.de\/fraktion\/wp-content\/uploads\/2022\/11\/Trio_Arrenberg_Klein-300x200.jpg\" alt=\"\" width=\"386\" height=\"257\" srcset=\"https:\/\/gruene-wuppertal.de\/fraktion\/wp-content\/uploads\/2022\/11\/Trio_Arrenberg_Klein-300x200.jpg 300w, https:\/\/gruene-wuppertal.de\/fraktion\/wp-content\/uploads\/2022\/11\/Trio_Arrenberg_Klein-1024x683.jpg 1024w, https:\/\/gruene-wuppertal.de\/fraktion\/wp-content\/uploads\/2022\/11\/Trio_Arrenberg_Klein-768x512.jpg 768w, https:\/\/gruene-wuppertal.de\/fraktion\/wp-content\/uploads\/2022\/11\/Trio_Arrenberg_Klein-1536x1024.jpg 1536w, https:\/\/gruene-wuppertal.de\/fraktion\/wp-content\/uploads\/2022\/11\/Trio_Arrenberg_Klein-2048x1365.jpg 2048w\" sizes=\"(max-width: 386px) 100vw, 386px\" \/><br \/>\nv.l.n.r.: Gabriele Mahnert, Linda Arendt, Kordula Pfaller<br \/>\nFoto: Andreas Fischer<\/p>\n<p>Die sanierungsbed\u00fcrftige Jakobstreppe begleitet uns als Bezirksvertretung seit vielen Jahren. Alle Fragen, wann und wie es weitergeht, endeten in der Regel angesichts der Kosten mit Schulterzucken. Daran h\u00e4tte die Unterschriftensammlung 2021 allein auch nichts ge\u00e4ndert. Ein weiterer Impuls f\u00fcr uns, nunmehr neu und anders an die von uns zum Schl\u00fcsselprojekt gemachte Sanierung heranzugehen. Daf\u00fcr sind wir bei Wind und Wetter die marode Jakobstreppe manchmal waghalsig rauf und runter gestiefelt, um den aufgelaufenen Sanierungsbedarf in Augenschein zu nehmen. Gemeinsam und mit aktiver Unterst\u00fctzung aus der Verwaltung: durch die untere und obere Denkmalbeh\u00f6rde, den Bau-Dezernenten, dem Ressort \u201eStadtentwicklung\u201c sowie \u201eStra\u00dfen und Verkehr\u201c, mit der Abteilung technische Ingenieurbauwerke, dem Oberb\u00fcrgermeister Uwe Schneidewind, den Fraktionen im Rat und unseren Bundestagsabgeordneten ist ein wichtiger erster Finanzierungschub aus Berlin m\u00f6glich geworden. \u00c4hnlich ist es beim Weyerbuschturm, dessen Sanierungskosten vom Bund zur H\u00e4lfte \u00fcbernommen werden. Beide Sanierungsvorhaben werden auf ihre jeweilige Art wichtig f\u00fcr die BUGA in unserem Stadtteil werden.<\/p>\n<p>Die Kooperation zwischen B\u00fcndnis90\/Die Gr\u00fcnen, der CDU und der FDP freut sich, noch andere Ver\u00e4nderungen und Verbesserungen zusammen angesto\u00dfen zu haben: Auf der Aussichtsplattform \u00fcber dem Tunnelportal am Ende der Sadowastra\u00dfe wurden zwei neue B\u00e4nke aufgestellt und die Bepflanzung vor der auf unsere Veranlassung freigelegten Grottenanlage erneuert. Im Remigiuspark in Sonnborn werden zuk\u00fcnftig Sportger\u00e4te f\u00fcr die allgemeine Nutzung installiert, das Zoo-Viertel erh\u00e4lt eine gro\u00dfe artenreiche und naturnahe Wiese zwischen Baldur-, Donarstra\u00dfe und Kaiser-Wilhelm-Allee, die mit heimischen Wildpflanzen und Stauden Insekten und Kleintieren ein neues Zuhause bieten wird. Die B\u00e4ume des Waldparks auf dem N\u00fctzenberg ist heute im Bereich des Sportplatzes durch gro\u00dfe Steine vor Wildparkern besser gesch\u00fctzt. In der Siegfriedstra\u00dfe sichern zahlreiche Poller die Grundsch\u00fclerInnen vor r\u00fccksichtlosen AutofahrerInnen, die den B\u00fcrgersteig immer wieder \u00fcberfuhren. Der Paul-Alsberg-Platz im Briller Viertel pr\u00e4sentiert sich heute ohne Z\u00e4une als freundlicher gr\u00fcner Quartiersplatz. Au\u00dferdem werden Spielger\u00e4te auf den Spielpl\u00e4tzen im gr\u00f6\u00dferen Umfang mit GFG-Mitteln erg\u00e4nzt und erneuert. Besonders freut uns, dass der Bolzplatz am Viktoriaplatz, dessen Sanierung beim B\u00fcrgerbudget leider nicht bis in die Endrunde kam, nun doch instandgesetzt werden kann.\u00a0 An der Ecke Von-der-Tann-Stra\u00dfe und Viktoriastra\u00dfe wird es e n d l i c h nach langem Ringen und vielen Gespr\u00e4chen eine neue E-Ladestation f\u00fcrs unseren Bezirk geben. Von der Verwaltung gepr\u00fcft wird noch unser Antrag, ob die Fuss- und Radwege-Verbindung zwischen der Nordbahntrasse und dem L\u00fcnterbecker Weg verbessert werden kann.<\/p>\n<p>Wir sind voller Energie f\u00fcr drei weitere Jahre gemeinsame BV-Arbeit, die ab jetzt durch Ellen Kineke als Bezirkb\u00fcrgermeisterin repr\u00e4sentiert werden. Wir sind noch nicht fertig!<\/p>\n<p>&nbsp;<\/p>\n<p>&nbsp;<\/p>\n","protected":false},"excerpt":{"rendered":"<p>Der verabredete Wechselzeitraum ist erreicht. In den ersten beiden Jahren der Kooperation haben wir mit unserer Gr\u00fcnen B\u00fcrgermeisterin Gabriele Mahnert wichtige Etappenziele (z.B. die F\u00f6rderung der Sanierung der Jakobstreppe zwischen Friedrich-Ebert-Stra\u00dfe und N\u00fctzenberger Stra\u00dfe) und verschiedene kleine Verbesserungen oder Ver\u00e4nderungen (z.B. demn\u00e4chst Sportger\u00e4te im Remigius-Park&#8230;<\/p>\n","protected":false},"author":6,"featured_media":0,"menu_order":0,"comment_status":"open","ping_status":"open","template":"","meta":{"_wp_rev_ctl_limit":""},"themen":[79],"bezirke":[139],"yoast_head":"<!-- This site is optimized with the Yoast SEO plugin v21.8 - https:\/\/yoast.com\/wordpress\/plugins\/seo\/ -->\n<title>Der Staffelstab wird weitergereicht! - Fraktion von B\u00fcndnis 90 \/ DIE GR\u00dcNEN im Rat der Stadt Wuppertal<\/title>\n<meta name=\"robots\" content=\"index, follow, max-snippet:-1, max-image-preview:large, max-video-preview:-1\" \/>\n<link rel=\"canonical\" href=\"https:\/\/gruene-wuppertal.de\/fraktion\/bezirksvertretung\/der-staffelstab-wird-weitergereicht\/\" \/>\n<meta property=\"og:locale\" content=\"de_DE\" \/>\n<meta property=\"og:type\" content=\"article\" \/>\n<meta property=\"og:title\" content=\"Der Staffelstab wird weitergereicht! - Fraktion von B\u00fcndnis 90 \/ DIE GR\u00dcNEN im Rat der Stadt Wuppertal\" \/>\n<meta property=\"og:description\" content=\"Der verabredete Wechselzeitraum ist erreicht. In den ersten beiden Jahren der Kooperation haben wir mit unserer Gr\u00fcnen B\u00fcrgermeisterin Gabriele Mahnert wichtige Etappenziele (z.B. die F\u00f6rderung der Sanierung der Jakobstreppe zwischen Friedrich-Ebert-Stra\u00dfe und N\u00fctzenberger Stra\u00dfe) und verschiedene kleine Verbesserungen oder Ver\u00e4nderungen (z.B. demn\u00e4chst Sportger\u00e4te im Remigius-Park...\" \/>\n<meta property=\"og:url\" content=\"https:\/\/gruene-wuppertal.de\/fraktion\/bezirksvertretung\/der-staffelstab-wird-weitergereicht\/\" \/>\n<meta property=\"og:site_name\" content=\"Fraktion von B\u00fcndnis 90 \/ DIE GR\u00dcNEN im Rat der Stadt Wuppertal\" \/>\n<meta property=\"og:image\" content=\"https:\/\/gruene-wuppertal.de\/fraktion\/wp-content\/uploads\/2022\/11\/Trio_Arrenberg_Klein-300x200.jpg\" \/>\n<meta name=\"twitter:card\" content=\"summary_large_image\" \/>\n<meta name=\"twitter:label1\" content=\"Gesch\u00e4tzte Lesezeit\" \/>\n\t<meta name=\"twitter:data1\" content=\"4 Minuten\" \/>\n<script type=\"application\/ld+json\" class=\"yoast-schema-graph\">{\"@context\":\"https:\/\/schema.org\",\"@graph\":[{\"@type\":\"WebPage\",\"@id\":\"https:\/\/gruene-wuppertal.de\/fraktion\/bezirksvertretung\/der-staffelstab-wird-weitergereicht\/\",\"url\":\"https:\/\/gruene-wuppertal.de\/fraktion\/bezirksvertretung\/der-staffelstab-wird-weitergereicht\/\",\"name\":\"Der Staffelstab wird weitergereicht! - Fraktion von B\u00fcndnis 90 \/ DIE GR\u00dcNEN im Rat der Stadt Wuppertal\",\"isPartOf\":{\"@id\":\"https:\/\/gruene-wuppertal.de\/fraktion\/#website\"},\"datePublished\":\"2022-11-24T12:52:32+00:00\",\"dateModified\":\"2022-11-24T12:52:32+00:00\",\"breadcrumb\":{\"@id\":\"https:\/\/gruene-wuppertal.de\/fraktion\/bezirksvertretung\/der-staffelstab-wird-weitergereicht\/#breadcrumb\"},\"inLanguage\":\"de-DE\",\"potentialAction\":[{\"@type\":\"ReadAction\",\"target\":[\"https:\/\/gruene-wuppertal.de\/fraktion\/bezirksvertretung\/der-staffelstab-wird-weitergereicht\/\"]}]},{\"@type\":\"BreadcrumbList\",\"@id\":\"https:\/\/gruene-wuppertal.de\/fraktion\/bezirksvertretung\/der-staffelstab-wird-weitergereicht\/#breadcrumb\",\"itemListElement\":[{\"@type\":\"ListItem\",\"position\":1,\"name\":\"Startseite\",\"item\":\"https:\/\/gruene-wuppertal.de\/fraktion\/\"},{\"@type\":\"ListItem\",\"position\":2,\"name\":\"Der Staffelstab wird weitergereicht!\"}]},{\"@type\":\"WebSite\",\"@id\":\"https:\/\/gruene-wuppertal.de\/fraktion\/#website\",\"url\":\"https:\/\/gruene-wuppertal.de\/fraktion\/\",\"name\":\"Fraktion von B\u00fcndnis 90 \/ DIE GR\u00dcNEN im Rat der Stadt Wuppertal\",\"description\":\"\",\"potentialAction\":[{\"@type\":\"SearchAction\",\"target\":{\"@type\":\"EntryPoint\",\"urlTemplate\":\"https:\/\/gruene-wuppertal.de\/fraktion\/?s={search_term_string}\"},\"query-input\":\"required name=search_term_string\"}],\"inLanguage\":\"de-DE\"}]}<\/script>\n<!-- \/ Yoast SEO plugin. -->","yoast_head_json":{"title":"Der Staffelstab wird weitergereicht! - Fraktion von B\u00fcndnis 90 \/ DIE GR\u00dcNEN im Rat der Stadt Wuppertal","robots":{"index":"index","follow":"follow","max-snippet":"max-snippet:-1","max-image-preview":"max-image-preview:large","max-video-preview":"max-video-preview:-1"},"canonical":"https:\/\/gruene-wuppertal.de\/fraktion\/bezirksvertretung\/der-staffelstab-wird-weitergereicht\/","og_locale":"de_DE","og_type":"article","og_title":"Der Staffelstab wird weitergereicht! - Fraktion von B\u00fcndnis 90 \/ DIE GR\u00dcNEN im Rat der Stadt Wuppertal","og_description":"Der verabredete Wechselzeitraum ist erreicht. In den ersten beiden Jahren der Kooperation haben wir mit unserer Gr\u00fcnen B\u00fcrgermeisterin Gabriele Mahnert wichtige Etappenziele (z.B. die F\u00f6rderung der Sanierung der Jakobstreppe zwischen Friedrich-Ebert-Stra\u00dfe und N\u00fctzenberger Stra\u00dfe) und verschiedene kleine Verbesserungen oder Ver\u00e4nderungen (z.B. demn\u00e4chst Sportger\u00e4te im Remigius-Park...","og_url":"https:\/\/gruene-wuppertal.de\/fraktion\/bezirksvertretung\/der-staffelstab-wird-weitergereicht\/","og_site_name":"Fraktion von B\u00fcndnis 90 \/ DIE GR\u00dcNEN im Rat der Stadt Wuppertal","og_image":[{"url":"https:\/\/gruene-wuppertal.de\/fraktion\/wp-content\/uploads\/2022\/11\/Trio_Arrenberg_Klein-300x200.jpg"}],"twitter_card":"summary_large_image","twitter_misc":{"Gesch\u00e4tzte Lesezeit":"4 Minuten"},"schema":{"@context":"https:\/\/schema.org","@graph":[{"@type":"WebPage","@id":"https:\/\/gruene-wuppertal.de\/fraktion\/bezirksvertretung\/der-staffelstab-wird-weitergereicht\/","url":"https:\/\/gruene-wuppertal.de\/fraktion\/bezirksvertretung\/der-staffelstab-wird-weitergereicht\/","name":"Der Staffelstab wird weitergereicht! - Fraktion von B\u00fcndnis 90 \/ DIE GR\u00dcNEN im Rat der Stadt Wuppertal","isPartOf":{"@id":"https:\/\/gruene-wuppertal.de\/fraktion\/#website"},"datePublished":"2022-11-24T12:52:32+00:00","dateModified":"2022-11-24T12:52:32+00:00","breadcrumb":{"@id":"https:\/\/gruene-wuppertal.de\/fraktion\/bezirksvertretung\/der-staffelstab-wird-weitergereicht\/#breadcrumb"},"inLanguage":"de-DE","potentialAction":[{"@type":"ReadAction","target":["https:\/\/gruene-wuppertal.de\/fraktion\/bezirksvertretung\/der-staffelstab-wird-weitergereicht\/"]}]},{"@type":"BreadcrumbList","@id":"https:\/\/gruene-wuppertal.de\/fraktion\/bezirksvertretung\/der-staffelstab-wird-weitergereicht\/#breadcrumb","itemListElement":[{"@type":"ListItem","position":1,"name":"Startseite","item":"https:\/\/gruene-wuppertal.de\/fraktion\/"},{"@type":"ListItem","position":2,"name":"Der Staffelstab wird weitergereicht!"}]},{"@type":"WebSite","@id":"https:\/\/gruene-wuppertal.de\/fraktion\/#website","url":"https:\/\/gruene-wuppertal.de\/fraktion\/","name":"Fraktion von B\u00fcndnis 90 \/ DIE GR\u00dcNEN im Rat der Stadt Wuppertal","description":"","potentialAction":[{"@type":"SearchAction","target":{"@type":"EntryPoint","urlTemplate":"https:\/\/gruene-wuppertal.de\/fraktion\/?s={search_term_string}"},"query-input":"required name=search_term_string"}],"inLanguage":"de-DE"}]}},"post_mailing_queue_ids":[],"_links":{"self":[{"href":"https:\/\/gruene-wuppertal.de\/fraktion\/wp-json\/wp\/v2\/bezirksvertretung\/20890"}],"collection":[{"href":"https:\/\/gruene-wuppertal.de\/fraktion\/wp-json\/wp\/v2\/bezirksvertretung"}],"about":[{"href":"https:\/\/gruene-wuppertal.de\/fraktion\/wp-json\/wp\/v2\/types\/bezirksvertretung"}],"author":[{"embeddable":true,"href":"https:\/\/gruene-wuppertal.de\/fraktion\/wp-json\/wp\/v2\/users\/6"}],"replies":[{"embeddable":true,"href":"https:\/\/gruene-wuppertal.de\/fraktion\/wp-json\/wp\/v2\/comments?post=20890"}],"version-history":[{"count":2,"href":"https:\/\/gruene-wuppertal.de\/fraktion\/wp-json\/wp\/v2\/bezirksvertretung\/20890\/revisions"}],"predecessor-version":[{"id":20896,"href":"https:\/\/gruene-wuppertal.de\/fraktion\/wp-json\/wp\/v2\/bezirksvertretung\/20890\/revisions\/20896"}],"wp:attachment":[{"href":"https:\/\/gruene-wuppertal.de\/fraktion\/wp-json\/wp\/v2\/media?parent=20890"}],"wp:term":[{"taxonomy":"themen","embeddable":true,"href":"https:\/\/gruene-wuppertal.de\/fraktion\/wp-json\/wp\/v2\/themen?post=20890"},{"taxonomy":"bezirke","embeddable":true,"href":"https:\/\/gruene-wuppertal.de\/fraktion\/wp-json\/wp\/v2\/bezirke?post=20890"}],"curies":[{"name":"wp","href":"https:\/\/api.w.org\/{rel}","templated":true}]}}