{"id":20836,"date":"2022-11-09T14:07:55","date_gmt":"2022-11-09T13:07:55","guid":{"rendered":"https:\/\/gruene-wuppertal.de\/fraktion\/?post_type=bezirksvertretung&#038;p=20836"},"modified":"2022-11-09T14:07:55","modified_gmt":"2022-11-09T13:07:55","slug":"herzliche-einladung-zum-kaffeetrinken-und-kloenen","status":"publish","type":"bezirksvertretung","link":"https:\/\/gruene-wuppertal.de\/fraktion\/bezirksvertretung\/herzliche-einladung-zum-kaffeetrinken-und-kloenen\/","title":{"rendered":"HERZLICHE EINLADUNG zum Kaffeetrinken und Kl\u00f6nen"},"content":{"rendered":"<p><strong>Die Stadtteilgruppe Oberbarmen\/Wichlinghausen\/N\u00e4chstebreck trifft sich am Samstag, den 3.12. um 11 Uhr in der Gr\u00fcnen Ecke, Werl\u00e9str. 19<\/strong><\/p>\n<p>Liebe Gr\u00fcne in Oberbarmen,<\/p>\n<p>wir, das hei\u00dft eure Bezirksvertreter:innen in der BV Oberbarmen, w\u00fcrden euch sehr gerne einmal zu einem kleinen Fr\u00fchst\u00fcck in die neue \u201eGr\u00fcne Ecke\u201c einladen. Wir stellen uns vor, dort ein St\u00fcndchen zusammen zu sitzen, uns \u00fcber das politisch Notwendige und W\u00fcnschenswerte in unserem Bezirk auszutauschen, von Euch Anregungen zu bekommen, was noch zu tun ist, und uns so ein bisschen besser kennen zu lernen.<\/p>\n<p>Was sich daraus entwickelt, m\u00f6chten wir v\u00f6llig offen lassen. \u00dcberlegt hatten wir, ein solches Angebot, sich in zwangloser Atmosph\u00e4re bei Kaffee und etwas zu knabbern zu unterhalten, in regelm\u00e4\u00dfigen\u00a0 Abst\u00e4nden f\u00fcr uns Oberbarmer:innen zu wiederholen \u2013 und nat\u00fcrlich w\u00e4re es toll, wenn m\u00f6glichst viele von Euch dieses Angebot wahrnehmen w\u00fcrden.<\/p>\n<p>Das erste Treffen soll am\u00a0<strong>Samstag, den 3. Dezember von 11 \u2013 12 Uhr<\/strong>\u00a0\u2013 wie gesagt \u2013 in der \u201eGr\u00fcnen Ecke\u201c, \u00a0der Werkstatt f\u00fcr nachhaltige Nachbarschaft im Wuppertaler Osten, Werl\u00e9str. 19, 42289 Wuppertal stattfinden. Ohne Tagesordnung, zwanglos, offen und gem\u00fctlich.<\/p>\n<p>F\u00fchlt euch herzlichst eingeladen, der Termin l\u00e4sst sich wunderbar mit den<br \/>\nnotwendigen Eink\u00e4ufen f\u00fcr\u00b4s Wochenende verbinden \ud83d\ude09<\/p>\n<p>Wir freuen uns auf euch, viele Gr\u00fc\u00dfe<\/p>\n<p>Iris, Martin und Susanne<\/p>\n","protected":false},"excerpt":{"rendered":"<p>Die Stadtteilgruppe Oberbarmen\/Wichlinghausen\/N\u00e4chstebreck trifft sich am Samstag, den 3.12. um 11 Uhr in der Gr\u00fcnen Ecke, Werl\u00e9str. 19 Liebe Gr\u00fcne in Oberbarmen, wir, das hei\u00dft eure Bezirksvertreter:innen in der BV Oberbarmen, w\u00fcrden euch sehr gerne einmal zu einem kleinen Fr\u00fchst\u00fcck in die neue \u201eGr\u00fcne Ecke\u201c&#8230;<\/p>\n","protected":false},"author":6,"featured_media":0,"menu_order":0,"comment_status":"open","ping_status":"open","template":"","meta":{"_wp_rev_ctl_limit":""},"themen":[],"bezirke":[140],"yoast_head":"<!-- This site is optimized with the Yoast SEO plugin v21.8 - https:\/\/yoast.com\/wordpress\/plugins\/seo\/ -->\n<title>HERZLICHE EINLADUNG zum Kaffeetrinken und Kl\u00f6nen - Fraktion von B\u00fcndnis 90 \/ DIE GR\u00dcNEN im Rat der Stadt Wuppertal<\/title>\n<meta name=\"robots\" content=\"index, follow, max-snippet:-1, max-image-preview:large, max-video-preview:-1\" \/>\n<link rel=\"canonical\" href=\"https:\/\/gruene-wuppertal.de\/fraktion\/bezirksvertretung\/herzliche-einladung-zum-kaffeetrinken-und-kloenen\/\" \/>\n<meta property=\"og:locale\" content=\"de_DE\" \/>\n<meta property=\"og:type\" content=\"article\" \/>\n<meta property=\"og:title\" content=\"HERZLICHE EINLADUNG zum Kaffeetrinken und Kl\u00f6nen - Fraktion von B\u00fcndnis 90 \/ DIE GR\u00dcNEN im Rat der Stadt Wuppertal\" \/>\n<meta property=\"og:description\" content=\"Die Stadtteilgruppe Oberbarmen\/Wichlinghausen\/N\u00e4chstebreck trifft sich am Samstag, den 3.12. um 11 Uhr in der Gr\u00fcnen Ecke, Werl\u00e9str. 19 Liebe Gr\u00fcne in Oberbarmen, wir, das hei\u00dft eure Bezirksvertreter:innen in der BV Oberbarmen, w\u00fcrden euch sehr gerne einmal zu einem kleinen Fr\u00fchst\u00fcck in die neue \u201eGr\u00fcne Ecke\u201c...\" \/>\n<meta property=\"og:url\" content=\"https:\/\/gruene-wuppertal.de\/fraktion\/bezirksvertretung\/herzliche-einladung-zum-kaffeetrinken-und-kloenen\/\" \/>\n<meta property=\"og:site_name\" content=\"Fraktion von B\u00fcndnis 90 \/ DIE GR\u00dcNEN im Rat der Stadt Wuppertal\" \/>\n<meta name=\"twitter:card\" content=\"summary_large_image\" \/>\n<meta name=\"twitter:label1\" content=\"Gesch\u00e4tzte Lesezeit\" \/>\n\t<meta name=\"twitter:data1\" content=\"2 Minuten\" \/>\n<script type=\"application\/ld+json\" class=\"yoast-schema-graph\">{\"@context\":\"https:\/\/schema.org\",\"@graph\":[{\"@type\":\"WebPage\",\"@id\":\"https:\/\/gruene-wuppertal.de\/fraktion\/bezirksvertretung\/herzliche-einladung-zum-kaffeetrinken-und-kloenen\/\",\"url\":\"https:\/\/gruene-wuppertal.de\/fraktion\/bezirksvertretung\/herzliche-einladung-zum-kaffeetrinken-und-kloenen\/\",\"name\":\"HERZLICHE EINLADUNG zum Kaffeetrinken und Kl\u00f6nen - Fraktion von B\u00fcndnis 90 \/ DIE GR\u00dcNEN im Rat der Stadt Wuppertal\",\"isPartOf\":{\"@id\":\"https:\/\/gruene-wuppertal.de\/fraktion\/#website\"},\"datePublished\":\"2022-11-09T13:07:55+00:00\",\"dateModified\":\"2022-11-09T13:07:55+00:00\",\"breadcrumb\":{\"@id\":\"https:\/\/gruene-wuppertal.de\/fraktion\/bezirksvertretung\/herzliche-einladung-zum-kaffeetrinken-und-kloenen\/#breadcrumb\"},\"inLanguage\":\"de-DE\",\"potentialAction\":[{\"@type\":\"ReadAction\",\"target\":[\"https:\/\/gruene-wuppertal.de\/fraktion\/bezirksvertretung\/herzliche-einladung-zum-kaffeetrinken-und-kloenen\/\"]}]},{\"@type\":\"BreadcrumbList\",\"@id\":\"https:\/\/gruene-wuppertal.de\/fraktion\/bezirksvertretung\/herzliche-einladung-zum-kaffeetrinken-und-kloenen\/#breadcrumb\",\"itemListElement\":[{\"@type\":\"ListItem\",\"position\":1,\"name\":\"Startseite\",\"item\":\"https:\/\/gruene-wuppertal.de\/fraktion\/\"},{\"@type\":\"ListItem\",\"position\":2,\"name\":\"HERZLICHE EINLADUNG zum Kaffeetrinken und Kl\u00f6nen\"}]},{\"@type\":\"WebSite\",\"@id\":\"https:\/\/gruene-wuppertal.de\/fraktion\/#website\",\"url\":\"https:\/\/gruene-wuppertal.de\/fraktion\/\",\"name\":\"Fraktion von B\u00fcndnis 90 \/ DIE GR\u00dcNEN im Rat der Stadt Wuppertal\",\"description\":\"\",\"potentialAction\":[{\"@type\":\"SearchAction\",\"target\":{\"@type\":\"EntryPoint\",\"urlTemplate\":\"https:\/\/gruene-wuppertal.de\/fraktion\/?s={search_term_string}\"},\"query-input\":\"required name=search_term_string\"}],\"inLanguage\":\"de-DE\"}]}<\/script>\n<!-- \/ Yoast SEO plugin. -->","yoast_head_json":{"title":"HERZLICHE EINLADUNG zum Kaffeetrinken und Kl\u00f6nen - Fraktion von B\u00fcndnis 90 \/ DIE GR\u00dcNEN im Rat der Stadt Wuppertal","robots":{"index":"index","follow":"follow","max-snippet":"max-snippet:-1","max-image-preview":"max-image-preview:large","max-video-preview":"max-video-preview:-1"},"canonical":"https:\/\/gruene-wuppertal.de\/fraktion\/bezirksvertretung\/herzliche-einladung-zum-kaffeetrinken-und-kloenen\/","og_locale":"de_DE","og_type":"article","og_title":"HERZLICHE EINLADUNG zum Kaffeetrinken und Kl\u00f6nen - Fraktion von B\u00fcndnis 90 \/ DIE GR\u00dcNEN im Rat der Stadt Wuppertal","og_description":"Die Stadtteilgruppe Oberbarmen\/Wichlinghausen\/N\u00e4chstebreck trifft sich am Samstag, den 3.12. um 11 Uhr in der Gr\u00fcnen Ecke, Werl\u00e9str. 19 Liebe Gr\u00fcne in Oberbarmen, wir, das hei\u00dft eure Bezirksvertreter:innen in der BV Oberbarmen, w\u00fcrden euch sehr gerne einmal zu einem kleinen Fr\u00fchst\u00fcck in die neue \u201eGr\u00fcne Ecke\u201c...","og_url":"https:\/\/gruene-wuppertal.de\/fraktion\/bezirksvertretung\/herzliche-einladung-zum-kaffeetrinken-und-kloenen\/","og_site_name":"Fraktion von B\u00fcndnis 90 \/ DIE GR\u00dcNEN im Rat der Stadt Wuppertal","twitter_card":"summary_large_image","twitter_misc":{"Gesch\u00e4tzte Lesezeit":"2 Minuten"},"schema":{"@context":"https:\/\/schema.org","@graph":[{"@type":"WebPage","@id":"https:\/\/gruene-wuppertal.de\/fraktion\/bezirksvertretung\/herzliche-einladung-zum-kaffeetrinken-und-kloenen\/","url":"https:\/\/gruene-wuppertal.de\/fraktion\/bezirksvertretung\/herzliche-einladung-zum-kaffeetrinken-und-kloenen\/","name":"HERZLICHE EINLADUNG zum Kaffeetrinken und Kl\u00f6nen - Fraktion von B\u00fcndnis 90 \/ DIE GR\u00dcNEN im Rat der Stadt Wuppertal","isPartOf":{"@id":"https:\/\/gruene-wuppertal.de\/fraktion\/#website"},"datePublished":"2022-11-09T13:07:55+00:00","dateModified":"2022-11-09T13:07:55+00:00","breadcrumb":{"@id":"https:\/\/gruene-wuppertal.de\/fraktion\/bezirksvertretung\/herzliche-einladung-zum-kaffeetrinken-und-kloenen\/#breadcrumb"},"inLanguage":"de-DE","potentialAction":[{"@type":"ReadAction","target":["https:\/\/gruene-wuppertal.de\/fraktion\/bezirksvertretung\/herzliche-einladung-zum-kaffeetrinken-und-kloenen\/"]}]},{"@type":"BreadcrumbList","@id":"https:\/\/gruene-wuppertal.de\/fraktion\/bezirksvertretung\/herzliche-einladung-zum-kaffeetrinken-und-kloenen\/#breadcrumb","itemListElement":[{"@type":"ListItem","position":1,"name":"Startseite","item":"https:\/\/gruene-wuppertal.de\/fraktion\/"},{"@type":"ListItem","position":2,"name":"HERZLICHE EINLADUNG zum Kaffeetrinken und Kl\u00f6nen"}]},{"@type":"WebSite","@id":"https:\/\/gruene-wuppertal.de\/fraktion\/#website","url":"https:\/\/gruene-wuppertal.de\/fraktion\/","name":"Fraktion von B\u00fcndnis 90 \/ DIE GR\u00dcNEN im Rat der Stadt Wuppertal","description":"","potentialAction":[{"@type":"SearchAction","target":{"@type":"EntryPoint","urlTemplate":"https:\/\/gruene-wuppertal.de\/fraktion\/?s={search_term_string}"},"query-input":"required name=search_term_string"}],"inLanguage":"de-DE"}]}},"post_mailing_queue_ids":[],"_links":{"self":[{"href":"https:\/\/gruene-wuppertal.de\/fraktion\/wp-json\/wp\/v2\/bezirksvertretung\/20836"}],"collection":[{"href":"https:\/\/gruene-wuppertal.de\/fraktion\/wp-json\/wp\/v2\/bezirksvertretung"}],"about":[{"href":"https:\/\/gruene-wuppertal.de\/fraktion\/wp-json\/wp\/v2\/types\/bezirksvertretung"}],"author":[{"embeddable":true,"href":"https:\/\/gruene-wuppertal.de\/fraktion\/wp-json\/wp\/v2\/users\/6"}],"replies":[{"embeddable":true,"href":"https:\/\/gruene-wuppertal.de\/fraktion\/wp-json\/wp\/v2\/comments?post=20836"}],"version-history":[{"count":3,"href":"https:\/\/gruene-wuppertal.de\/fraktion\/wp-json\/wp\/v2\/bezirksvertretung\/20836\/revisions"}],"predecessor-version":[{"id":20839,"href":"https:\/\/gruene-wuppertal.de\/fraktion\/wp-json\/wp\/v2\/bezirksvertretung\/20836\/revisions\/20839"}],"wp:attachment":[{"href":"https:\/\/gruene-wuppertal.de\/fraktion\/wp-json\/wp\/v2\/media?parent=20836"}],"wp:term":[{"taxonomy":"themen","embeddable":true,"href":"https:\/\/gruene-wuppertal.de\/fraktion\/wp-json\/wp\/v2\/themen?post=20836"},{"taxonomy":"bezirke","embeddable":true,"href":"https:\/\/gruene-wuppertal.de\/fraktion\/wp-json\/wp\/v2\/bezirke?post=20836"}],"curies":[{"name":"wp","href":"https:\/\/api.w.org\/{rel}","templated":true}]}}