{"id":19580,"date":"2021-08-18T10:04:21","date_gmt":"2021-08-18T08:04:21","guid":{"rendered":"https:\/\/gruene-wuppertal.de\/fraktion\/?post_type=bezirksvertretung&#038;p=19580"},"modified":"2021-08-18T10:04:21","modified_gmt":"2021-08-18T08:04:21","slug":"eroeffnung-der-turmterrassen","status":"publish","type":"bezirksvertretung","link":"https:\/\/gruene-wuppertal.de\/fraktion\/bezirksvertretung\/eroeffnung-der-turmterrassen\/","title":{"rendered":"Er\u00f6ffnung der Turmterrassen"},"content":{"rendered":"<p>Anfrage der Fraktion B\u00dcNDNIS 90\/DIE GR\u00dcNEN zu der geplanten Er\u00f6ffnung der Turmterrassen, der Toilettennutzung und Zusagen zur Bereitstellung von Parkpl\u00e4tzen f\u00fcr den Restaurantbetrieb\u00a0 zur Sitzung der BV Barmen am 24.08.2021<\/p>\n<p>Die Antwort finden Sie hier: <a href=\"https:\/\/gruene-wuppertal.de\/fraktion\/wp-content\/uploads\/2021\/08\/AntwortaufAnfragenNordpark.pdf\">AntwortaufAnfragenNordpark<\/a><\/p>\n<p>Die Fraktion B\u00dcNDNIS 90\/DIE GR\u00dcNEN in der Bezirksvertretung Barmen, zeigte sich \u00fcberrascht, dass in der Westdeutsche Zeitung (WZ) \u00f6ffentlich \u00fcber die Frage der Verquickung der Toilettennutzung mit der Parkplatzfrage berichtet wurde. Dort hei\u00dft es am 21.06.2021:<\/p>\n<p>&#8222;Die \u00f6ffentliche Toilette, die es seit drei Jahren gibt, will Thomas erst dann \u00f6ffnen, wenn es eine schriftliche Vereinbarung mit der Stadt gibt, dass ihm 19 weitere Stellpl\u00e4tze f\u00fcr den Betrieb seiner Gastronomie zur Verf\u00fcgung gestellt werden. M\u00fcndlich h\u00e4tten ihm das der K\u00e4mmerer Johannes Slawig und das Gr\u00fcnfl\u00e4chenamt bereits zugesichert, er werde aber nicht \u00f6ffnen, bevor die Vereinbarung schriftlich da sei, um die Parkl\u00e4tze dann auch auszeichnen zu k\u00f6nnen.&#8220;<\/p>\n<p>Wir bitten um die Beantwortung folgender Fragen:<\/p>\n<p>1. Besteht die m\u00fcndliche Verabredung zwischen Herrn StD Dr. Slawig bzw. dem Ressort 103 und dem P\u00e4chter der Turmterrassen Marcel Thomas, dass diesem 19 Parkpl\u00e4tze durch die Stadt zur Verf\u00fcgung gestellt werden und er im Gegenzug daf\u00fcr die Toilettenanlagen f\u00fcr Besucher*innen des Nordparks \u00f6ffnet?<br \/>\n2. Wann wurde diese Verabredung getroffen?<br \/>\n3. Auf welcher Beratungsgrundlage wurde diese Zusage getroffen?<br \/>\n4. Wann wurden Ratsgremien bzw. die Bezirksvertretung Barmen \u00fcber die m\u00fcndliche Vereinbarung<br \/>\nexplizit unterrichtet?<br \/>\n6. Herr Thomas erkl\u00e4rt im WZ-Artikel, dass er eine Verschriftlichung der Vereinbarung erwarte. F\u00fcr wann ist diese geplant?<br \/>\n7. Zwischen welchen Parteien wird diese getroffen?<br \/>\n8. Inwieweit wird diese Vereinbarung in die Gremien eingebracht?<br \/>\n9. Wurde in der Vergangenheit gepr\u00fcft, ob z.B. in den Sportst\u00e4tten Toiletten f\u00fcr die \u00d6ffentlichkeit zur Verf\u00fcgung gestellt werden k\u00f6nnen? Wenn nein, warum nicht?<br \/>\n10. Gibt es eine dezidierte Kostenaufstellung \u00fcber die verschiedenen \u201eModelle\u201c, um Toiletten der<br \/>\n\u00d6ffentlichkeit auf dem Nordparkareal anzubieten? Kostenauflistung, Wartung, Standorte usw.?<\/p>\n<p>B\u00dcNDNIS 90 \/ DIE GR\u00dcNEN<br \/>\nAxel Frevert<br \/>\nFraktionssprecher<\/p>\n","protected":false},"excerpt":{"rendered":"<p>Anfrage der Fraktion B\u00dcNDNIS 90\/DIE GR\u00dcNEN zu der geplanten Er\u00f6ffnung der Turmterrassen, der Toilettennutzung und Zusagen zur Bereitstellung von Parkpl\u00e4tzen f\u00fcr den Restaurantbetrieb\u00a0 zur Sitzung der BV Barmen am 24.08.2021 Die Antwort finden Sie hier: AntwortaufAnfragenNordpark Die Fraktion B\u00dcNDNIS 90\/DIE GR\u00dcNEN in der Bezirksvertretung Barmen,&#8230;<\/p>\n","protected":false},"author":6,"featured_media":0,"menu_order":0,"comment_status":"open","ping_status":"open","template":"","meta":{"_wp_rev_ctl_limit":""},"themen":[15,58],"bezirke":[130],"yoast_head":"<!-- This site is optimized with the Yoast SEO plugin v21.8 - https:\/\/yoast.com\/wordpress\/plugins\/seo\/ -->\n<title>Er\u00f6ffnung der Turmterrassen - Fraktion von B\u00fcndnis 90 \/ DIE GR\u00dcNEN im Rat der Stadt Wuppertal<\/title>\n<meta name=\"robots\" content=\"index, follow, max-snippet:-1, max-image-preview:large, max-video-preview:-1\" \/>\n<link rel=\"canonical\" href=\"https:\/\/gruene-wuppertal.de\/fraktion\/bezirksvertretung\/eroeffnung-der-turmterrassen\/\" \/>\n<meta property=\"og:locale\" content=\"de_DE\" \/>\n<meta property=\"og:type\" content=\"article\" \/>\n<meta property=\"og:title\" content=\"Er\u00f6ffnung der Turmterrassen - Fraktion von B\u00fcndnis 90 \/ DIE GR\u00dcNEN im Rat der Stadt Wuppertal\" \/>\n<meta property=\"og:description\" content=\"Anfrage der Fraktion B\u00dcNDNIS 90\/DIE GR\u00dcNEN zu der geplanten Er\u00f6ffnung der Turmterrassen, der Toilettennutzung und Zusagen zur Bereitstellung von Parkpl\u00e4tzen f\u00fcr den Restaurantbetrieb\u00a0 zur Sitzung der BV Barmen am 24.08.2021 Die Antwort finden Sie hier: AntwortaufAnfragenNordpark Die Fraktion B\u00dcNDNIS 90\/DIE GR\u00dcNEN in der Bezirksvertretung Barmen,...\" \/>\n<meta property=\"og:url\" content=\"https:\/\/gruene-wuppertal.de\/fraktion\/bezirksvertretung\/eroeffnung-der-turmterrassen\/\" \/>\n<meta property=\"og:site_name\" content=\"Fraktion von B\u00fcndnis 90 \/ DIE GR\u00dcNEN im Rat der Stadt Wuppertal\" \/>\n<meta name=\"twitter:card\" content=\"summary_large_image\" \/>\n<meta name=\"twitter:label1\" content=\"Gesch\u00e4tzte Lesezeit\" \/>\n\t<meta name=\"twitter:data1\" content=\"2 Minuten\" \/>\n<script type=\"application\/ld+json\" class=\"yoast-schema-graph\">{\"@context\":\"https:\/\/schema.org\",\"@graph\":[{\"@type\":\"WebPage\",\"@id\":\"https:\/\/gruene-wuppertal.de\/fraktion\/bezirksvertretung\/eroeffnung-der-turmterrassen\/\",\"url\":\"https:\/\/gruene-wuppertal.de\/fraktion\/bezirksvertretung\/eroeffnung-der-turmterrassen\/\",\"name\":\"Er\u00f6ffnung der Turmterrassen - Fraktion von B\u00fcndnis 90 \/ DIE GR\u00dcNEN im Rat der Stadt Wuppertal\",\"isPartOf\":{\"@id\":\"https:\/\/gruene-wuppertal.de\/fraktion\/#website\"},\"datePublished\":\"2021-08-18T08:04:21+00:00\",\"dateModified\":\"2021-08-18T08:04:21+00:00\",\"breadcrumb\":{\"@id\":\"https:\/\/gruene-wuppertal.de\/fraktion\/bezirksvertretung\/eroeffnung-der-turmterrassen\/#breadcrumb\"},\"inLanguage\":\"de-DE\",\"potentialAction\":[{\"@type\":\"ReadAction\",\"target\":[\"https:\/\/gruene-wuppertal.de\/fraktion\/bezirksvertretung\/eroeffnung-der-turmterrassen\/\"]}]},{\"@type\":\"BreadcrumbList\",\"@id\":\"https:\/\/gruene-wuppertal.de\/fraktion\/bezirksvertretung\/eroeffnung-der-turmterrassen\/#breadcrumb\",\"itemListElement\":[{\"@type\":\"ListItem\",\"position\":1,\"name\":\"Startseite\",\"item\":\"https:\/\/gruene-wuppertal.de\/fraktion\/\"},{\"@type\":\"ListItem\",\"position\":2,\"name\":\"Er\u00f6ffnung der Turmterrassen\"}]},{\"@type\":\"WebSite\",\"@id\":\"https:\/\/gruene-wuppertal.de\/fraktion\/#website\",\"url\":\"https:\/\/gruene-wuppertal.de\/fraktion\/\",\"name\":\"Fraktion von B\u00fcndnis 90 \/ DIE GR\u00dcNEN im Rat der Stadt Wuppertal\",\"description\":\"\",\"potentialAction\":[{\"@type\":\"SearchAction\",\"target\":{\"@type\":\"EntryPoint\",\"urlTemplate\":\"https:\/\/gruene-wuppertal.de\/fraktion\/?s={search_term_string}\"},\"query-input\":\"required name=search_term_string\"}],\"inLanguage\":\"de-DE\"}]}<\/script>\n<!-- \/ Yoast SEO plugin. -->","yoast_head_json":{"title":"Er\u00f6ffnung der Turmterrassen - Fraktion von B\u00fcndnis 90 \/ DIE GR\u00dcNEN im Rat der Stadt Wuppertal","robots":{"index":"index","follow":"follow","max-snippet":"max-snippet:-1","max-image-preview":"max-image-preview:large","max-video-preview":"max-video-preview:-1"},"canonical":"https:\/\/gruene-wuppertal.de\/fraktion\/bezirksvertretung\/eroeffnung-der-turmterrassen\/","og_locale":"de_DE","og_type":"article","og_title":"Er\u00f6ffnung der Turmterrassen - Fraktion von B\u00fcndnis 90 \/ DIE GR\u00dcNEN im Rat der Stadt Wuppertal","og_description":"Anfrage der Fraktion B\u00dcNDNIS 90\/DIE GR\u00dcNEN zu der geplanten Er\u00f6ffnung der Turmterrassen, der Toilettennutzung und Zusagen zur Bereitstellung von Parkpl\u00e4tzen f\u00fcr den Restaurantbetrieb\u00a0 zur Sitzung der BV Barmen am 24.08.2021 Die Antwort finden Sie hier: AntwortaufAnfragenNordpark Die Fraktion B\u00dcNDNIS 90\/DIE GR\u00dcNEN in der Bezirksvertretung Barmen,...","og_url":"https:\/\/gruene-wuppertal.de\/fraktion\/bezirksvertretung\/eroeffnung-der-turmterrassen\/","og_site_name":"Fraktion von B\u00fcndnis 90 \/ DIE GR\u00dcNEN im Rat der Stadt Wuppertal","twitter_card":"summary_large_image","twitter_misc":{"Gesch\u00e4tzte Lesezeit":"2 Minuten"},"schema":{"@context":"https:\/\/schema.org","@graph":[{"@type":"WebPage","@id":"https:\/\/gruene-wuppertal.de\/fraktion\/bezirksvertretung\/eroeffnung-der-turmterrassen\/","url":"https:\/\/gruene-wuppertal.de\/fraktion\/bezirksvertretung\/eroeffnung-der-turmterrassen\/","name":"Er\u00f6ffnung der Turmterrassen - Fraktion von B\u00fcndnis 90 \/ DIE GR\u00dcNEN im Rat der Stadt Wuppertal","isPartOf":{"@id":"https:\/\/gruene-wuppertal.de\/fraktion\/#website"},"datePublished":"2021-08-18T08:04:21+00:00","dateModified":"2021-08-18T08:04:21+00:00","breadcrumb":{"@id":"https:\/\/gruene-wuppertal.de\/fraktion\/bezirksvertretung\/eroeffnung-der-turmterrassen\/#breadcrumb"},"inLanguage":"de-DE","potentialAction":[{"@type":"ReadAction","target":["https:\/\/gruene-wuppertal.de\/fraktion\/bezirksvertretung\/eroeffnung-der-turmterrassen\/"]}]},{"@type":"BreadcrumbList","@id":"https:\/\/gruene-wuppertal.de\/fraktion\/bezirksvertretung\/eroeffnung-der-turmterrassen\/#breadcrumb","itemListElement":[{"@type":"ListItem","position":1,"name":"Startseite","item":"https:\/\/gruene-wuppertal.de\/fraktion\/"},{"@type":"ListItem","position":2,"name":"Er\u00f6ffnung der Turmterrassen"}]},{"@type":"WebSite","@id":"https:\/\/gruene-wuppertal.de\/fraktion\/#website","url":"https:\/\/gruene-wuppertal.de\/fraktion\/","name":"Fraktion von B\u00fcndnis 90 \/ DIE GR\u00dcNEN im Rat der Stadt Wuppertal","description":"","potentialAction":[{"@type":"SearchAction","target":{"@type":"EntryPoint","urlTemplate":"https:\/\/gruene-wuppertal.de\/fraktion\/?s={search_term_string}"},"query-input":"required name=search_term_string"}],"inLanguage":"de-DE"}]}},"post_mailing_queue_ids":[],"_links":{"self":[{"href":"https:\/\/gruene-wuppertal.de\/fraktion\/wp-json\/wp\/v2\/bezirksvertretung\/19580"}],"collection":[{"href":"https:\/\/gruene-wuppertal.de\/fraktion\/wp-json\/wp\/v2\/bezirksvertretung"}],"about":[{"href":"https:\/\/gruene-wuppertal.de\/fraktion\/wp-json\/wp\/v2\/types\/bezirksvertretung"}],"author":[{"embeddable":true,"href":"https:\/\/gruene-wuppertal.de\/fraktion\/wp-json\/wp\/v2\/users\/6"}],"replies":[{"embeddable":true,"href":"https:\/\/gruene-wuppertal.de\/fraktion\/wp-json\/wp\/v2\/comments?post=19580"}],"version-history":[{"count":1,"href":"https:\/\/gruene-wuppertal.de\/fraktion\/wp-json\/wp\/v2\/bezirksvertretung\/19580\/revisions"}],"predecessor-version":[{"id":19582,"href":"https:\/\/gruene-wuppertal.de\/fraktion\/wp-json\/wp\/v2\/bezirksvertretung\/19580\/revisions\/19582"}],"wp:attachment":[{"href":"https:\/\/gruene-wuppertal.de\/fraktion\/wp-json\/wp\/v2\/media?parent=19580"}],"wp:term":[{"taxonomy":"themen","embeddable":true,"href":"https:\/\/gruene-wuppertal.de\/fraktion\/wp-json\/wp\/v2\/themen?post=19580"},{"taxonomy":"bezirke","embeddable":true,"href":"https:\/\/gruene-wuppertal.de\/fraktion\/wp-json\/wp\/v2\/bezirke?post=19580"}],"curies":[{"name":"wp","href":"https:\/\/api.w.org\/{rel}","templated":true}]}}