{"id":12545,"date":"2017-12-05T12:51:03","date_gmt":"2017-12-05T12:51:03","guid":{"rendered":"https:\/\/gruene-wuppertal.de\/fraktion\/?post_type=bezirksvertretung&amp;p=12545"},"modified":"2017-12-05T12:51:03","modified_gmt":"2017-12-05T12:51:03","slug":"einrichtung-einer-tempo-30-strecke-mit-unterstutzenden-masnahmen-auf-der-vohwinkler-strase-zwischen-rubensstrase-und-kaiserstrase","status":"publish","type":"bezirksvertretung","link":"https:\/\/gruene-wuppertal.de\/fraktion\/bezirksvertretung\/einrichtung-einer-tempo-30-strecke-mit-unterstutzenden-masnahmen-auf-der-vohwinkler-strase-zwischen-rubensstrase-und-kaiserstrase\/","title":{"rendered":"Einrichtung einer Tempo-30-Strecke mit unterst\u00fctzenden Ma\u00dfnahmen auf der  Vohwinkler Stra\u00dfe zwischen Rubensstra\u00dfe und Kaiserstra\u00dfe"},"content":{"rendered":"<p>Antrag der Fraktionen von B\u00dcNDNIS 90\/DIE GR\u00dcNEN und SPD an die Bezirksvertretung Vohwinkel am 29.11.17<\/p>\n<p><strong>Der Antrag wurde als Pr\u00fcfauftrag beschlossen.<\/strong><\/p>\n<p>&nbsp;<\/p>\n<p>Sehr geehrter Herr Bezirksb\u00fcrgermeister,<\/p>\n<p>die Fraktionen von B\u00fcndnis 90\/DIE GR\u00dcNEN und der SPD beantragen, die Bezirksvertretung Vohwinkel m\u00f6ge folgendes beschlie\u00dfen:<\/p>\n<p>Die Verwaltung wird gebeten M\u00f6glichkeiten aufzuzeigen, wie eine Tempo 30 &#8211; Zone im Bereich der Vohwinkeler Stra\u00dfe, zwischen Rubensstra\u00dfe und Kaiserplatz eingerichtet werden kann?<\/p>\n<p>Dar\u00fcber\u00a0 hinaus\u00a0 bitten\u00a0 wir\u00a0 zu\u00a0 pr\u00fcfen,\u00a0 welche\u00a0 positiven Auswirkungen\u00a0 sich\u00a0 hinsichtlich\u00a0 Verkehrssicherheit, L\u00e4rmbelastung f\u00fcr die direkten Anwohner und ggf. der Ver\u00e4nderung der Einkaufsatmosph\u00e4re durch eine solche Ma\u00dfnahme ergeben.<\/p>\n<p><strong>Begr\u00fcndung:<\/strong><br \/>\nIn\u00a0 diesem\u00a0 Streckenabschnitt\u00a0 von\u00a0 zirka\u00a0 180\u00a0 m\u00a0 liegen\u00a0 Wohnbebauung\u00a0 \/\u00a0 Mehrfamilienh\u00e4user mit Spielbereichen f\u00fcr Kinder (Stationsgarten), unterschiedliche und stark frequentierte Einzelhandelsgesch\u00e4fte der Basisversorgung, Banken und Verkehrshaltepunkte der Schwebebahn und verschiedener Buslinien.<br \/>\nDer flie\u00dfende Verkehr und die Belange der Fu\u00dfg\u00e4nger und Fahrradfahrer befinden sich hier in einem gef\u00e4hrlichen Nebeneinander. Einbesonderer Hinweis gilt der\u201eKonflikt-Ampelschaltung\u201c\u00a0 an\u00a0 der\u00a0 Ecke\u00a0 Rubensstra\u00dfe.\u00a0 Die\u00a0 Linksabbieger\u00a0 aus\u00a0 Fahrtrichtung\u00a0 Osten\u00a0 sind\u00a0 in\u00a0 der Lage an dieser Stelle relativ viel Geschwindigkeit aufzunehmen. Der Querungsbedarf der zu Fu\u00df Gehenden ist dort sehr hoch, es dominiert der Fu\u00dfverkehr.<br \/>\nDie gesamte\u00a0 Verkehrssituation im Kernbereich von Vohwinkelwird voraussichtlich durch<br \/>\ndas in n\u00e4chster Zeit entstehende Kaufland-Kaufhaus und die damit verbundene Steigerung des Autoverkehrs noch eine Versch\u00e4rfung erhalten. Wir sehen hier die Entwicklung einer Gefahrenlage,\u00a0 die\u00a0 aus\u00a0 Gr\u00fcnden\u00a0 der\u00a0 Sicherheit\u00a0 und\u00a0 Ordnung\u00a0 im\u00a0 Prinzip\u00a0 die\u00a0 Einrichtung\u00a0 einer Geschwindigkeitsbegrenzung im besagten Stra\u00dfenbereich erlaubt. Insofern halten wir eine Verlangsamung\u00a0 des\u00a0 Verkehrs,\u00a0 ggf.\u00a0 auch\u00a0\u00a0 durch\u00a0 unterst\u00fctzende\u00a0 bauliche\u00a0 Ma\u00dfnahmen,\u00a0 wie z.B. Brems- und Fahrbahnschwellen zur Steigerung der Sicherheit f\u00fcr alle Verkehrsteilnehmer auf dem Teilst\u00fcck der Vohwinkeler Stra\u00dfe f\u00fcr mehr als notwendig. Tempo-30 wird die vorhandene Gefahrenlage effektiv beseitigen und dar\u00fcber hinaus die Verkehrssicherheit im Ortsteilsignifikant erh\u00f6hen.<\/p>\n<p>Wir bitten die Mitglieder der BV Vohwinkel dem vorliegenden Antrag zuzustimmen.<\/p>\n<p>Mit freundlichen Gr\u00fc\u00dfen<br \/>\ngez. Barbara Naguib\u00a0\u00a0\u00a0\u00a0\u00a0\u00a0\u00a0\u00a0 gez. Georg Brodmann<br \/>\n(Fraktionssprecherin)\u00a0\u00a0\u00a0\u00a0\u00a0\u00a0\u00a0 (Fraktionssprecher)<\/p>\n","protected":false},"excerpt":{"rendered":"<p>Antrag der Fraktionen von B\u00dcNDNIS 90\/DIE GR\u00dcNEN und SPD an die Bezirksvertretung Vohwinkel am 29.11.17 Der Antrag wurde als Pr\u00fcfauftrag beschlossen. &nbsp; Sehr geehrter Herr Bezirksb\u00fcrgermeister, die Fraktionen von B\u00fcndnis 90\/DIE GR\u00dcNEN und der SPD beantragen, die Bezirksvertretung Vohwinkel m\u00f6ge folgendes beschlie\u00dfen: Die Verwaltung wird&#8230;<\/p>\n","protected":false},"author":6,"featured_media":0,"menu_order":0,"comment_status":"closed","ping_status":"closed","template":"","meta":{"_wp_rev_ctl_limit":""},"themen":[44,18],"bezirke":[138],"yoast_head":"<!-- This site is optimized with the Yoast SEO plugin v21.8 - https:\/\/yoast.com\/wordpress\/plugins\/seo\/ -->\n<title>Einrichtung einer Tempo-30-Strecke mit unterst\u00fctzenden Ma\u00dfnahmen auf der Vohwinkler Stra\u00dfe zwischen Rubensstra\u00dfe und Kaiserstra\u00dfe - Fraktion von B\u00fcndnis 90 \/ DIE GR\u00dcNEN im Rat der Stadt Wuppertal<\/title>\n<meta name=\"robots\" content=\"index, follow, max-snippet:-1, max-image-preview:large, max-video-preview:-1\" \/>\n<link rel=\"canonical\" href=\"https:\/\/gruene-wuppertal.de\/fraktion\/bezirksvertretung\/einrichtung-einer-tempo-30-strecke-mit-unterstutzenden-masnahmen-auf-der-vohwinkler-strase-zwischen-rubensstrase-und-kaiserstrase\/\" \/>\n<meta property=\"og:locale\" content=\"de_DE\" \/>\n<meta property=\"og:type\" content=\"article\" \/>\n<meta property=\"og:title\" content=\"Einrichtung einer Tempo-30-Strecke mit unterst\u00fctzenden Ma\u00dfnahmen auf der Vohwinkler Stra\u00dfe zwischen Rubensstra\u00dfe und Kaiserstra\u00dfe - Fraktion von B\u00fcndnis 90 \/ DIE GR\u00dcNEN im Rat der Stadt Wuppertal\" \/>\n<meta property=\"og:description\" content=\"Antrag der Fraktionen von B\u00dcNDNIS 90\/DIE GR\u00dcNEN und SPD an die Bezirksvertretung Vohwinkel am 29.11.17 Der Antrag wurde als Pr\u00fcfauftrag beschlossen. &nbsp; Sehr geehrter Herr Bezirksb\u00fcrgermeister, die Fraktionen von B\u00fcndnis 90\/DIE GR\u00dcNEN und der SPD beantragen, die Bezirksvertretung Vohwinkel m\u00f6ge folgendes beschlie\u00dfen: Die Verwaltung wird...\" \/>\n<meta property=\"og:url\" content=\"https:\/\/gruene-wuppertal.de\/fraktion\/bezirksvertretung\/einrichtung-einer-tempo-30-strecke-mit-unterstutzenden-masnahmen-auf-der-vohwinkler-strase-zwischen-rubensstrase-und-kaiserstrase\/\" \/>\n<meta property=\"og:site_name\" content=\"Fraktion von B\u00fcndnis 90 \/ DIE GR\u00dcNEN im Rat der Stadt Wuppertal\" \/>\n<meta name=\"twitter:card\" content=\"summary_large_image\" \/>\n<meta name=\"twitter:label1\" content=\"Gesch\u00e4tzte Lesezeit\" \/>\n\t<meta name=\"twitter:data1\" content=\"2 Minuten\" \/>\n<script type=\"application\/ld+json\" class=\"yoast-schema-graph\">{\"@context\":\"https:\/\/schema.org\",\"@graph\":[{\"@type\":\"WebPage\",\"@id\":\"https:\/\/gruene-wuppertal.de\/fraktion\/bezirksvertretung\/einrichtung-einer-tempo-30-strecke-mit-unterstutzenden-masnahmen-auf-der-vohwinkler-strase-zwischen-rubensstrase-und-kaiserstrase\/\",\"url\":\"https:\/\/gruene-wuppertal.de\/fraktion\/bezirksvertretung\/einrichtung-einer-tempo-30-strecke-mit-unterstutzenden-masnahmen-auf-der-vohwinkler-strase-zwischen-rubensstrase-und-kaiserstrase\/\",\"name\":\"Einrichtung einer Tempo-30-Strecke mit unterst\u00fctzenden Ma\u00dfnahmen auf der Vohwinkler Stra\u00dfe zwischen Rubensstra\u00dfe und Kaiserstra\u00dfe - Fraktion von B\u00fcndnis 90 \/ DIE GR\u00dcNEN im Rat der Stadt Wuppertal\",\"isPartOf\":{\"@id\":\"https:\/\/gruene-wuppertal.de\/fraktion\/#website\"},\"datePublished\":\"2017-12-05T12:51:03+00:00\",\"dateModified\":\"2017-12-05T12:51:03+00:00\",\"breadcrumb\":{\"@id\":\"https:\/\/gruene-wuppertal.de\/fraktion\/bezirksvertretung\/einrichtung-einer-tempo-30-strecke-mit-unterstutzenden-masnahmen-auf-der-vohwinkler-strase-zwischen-rubensstrase-und-kaiserstrase\/#breadcrumb\"},\"inLanguage\":\"de-DE\",\"potentialAction\":[{\"@type\":\"ReadAction\",\"target\":[\"https:\/\/gruene-wuppertal.de\/fraktion\/bezirksvertretung\/einrichtung-einer-tempo-30-strecke-mit-unterstutzenden-masnahmen-auf-der-vohwinkler-strase-zwischen-rubensstrase-und-kaiserstrase\/\"]}]},{\"@type\":\"BreadcrumbList\",\"@id\":\"https:\/\/gruene-wuppertal.de\/fraktion\/bezirksvertretung\/einrichtung-einer-tempo-30-strecke-mit-unterstutzenden-masnahmen-auf-der-vohwinkler-strase-zwischen-rubensstrase-und-kaiserstrase\/#breadcrumb\",\"itemListElement\":[{\"@type\":\"ListItem\",\"position\":1,\"name\":\"Startseite\",\"item\":\"https:\/\/gruene-wuppertal.de\/fraktion\/\"},{\"@type\":\"ListItem\",\"position\":2,\"name\":\"Einrichtung einer Tempo-30-Strecke mit unterst\u00fctzenden Ma\u00dfnahmen auf der Vohwinkler Stra\u00dfe zwischen Rubensstra\u00dfe und Kaiserstra\u00dfe\"}]},{\"@type\":\"WebSite\",\"@id\":\"https:\/\/gruene-wuppertal.de\/fraktion\/#website\",\"url\":\"https:\/\/gruene-wuppertal.de\/fraktion\/\",\"name\":\"Fraktion von B\u00fcndnis 90 \/ DIE GR\u00dcNEN im Rat der Stadt Wuppertal\",\"description\":\"\",\"potentialAction\":[{\"@type\":\"SearchAction\",\"target\":{\"@type\":\"EntryPoint\",\"urlTemplate\":\"https:\/\/gruene-wuppertal.de\/fraktion\/?s={search_term_string}\"},\"query-input\":\"required name=search_term_string\"}],\"inLanguage\":\"de-DE\"}]}<\/script>\n<!-- \/ Yoast SEO plugin. -->","yoast_head_json":{"title":"Einrichtung einer Tempo-30-Strecke mit unterst\u00fctzenden Ma\u00dfnahmen auf der Vohwinkler Stra\u00dfe zwischen Rubensstra\u00dfe und Kaiserstra\u00dfe - Fraktion von B\u00fcndnis 90 \/ DIE GR\u00dcNEN im Rat der Stadt Wuppertal","robots":{"index":"index","follow":"follow","max-snippet":"max-snippet:-1","max-image-preview":"max-image-preview:large","max-video-preview":"max-video-preview:-1"},"canonical":"https:\/\/gruene-wuppertal.de\/fraktion\/bezirksvertretung\/einrichtung-einer-tempo-30-strecke-mit-unterstutzenden-masnahmen-auf-der-vohwinkler-strase-zwischen-rubensstrase-und-kaiserstrase\/","og_locale":"de_DE","og_type":"article","og_title":"Einrichtung einer Tempo-30-Strecke mit unterst\u00fctzenden Ma\u00dfnahmen auf der Vohwinkler Stra\u00dfe zwischen Rubensstra\u00dfe und Kaiserstra\u00dfe - Fraktion von B\u00fcndnis 90 \/ DIE GR\u00dcNEN im Rat der Stadt Wuppertal","og_description":"Antrag der Fraktionen von B\u00dcNDNIS 90\/DIE GR\u00dcNEN und SPD an die Bezirksvertretung Vohwinkel am 29.11.17 Der Antrag wurde als Pr\u00fcfauftrag beschlossen. &nbsp; Sehr geehrter Herr Bezirksb\u00fcrgermeister, die Fraktionen von B\u00fcndnis 90\/DIE GR\u00dcNEN und der SPD beantragen, die Bezirksvertretung Vohwinkel m\u00f6ge folgendes beschlie\u00dfen: Die Verwaltung wird...","og_url":"https:\/\/gruene-wuppertal.de\/fraktion\/bezirksvertretung\/einrichtung-einer-tempo-30-strecke-mit-unterstutzenden-masnahmen-auf-der-vohwinkler-strase-zwischen-rubensstrase-und-kaiserstrase\/","og_site_name":"Fraktion von B\u00fcndnis 90 \/ DIE GR\u00dcNEN im Rat der Stadt Wuppertal","twitter_card":"summary_large_image","twitter_misc":{"Gesch\u00e4tzte Lesezeit":"2 Minuten"},"schema":{"@context":"https:\/\/schema.org","@graph":[{"@type":"WebPage","@id":"https:\/\/gruene-wuppertal.de\/fraktion\/bezirksvertretung\/einrichtung-einer-tempo-30-strecke-mit-unterstutzenden-masnahmen-auf-der-vohwinkler-strase-zwischen-rubensstrase-und-kaiserstrase\/","url":"https:\/\/gruene-wuppertal.de\/fraktion\/bezirksvertretung\/einrichtung-einer-tempo-30-strecke-mit-unterstutzenden-masnahmen-auf-der-vohwinkler-strase-zwischen-rubensstrase-und-kaiserstrase\/","name":"Einrichtung einer Tempo-30-Strecke mit unterst\u00fctzenden Ma\u00dfnahmen auf der Vohwinkler Stra\u00dfe zwischen Rubensstra\u00dfe und Kaiserstra\u00dfe - Fraktion von B\u00fcndnis 90 \/ DIE GR\u00dcNEN im Rat der Stadt Wuppertal","isPartOf":{"@id":"https:\/\/gruene-wuppertal.de\/fraktion\/#website"},"datePublished":"2017-12-05T12:51:03+00:00","dateModified":"2017-12-05T12:51:03+00:00","breadcrumb":{"@id":"https:\/\/gruene-wuppertal.de\/fraktion\/bezirksvertretung\/einrichtung-einer-tempo-30-strecke-mit-unterstutzenden-masnahmen-auf-der-vohwinkler-strase-zwischen-rubensstrase-und-kaiserstrase\/#breadcrumb"},"inLanguage":"de-DE","potentialAction":[{"@type":"ReadAction","target":["https:\/\/gruene-wuppertal.de\/fraktion\/bezirksvertretung\/einrichtung-einer-tempo-30-strecke-mit-unterstutzenden-masnahmen-auf-der-vohwinkler-strase-zwischen-rubensstrase-und-kaiserstrase\/"]}]},{"@type":"BreadcrumbList","@id":"https:\/\/gruene-wuppertal.de\/fraktion\/bezirksvertretung\/einrichtung-einer-tempo-30-strecke-mit-unterstutzenden-masnahmen-auf-der-vohwinkler-strase-zwischen-rubensstrase-und-kaiserstrase\/#breadcrumb","itemListElement":[{"@type":"ListItem","position":1,"name":"Startseite","item":"https:\/\/gruene-wuppertal.de\/fraktion\/"},{"@type":"ListItem","position":2,"name":"Einrichtung einer Tempo-30-Strecke mit unterst\u00fctzenden Ma\u00dfnahmen auf der Vohwinkler Stra\u00dfe zwischen Rubensstra\u00dfe und Kaiserstra\u00dfe"}]},{"@type":"WebSite","@id":"https:\/\/gruene-wuppertal.de\/fraktion\/#website","url":"https:\/\/gruene-wuppertal.de\/fraktion\/","name":"Fraktion von B\u00fcndnis 90 \/ DIE GR\u00dcNEN im Rat der Stadt Wuppertal","description":"","potentialAction":[{"@type":"SearchAction","target":{"@type":"EntryPoint","urlTemplate":"https:\/\/gruene-wuppertal.de\/fraktion\/?s={search_term_string}"},"query-input":"required name=search_term_string"}],"inLanguage":"de-DE"}]}},"post_mailing_queue_ids":[],"_links":{"self":[{"href":"https:\/\/gruene-wuppertal.de\/fraktion\/wp-json\/wp\/v2\/bezirksvertretung\/12545"}],"collection":[{"href":"https:\/\/gruene-wuppertal.de\/fraktion\/wp-json\/wp\/v2\/bezirksvertretung"}],"about":[{"href":"https:\/\/gruene-wuppertal.de\/fraktion\/wp-json\/wp\/v2\/types\/bezirksvertretung"}],"author":[{"embeddable":true,"href":"https:\/\/gruene-wuppertal.de\/fraktion\/wp-json\/wp\/v2\/users\/6"}],"replies":[{"embeddable":true,"href":"https:\/\/gruene-wuppertal.de\/fraktion\/wp-json\/wp\/v2\/comments?post=12545"}],"version-history":[{"count":0,"href":"https:\/\/gruene-wuppertal.de\/fraktion\/wp-json\/wp\/v2\/bezirksvertretung\/12545\/revisions"}],"wp:attachment":[{"href":"https:\/\/gruene-wuppertal.de\/fraktion\/wp-json\/wp\/v2\/media?parent=12545"}],"wp:term":[{"taxonomy":"themen","embeddable":true,"href":"https:\/\/gruene-wuppertal.de\/fraktion\/wp-json\/wp\/v2\/themen?post=12545"},{"taxonomy":"bezirke","embeddable":true,"href":"https:\/\/gruene-wuppertal.de\/fraktion\/wp-json\/wp\/v2\/bezirke?post=12545"}],"curies":[{"name":"wp","href":"https:\/\/api.w.org\/{rel}","templated":true}]}}