{"id":7686,"date":"2015-09-10T09:20:45","date_gmt":"2015-09-10T09:20:45","guid":{"rendered":"https:\/\/gruene-wuppertal.de\/fraktion\/?post_type=ausderratsfraktion&amp;p=7686"},"modified":"2015-09-10T09:20:45","modified_gmt":"2015-09-10T09:20:45","slug":"resolution-wuppertal-erklart-sich-zur-ttipceta-freien-kommune","status":"publish","type":"ausderratsfraktion","link":"https:\/\/gruene-wuppertal.de\/fraktion\/ausderratsfraktion\/resolution-wuppertal-erklart-sich-zur-ttipceta-freien-kommune\/","title":{"rendered":"Resolution: Wuppertal erkl\u00e4rt sich zur TTIP\/CETA freien Kommune"},"content":{"rendered":"<p><strong>Rede unserer B\u00fcrgermeisterin Bettina Br\u00fccher in der Ratssitzung am <a href=\"https:\/\/gruene-wuppertal.de\/fraktion\/wp-content\/uploads\/2015\/05\/Bettina_Bruecher_web_schmal.jpg\"><img loading=\"lazy\" decoding=\"async\" class=\"alignright size-thumbnail wp-image-7057\" alt=\"Bettina_Bruecher_web_schmal\" src=\"https:\/\/gruene-wuppertal.de\/fraktion\/wp-content\/uploads\/2015\/05\/Bettina_Bruecher_web_schmal-150x150.jpg\" width=\"150\" height=\"150\" \/><\/a>07.09.15<\/strong><\/p>\n<p>Sehr geehrter Herr Oberb\u00fcrgermeister,<br \/>\nmeine Damen und Herren,<\/p>\n<p>aus den Reihen des Klimab\u00fcndnis\u00a0 ist eine Initiative entstanden, die fordert, dass sich die Mitgliedskommunen zur TTIP bzw. CETA \u2013 freien Stadt oder Gemeinde erkl\u00e4ren.<\/p>\n<p>Diese Initiative will die Fraktion B\u00dcNDNIS 90\/DIE GR\u00dcNEN gerne aufgreifen und bittet den Rat der Stadt Wuppertal, eine entsprechende Resolution zu beschlie\u00dfen.<\/p>\n<p>Die geplanten Freihandelsabkommen zwischen der EU und den USA bzw. Kanada lassen bef\u00fcrchten, dass \u00f6kologische, soziale und Verbraucherschutzstandards in Europa geopfert werden sollen. B\u00fcrgerinnen und B\u00fcrger sowie\u00a0 gesellschaftliche Institutionen wie Gewerkschaften oder Umweltorganisationen haben gro\u00dfe Zweifel an der Sinnhaftigkeit von TTIP und bem\u00e4ngeln das v\u00f6llig intransparente Verfahren. Es besteht die Gefahr, dass gesellschaftliche Errungenschaften im sozialen und \u00f6kologischen Sektor in Frage gestellt werden.<\/p>\n<p>Das Freihandelsabkommen soll \u00a0Entsch\u00e4digungsklagen von Investoren auch gegen\u00fcber St\u00e4dten und Gemeinden erm\u00f6glichen, denn CETA und TTIP basieren auf dem Prinzip des \u00fcbergeordneten Investorenschutzes. Auch wenn im Interesse von Handelsbeziehungen Investorenrechte zu wahren sind, d\u00fcrfen diese nicht \u00fcber den Interessen der Allgemeinheit stehen und die Gestaltungsfreiheit und Daseinsvorsorge der Kommunen schw\u00e4chen.<\/p>\n<p>Die Klima-B\u00fcndnis-Kommunen \u2013 so auch Wuppertal &#8211;\u00a0 haben sich den Klimaschutz, die St\u00e4rkung der Regionalit\u00e4t und \u00a0auch die Rechte der L\u00e4nder des S\u00fcdens auf die Fahnen geschrieben.\u00a0 Sie stehen f\u00fcr B\u00fcrgerrechte, starke Kommunen\u00a0 und f\u00fcr die Souver\u00e4nit\u00e4t der nationalen Parlamente. Diese Werte sehen wir durch TTIP und CETA gef\u00e4hrdet.<\/p>\n<p>Daher bittet die Fraktion B\u00dcNDNIS 90\/DIE GR\u00dcNEN den Rat der Stadt Wuppertal die Ihnen vorliegende Resolution zu beschlie\u00dfen und Wuppertal zur TTIP-freien Stadt zu erkl\u00e4ren.<\/p>\n","protected":false},"excerpt":{"rendered":"<p>Rede unserer B\u00fcrgermeisterin Bettina Br\u00fccher in der Ratssitzung am 07.09.15 Sehr geehrter Herr Oberb\u00fcrgermeister, meine Damen und Herren, aus den Reihen des Klimab\u00fcndnis\u00a0 ist eine Initiative entstanden, die fordert, dass sich die Mitgliedskommunen zur TTIP bzw. CETA \u2013 freien Stadt oder Gemeinde erkl\u00e4ren. Diese Initiative&#8230;<\/p>\n","protected":false},"author":6,"featured_media":0,"menu_order":0,"comment_status":"closed","ping_status":"closed","template":"","meta":{"_wp_rev_ctl_limit":""},"themen":[24,34,36,23,74],"yoast_head":"<!-- This site is optimized with the Yoast SEO plugin v21.8 - https:\/\/yoast.com\/wordpress\/plugins\/seo\/ -->\n<title>Resolution: Wuppertal erkl\u00e4rt sich zur TTIP\/CETA freien Kommune - Fraktion von B\u00fcndnis 90 \/ DIE GR\u00dcNEN im Rat der Stadt Wuppertal<\/title>\n<meta name=\"robots\" content=\"index, follow, max-snippet:-1, max-image-preview:large, max-video-preview:-1\" \/>\n<link rel=\"canonical\" href=\"https:\/\/gruene-wuppertal.de\/fraktion\/ausderratsfraktion\/resolution-wuppertal-erklart-sich-zur-ttipceta-freien-kommune\/\" \/>\n<meta property=\"og:locale\" content=\"de_DE\" \/>\n<meta property=\"og:type\" content=\"article\" \/>\n<meta property=\"og:title\" content=\"Resolution: Wuppertal erkl\u00e4rt sich zur TTIP\/CETA freien Kommune - Fraktion von B\u00fcndnis 90 \/ DIE GR\u00dcNEN im Rat der Stadt Wuppertal\" \/>\n<meta property=\"og:description\" content=\"Rede unserer B\u00fcrgermeisterin Bettina Br\u00fccher in der Ratssitzung am 07.09.15 Sehr geehrter Herr Oberb\u00fcrgermeister, meine Damen und Herren, aus den Reihen des Klimab\u00fcndnis\u00a0 ist eine Initiative entstanden, die fordert, dass sich die Mitgliedskommunen zur TTIP bzw. CETA \u2013 freien Stadt oder Gemeinde erkl\u00e4ren. Diese Initiative...\" \/>\n<meta property=\"og:url\" content=\"https:\/\/gruene-wuppertal.de\/fraktion\/ausderratsfraktion\/resolution-wuppertal-erklart-sich-zur-ttipceta-freien-kommune\/\" \/>\n<meta property=\"og:site_name\" content=\"Fraktion von B\u00fcndnis 90 \/ DIE GR\u00dcNEN im Rat der Stadt Wuppertal\" \/>\n<meta property=\"og:image\" content=\"https:\/\/gruene-wuppertal.de\/fraktion\/wp-content\/uploads\/2015\/05\/Bettina_Bruecher_web_schmal-150x150.jpg\" \/>\n<meta name=\"twitter:card\" content=\"summary_large_image\" \/>\n<meta name=\"twitter:label1\" content=\"Gesch\u00e4tzte Lesezeit\" \/>\n\t<meta name=\"twitter:data1\" content=\"1 Minute\" \/>\n<script type=\"application\/ld+json\" class=\"yoast-schema-graph\">{\"@context\":\"https:\/\/schema.org\",\"@graph\":[{\"@type\":\"WebPage\",\"@id\":\"https:\/\/gruene-wuppertal.de\/fraktion\/ausderratsfraktion\/resolution-wuppertal-erklart-sich-zur-ttipceta-freien-kommune\/\",\"url\":\"https:\/\/gruene-wuppertal.de\/fraktion\/ausderratsfraktion\/resolution-wuppertal-erklart-sich-zur-ttipceta-freien-kommune\/\",\"name\":\"Resolution: Wuppertal erkl\u00e4rt sich zur TTIP\/CETA freien Kommune - Fraktion von B\u00fcndnis 90 \/ DIE GR\u00dcNEN im Rat der Stadt Wuppertal\",\"isPartOf\":{\"@id\":\"https:\/\/gruene-wuppertal.de\/fraktion\/#website\"},\"datePublished\":\"2015-09-10T09:20:45+00:00\",\"dateModified\":\"2015-09-10T09:20:45+00:00\",\"breadcrumb\":{\"@id\":\"https:\/\/gruene-wuppertal.de\/fraktion\/ausderratsfraktion\/resolution-wuppertal-erklart-sich-zur-ttipceta-freien-kommune\/#breadcrumb\"},\"inLanguage\":\"de-DE\",\"potentialAction\":[{\"@type\":\"ReadAction\",\"target\":[\"https:\/\/gruene-wuppertal.de\/fraktion\/ausderratsfraktion\/resolution-wuppertal-erklart-sich-zur-ttipceta-freien-kommune\/\"]}]},{\"@type\":\"BreadcrumbList\",\"@id\":\"https:\/\/gruene-wuppertal.de\/fraktion\/ausderratsfraktion\/resolution-wuppertal-erklart-sich-zur-ttipceta-freien-kommune\/#breadcrumb\",\"itemListElement\":[{\"@type\":\"ListItem\",\"position\":1,\"name\":\"Startseite\",\"item\":\"https:\/\/gruene-wuppertal.de\/fraktion\/\"},{\"@type\":\"ListItem\",\"position\":2,\"name\":\"Resolution: Wuppertal erkl\u00e4rt sich zur TTIP\/CETA freien Kommune\"}]},{\"@type\":\"WebSite\",\"@id\":\"https:\/\/gruene-wuppertal.de\/fraktion\/#website\",\"url\":\"https:\/\/gruene-wuppertal.de\/fraktion\/\",\"name\":\"Fraktion von B\u00fcndnis 90 \/ DIE GR\u00dcNEN im Rat der Stadt Wuppertal\",\"description\":\"\",\"potentialAction\":[{\"@type\":\"SearchAction\",\"target\":{\"@type\":\"EntryPoint\",\"urlTemplate\":\"https:\/\/gruene-wuppertal.de\/fraktion\/?s={search_term_string}\"},\"query-input\":\"required name=search_term_string\"}],\"inLanguage\":\"de-DE\"}]}<\/script>\n<!-- \/ Yoast SEO plugin. -->","yoast_head_json":{"title":"Resolution: Wuppertal erkl\u00e4rt sich zur TTIP\/CETA freien Kommune - Fraktion von B\u00fcndnis 90 \/ DIE GR\u00dcNEN im Rat der Stadt Wuppertal","robots":{"index":"index","follow":"follow","max-snippet":"max-snippet:-1","max-image-preview":"max-image-preview:large","max-video-preview":"max-video-preview:-1"},"canonical":"https:\/\/gruene-wuppertal.de\/fraktion\/ausderratsfraktion\/resolution-wuppertal-erklart-sich-zur-ttipceta-freien-kommune\/","og_locale":"de_DE","og_type":"article","og_title":"Resolution: Wuppertal erkl\u00e4rt sich zur TTIP\/CETA freien Kommune - Fraktion von B\u00fcndnis 90 \/ DIE GR\u00dcNEN im Rat der Stadt Wuppertal","og_description":"Rede unserer B\u00fcrgermeisterin Bettina Br\u00fccher in der Ratssitzung am 07.09.15 Sehr geehrter Herr Oberb\u00fcrgermeister, meine Damen und Herren, aus den Reihen des Klimab\u00fcndnis\u00a0 ist eine Initiative entstanden, die fordert, dass sich die Mitgliedskommunen zur TTIP bzw. CETA \u2013 freien Stadt oder Gemeinde erkl\u00e4ren. Diese Initiative...","og_url":"https:\/\/gruene-wuppertal.de\/fraktion\/ausderratsfraktion\/resolution-wuppertal-erklart-sich-zur-ttipceta-freien-kommune\/","og_site_name":"Fraktion von B\u00fcndnis 90 \/ DIE GR\u00dcNEN im Rat der Stadt Wuppertal","og_image":[{"url":"https:\/\/gruene-wuppertal.de\/fraktion\/wp-content\/uploads\/2015\/05\/Bettina_Bruecher_web_schmal-150x150.jpg"}],"twitter_card":"summary_large_image","twitter_misc":{"Gesch\u00e4tzte Lesezeit":"1 Minute"},"schema":{"@context":"https:\/\/schema.org","@graph":[{"@type":"WebPage","@id":"https:\/\/gruene-wuppertal.de\/fraktion\/ausderratsfraktion\/resolution-wuppertal-erklart-sich-zur-ttipceta-freien-kommune\/","url":"https:\/\/gruene-wuppertal.de\/fraktion\/ausderratsfraktion\/resolution-wuppertal-erklart-sich-zur-ttipceta-freien-kommune\/","name":"Resolution: Wuppertal erkl\u00e4rt sich zur TTIP\/CETA freien Kommune - Fraktion von B\u00fcndnis 90 \/ DIE GR\u00dcNEN im Rat der Stadt Wuppertal","isPartOf":{"@id":"https:\/\/gruene-wuppertal.de\/fraktion\/#website"},"datePublished":"2015-09-10T09:20:45+00:00","dateModified":"2015-09-10T09:20:45+00:00","breadcrumb":{"@id":"https:\/\/gruene-wuppertal.de\/fraktion\/ausderratsfraktion\/resolution-wuppertal-erklart-sich-zur-ttipceta-freien-kommune\/#breadcrumb"},"inLanguage":"de-DE","potentialAction":[{"@type":"ReadAction","target":["https:\/\/gruene-wuppertal.de\/fraktion\/ausderratsfraktion\/resolution-wuppertal-erklart-sich-zur-ttipceta-freien-kommune\/"]}]},{"@type":"BreadcrumbList","@id":"https:\/\/gruene-wuppertal.de\/fraktion\/ausderratsfraktion\/resolution-wuppertal-erklart-sich-zur-ttipceta-freien-kommune\/#breadcrumb","itemListElement":[{"@type":"ListItem","position":1,"name":"Startseite","item":"https:\/\/gruene-wuppertal.de\/fraktion\/"},{"@type":"ListItem","position":2,"name":"Resolution: Wuppertal erkl\u00e4rt sich zur TTIP\/CETA freien Kommune"}]},{"@type":"WebSite","@id":"https:\/\/gruene-wuppertal.de\/fraktion\/#website","url":"https:\/\/gruene-wuppertal.de\/fraktion\/","name":"Fraktion von B\u00fcndnis 90 \/ DIE GR\u00dcNEN im Rat der Stadt Wuppertal","description":"","potentialAction":[{"@type":"SearchAction","target":{"@type":"EntryPoint","urlTemplate":"https:\/\/gruene-wuppertal.de\/fraktion\/?s={search_term_string}"},"query-input":"required name=search_term_string"}],"inLanguage":"de-DE"}]}},"post_mailing_queue_ids":[],"_links":{"self":[{"href":"https:\/\/gruene-wuppertal.de\/fraktion\/wp-json\/wp\/v2\/ausderratsfraktion\/7686"}],"collection":[{"href":"https:\/\/gruene-wuppertal.de\/fraktion\/wp-json\/wp\/v2\/ausderratsfraktion"}],"about":[{"href":"https:\/\/gruene-wuppertal.de\/fraktion\/wp-json\/wp\/v2\/types\/ausderratsfraktion"}],"author":[{"embeddable":true,"href":"https:\/\/gruene-wuppertal.de\/fraktion\/wp-json\/wp\/v2\/users\/6"}],"replies":[{"embeddable":true,"href":"https:\/\/gruene-wuppertal.de\/fraktion\/wp-json\/wp\/v2\/comments?post=7686"}],"version-history":[{"count":0,"href":"https:\/\/gruene-wuppertal.de\/fraktion\/wp-json\/wp\/v2\/ausderratsfraktion\/7686\/revisions"}],"wp:attachment":[{"href":"https:\/\/gruene-wuppertal.de\/fraktion\/wp-json\/wp\/v2\/media?parent=7686"}],"wp:term":[{"taxonomy":"themen","embeddable":true,"href":"https:\/\/gruene-wuppertal.de\/fraktion\/wp-json\/wp\/v2\/themen?post=7686"}],"curies":[{"name":"wp","href":"https:\/\/api.w.org\/{rel}","templated":true}]}}