{"id":259,"date":"2008-11-11T00:00:00","date_gmt":"2008-11-11T00:00:00","guid":{"rendered":"https:\/\/gruene-wuppertal.de\/fraktion\/ausderratsfraktion\/u3-betreuung-resolution\/"},"modified":"2008-11-11T00:00:00","modified_gmt":"2008-11-11T00:00:00","slug":"u3-betreuung-resolution","status":"publish","type":"ausderratsfraktion","link":"https:\/\/gruene-wuppertal.de\/fraktion\/ausderratsfraktion\/u3-betreuung-resolution\/","title":{"rendered":"U3-Betreuung &#8211; Resolution &#8211;"},"content":{"rendered":"<p>Sehr geehrter Herr Oberb\u00fcrgermeister, meine Damen und Herren.<\/p>\n<p> Heute liegen Ihnen zum Thema weiterer Ausbau der U3-Betreuung zwei Resolutionen vor, ich werde ihnen schildern, warum der von B\u00fcndnis90\/DIE GR\u00dcNEN eingebrachte Vorschlag der exakter formulierte ist.<\/p>\n<p> Mit Verabschiedung des TAG auf Bundesebene im August 2007 hat der Bund den L\u00e4ndern insgesamt 4 Milliarden Euro f\u00fcr den Ausbau der U3-Betreuung bis 2013 zugesagt. Diese Mittel sollten vollst\u00e4ndig den Kommunen zuflie\u00dfen, die L\u00e4nder haben dies wiederum zugesagt. <\/p>\n<p> Die Realit\u00e4t sieht heute leider anders aus. Die vom Bund f\u00fcr das Jahr 2009 f\u00fcr NRW vorgesehenen \u00c4 21,6 Mio f\u00fcr die Betriebskosten kommen nicht bei den Kommunen an. Das Land finanziert laut Haushaltsplan damit seine eigenen Zusch\u00fcsse an die \u00f6rtlichen Jugend\u00e4mter. Lediglich \u00c4 5 Mio. sollen \u00fcber das Gemeindefinanzierungsgesetz an die Kommunen weitergegeben werden.<\/p>\n<p> Als Sparma\u00dfnahme sollen zudem 2009 alle 11.000 neuen U3-Pl\u00e4tze auschlie\u00dflich als 25-Stunden-Pl\u00e4tze angeboten werden. Dies widerspricht in besonderer Weise der Wahlfreiheit der Eltern in Bezug auf den Umfang der Betreuung. Zudem werden die 11 Tausend neuen U3-Pl\u00e4tze ausschlie\u00dflich f\u00fcr zweij\u00e4hrige Kinder vorgesehen sein. <\/p>\n<p> Dies macht die Sache f\u00fcr die Landesregierung dann erneut billiger, da die Kindpauschalen dem Gruppentyp I zugordnet werden.<\/p>\n<p> Meine Damen und Herren, das Land darf sich die vom Bund gezahlten  \u00c4 22 Mio. nicht &#8220; auch nicht teilweise &#8220; zur Deckung der eigenen Ausgaben einverleiben. <\/p>\n<p> Der Hauptgesch\u00e4ftsf\u00fchrer des deutschen St\u00e4dtetages, Dr. Stephan Articus hierzu: &#8222;Damit der Ausbau der Betreungspl\u00e4tze durch die Kommunen z\u00fcgig und konsequent umgesetzt werden kann,stehen die L\u00e4nder den Kommunen in der Pflicht, die mit dem Gesetz verbundenen zus\u00e4tzlichen Aufgaben finanziell auszugleichen.<\/p>\n<p> Zudem muss dringend die Deckelung der neuen U3-Pl\u00e4tze auf 25 Stunden Umfang aufgehoben werden. Die Wahlm\u00f6glichkeiten der Eltern und die Planungsm\u00f6glichkeiten der kommunalen Jugendhilfe muss erhalten bleiben.<\/p>\n<p> Meine Damen und Herren, die Fraktion B\u00fcndnis90\/DIE GR\u00dcNEN bittet sie um Zustimmung zu dieser ersten -hinsichtlich der Forderungen an die Landesregierung sch\u00e4rfer formulierten- Resolution in dieser Sache         <\/p>\n","protected":false},"excerpt":{"rendered":"<p>Rede unseres kinder- und jugendpolitischen Sprechers, Paul Yves Ramette, in der Sitzung des Rates am 10.11.2008<\/p>\n","protected":false},"author":1,"featured_media":0,"menu_order":0,"comment_status":"closed","ping_status":"closed","template":"","meta":{"_wp_rev_ctl_limit":""},"themen":[],"yoast_head":"<!-- This site is optimized with the Yoast SEO plugin v21.8 - https:\/\/yoast.com\/wordpress\/plugins\/seo\/ -->\n<title>U3-Betreuung - Resolution - Fraktion von B\u00fcndnis 90 \/ DIE GR\u00dcNEN im Rat der Stadt Wuppertal<\/title>\n<meta name=\"robots\" content=\"index, follow, max-snippet:-1, max-image-preview:large, max-video-preview:-1\" \/>\n<link rel=\"canonical\" href=\"https:\/\/gruene-wuppertal.de\/fraktion\/ausderratsfraktion\/u3-betreuung-resolution\/\" \/>\n<meta property=\"og:locale\" content=\"de_DE\" \/>\n<meta property=\"og:type\" content=\"article\" \/>\n<meta property=\"og:title\" content=\"U3-Betreuung - Resolution - Fraktion von B\u00fcndnis 90 \/ DIE GR\u00dcNEN im Rat der Stadt Wuppertal\" \/>\n<meta property=\"og:description\" content=\"Rede unseres kinder- und jugendpolitischen Sprechers, Paul Yves Ramette, in der Sitzung des Rates am 10.11.2008\" \/>\n<meta property=\"og:url\" content=\"https:\/\/gruene-wuppertal.de\/fraktion\/ausderratsfraktion\/u3-betreuung-resolution\/\" \/>\n<meta property=\"og:site_name\" content=\"Fraktion von B\u00fcndnis 90 \/ DIE GR\u00dcNEN im Rat der Stadt Wuppertal\" \/>\n<meta name=\"twitter:card\" content=\"summary_large_image\" \/>\n<meta name=\"twitter:label1\" content=\"Gesch\u00e4tzte Lesezeit\" \/>\n\t<meta name=\"twitter:data1\" content=\"2 Minuten\" \/>\n<script type=\"application\/ld+json\" class=\"yoast-schema-graph\">{\"@context\":\"https:\/\/schema.org\",\"@graph\":[{\"@type\":\"WebPage\",\"@id\":\"https:\/\/gruene-wuppertal.de\/fraktion\/ausderratsfraktion\/u3-betreuung-resolution\/\",\"url\":\"https:\/\/gruene-wuppertal.de\/fraktion\/ausderratsfraktion\/u3-betreuung-resolution\/\",\"name\":\"U3-Betreuung - Resolution - Fraktion von B\u00fcndnis 90 \/ DIE GR\u00dcNEN im Rat der Stadt Wuppertal\",\"isPartOf\":{\"@id\":\"https:\/\/gruene-wuppertal.de\/fraktion\/#website\"},\"datePublished\":\"2008-11-11T00:00:00+00:00\",\"dateModified\":\"2008-11-11T00:00:00+00:00\",\"breadcrumb\":{\"@id\":\"https:\/\/gruene-wuppertal.de\/fraktion\/ausderratsfraktion\/u3-betreuung-resolution\/#breadcrumb\"},\"inLanguage\":\"de-DE\",\"potentialAction\":[{\"@type\":\"ReadAction\",\"target\":[\"https:\/\/gruene-wuppertal.de\/fraktion\/ausderratsfraktion\/u3-betreuung-resolution\/\"]}]},{\"@type\":\"BreadcrumbList\",\"@id\":\"https:\/\/gruene-wuppertal.de\/fraktion\/ausderratsfraktion\/u3-betreuung-resolution\/#breadcrumb\",\"itemListElement\":[{\"@type\":\"ListItem\",\"position\":1,\"name\":\"Startseite\",\"item\":\"https:\/\/gruene-wuppertal.de\/fraktion\/\"},{\"@type\":\"ListItem\",\"position\":2,\"name\":\"U3-Betreuung &#8211; Resolution &#8211;\"}]},{\"@type\":\"WebSite\",\"@id\":\"https:\/\/gruene-wuppertal.de\/fraktion\/#website\",\"url\":\"https:\/\/gruene-wuppertal.de\/fraktion\/\",\"name\":\"Fraktion von B\u00fcndnis 90 \/ DIE GR\u00dcNEN im Rat der Stadt Wuppertal\",\"description\":\"\",\"potentialAction\":[{\"@type\":\"SearchAction\",\"target\":{\"@type\":\"EntryPoint\",\"urlTemplate\":\"https:\/\/gruene-wuppertal.de\/fraktion\/?s={search_term_string}\"},\"query-input\":\"required name=search_term_string\"}],\"inLanguage\":\"de-DE\"}]}<\/script>\n<!-- \/ Yoast SEO plugin. -->","yoast_head_json":{"title":"U3-Betreuung - Resolution - Fraktion von B\u00fcndnis 90 \/ DIE GR\u00dcNEN im Rat der Stadt Wuppertal","robots":{"index":"index","follow":"follow","max-snippet":"max-snippet:-1","max-image-preview":"max-image-preview:large","max-video-preview":"max-video-preview:-1"},"canonical":"https:\/\/gruene-wuppertal.de\/fraktion\/ausderratsfraktion\/u3-betreuung-resolution\/","og_locale":"de_DE","og_type":"article","og_title":"U3-Betreuung - Resolution - Fraktion von B\u00fcndnis 90 \/ DIE GR\u00dcNEN im Rat der Stadt Wuppertal","og_description":"Rede unseres kinder- und jugendpolitischen Sprechers, Paul Yves Ramette, in der Sitzung des Rates am 10.11.2008","og_url":"https:\/\/gruene-wuppertal.de\/fraktion\/ausderratsfraktion\/u3-betreuung-resolution\/","og_site_name":"Fraktion von B\u00fcndnis 90 \/ DIE GR\u00dcNEN im Rat der Stadt Wuppertal","twitter_card":"summary_large_image","twitter_misc":{"Gesch\u00e4tzte Lesezeit":"2 Minuten"},"schema":{"@context":"https:\/\/schema.org","@graph":[{"@type":"WebPage","@id":"https:\/\/gruene-wuppertal.de\/fraktion\/ausderratsfraktion\/u3-betreuung-resolution\/","url":"https:\/\/gruene-wuppertal.de\/fraktion\/ausderratsfraktion\/u3-betreuung-resolution\/","name":"U3-Betreuung - Resolution - Fraktion von B\u00fcndnis 90 \/ DIE GR\u00dcNEN im Rat der Stadt Wuppertal","isPartOf":{"@id":"https:\/\/gruene-wuppertal.de\/fraktion\/#website"},"datePublished":"2008-11-11T00:00:00+00:00","dateModified":"2008-11-11T00:00:00+00:00","breadcrumb":{"@id":"https:\/\/gruene-wuppertal.de\/fraktion\/ausderratsfraktion\/u3-betreuung-resolution\/#breadcrumb"},"inLanguage":"de-DE","potentialAction":[{"@type":"ReadAction","target":["https:\/\/gruene-wuppertal.de\/fraktion\/ausderratsfraktion\/u3-betreuung-resolution\/"]}]},{"@type":"BreadcrumbList","@id":"https:\/\/gruene-wuppertal.de\/fraktion\/ausderratsfraktion\/u3-betreuung-resolution\/#breadcrumb","itemListElement":[{"@type":"ListItem","position":1,"name":"Startseite","item":"https:\/\/gruene-wuppertal.de\/fraktion\/"},{"@type":"ListItem","position":2,"name":"U3-Betreuung &#8211; Resolution &#8211;"}]},{"@type":"WebSite","@id":"https:\/\/gruene-wuppertal.de\/fraktion\/#website","url":"https:\/\/gruene-wuppertal.de\/fraktion\/","name":"Fraktion von B\u00fcndnis 90 \/ DIE GR\u00dcNEN im Rat der Stadt Wuppertal","description":"","potentialAction":[{"@type":"SearchAction","target":{"@type":"EntryPoint","urlTemplate":"https:\/\/gruene-wuppertal.de\/fraktion\/?s={search_term_string}"},"query-input":"required name=search_term_string"}],"inLanguage":"de-DE"}]}},"post_mailing_queue_ids":[],"_links":{"self":[{"href":"https:\/\/gruene-wuppertal.de\/fraktion\/wp-json\/wp\/v2\/ausderratsfraktion\/259"}],"collection":[{"href":"https:\/\/gruene-wuppertal.de\/fraktion\/wp-json\/wp\/v2\/ausderratsfraktion"}],"about":[{"href":"https:\/\/gruene-wuppertal.de\/fraktion\/wp-json\/wp\/v2\/types\/ausderratsfraktion"}],"author":[{"embeddable":true,"href":"https:\/\/gruene-wuppertal.de\/fraktion\/wp-json\/wp\/v2\/users\/1"}],"replies":[{"embeddable":true,"href":"https:\/\/gruene-wuppertal.de\/fraktion\/wp-json\/wp\/v2\/comments?post=259"}],"version-history":[{"count":0,"href":"https:\/\/gruene-wuppertal.de\/fraktion\/wp-json\/wp\/v2\/ausderratsfraktion\/259\/revisions"}],"wp:attachment":[{"href":"https:\/\/gruene-wuppertal.de\/fraktion\/wp-json\/wp\/v2\/media?parent=259"}],"wp:term":[{"taxonomy":"themen","embeddable":true,"href":"https:\/\/gruene-wuppertal.de\/fraktion\/wp-json\/wp\/v2\/themen?post=259"}],"curies":[{"name":"wp","href":"https:\/\/api.w.org\/{rel}","templated":true}]}}