{"id":8794,"date":"2016-05-03T11:55:26","date_gmt":"2016-05-03T11:55:26","guid":{"rendered":"https:\/\/gruene-wuppertal.de\/fraktion\/?post_type=antraege&amp;p=8794"},"modified":"2016-05-03T11:55:26","modified_gmt":"2016-05-03T11:55:26","slug":"grosveranstaltungen-und-stadtteilfeste-in-wuppertal-weiterhin-ermoglichen","status":"publish","type":"antraege","link":"https:\/\/gruene-wuppertal.de\/fraktion\/antraege\/grosveranstaltungen-und-stadtteilfeste-in-wuppertal-weiterhin-ermoglichen\/","title":{"rendered":"Gro\u00dfveranstaltungen und Stadtteilfeste in Wuppertal weiterhin erm\u00f6glichen"},"content":{"rendered":"<p><strong>Antrag der Fraktionen B\u00dcNDNIS 90\/DIE GR\u00dcNEN und FDP an den <\/strong><b>Ausschuss f\u00fcr Ordnung, Sicherheit und Sauberkeit am 21.06.2016, den Hauptausschuss am 29.06.2016 und den\u00a0Rat der Stadt Wuppertal am\u00a0<strong> 04.07.2016<\/strong><br \/>\n<\/b><\/p>\n<p><strong>Der Antrag wurde zur\u00fcckgezogen.<\/strong><\/p>\n<p>Sehr geehrter Herr Todtenhausen,<br \/>\nsehr geehrter Herr Oberb\u00fcrgermeister,<\/p>\n<p>in Wuppertal gab es bei drei Gro\u00dfveranstaltungen in der j\u00fcngeren Vergangenheit enorme Probleme aufgrund von hohen und teilweise nur kurzfristig kommunizierten\u00a0Sicherheitsauflagen.<\/p>\n<p>Um dies in Zukunft zu vermeiden bitten wir die Mitglieder des Rates, folgenden Beschluss zu fassen:<br \/>\n1. Die Stadtverwaltung stellt ihr Sicherheitskonzept f\u00fcr Veranstaltungen in Wuppertal mit den aktuell geltenden Sicherheitsauflagen im Ausschuss f\u00fcr Ordnung, Sicherheit und Sauberkeit und Betriebsausschuss ESW vor.<\/p>\n<p>2. Die Stadt unterst\u00fctzt die Veranstalter*innen dabei, das regelm\u00e4\u00dfig ben\u00f6tigte technische Equipment zusammenzustellen.<\/p>\n<p>3. Die Stadt geht proaktiv auf die Veranstalter*innen zu und erfragt den Bedarf an Unterst\u00fctzung.<\/p>\n<p><strong>Begr\u00fcndung:<br \/>\n<\/strong>Die Stadt Wuppertal hat die Aufgabe, eine angemessene Abw\u00e4gung von berechtigten Sicherheitsinteressen und attraktiven Freizeit- und Veranstaltungsangeboten in unserer Stadt vorzunehmen.<\/p>\n<p>Zuk\u00fcnftig sollen die Organisator*innen solcher Veranstaltungen fr\u00fchzeitig und umfassend \u00fcber den aktuellen Sachstand der Sicherheitsauflagen informiert werden, damit sie diese rechtzeitig in ihre Planungen einbeziehen k\u00f6nnen. Die Stadt darf nicht erst t\u00e4tig werden, wenn die Durchf\u00fchrung einer Veranstaltung zu scheitern droht.<\/p>\n<p>Nur so kann gew\u00e4hrleistet werden, dass die vorwiegend ehrenamtlich organisierten traditionellen Stadtteilfeste und Gro\u00dfveranstaltungen in Wuppertal weiterhin stattfinden k\u00f6nnen.<\/p>\n<p>Probleme bei der Umsetzung von Sicherheitsauflagen wie des Bleicherfestes k\u00f6nnen im Vorfeld abgemildert, wenn nicht gar vermieden werden. Daf\u00fcr ist es notwendig, dass die Stadt technisches Equipment vorh\u00e4lt, das f\u00fcr die Feste ausgeliehen wird.<\/p>\n<p>&nbsp;<\/p>\n<p>Mit freundlichen Gr\u00fc\u00dfen<\/p>\n<p>Marc Schulz \u00a0\u00a0\u00a0\u00a0\u00a0\u00a0\u00a0\u00a0\u00a0\u00a0\u00a0\u00a0\u00a0\u00a0\u00a0\u00a0\u00a0\u00a0\u00a0\u00a0\u00a0\u00a0\u00a0\u00a0\u00a0\u00a0\u00a0\u00a0\u00a0\u00a0\u00a0\u00a0\u00a0\u00a0\u00a0 Alexander Schmidt<br \/>\nFraktionsvorsitzender\u00a0\u00a0\u00a0\u00a0\u00a0\u00a0\u00a0\u00a0\u00a0\u00a0\u00a0\u00a0\u00a0\u00a0\u00a0\u00a0\u00a0\u00a0\u00a0\u00a0\u00a0 Fraktionsvorsitzender<\/p>\n<p>&nbsp;<\/p>\n<p>&nbsp;<\/p>\n","protected":false},"excerpt":{"rendered":"<p>Antrag der Fraktionen B\u00dcNDNIS 90\/DIE GR\u00dcNEN und FDP an den Ausschuss f\u00fcr Ordnung, Sicherheit und Sauberkeit am 21.06.2016, den Hauptausschuss am 29.06.2016 und den\u00a0Rat der Stadt Wuppertal am\u00a0 04.07.2016 Der Antrag wurde zur\u00fcckgezogen. Sehr geehrter Herr Todtenhausen, sehr geehrter Herr Oberb\u00fcrgermeister, in Wuppertal gab es&#8230;<\/p>\n","protected":false},"author":20,"featured_media":0,"menu_order":0,"comment_status":"closed","ping_status":"closed","template":"","meta":{"_wp_rev_ctl_limit":""},"themen":[79,58,100,22],"yoast_head":"<!-- This site is optimized with the Yoast SEO plugin v21.8 - https:\/\/yoast.com\/wordpress\/plugins\/seo\/ -->\n<title>Gro\u00dfveranstaltungen und Stadtteilfeste in Wuppertal weiterhin erm\u00f6glichen - Fraktion von B\u00fcndnis 90 \/ DIE GR\u00dcNEN im Rat der Stadt Wuppertal<\/title>\n<meta name=\"robots\" content=\"index, follow, max-snippet:-1, max-image-preview:large, max-video-preview:-1\" \/>\n<link rel=\"canonical\" href=\"https:\/\/gruene-wuppertal.de\/fraktion\/antraege\/grosveranstaltungen-und-stadtteilfeste-in-wuppertal-weiterhin-ermoglichen\/\" \/>\n<meta property=\"og:locale\" content=\"de_DE\" \/>\n<meta property=\"og:type\" content=\"article\" \/>\n<meta property=\"og:title\" content=\"Gro\u00dfveranstaltungen und Stadtteilfeste in Wuppertal weiterhin erm\u00f6glichen - Fraktion von B\u00fcndnis 90 \/ DIE GR\u00dcNEN im Rat der Stadt Wuppertal\" \/>\n<meta property=\"og:description\" content=\"Antrag der Fraktionen B\u00dcNDNIS 90\/DIE GR\u00dcNEN und FDP an den Ausschuss f\u00fcr Ordnung, Sicherheit und Sauberkeit am 21.06.2016, den Hauptausschuss am 29.06.2016 und den\u00a0Rat der Stadt Wuppertal am\u00a0 04.07.2016 Der Antrag wurde zur\u00fcckgezogen. Sehr geehrter Herr Todtenhausen, sehr geehrter Herr Oberb\u00fcrgermeister, in Wuppertal gab es...\" \/>\n<meta property=\"og:url\" content=\"https:\/\/gruene-wuppertal.de\/fraktion\/antraege\/grosveranstaltungen-und-stadtteilfeste-in-wuppertal-weiterhin-ermoglichen\/\" \/>\n<meta property=\"og:site_name\" content=\"Fraktion von B\u00fcndnis 90 \/ DIE GR\u00dcNEN im Rat der Stadt Wuppertal\" \/>\n<meta name=\"twitter:card\" content=\"summary_large_image\" \/>\n<meta name=\"twitter:label1\" content=\"Gesch\u00e4tzte Lesezeit\" \/>\n\t<meta name=\"twitter:data1\" content=\"1 Minute\" \/>\n<script type=\"application\/ld+json\" class=\"yoast-schema-graph\">{\"@context\":\"https:\/\/schema.org\",\"@graph\":[{\"@type\":\"WebPage\",\"@id\":\"https:\/\/gruene-wuppertal.de\/fraktion\/antraege\/grosveranstaltungen-und-stadtteilfeste-in-wuppertal-weiterhin-ermoglichen\/\",\"url\":\"https:\/\/gruene-wuppertal.de\/fraktion\/antraege\/grosveranstaltungen-und-stadtteilfeste-in-wuppertal-weiterhin-ermoglichen\/\",\"name\":\"Gro\u00dfveranstaltungen und Stadtteilfeste in Wuppertal weiterhin erm\u00f6glichen - Fraktion von B\u00fcndnis 90 \/ DIE GR\u00dcNEN im Rat der Stadt Wuppertal\",\"isPartOf\":{\"@id\":\"https:\/\/gruene-wuppertal.de\/fraktion\/#website\"},\"datePublished\":\"2016-05-03T11:55:26+00:00\",\"dateModified\":\"2016-05-03T11:55:26+00:00\",\"breadcrumb\":{\"@id\":\"https:\/\/gruene-wuppertal.de\/fraktion\/antraege\/grosveranstaltungen-und-stadtteilfeste-in-wuppertal-weiterhin-ermoglichen\/#breadcrumb\"},\"inLanguage\":\"de-DE\",\"potentialAction\":[{\"@type\":\"ReadAction\",\"target\":[\"https:\/\/gruene-wuppertal.de\/fraktion\/antraege\/grosveranstaltungen-und-stadtteilfeste-in-wuppertal-weiterhin-ermoglichen\/\"]}]},{\"@type\":\"BreadcrumbList\",\"@id\":\"https:\/\/gruene-wuppertal.de\/fraktion\/antraege\/grosveranstaltungen-und-stadtteilfeste-in-wuppertal-weiterhin-ermoglichen\/#breadcrumb\",\"itemListElement\":[{\"@type\":\"ListItem\",\"position\":1,\"name\":\"Startseite\",\"item\":\"https:\/\/gruene-wuppertal.de\/fraktion\/\"},{\"@type\":\"ListItem\",\"position\":2,\"name\":\"Gro\u00dfveranstaltungen und Stadtteilfeste in Wuppertal weiterhin erm\u00f6glichen\"}]},{\"@type\":\"WebSite\",\"@id\":\"https:\/\/gruene-wuppertal.de\/fraktion\/#website\",\"url\":\"https:\/\/gruene-wuppertal.de\/fraktion\/\",\"name\":\"Fraktion von B\u00fcndnis 90 \/ DIE GR\u00dcNEN im Rat der Stadt Wuppertal\",\"description\":\"\",\"potentialAction\":[{\"@type\":\"SearchAction\",\"target\":{\"@type\":\"EntryPoint\",\"urlTemplate\":\"https:\/\/gruene-wuppertal.de\/fraktion\/?s={search_term_string}\"},\"query-input\":\"required name=search_term_string\"}],\"inLanguage\":\"de-DE\"}]}<\/script>\n<!-- \/ Yoast SEO plugin. -->","yoast_head_json":{"title":"Gro\u00dfveranstaltungen und Stadtteilfeste in Wuppertal weiterhin erm\u00f6glichen - Fraktion von B\u00fcndnis 90 \/ DIE GR\u00dcNEN im Rat der Stadt Wuppertal","robots":{"index":"index","follow":"follow","max-snippet":"max-snippet:-1","max-image-preview":"max-image-preview:large","max-video-preview":"max-video-preview:-1"},"canonical":"https:\/\/gruene-wuppertal.de\/fraktion\/antraege\/grosveranstaltungen-und-stadtteilfeste-in-wuppertal-weiterhin-ermoglichen\/","og_locale":"de_DE","og_type":"article","og_title":"Gro\u00dfveranstaltungen und Stadtteilfeste in Wuppertal weiterhin erm\u00f6glichen - Fraktion von B\u00fcndnis 90 \/ DIE GR\u00dcNEN im Rat der Stadt Wuppertal","og_description":"Antrag der Fraktionen B\u00dcNDNIS 90\/DIE GR\u00dcNEN und FDP an den Ausschuss f\u00fcr Ordnung, Sicherheit und Sauberkeit am 21.06.2016, den Hauptausschuss am 29.06.2016 und den\u00a0Rat der Stadt Wuppertal am\u00a0 04.07.2016 Der Antrag wurde zur\u00fcckgezogen. Sehr geehrter Herr Todtenhausen, sehr geehrter Herr Oberb\u00fcrgermeister, in Wuppertal gab es...","og_url":"https:\/\/gruene-wuppertal.de\/fraktion\/antraege\/grosveranstaltungen-und-stadtteilfeste-in-wuppertal-weiterhin-ermoglichen\/","og_site_name":"Fraktion von B\u00fcndnis 90 \/ DIE GR\u00dcNEN im Rat der Stadt Wuppertal","twitter_card":"summary_large_image","twitter_misc":{"Gesch\u00e4tzte Lesezeit":"1 Minute"},"schema":{"@context":"https:\/\/schema.org","@graph":[{"@type":"WebPage","@id":"https:\/\/gruene-wuppertal.de\/fraktion\/antraege\/grosveranstaltungen-und-stadtteilfeste-in-wuppertal-weiterhin-ermoglichen\/","url":"https:\/\/gruene-wuppertal.de\/fraktion\/antraege\/grosveranstaltungen-und-stadtteilfeste-in-wuppertal-weiterhin-ermoglichen\/","name":"Gro\u00dfveranstaltungen und Stadtteilfeste in Wuppertal weiterhin erm\u00f6glichen - Fraktion von B\u00fcndnis 90 \/ DIE GR\u00dcNEN im Rat der Stadt Wuppertal","isPartOf":{"@id":"https:\/\/gruene-wuppertal.de\/fraktion\/#website"},"datePublished":"2016-05-03T11:55:26+00:00","dateModified":"2016-05-03T11:55:26+00:00","breadcrumb":{"@id":"https:\/\/gruene-wuppertal.de\/fraktion\/antraege\/grosveranstaltungen-und-stadtteilfeste-in-wuppertal-weiterhin-ermoglichen\/#breadcrumb"},"inLanguage":"de-DE","potentialAction":[{"@type":"ReadAction","target":["https:\/\/gruene-wuppertal.de\/fraktion\/antraege\/grosveranstaltungen-und-stadtteilfeste-in-wuppertal-weiterhin-ermoglichen\/"]}]},{"@type":"BreadcrumbList","@id":"https:\/\/gruene-wuppertal.de\/fraktion\/antraege\/grosveranstaltungen-und-stadtteilfeste-in-wuppertal-weiterhin-ermoglichen\/#breadcrumb","itemListElement":[{"@type":"ListItem","position":1,"name":"Startseite","item":"https:\/\/gruene-wuppertal.de\/fraktion\/"},{"@type":"ListItem","position":2,"name":"Gro\u00dfveranstaltungen und Stadtteilfeste in Wuppertal weiterhin erm\u00f6glichen"}]},{"@type":"WebSite","@id":"https:\/\/gruene-wuppertal.de\/fraktion\/#website","url":"https:\/\/gruene-wuppertal.de\/fraktion\/","name":"Fraktion von B\u00fcndnis 90 \/ DIE GR\u00dcNEN im Rat der Stadt Wuppertal","description":"","potentialAction":[{"@type":"SearchAction","target":{"@type":"EntryPoint","urlTemplate":"https:\/\/gruene-wuppertal.de\/fraktion\/?s={search_term_string}"},"query-input":"required name=search_term_string"}],"inLanguage":"de-DE"}]}},"post_mailing_queue_ids":[],"_links":{"self":[{"href":"https:\/\/gruene-wuppertal.de\/fraktion\/wp-json\/wp\/v2\/antraege\/8794"}],"collection":[{"href":"https:\/\/gruene-wuppertal.de\/fraktion\/wp-json\/wp\/v2\/antraege"}],"about":[{"href":"https:\/\/gruene-wuppertal.de\/fraktion\/wp-json\/wp\/v2\/types\/antraege"}],"author":[{"embeddable":true,"href":"https:\/\/gruene-wuppertal.de\/fraktion\/wp-json\/wp\/v2\/users\/20"}],"replies":[{"embeddable":true,"href":"https:\/\/gruene-wuppertal.de\/fraktion\/wp-json\/wp\/v2\/comments?post=8794"}],"version-history":[{"count":0,"href":"https:\/\/gruene-wuppertal.de\/fraktion\/wp-json\/wp\/v2\/antraege\/8794\/revisions"}],"wp:attachment":[{"href":"https:\/\/gruene-wuppertal.de\/fraktion\/wp-json\/wp\/v2\/media?parent=8794"}],"wp:term":[{"taxonomy":"themen","embeddable":true,"href":"https:\/\/gruene-wuppertal.de\/fraktion\/wp-json\/wp\/v2\/themen?post=8794"}],"curies":[{"name":"wp","href":"https:\/\/api.w.org\/{rel}","templated":true}]}}