{"id":608,"date":"2011-04-06T00:00:00","date_gmt":"2011-04-06T00:00:00","guid":{"rendered":"https:\/\/gruene-wuppertal.de\/fraktion\/antraege\/unternehmensinitiative-zur-forderung-von-vielfalt-in-unternehmen-chancen-der-charta-der-vielfalt-nutzen\/"},"modified":"2011-04-06T00:00:00","modified_gmt":"2011-04-06T00:00:00","slug":"unternehmensinitiative-zur-forderung-von-vielfalt-in-unternehmen-chancen-der-charta-der-vielfalt-nutzen","status":"publish","type":"antraege","link":"https:\/\/gruene-wuppertal.de\/fraktion\/antraege\/unternehmensinitiative-zur-forderung-von-vielfalt-in-unternehmen-chancen-der-charta-der-vielfalt-nutzen\/","title":{"rendered":"Unternehmensinitiative zur F\u00f6rderung von Vielfalt in Unternehmen Chancen der Charta der Vielfalt nutzen"},"content":{"rendered":"<p>Sehr geehrter Herr Oberb\u00fcrgermeister,<\/p>\n<p>die Fraktionen von CDU, SPD, B\u00fcndnis 90\/DIE GR\u00dcNEN, FDP, DIE LINKE und WfW beantragen, der Hauptausschuss und der Rat der Stadt Wuppertal m\u00f6gen wie folgt beschlie\u00dfen:<\/p>\n<p>Die Stadt Wuppertal tritt der \u201eCharta der Vielfalt\u201c bei.<\/p>\n<p>Dar\u00fcber hinaus f\u00f6rdert die Stadt Wuppertal alle Bem\u00fchungen f\u00fcr eine Vielfalt in Unternehmen, wie sie in der Charta der Vielfalt formuliert sind.<\/p>\n<p>Die Stadt ermuntert Wuppertaler Unternehmen, der Charta der Vielfalt beizutreten.<\/p>\n<p>Der Oberb\u00fcrgermeister wird gebeten, den Antrag zum Beitritt an die Beauftragte der Bundesregierung f\u00fcr Migration, Fl\u00fcchtlinge und Integration zu stellen.<\/p>\n<p><strong>Begr\u00fcndung:<\/strong> Die Charta der Vielfalt ist eine von der Bundesregierung begr\u00fc\u00dfte und unterst\u00fctzte Unternehmensinitiative zur F\u00f6rderung von Vielfalt in Unternehmen. Sie will Anerkennung, Wertsch\u00e4tzung und Einbeziehung von Vielfalt in die Unternehmenskultur in Deutschland voranbringen.<\/p>\n<p><span style=\"text-decoration: underline;\">Der Wortlaut der \u201eCharta der Vielfalt\u201c:<\/span>:<br \/>\n\u201eDie Vielfalt der modernen Gesellschaft, beeinflusst durch die Globalisierung und den demografischen Wandel, pr\u00e4gt das Wirtschaftsleben in Deutschland. Wir k\u00f6nnen wirtschaftlich nur erfolgreich sein, wenn wir die vorhandene Vielfalt erkennen und nutzen. Das betrifft die Vielfalt in unserer Belegschaft und die vielf\u00e4ltigen Bed\u00fcrfnisse unserer Kundinnen und Kunden sowie unserer Gesch\u00e4ftspartner. Die Vielfalt der Mitarbeiterinnen und Mitarbeiter mit ihren unterschiedlichen F\u00e4higkeiten und Talenten er\u00f6ffnet Chancen f\u00fcr innovative und kreative L\u00f6sungen.<br \/>\nDie Umsetzung der \u201eCharta der Vielfalt\u201c in unserem Unternehmen hat zum Ziel, ein Arbeitsumfeld zu schaffen, das frei von Vorurteilen ist. Alle Mitarbeite- rinnen und Mitarbeiter sollen Wertsch\u00e4tzung erfahren \u2013 unabh\u00e4ngig von Geschlecht, Rasse, Nationalit\u00e4t, ethnischer Herkunft, Religion oder Weltanschauung, Behinderung, Alter, sexueller Orientierung und Identit\u00e4t. Die Anerkennung und F\u00f6rderung dieser vielf\u00e4ltigen Potenziale schafft wirtschaftliche Vorteile f\u00fcr unser Unternehmen.<br \/>\nWir schaffen ein Klima der Akzeptanz und des gegenseitigen Vertrauens. Dieses hat positive Auswirkungen auf unser Ansehen bei Gesch\u00e4ftspartnern, Verbraucherinnen und Verbrauchern sowohl in Deutschland als auch in anderen L\u00e4ndern der Welt.<\/p>\n<p>Im Rahmen dieser Charta werden wir<\/p>\n<p>1. eine Unternehmenskultur pflegen, die von gegenseitigem Respekt und Wertsch\u00e4tzung jedes Einzelnen gepr\u00e4gt ist. Wir schaffen die Voraussetzungen daf\u00fcr, dass Vorgesetzte wie Mitarbeiterinnen und Mitarbeiter diese Werte erkennen, teilen und leben. Dabei kommt den F\u00fchrungskr\u00e4ften bzw. Vorgesetzten eine besondere Verpflichtung zu;<\/p>\n<p>2. unsere Personalprozesse \u00fcberpr\u00fcfen und sicherstellen, dass diese den vielf\u00e4ltigen F\u00e4higkeiten und Talenten aller Mitarbeiterinnen und Mitarbeiter sowie unserem Leistungsanspruch gerecht werden;<\/p>\n<p>3. die Vielfalt der Gesellschaft innerhalb und au\u00dferhalb des Unternehmens anerkennen, die darin liegenden Potenziale wertsch\u00e4tzen und f\u00fcr das Unter- nehmen gewinnbringend einsetzen;<\/p>\n<p>4. die Umsetzung der Charta zum Thema des internen und externen Dialogs machen;<\/p>\n<p>5. \u00fcber unsere Aktivit\u00e4ten und den Fortschritt bei der F\u00f6rderung der Vielfalt und Wertsch\u00e4tzung j\u00e4hrlich \u00f6ffentlich Auskunft geben;<\/p>\n<p>6. unsere Mitarbeiterinnen und Mitarbeiter \u00fcber Diversity informieren und sie bei der Umsetzung der Charta einbeziehen.<\/p>\n<p>Wir sind \u00fcberzeugt: Gelebte Vielfalt und Wertsch\u00e4tzung dieser Vielfalt hat eine positive Auswirkung auf die Gesellschaft in Deutschland.\u201c<\/p>\n<p>Die Charta der Vielfalt wurde im Dezember 2006 ins Leben gerufen. \u00dcber 700 Unternehmen, \u00f6ffentliche Einrichtungen und diverse St\u00e4dte sind seitdem der Charta beigetreten. Erstunterzeichner waren DaimlerChrysler, die Deutsche Bank, die Deutsche BP und die Deutsche Telekom AG. Inzwischen haben auch der Deutsche Bundestag, die Agentur f\u00fcr Arbeit und sowie die St\u00e4dte Osnabr\u00fcck, Ravensburg, Aachen, Bielefeld, Hattingen, M\u00fcnster, die Bezirksregierung Detmold u.a. der Charta unterzeichnet.<\/p>\n<p>Unabh\u00e4ngig von Geschlecht, Nationalit\u00e4t, ethnischer Herkunft, Religion oder Weltanschauung, Behinderung, Alter, sexueller Orientierung und Identit\u00e4t sollen alle Mitarbeiterinnen und Mitarbeiter in einem Umfeld arbeiten k\u00f6nnen, das frei von Vorurteilen ist. Unterschiedliche F\u00e4higkeiten und Talente er\u00f6ffnen Unternehmen und Verwaltungen Chancen f\u00fcr Innovationen und kreative L\u00f6sungen. Vielfalt ist ein wirtschaftlicher Erfolgsfaktor. Die zunehmende Verbreitung von Diversit\u00e4tsans\u00e4tzen und weiteren gleichstellungspolitischen Ma\u00dfnahmen zeigt, dass die Wirtschaft die Themen Gleichbehandlung und Vielfalt als Chance f\u00fcr wirtschaftlichen Erfolg entdeckt hat. So ist der Personalentwicklungsansatz \u201eDiversity Management\u201c als ein Gesamtkonzept eben gerade zur Schaffung eines vorurteilsfreien und von Vielfalt gepr\u00e4gten Arbeitsumfeldes zu verstehen. Das Konzept bezieht sich auf Unterschiede und Gemeinsamkeiten von Menschen in vielf\u00e4ltig zusammengesetzten Belegschaften und umfasst die Gesamtheit aller Ma\u00dfnahmen einer gezielten Nutzung und bewussten F\u00f6rderung von personaler Vielfalt.<\/p>\n<p>Mit der Unterzeichnung verpflichten sich alle Unternehmen und Dienststellen, die Grunds\u00e4tze der Charta zu erf\u00fcllen. Ein entsprechendes Signal der Stadt Wuppertal w\u00e4re ausdr\u00fccklich zu begr\u00fc\u00dfen.<\/p>\n<p>Mit freundlichen Gr\u00fc\u00dfen<\/p>\n<p>gez.<br \/>\nBernhard Simon<br \/>\n-Fraktionsvorsitzender &#8211;<\/p>\n<p>Klaus J\u00fcrgen Reese<br \/>\n&#8211; Fraktionsvorsitzender &#8211;<\/p>\n<p>Peter Vorsteher<br \/>\n-Fraktionsvorsitzender &#8211;<\/p>\n<p>J\u00f6rn Suika<br \/>\n-Fraktionsvorsitzender &#8211;<\/p>\n<p>Elisabeth August<br \/>\n&#8211; Fraktionsvorsitzende<\/p>\n<p>Dr. Reimar Kroll<br \/>\n&#8211; Fraktionsvorsitzender \u2013 &#8222;<\/p>\n","protected":false},"excerpt":{"rendered":"<p>Gemeinsamer Antrag der Fraktionen von CDU, SPD, B\u00fcndnis 90\/DIE GR\u00dcNEN, FDP, DIE LINKE und WfW  an den Hauptausschuss am 18.05.2011 und an den Rat der Stadt Wuppertal am 23.05.2011 <\/p>\n","protected":false},"author":1,"featured_media":0,"menu_order":0,"comment_status":"closed","ping_status":"closed","template":"","meta":{"_wp_rev_ctl_limit":""},"themen":[26,14,36,74],"yoast_head":"<!-- This site is optimized with the Yoast SEO plugin v21.8 - https:\/\/yoast.com\/wordpress\/plugins\/seo\/ -->\n<title>Unternehmensinitiative zur F\u00f6rderung von Vielfalt in Unternehmen Chancen der Charta der Vielfalt nutzen - Fraktion von B\u00fcndnis 90 \/ DIE GR\u00dcNEN im Rat der Stadt Wuppertal<\/title>\n<meta name=\"robots\" content=\"index, follow, max-snippet:-1, max-image-preview:large, max-video-preview:-1\" \/>\n<link rel=\"canonical\" href=\"https:\/\/gruene-wuppertal.de\/fraktion\/antraege\/unternehmensinitiative-zur-forderung-von-vielfalt-in-unternehmen-chancen-der-charta-der-vielfalt-nutzen\/\" \/>\n<meta property=\"og:locale\" content=\"de_DE\" \/>\n<meta property=\"og:type\" content=\"article\" \/>\n<meta property=\"og:title\" content=\"Unternehmensinitiative zur F\u00f6rderung von Vielfalt in Unternehmen Chancen der Charta der Vielfalt nutzen - Fraktion von B\u00fcndnis 90 \/ DIE GR\u00dcNEN im Rat der Stadt Wuppertal\" \/>\n<meta property=\"og:description\" content=\"Gemeinsamer Antrag der Fraktionen von CDU, SPD, B\u00fcndnis 90\/DIE GR\u00dcNEN, FDP, DIE LINKE und WfW an den Hauptausschuss am 18.05.2011 und an den Rat der Stadt Wuppertal am 23.05.2011\" \/>\n<meta property=\"og:url\" content=\"https:\/\/gruene-wuppertal.de\/fraktion\/antraege\/unternehmensinitiative-zur-forderung-von-vielfalt-in-unternehmen-chancen-der-charta-der-vielfalt-nutzen\/\" \/>\n<meta property=\"og:site_name\" content=\"Fraktion von B\u00fcndnis 90 \/ DIE GR\u00dcNEN im Rat der Stadt Wuppertal\" \/>\n<meta name=\"twitter:card\" content=\"summary_large_image\" \/>\n<meta name=\"twitter:label1\" content=\"Gesch\u00e4tzte Lesezeit\" \/>\n\t<meta name=\"twitter:data1\" content=\"4 Minuten\" \/>\n<script type=\"application\/ld+json\" class=\"yoast-schema-graph\">{\"@context\":\"https:\/\/schema.org\",\"@graph\":[{\"@type\":\"WebPage\",\"@id\":\"https:\/\/gruene-wuppertal.de\/fraktion\/antraege\/unternehmensinitiative-zur-forderung-von-vielfalt-in-unternehmen-chancen-der-charta-der-vielfalt-nutzen\/\",\"url\":\"https:\/\/gruene-wuppertal.de\/fraktion\/antraege\/unternehmensinitiative-zur-forderung-von-vielfalt-in-unternehmen-chancen-der-charta-der-vielfalt-nutzen\/\",\"name\":\"Unternehmensinitiative zur F\u00f6rderung von Vielfalt in Unternehmen Chancen der Charta der Vielfalt nutzen - Fraktion von B\u00fcndnis 90 \/ DIE GR\u00dcNEN im Rat der Stadt Wuppertal\",\"isPartOf\":{\"@id\":\"https:\/\/gruene-wuppertal.de\/fraktion\/#website\"},\"datePublished\":\"2011-04-06T00:00:00+00:00\",\"dateModified\":\"2011-04-06T00:00:00+00:00\",\"breadcrumb\":{\"@id\":\"https:\/\/gruene-wuppertal.de\/fraktion\/antraege\/unternehmensinitiative-zur-forderung-von-vielfalt-in-unternehmen-chancen-der-charta-der-vielfalt-nutzen\/#breadcrumb\"},\"inLanguage\":\"de-DE\",\"potentialAction\":[{\"@type\":\"ReadAction\",\"target\":[\"https:\/\/gruene-wuppertal.de\/fraktion\/antraege\/unternehmensinitiative-zur-forderung-von-vielfalt-in-unternehmen-chancen-der-charta-der-vielfalt-nutzen\/\"]}]},{\"@type\":\"BreadcrumbList\",\"@id\":\"https:\/\/gruene-wuppertal.de\/fraktion\/antraege\/unternehmensinitiative-zur-forderung-von-vielfalt-in-unternehmen-chancen-der-charta-der-vielfalt-nutzen\/#breadcrumb\",\"itemListElement\":[{\"@type\":\"ListItem\",\"position\":1,\"name\":\"Startseite\",\"item\":\"https:\/\/gruene-wuppertal.de\/fraktion\/\"},{\"@type\":\"ListItem\",\"position\":2,\"name\":\"Unternehmensinitiative zur F\u00f6rderung von Vielfalt in Unternehmen Chancen der Charta der Vielfalt nutzen\"}]},{\"@type\":\"WebSite\",\"@id\":\"https:\/\/gruene-wuppertal.de\/fraktion\/#website\",\"url\":\"https:\/\/gruene-wuppertal.de\/fraktion\/\",\"name\":\"Fraktion von B\u00fcndnis 90 \/ DIE GR\u00dcNEN im Rat der Stadt Wuppertal\",\"description\":\"\",\"potentialAction\":[{\"@type\":\"SearchAction\",\"target\":{\"@type\":\"EntryPoint\",\"urlTemplate\":\"https:\/\/gruene-wuppertal.de\/fraktion\/?s={search_term_string}\"},\"query-input\":\"required name=search_term_string\"}],\"inLanguage\":\"de-DE\"}]}<\/script>\n<!-- \/ Yoast SEO plugin. -->","yoast_head_json":{"title":"Unternehmensinitiative zur F\u00f6rderung von Vielfalt in Unternehmen Chancen der Charta der Vielfalt nutzen - Fraktion von B\u00fcndnis 90 \/ DIE GR\u00dcNEN im Rat der Stadt Wuppertal","robots":{"index":"index","follow":"follow","max-snippet":"max-snippet:-1","max-image-preview":"max-image-preview:large","max-video-preview":"max-video-preview:-1"},"canonical":"https:\/\/gruene-wuppertal.de\/fraktion\/antraege\/unternehmensinitiative-zur-forderung-von-vielfalt-in-unternehmen-chancen-der-charta-der-vielfalt-nutzen\/","og_locale":"de_DE","og_type":"article","og_title":"Unternehmensinitiative zur F\u00f6rderung von Vielfalt in Unternehmen Chancen der Charta der Vielfalt nutzen - Fraktion von B\u00fcndnis 90 \/ DIE GR\u00dcNEN im Rat der Stadt Wuppertal","og_description":"Gemeinsamer Antrag der Fraktionen von CDU, SPD, B\u00fcndnis 90\/DIE GR\u00dcNEN, FDP, DIE LINKE und WfW an den Hauptausschuss am 18.05.2011 und an den Rat der Stadt Wuppertal am 23.05.2011","og_url":"https:\/\/gruene-wuppertal.de\/fraktion\/antraege\/unternehmensinitiative-zur-forderung-von-vielfalt-in-unternehmen-chancen-der-charta-der-vielfalt-nutzen\/","og_site_name":"Fraktion von B\u00fcndnis 90 \/ DIE GR\u00dcNEN im Rat der Stadt Wuppertal","twitter_card":"summary_large_image","twitter_misc":{"Gesch\u00e4tzte Lesezeit":"4 Minuten"},"schema":{"@context":"https:\/\/schema.org","@graph":[{"@type":"WebPage","@id":"https:\/\/gruene-wuppertal.de\/fraktion\/antraege\/unternehmensinitiative-zur-forderung-von-vielfalt-in-unternehmen-chancen-der-charta-der-vielfalt-nutzen\/","url":"https:\/\/gruene-wuppertal.de\/fraktion\/antraege\/unternehmensinitiative-zur-forderung-von-vielfalt-in-unternehmen-chancen-der-charta-der-vielfalt-nutzen\/","name":"Unternehmensinitiative zur F\u00f6rderung von Vielfalt in Unternehmen Chancen der Charta der Vielfalt nutzen - Fraktion von B\u00fcndnis 90 \/ DIE GR\u00dcNEN im Rat der Stadt Wuppertal","isPartOf":{"@id":"https:\/\/gruene-wuppertal.de\/fraktion\/#website"},"datePublished":"2011-04-06T00:00:00+00:00","dateModified":"2011-04-06T00:00:00+00:00","breadcrumb":{"@id":"https:\/\/gruene-wuppertal.de\/fraktion\/antraege\/unternehmensinitiative-zur-forderung-von-vielfalt-in-unternehmen-chancen-der-charta-der-vielfalt-nutzen\/#breadcrumb"},"inLanguage":"de-DE","potentialAction":[{"@type":"ReadAction","target":["https:\/\/gruene-wuppertal.de\/fraktion\/antraege\/unternehmensinitiative-zur-forderung-von-vielfalt-in-unternehmen-chancen-der-charta-der-vielfalt-nutzen\/"]}]},{"@type":"BreadcrumbList","@id":"https:\/\/gruene-wuppertal.de\/fraktion\/antraege\/unternehmensinitiative-zur-forderung-von-vielfalt-in-unternehmen-chancen-der-charta-der-vielfalt-nutzen\/#breadcrumb","itemListElement":[{"@type":"ListItem","position":1,"name":"Startseite","item":"https:\/\/gruene-wuppertal.de\/fraktion\/"},{"@type":"ListItem","position":2,"name":"Unternehmensinitiative zur F\u00f6rderung von Vielfalt in Unternehmen Chancen der Charta der Vielfalt nutzen"}]},{"@type":"WebSite","@id":"https:\/\/gruene-wuppertal.de\/fraktion\/#website","url":"https:\/\/gruene-wuppertal.de\/fraktion\/","name":"Fraktion von B\u00fcndnis 90 \/ DIE GR\u00dcNEN im Rat der Stadt Wuppertal","description":"","potentialAction":[{"@type":"SearchAction","target":{"@type":"EntryPoint","urlTemplate":"https:\/\/gruene-wuppertal.de\/fraktion\/?s={search_term_string}"},"query-input":"required name=search_term_string"}],"inLanguage":"de-DE"}]}},"post_mailing_queue_ids":[],"_links":{"self":[{"href":"https:\/\/gruene-wuppertal.de\/fraktion\/wp-json\/wp\/v2\/antraege\/608"}],"collection":[{"href":"https:\/\/gruene-wuppertal.de\/fraktion\/wp-json\/wp\/v2\/antraege"}],"about":[{"href":"https:\/\/gruene-wuppertal.de\/fraktion\/wp-json\/wp\/v2\/types\/antraege"}],"author":[{"embeddable":true,"href":"https:\/\/gruene-wuppertal.de\/fraktion\/wp-json\/wp\/v2\/users\/1"}],"replies":[{"embeddable":true,"href":"https:\/\/gruene-wuppertal.de\/fraktion\/wp-json\/wp\/v2\/comments?post=608"}],"version-history":[{"count":0,"href":"https:\/\/gruene-wuppertal.de\/fraktion\/wp-json\/wp\/v2\/antraege\/608\/revisions"}],"wp:attachment":[{"href":"https:\/\/gruene-wuppertal.de\/fraktion\/wp-json\/wp\/v2\/media?parent=608"}],"wp:term":[{"taxonomy":"themen","embeddable":true,"href":"https:\/\/gruene-wuppertal.de\/fraktion\/wp-json\/wp\/v2\/themen?post=608"}],"curies":[{"name":"wp","href":"https:\/\/api.w.org\/{rel}","templated":true}]}}