{"id":3182,"date":"2012-06-01T07:31:24","date_gmt":"2012-06-01T07:31:24","guid":{"rendered":"https:\/\/gruene-wuppertal.de\/fraktion\/?post_type=antraege&amp;p=3182"},"modified":"2012-06-01T07:31:24","modified_gmt":"2012-06-01T07:31:24","slug":"bildung-statt-betreuungsgeld","status":"publish","type":"antraege","link":"https:\/\/gruene-wuppertal.de\/fraktion\/antraege\/bildung-statt-betreuungsgeld\/","title":{"rendered":"Bildung statt Betreuungsgeld"},"content":{"rendered":"<div>\n<p><strong>Antrag an den\u00a0 Jugendhilfeausschuss am <strong>21.06.2012, an den <\/strong>Hauptausschuss am <strong>27.06.2012 und an den <\/strong>Rat der Stadt Wuppertal am <strong>02.07.2012<\/strong><\/strong><strong><\/strong><\/p>\n<\/div>\n<p>Sehr geehrter Herr Oberb\u00fcrgermeister,<br \/>\nsehr geehrter Herr K\u00fchme,<\/p>\n<p>die Bundesregierung plant auf Dr\u00e4ngen der CSU die Einf\u00fchrung eines Betreuungsgeldes, das ab 2013 ausgezahlt werden soll. Eltern, die sich entscheiden, ihre Kinder bis zum Alter von 3 Jahren ausschlie\u00dflich zu Hause zu betreuen und nicht in eine KiTa zu schicken, sollen dann eine staatliche monatliche Zuwendung ab Januar 2013 f\u00fcr Kinder im zweiten Lebensjahr in H\u00f6he von 100 bzw. ab 2014 150 Euro monatlich, dann auch f\u00fcr Kinder im dritten Lebensjahr, erhalten.<\/p>\n<p>Der Jugendhilfeausschuss, der Hauptausschuss und der Rat der Stadt Wuppertal werden gebeten, folgenden Beschluss zu fassen:<\/p>\n<p>Der Jugendhilfeausschuss, der Hauptausschuss und der Rat der Stadt bitten die Bundesregierung, auf die Einf\u00fchrung eines Betreuungsgeldes zu verzichten und die daf\u00fcr vorgesehenen Mittel in H\u00f6he von bis zu 1,2 Milliarden Euro j\u00e4hrlich in den Ausbau der Kinderbetreuung zu investieren.<\/p>\n<p><strong>Begr\u00fcndung: <\/strong><\/p>\n<p>&#8211;\u00a0\u00a0\u00a0\u00a0\u00a0\u00a0\u00a0 Schweden (2008), Norwegen (1998) und Finnland (1985) haben langj\u00e4hrige Erfahrungen mit einem Betreuungsgeld gesammelt. Mindestens 320 Euro werden dort Eltern ausgezahlt, die auf eine staatliche Kinderbetreuung verzichten. Eine Studie befasst sich mit den Auswirkungen:<br \/>\n\u201eIn der Praxis bewahrheiten sich die Bef\u00fcrchtungen der Betreuungsgeld-Gegner. Es wirkt sich nachteilig auf die Geschlechtergerechtigkeit aus, es behindert die Erwerbst\u00e4tigkeit von M\u00fcttern und bremst den Ausbau der Betreuungsangebote &#8211; und es h\u00e4lt vor allem Zuwandererfamilien davon ab, ihre Kinder in eine KiTa zu\u00a0schicken.\u201c (S\u00fcddeutsche Zeitung, 20.04.2012)<\/p>\n<p>&#8211;\u00a0\u00a0\u00a0\u00a0\u00a0\u00a0\u00a0 Grunds\u00e4tzlich halten wir es f\u00fcr nicht sinnvoll, f\u00fcr eine staatliche Leistung zu zahlen, die NICHT in Anspruch genommen wird.<\/p>\n<p>&#8211;\u00a0\u00a0\u00a0\u00a0\u00a0\u00a0\u00a0 Die Kosten f\u00fcr das Betreuungsgeld werden auf 1,2 Milliarden Euro gesch\u00e4tzt, also fast ein Drittel der 4 Milliarden Euro f\u00fcr den gesamten Krippenausbau. Auf die Kommunen umgew\u00e4lzt hie\u00dfe das f\u00fcr Wuppertal einen Anteil von 2 Mio. Euro. Geld, das dann f\u00fcr den Ausbau der Kinderbetreuung oder f\u00fcr Sprachf\u00f6rderprogramme fehlt. Deshalb sollte das Geld besser in ein fl\u00e4chendeckendes und gutes Betreuungsangebot f\u00fcr Kleinkinder investiert werden, um damit endlich eine echte Wahlfreiheit f\u00fcr Familien \u2013 insbesondere f\u00fcr M\u00fctter \u2013 herzustellen.<\/p>\n<p>&#8211;\u00a0\u00a0\u00a0\u00a0\u00a0\u00a0\u00a0 Ab dem 1. August 2013 besteht bundesweit ein Rechtsanspruch auf einen Betreuungsplatz f\u00fcr Kinder ab dem ersten Lebensjahr, in NRW fehlen noch 27.000 Pl\u00e4tze, in Wuppertal mehr als 800. In ihrem Zehnpunkteprogramm schl\u00e4gt Bundesfamilienministerin Schr\u00f6der vor, klammen Kommunen mit einem zinsg\u00fcnstigen Kredit auf die Spr\u00fcnge zu helfen. In St\u00e4dten wie Wuppertal mit vorl\u00e4ufiger Haushaltsf\u00fchrung w\u00fcrde das den Kreditrahmen sprengen und w\u00e4re deshalb keine Hilfe. Es darf nicht dazu kommen, dass Kommunen zu Ausfallb\u00fcrgen eines unterfinanzierten KiTa-Ausbaus werden. Das teure Betreuungsgeld wird dringend f\u00fcr den KiTa-Ausbau gebraucht!<\/p>\n<p>&#8211;\u00a0\u00a0\u00a0\u00a0\u00a0\u00a0\u00a0 Gerade Kindern aus sozial schw\u00e4cheren Familien muss fr\u00fch der Zugang zu \u00f6ffentlichen Bildungsst\u00e4tten erm\u00f6glicht werden, um ihre Bildungschancen deutlich zu verbessern.<\/p>\n<p>&#8211;\u00a0\u00a0\u00a0\u00a0\u00a0\u00a0\u00a0 Der geplante Ausschluss von Hartz IV-BezieherInnen vom Betreuungsgeld macht deutlich, weshalb diese Initiative aus Bayern initiiert werden soll: hier geht es nicht um die gesellschaftliche Honorierung von Erziehungsleistung, sondern darum, bereits privilegierte Familien zu bedienen. Diese Mitnahmeeffekte f\u00fcr Besserverdienende sind kontraproduktiv.<\/p>\n<p>&#8211;\u00a0\u00a0\u00a0\u00a0\u00a0\u00a0\u00a0 Als eine Konsequenz des Betreuungsgeldes ist zu bef\u00fcrchten, dass viele M\u00fctter l\u00e4nger zu Hause bleiben. Dies gilt angesichts der H\u00f6he von KiTa-Geb\u00fchren auch f\u00fcr \u201eNormalverdienerInnen\u201c-Haushalte.<\/p>\n<p>&#8211;\u00a0\u00a0\u00a0\u00a0\u00a0\u00a0\u00a0 Ihr Wiedereinstieg in den Beruf wird so deutlich erschwert. Das k\u00f6nnen wir uns nicht leisten, denn schon jetzt gibt es in Deutschland einen erheblichen Fachkr\u00e4ftemangel. Wenn jetzt zus\u00e4tzlich Anreize geschaffen werden, die diese Entwicklung noch versch\u00e4rfen, ist das volkswirtschaftlich nicht sinnvoll.<\/p>\n<p>&#8211;\u00a0\u00a0\u00a0\u00a0\u00a0\u00a0\u00a0 Alles in allem ist das Betreuungsgeld kaum etwas anderes als eine &#8222;Zur\u00fcck-an-den-Herd&#8220; &#8211; Pr\u00e4mie f\u00fcr junge Frauen zu Lasten des Ausbaus von Kinderbetreuung.<\/p>\n<p>Mit freundlichen Gr\u00fc\u00dfen<\/p>\n<p>Paul Yves Ramette\u00a0\u00a0\u00a0\u00a0\u00a0\u00a0\u00a0\u00a0\u00a0\u00a0\u00a0\u00a0\u00a0\u00a0\u00a0\u00a0\u00a0\u00a0\u00a0\u00a0\u00a0\u00a0\u00a0\u00a0\u00a0\u00a0\u00a0 \u00a0\u00a0\u00a0\u00a0\u00a0\u00a0\u00a0\u00a0\u00a0\u00a0\u00a0 Peter Vorsteher<br \/>\nStadtverordneter \u00a0\u00a0\u00a0\u00a0\u00a0\u00a0\u00a0\u00a0\u00a0\u00a0\u00a0\u00a0\u00a0\u00a0\u00a0\u00a0\u00a0\u00a0\u00a0\u00a0\u00a0\u00a0\u00a0\u00a0\u00a0\u00a0\u00a0\u00a0\u00a0\u00a0\u00a0\u00a0\u00a0\u00a0\u00a0\u00a0\u00a0\u00a0\u00a0\u00a0\u00a0 Fraktionsvorsitzender<\/p>\n<p><strong>Der Antrag wurde beschlossen, bei Gegenstimmen der FDP und Enthaltung der SPD und CDU.<\/strong><\/p>\n","protected":false},"excerpt":{"rendered":"<p>Antrag an den\u00a0 Jugendhilfeausschuss am 21.06.2012, an den Hauptausschuss am 27.06.2012 und an den Rat der Stadt Wuppertal am 02.07.2012 Sehr geehrter Herr Oberb\u00fcrgermeister, sehr geehrter Herr K\u00fchme, die Bundesregierung plant auf Dr\u00e4ngen der CSU die Einf\u00fchrung eines Betreuungsgeldes, das ab 2013 ausgezahlt werden soll&#8230;.<\/p>\n","protected":false},"author":6,"featured_media":0,"menu_order":0,"comment_status":"closed","ping_status":"closed","template":"","meta":{"_wp_rev_ctl_limit":""},"themen":[66,26,56,39],"yoast_head":"<!-- This site is optimized with the Yoast SEO plugin v21.8 - https:\/\/yoast.com\/wordpress\/plugins\/seo\/ -->\n<title>Bildung statt Betreuungsgeld - Fraktion von B\u00fcndnis 90 \/ DIE GR\u00dcNEN im Rat der Stadt Wuppertal<\/title>\n<meta name=\"robots\" content=\"index, follow, max-snippet:-1, max-image-preview:large, max-video-preview:-1\" \/>\n<link rel=\"canonical\" href=\"https:\/\/gruene-wuppertal.de\/fraktion\/antraege\/bildung-statt-betreuungsgeld\/\" \/>\n<meta property=\"og:locale\" content=\"de_DE\" \/>\n<meta property=\"og:type\" content=\"article\" \/>\n<meta property=\"og:title\" content=\"Bildung statt Betreuungsgeld - Fraktion von B\u00fcndnis 90 \/ DIE GR\u00dcNEN im Rat der Stadt Wuppertal\" \/>\n<meta property=\"og:description\" content=\"Antrag an den\u00a0 Jugendhilfeausschuss am 21.06.2012, an den Hauptausschuss am 27.06.2012 und an den Rat der Stadt Wuppertal am 02.07.2012 Sehr geehrter Herr Oberb\u00fcrgermeister, sehr geehrter Herr K\u00fchme, die Bundesregierung plant auf Dr\u00e4ngen der CSU die Einf\u00fchrung eines Betreuungsgeldes, das ab 2013 ausgezahlt werden soll....\" \/>\n<meta property=\"og:url\" content=\"https:\/\/gruene-wuppertal.de\/fraktion\/antraege\/bildung-statt-betreuungsgeld\/\" \/>\n<meta property=\"og:site_name\" content=\"Fraktion von B\u00fcndnis 90 \/ DIE GR\u00dcNEN im Rat der Stadt Wuppertal\" \/>\n<meta name=\"twitter:card\" content=\"summary_large_image\" \/>\n<meta name=\"twitter:label1\" content=\"Gesch\u00e4tzte Lesezeit\" \/>\n\t<meta name=\"twitter:data1\" content=\"3 Minuten\" \/>\n<script type=\"application\/ld+json\" class=\"yoast-schema-graph\">{\"@context\":\"https:\/\/schema.org\",\"@graph\":[{\"@type\":\"WebPage\",\"@id\":\"https:\/\/gruene-wuppertal.de\/fraktion\/antraege\/bildung-statt-betreuungsgeld\/\",\"url\":\"https:\/\/gruene-wuppertal.de\/fraktion\/antraege\/bildung-statt-betreuungsgeld\/\",\"name\":\"Bildung statt Betreuungsgeld - Fraktion von B\u00fcndnis 90 \/ DIE GR\u00dcNEN im Rat der Stadt Wuppertal\",\"isPartOf\":{\"@id\":\"https:\/\/gruene-wuppertal.de\/fraktion\/#website\"},\"datePublished\":\"2012-06-01T07:31:24+00:00\",\"dateModified\":\"2012-06-01T07:31:24+00:00\",\"breadcrumb\":{\"@id\":\"https:\/\/gruene-wuppertal.de\/fraktion\/antraege\/bildung-statt-betreuungsgeld\/#breadcrumb\"},\"inLanguage\":\"de-DE\",\"potentialAction\":[{\"@type\":\"ReadAction\",\"target\":[\"https:\/\/gruene-wuppertal.de\/fraktion\/antraege\/bildung-statt-betreuungsgeld\/\"]}]},{\"@type\":\"BreadcrumbList\",\"@id\":\"https:\/\/gruene-wuppertal.de\/fraktion\/antraege\/bildung-statt-betreuungsgeld\/#breadcrumb\",\"itemListElement\":[{\"@type\":\"ListItem\",\"position\":1,\"name\":\"Startseite\",\"item\":\"https:\/\/gruene-wuppertal.de\/fraktion\/\"},{\"@type\":\"ListItem\",\"position\":2,\"name\":\"Bildung statt Betreuungsgeld\"}]},{\"@type\":\"WebSite\",\"@id\":\"https:\/\/gruene-wuppertal.de\/fraktion\/#website\",\"url\":\"https:\/\/gruene-wuppertal.de\/fraktion\/\",\"name\":\"Fraktion von B\u00fcndnis 90 \/ DIE GR\u00dcNEN im Rat der Stadt Wuppertal\",\"description\":\"\",\"potentialAction\":[{\"@type\":\"SearchAction\",\"target\":{\"@type\":\"EntryPoint\",\"urlTemplate\":\"https:\/\/gruene-wuppertal.de\/fraktion\/?s={search_term_string}\"},\"query-input\":\"required name=search_term_string\"}],\"inLanguage\":\"de-DE\"}]}<\/script>\n<!-- \/ Yoast SEO plugin. -->","yoast_head_json":{"title":"Bildung statt Betreuungsgeld - Fraktion von B\u00fcndnis 90 \/ DIE GR\u00dcNEN im Rat der Stadt Wuppertal","robots":{"index":"index","follow":"follow","max-snippet":"max-snippet:-1","max-image-preview":"max-image-preview:large","max-video-preview":"max-video-preview:-1"},"canonical":"https:\/\/gruene-wuppertal.de\/fraktion\/antraege\/bildung-statt-betreuungsgeld\/","og_locale":"de_DE","og_type":"article","og_title":"Bildung statt Betreuungsgeld - Fraktion von B\u00fcndnis 90 \/ DIE GR\u00dcNEN im Rat der Stadt Wuppertal","og_description":"Antrag an den\u00a0 Jugendhilfeausschuss am 21.06.2012, an den Hauptausschuss am 27.06.2012 und an den Rat der Stadt Wuppertal am 02.07.2012 Sehr geehrter Herr Oberb\u00fcrgermeister, sehr geehrter Herr K\u00fchme, die Bundesregierung plant auf Dr\u00e4ngen der CSU die Einf\u00fchrung eines Betreuungsgeldes, das ab 2013 ausgezahlt werden soll....","og_url":"https:\/\/gruene-wuppertal.de\/fraktion\/antraege\/bildung-statt-betreuungsgeld\/","og_site_name":"Fraktion von B\u00fcndnis 90 \/ DIE GR\u00dcNEN im Rat der Stadt Wuppertal","twitter_card":"summary_large_image","twitter_misc":{"Gesch\u00e4tzte Lesezeit":"3 Minuten"},"schema":{"@context":"https:\/\/schema.org","@graph":[{"@type":"WebPage","@id":"https:\/\/gruene-wuppertal.de\/fraktion\/antraege\/bildung-statt-betreuungsgeld\/","url":"https:\/\/gruene-wuppertal.de\/fraktion\/antraege\/bildung-statt-betreuungsgeld\/","name":"Bildung statt Betreuungsgeld - Fraktion von B\u00fcndnis 90 \/ DIE GR\u00dcNEN im Rat der Stadt Wuppertal","isPartOf":{"@id":"https:\/\/gruene-wuppertal.de\/fraktion\/#website"},"datePublished":"2012-06-01T07:31:24+00:00","dateModified":"2012-06-01T07:31:24+00:00","breadcrumb":{"@id":"https:\/\/gruene-wuppertal.de\/fraktion\/antraege\/bildung-statt-betreuungsgeld\/#breadcrumb"},"inLanguage":"de-DE","potentialAction":[{"@type":"ReadAction","target":["https:\/\/gruene-wuppertal.de\/fraktion\/antraege\/bildung-statt-betreuungsgeld\/"]}]},{"@type":"BreadcrumbList","@id":"https:\/\/gruene-wuppertal.de\/fraktion\/antraege\/bildung-statt-betreuungsgeld\/#breadcrumb","itemListElement":[{"@type":"ListItem","position":1,"name":"Startseite","item":"https:\/\/gruene-wuppertal.de\/fraktion\/"},{"@type":"ListItem","position":2,"name":"Bildung statt Betreuungsgeld"}]},{"@type":"WebSite","@id":"https:\/\/gruene-wuppertal.de\/fraktion\/#website","url":"https:\/\/gruene-wuppertal.de\/fraktion\/","name":"Fraktion von B\u00fcndnis 90 \/ DIE GR\u00dcNEN im Rat der Stadt Wuppertal","description":"","potentialAction":[{"@type":"SearchAction","target":{"@type":"EntryPoint","urlTemplate":"https:\/\/gruene-wuppertal.de\/fraktion\/?s={search_term_string}"},"query-input":"required name=search_term_string"}],"inLanguage":"de-DE"}]}},"post_mailing_queue_ids":[],"_links":{"self":[{"href":"https:\/\/gruene-wuppertal.de\/fraktion\/wp-json\/wp\/v2\/antraege\/3182"}],"collection":[{"href":"https:\/\/gruene-wuppertal.de\/fraktion\/wp-json\/wp\/v2\/antraege"}],"about":[{"href":"https:\/\/gruene-wuppertal.de\/fraktion\/wp-json\/wp\/v2\/types\/antraege"}],"author":[{"embeddable":true,"href":"https:\/\/gruene-wuppertal.de\/fraktion\/wp-json\/wp\/v2\/users\/6"}],"replies":[{"embeddable":true,"href":"https:\/\/gruene-wuppertal.de\/fraktion\/wp-json\/wp\/v2\/comments?post=3182"}],"version-history":[{"count":0,"href":"https:\/\/gruene-wuppertal.de\/fraktion\/wp-json\/wp\/v2\/antraege\/3182\/revisions"}],"wp:attachment":[{"href":"https:\/\/gruene-wuppertal.de\/fraktion\/wp-json\/wp\/v2\/media?parent=3182"}],"wp:term":[{"taxonomy":"themen","embeddable":true,"href":"https:\/\/gruene-wuppertal.de\/fraktion\/wp-json\/wp\/v2\/themen?post=3182"}],"curies":[{"name":"wp","href":"https:\/\/api.w.org\/{rel}","templated":true}]}}