{"id":21925,"date":"2024-08-27T13:21:02","date_gmt":"2024-08-27T11:21:02","guid":{"rendered":"https:\/\/gruene-wuppertal.de\/fraktion\/?post_type=antraege&#038;p=21925"},"modified":"2024-08-27T13:21:02","modified_gmt":"2024-08-27T11:21:02","slug":"problem-und-schrottimmobilen-in-wuppertal","status":"publish","type":"antraege","link":"https:\/\/gruene-wuppertal.de\/fraktion\/antraege\/problem-und-schrottimmobilen-in-wuppertal\/","title":{"rendered":"Problem\u2013 und Schrottimmobilen in Wuppertal"},"content":{"rendered":"<p><strong>Antrag der Fraktion B\u00dcNDNIS 90\/DIE GR\u00dcNEN an den Ausschuss f\u00fcr Stadtentwicklung und Bauen am 05.09.2024<\/strong><\/p>\n<p>Sehr geehrter Herr K\u00f6ksal,<\/p>\n<p>die Fraktion B\u00dcNDNIS 90\/DIE GR\u00dcNEN beantragt, der Ausschuss f\u00fcr Stadtentwicklung und Bauen m\u00f6ge wie folgt beschlie\u00dfen:<\/p>\n<ol>\n<li>Die Verwaltung legt dem Ausschuss eine aktuelle Liste sowohl der Problem-, als auch der Schrottimmobilien vor, sofern aus Gr\u00fcnden des Datenschutzes notwendig in nicht\u00f6ffentlicher Sitzung.<\/li>\n<li>Wir bitten um Aufschl\u00fcsselung nach Wohn- und Gewerbeimmobilien der betroffenen Objekte mit Angabe der Gr\u00f6\u00dfe in qm bzw. der dadurch wegfallenden Wohneinheiten.<\/li>\n<li>Die Bezirksvertretungen erhalten Listen mit den Objekten in ihrem Stadtbezirk.<\/li>\n<li>Die Verwaltung pr\u00fcft, ob die Listen den Ratsmitgliedern und den Bezirksvertreter:innen online in Form einer Datenbank (\u00e4hnlich der Denkmalliste) zur Verf\u00fcgung gestellt und laufend aktualisiert und regelm\u00e4\u00dfig dem Ausschuss vorgelegt werden k\u00f6nnen. Dazu geh\u00f6rt eine Melde-Mailadresse f\u00fcr Beobachtungen von B\u00fcrger:innen und Kommunalpolitiker:innen.<\/li>\n<li>Die Verwaltung wird gebeten, in der n\u00e4chsten Sitzung \u00fcber die Handlungsm\u00f6glichkeiten der Verwaltung zu berichten, um die Eigent\u00fcmer:inen zur Sanierung ihrer Objekte zu bewegen.<\/li>\n<li>Die Verwaltung wird um Auskunft gebeten, zu welchem Zeitpunkt bei Auff\u00e4lligkeiten die Bauaufsicht eingeschaltet wird, mit wie viel Personal die Bauaufsicht ausgestattet ist und ob in absehbarer Zeit mehr Personal f\u00fcr die Bauaufsicht eingestellt wird sowie um Information \u00fcber die Anzahl der erfolgten Meldungen \/ Anzeigen und Kontrollen in 2023 und 2024 sowie den daraus erfolgten Handlungen seitens der Verwaltung.<\/li>\n<li>Die Ergebnisse werden auch dem Ausschuss f\u00fcr Wirtschaft, Arbeit und Nachhaltigkeit zur Verf\u00fcgung gestellt.<\/li>\n<\/ol>\n<p>&nbsp;<\/p>\n<p><strong>Begr\u00fcndung: <\/strong><\/p>\n<p>Erfolgt m\u00fcndlich in der Sitzung<\/p>\n<p>&nbsp;<\/p>\n<p>Mit freundlichen Gr\u00fc\u00dfen<\/p>\n<p>Cornelia Krieger\u00a0\u00a0\u00a0\u00a0\u00a0\u00a0\u00a0\u00a0\u00a0\u00a0\u00a0\u00a0\u00a0\u00a0\u00a0\u00a0\u00a0\u00a0\u00a0\u00a0\u00a0\u00a0\u00a0\u00a0\u00a0\u00a0\u00a0\u00a0\u00a0\u00a0\u00a0\u00a0 Guido Mengelberg<\/p>\n<p>Stadtverordnete\u00a0\u00a0\u00a0\u00a0\u00a0\u00a0\u00a0\u00a0\u00a0\u00a0\u00a0\u00a0\u00a0\u00a0\u00a0\u00a0\u00a0\u00a0\u00a0\u00a0\u00a0\u00a0\u00a0\u00a0\u00a0\u00a0\u00a0\u00a0\u00a0\u00a0\u00a0\u00a0 Stadtverordneter<\/p>\n<p>&nbsp;<\/p>\n","protected":false},"excerpt":{"rendered":"<p>Antrag der Fraktion B\u00dcNDNIS 90\/DIE GR\u00dcNEN an den Ausschuss f\u00fcr Stadtentwicklung und Bauen am 05.09.2024 Sehr geehrter Herr K\u00f6ksal, die Fraktion B\u00dcNDNIS 90\/DIE GR\u00dcNEN beantragt, der Ausschuss f\u00fcr Stadtentwicklung und Bauen m\u00f6ge wie folgt beschlie\u00dfen: Die Verwaltung legt dem Ausschuss eine aktuelle Liste sowohl der&#8230;<\/p>\n","protected":false},"author":89,"featured_media":0,"menu_order":0,"comment_status":"open","ping_status":"open","template":"","meta":{"_wp_rev_ctl_limit":""},"themen":[565,438,58],"yoast_head":"<!-- This site is optimized with the Yoast SEO plugin v21.8 - https:\/\/yoast.com\/wordpress\/plugins\/seo\/ -->\n<title>Problem\u2013 und Schrottimmobilen in Wuppertal - Fraktion von B\u00fcndnis 90 \/ DIE GR\u00dcNEN im Rat der Stadt Wuppertal<\/title>\n<meta name=\"robots\" content=\"index, follow, max-snippet:-1, max-image-preview:large, max-video-preview:-1\" \/>\n<link rel=\"canonical\" href=\"https:\/\/gruene-wuppertal.de\/fraktion\/antraege\/problem-und-schrottimmobilen-in-wuppertal\/\" \/>\n<meta property=\"og:locale\" content=\"de_DE\" \/>\n<meta property=\"og:type\" content=\"article\" \/>\n<meta property=\"og:title\" content=\"Problem\u2013 und Schrottimmobilen in Wuppertal - Fraktion von B\u00fcndnis 90 \/ DIE GR\u00dcNEN im Rat der Stadt Wuppertal\" \/>\n<meta property=\"og:description\" content=\"Antrag der Fraktion B\u00dcNDNIS 90\/DIE GR\u00dcNEN an den Ausschuss f\u00fcr Stadtentwicklung und Bauen am 05.09.2024 Sehr geehrter Herr K\u00f6ksal, die Fraktion B\u00dcNDNIS 90\/DIE GR\u00dcNEN beantragt, der Ausschuss f\u00fcr Stadtentwicklung und Bauen m\u00f6ge wie folgt beschlie\u00dfen: Die Verwaltung legt dem Ausschuss eine aktuelle Liste sowohl der...\" \/>\n<meta property=\"og:url\" content=\"https:\/\/gruene-wuppertal.de\/fraktion\/antraege\/problem-und-schrottimmobilen-in-wuppertal\/\" \/>\n<meta property=\"og:site_name\" content=\"Fraktion von B\u00fcndnis 90 \/ DIE GR\u00dcNEN im Rat der Stadt Wuppertal\" \/>\n<meta name=\"twitter:card\" content=\"summary_large_image\" \/>\n<meta name=\"twitter:label1\" content=\"Gesch\u00e4tzte Lesezeit\" \/>\n\t<meta name=\"twitter:data1\" content=\"2 Minuten\" \/>\n<script type=\"application\/ld+json\" class=\"yoast-schema-graph\">{\"@context\":\"https:\/\/schema.org\",\"@graph\":[{\"@type\":\"WebPage\",\"@id\":\"https:\/\/gruene-wuppertal.de\/fraktion\/antraege\/problem-und-schrottimmobilen-in-wuppertal\/\",\"url\":\"https:\/\/gruene-wuppertal.de\/fraktion\/antraege\/problem-und-schrottimmobilen-in-wuppertal\/\",\"name\":\"Problem\u2013 und Schrottimmobilen in Wuppertal - Fraktion von B\u00fcndnis 90 \/ DIE GR\u00dcNEN im Rat der Stadt Wuppertal\",\"isPartOf\":{\"@id\":\"https:\/\/gruene-wuppertal.de\/fraktion\/#website\"},\"datePublished\":\"2024-08-27T11:21:02+00:00\",\"dateModified\":\"2024-08-27T11:21:02+00:00\",\"breadcrumb\":{\"@id\":\"https:\/\/gruene-wuppertal.de\/fraktion\/antraege\/problem-und-schrottimmobilen-in-wuppertal\/#breadcrumb\"},\"inLanguage\":\"de-DE\",\"potentialAction\":[{\"@type\":\"ReadAction\",\"target\":[\"https:\/\/gruene-wuppertal.de\/fraktion\/antraege\/problem-und-schrottimmobilen-in-wuppertal\/\"]}]},{\"@type\":\"BreadcrumbList\",\"@id\":\"https:\/\/gruene-wuppertal.de\/fraktion\/antraege\/problem-und-schrottimmobilen-in-wuppertal\/#breadcrumb\",\"itemListElement\":[{\"@type\":\"ListItem\",\"position\":1,\"name\":\"Startseite\",\"item\":\"https:\/\/gruene-wuppertal.de\/fraktion\/\"},{\"@type\":\"ListItem\",\"position\":2,\"name\":\"Problem\u2013 und Schrottimmobilen in Wuppertal\"}]},{\"@type\":\"WebSite\",\"@id\":\"https:\/\/gruene-wuppertal.de\/fraktion\/#website\",\"url\":\"https:\/\/gruene-wuppertal.de\/fraktion\/\",\"name\":\"Fraktion von B\u00fcndnis 90 \/ DIE GR\u00dcNEN im Rat der Stadt Wuppertal\",\"description\":\"\",\"potentialAction\":[{\"@type\":\"SearchAction\",\"target\":{\"@type\":\"EntryPoint\",\"urlTemplate\":\"https:\/\/gruene-wuppertal.de\/fraktion\/?s={search_term_string}\"},\"query-input\":\"required name=search_term_string\"}],\"inLanguage\":\"de-DE\"}]}<\/script>\n<!-- \/ Yoast SEO plugin. -->","yoast_head_json":{"title":"Problem\u2013 und Schrottimmobilen in Wuppertal - Fraktion von B\u00fcndnis 90 \/ DIE GR\u00dcNEN im Rat der Stadt Wuppertal","robots":{"index":"index","follow":"follow","max-snippet":"max-snippet:-1","max-image-preview":"max-image-preview:large","max-video-preview":"max-video-preview:-1"},"canonical":"https:\/\/gruene-wuppertal.de\/fraktion\/antraege\/problem-und-schrottimmobilen-in-wuppertal\/","og_locale":"de_DE","og_type":"article","og_title":"Problem\u2013 und Schrottimmobilen in Wuppertal - Fraktion von B\u00fcndnis 90 \/ DIE GR\u00dcNEN im Rat der Stadt Wuppertal","og_description":"Antrag der Fraktion B\u00dcNDNIS 90\/DIE GR\u00dcNEN an den Ausschuss f\u00fcr Stadtentwicklung und Bauen am 05.09.2024 Sehr geehrter Herr K\u00f6ksal, die Fraktion B\u00dcNDNIS 90\/DIE GR\u00dcNEN beantragt, der Ausschuss f\u00fcr Stadtentwicklung und Bauen m\u00f6ge wie folgt beschlie\u00dfen: Die Verwaltung legt dem Ausschuss eine aktuelle Liste sowohl der...","og_url":"https:\/\/gruene-wuppertal.de\/fraktion\/antraege\/problem-und-schrottimmobilen-in-wuppertal\/","og_site_name":"Fraktion von B\u00fcndnis 90 \/ DIE GR\u00dcNEN im Rat der Stadt Wuppertal","twitter_card":"summary_large_image","twitter_misc":{"Gesch\u00e4tzte Lesezeit":"2 Minuten"},"schema":{"@context":"https:\/\/schema.org","@graph":[{"@type":"WebPage","@id":"https:\/\/gruene-wuppertal.de\/fraktion\/antraege\/problem-und-schrottimmobilen-in-wuppertal\/","url":"https:\/\/gruene-wuppertal.de\/fraktion\/antraege\/problem-und-schrottimmobilen-in-wuppertal\/","name":"Problem\u2013 und Schrottimmobilen in Wuppertal - Fraktion von B\u00fcndnis 90 \/ DIE GR\u00dcNEN im Rat der Stadt Wuppertal","isPartOf":{"@id":"https:\/\/gruene-wuppertal.de\/fraktion\/#website"},"datePublished":"2024-08-27T11:21:02+00:00","dateModified":"2024-08-27T11:21:02+00:00","breadcrumb":{"@id":"https:\/\/gruene-wuppertal.de\/fraktion\/antraege\/problem-und-schrottimmobilen-in-wuppertal\/#breadcrumb"},"inLanguage":"de-DE","potentialAction":[{"@type":"ReadAction","target":["https:\/\/gruene-wuppertal.de\/fraktion\/antraege\/problem-und-schrottimmobilen-in-wuppertal\/"]}]},{"@type":"BreadcrumbList","@id":"https:\/\/gruene-wuppertal.de\/fraktion\/antraege\/problem-und-schrottimmobilen-in-wuppertal\/#breadcrumb","itemListElement":[{"@type":"ListItem","position":1,"name":"Startseite","item":"https:\/\/gruene-wuppertal.de\/fraktion\/"},{"@type":"ListItem","position":2,"name":"Problem\u2013 und Schrottimmobilen in Wuppertal"}]},{"@type":"WebSite","@id":"https:\/\/gruene-wuppertal.de\/fraktion\/#website","url":"https:\/\/gruene-wuppertal.de\/fraktion\/","name":"Fraktion von B\u00fcndnis 90 \/ DIE GR\u00dcNEN im Rat der Stadt Wuppertal","description":"","potentialAction":[{"@type":"SearchAction","target":{"@type":"EntryPoint","urlTemplate":"https:\/\/gruene-wuppertal.de\/fraktion\/?s={search_term_string}"},"query-input":"required name=search_term_string"}],"inLanguage":"de-DE"}]}},"post_mailing_queue_ids":[],"_links":{"self":[{"href":"https:\/\/gruene-wuppertal.de\/fraktion\/wp-json\/wp\/v2\/antraege\/21925"}],"collection":[{"href":"https:\/\/gruene-wuppertal.de\/fraktion\/wp-json\/wp\/v2\/antraege"}],"about":[{"href":"https:\/\/gruene-wuppertal.de\/fraktion\/wp-json\/wp\/v2\/types\/antraege"}],"author":[{"embeddable":true,"href":"https:\/\/gruene-wuppertal.de\/fraktion\/wp-json\/wp\/v2\/users\/89"}],"replies":[{"embeddable":true,"href":"https:\/\/gruene-wuppertal.de\/fraktion\/wp-json\/wp\/v2\/comments?post=21925"}],"version-history":[{"count":2,"href":"https:\/\/gruene-wuppertal.de\/fraktion\/wp-json\/wp\/v2\/antraege\/21925\/revisions"}],"predecessor-version":[{"id":21927,"href":"https:\/\/gruene-wuppertal.de\/fraktion\/wp-json\/wp\/v2\/antraege\/21925\/revisions\/21927"}],"wp:attachment":[{"href":"https:\/\/gruene-wuppertal.de\/fraktion\/wp-json\/wp\/v2\/media?parent=21925"}],"wp:term":[{"taxonomy":"themen","embeddable":true,"href":"https:\/\/gruene-wuppertal.de\/fraktion\/wp-json\/wp\/v2\/themen?post=21925"}],"curies":[{"name":"wp","href":"https:\/\/api.w.org\/{rel}","templated":true}]}}