{"id":21788,"date":"2024-05-22T08:27:26","date_gmt":"2024-05-22T06:27:26","guid":{"rendered":"https:\/\/gruene-wuppertal.de\/fraktion\/?post_type=antraege&#038;p=21788"},"modified":"2024-05-28T09:08:43","modified_gmt":"2024-05-28T07:08:43","slug":"keine-bebauung-im-bereich-boehler-hof","status":"publish","type":"antraege","link":"https:\/\/gruene-wuppertal.de\/fraktion\/antraege\/keine-bebauung-im-bereich-boehler-hof\/","title":{"rendered":"Keine Bebauung im Bereich B\u00f6hler Hof"},"content":{"rendered":"<p><strong>Antrag der Fraktion B\u00dcNDNIS 90\/DIE GR\u00dcNEN an den <\/strong><strong>Ausschuss f\u00fcr Stadtentwicklung und Bauen am 06.06.2024, an den Hauptausschuss am 27.06.2024 und an den Rat der Stadt Wuppertal am 01.07.2024\u00a0<\/strong><\/p>\n<p>Sehr geehrter Herr Oberb\u00fcrgermeister,<\/p>\n<p>sehr geehrter Herr K\u00f6ksal,<\/p>\n<p>die Fraktion B\u00dcNDNIS 90\/DIE GR\u00dcNEN beantragt,<\/p>\n<p>die Mitglieder des Ausschusses f\u00fcr Stadtentwicklung und Bauen, des Hauptausschusses und des Rates der Stadt m\u00f6gen folgenden Beschluss fassen:<\/p>\n<ol>\n<li>Der Rat der Stadt greift den in der Vorlage VO\/0456\/24 aufgegriffenen Beschluss des Rates aus dem Jahr 2019 auf und bekr\u00e4ftigt und erneuert ihn wie folgt:Der Rat der Stadt lehnt die Entscheidung der Bezirksregierung ab, im Bereich B\u00f6hler Hof Allgemeine Siedlungsbereiche (ASB) im Regionalplan D\u00fcsseldorf (RPD) darzustellen. Eine weitere Versiegelung und \u00dcberbauung von Natur und Landschaft wird an dieser Stelle abgelehnt. Die Landschaftsbereiche angrenzend zum historischen B\u00f6hler Hof sollen erhalten werden.<\/li>\n<li>Der Rat der Stadt Wuppertal lehnt eine weitere Versiegelung und \u00dcberbauung der Fl\u00e4che auch weiterhin ab.<\/li>\n<li>Die Verwaltung wird beauftragt, die Regionalplanungsbeh\u00f6rde D\u00fcsseldorf aufzufordern, gegen\u00fcber dem Regionalrat anzuregen, den Regionalplan in entsprechender Weise zu \u00e4ndern und ein Plan\u00e4nderungsverfahren einzuleiten mit dem Ziel, die Fl\u00e4che wieder als Fl\u00e4che f\u00fcr Landwirtschaft und Forstwirtschaft und als \u00f6ffentliche Gr\u00fcnfl\u00e4che darzustellen.<\/li>\n<\/ol>\n<p>&nbsp;<\/p>\n<p><strong>Begr\u00fcndung: <\/strong><\/p>\n<p>Wie schon in der Berichtsvorlage VO\/0456\/24 erl\u00e4utert wurde, hat ein privater Fl\u00e4chenentwickler einen Entwurf von 125 Wohneinheiten f\u00fcr die Freifl\u00e4chen s\u00fcdlich des B\u00f6hler Hofs zwischen der Stra\u00dfe am Freudenberg und der Ronsdorfer Stra\u00dfe 2020 vorgelegt. Die \u00fcberplante Fl\u00e4che betrifft 4,5 Hektar.<\/p>\n<p>Die Fl\u00e4chen sind gr\u00f6\u00dftenteils denkmalgesch\u00fctzte Fl\u00e4chen des B\u00f6hler Hofes, die Wiesen liegen insgesamt im Landschaftsschutzgebiet.<\/p>\n<p>Auch wenn der Regionalplan die Fl\u00e4che als Allgemeinen Siedlungsraum darstellt, ergibt sich daraus f\u00fcr die Stadt Wuppertal keine Pflicht, die Fl\u00e4che zur Bebauung freizugeben. Mit diesem Beschluss wird die Entscheidung der Stadt Wuppertal bekr\u00e4ftigt und soll allen konkreten Bauinteressen aufzeigen, dass diese nicht gegen den Willen der Stadt umgesetzt werden k\u00f6nnen. Mit der Bekr\u00e4ftigung des Beschlusses aus 2019 k\u00f6nnen auch Kaufinteressierte vor \u00fcberteuerten Investitionen gesch\u00fctzt werden.<\/p>\n<p>&nbsp;<\/p>\n<p>&nbsp;<\/p>\n<p>Mit freundlichen Gr\u00fc\u00dfen<\/p>\n<p>Guido Mengelberg \u00a0\u00a0\u00a0\u00a0\u00a0\u00a0\u00a0\u00a0\u00a0\u00a0\u00a0\u00a0\u00a0\u00a0\u00a0 Denise Frings<\/p>\n<p>Stadtverordneter \u00a0\u00a0\u00a0\u00a0\u00a0\u00a0\u00a0\u00a0\u00a0\u00a0\u00a0\u00a0\u00a0\u00a0\u00a0\u00a0\u00a0\u00a0 Fraktionsvorsitzende<\/p>\n<p>&nbsp;<\/p>\n","protected":false},"excerpt":{"rendered":"<p>Antrag der Fraktion B\u00dcNDNIS 90\/DIE GR\u00dcNEN an den Ausschuss f\u00fcr Stadtentwicklung und Bauen am 06.06.2024, an den Hauptausschuss am 27.06.2024 und an den Rat der Stadt Wuppertal am 01.07.2024\u00a0 Sehr geehrter Herr Oberb\u00fcrgermeister, sehr geehrter Herr K\u00f6ksal, die Fraktion B\u00dcNDNIS 90\/DIE GR\u00dcNEN beantragt, die Mitglieder&#8230;<\/p>\n","protected":false},"author":89,"featured_media":0,"menu_order":0,"comment_status":"open","ping_status":"open","template":"","meta":{"_wp_rev_ctl_limit":""},"themen":[523,524,58],"yoast_head":"<!-- This site is optimized with the Yoast SEO plugin v21.8 - https:\/\/yoast.com\/wordpress\/plugins\/seo\/ -->\n<title>Keine Bebauung im Bereich B\u00f6hler Hof - Fraktion von B\u00fcndnis 90 \/ DIE GR\u00dcNEN im Rat der Stadt Wuppertal<\/title>\n<meta name=\"robots\" content=\"index, follow, max-snippet:-1, max-image-preview:large, max-video-preview:-1\" \/>\n<link rel=\"canonical\" href=\"https:\/\/gruene-wuppertal.de\/fraktion\/antraege\/keine-bebauung-im-bereich-boehler-hof\/\" \/>\n<meta property=\"og:locale\" content=\"de_DE\" \/>\n<meta property=\"og:type\" content=\"article\" \/>\n<meta property=\"og:title\" content=\"Keine Bebauung im Bereich B\u00f6hler Hof - Fraktion von B\u00fcndnis 90 \/ DIE GR\u00dcNEN im Rat der Stadt Wuppertal\" \/>\n<meta property=\"og:description\" content=\"Antrag der Fraktion B\u00dcNDNIS 90\/DIE GR\u00dcNEN an den Ausschuss f\u00fcr Stadtentwicklung und Bauen am 06.06.2024, an den Hauptausschuss am 27.06.2024 und an den Rat der Stadt Wuppertal am 01.07.2024\u00a0 Sehr geehrter Herr Oberb\u00fcrgermeister, sehr geehrter Herr K\u00f6ksal, die Fraktion B\u00dcNDNIS 90\/DIE GR\u00dcNEN beantragt, die Mitglieder...\" \/>\n<meta property=\"og:url\" content=\"https:\/\/gruene-wuppertal.de\/fraktion\/antraege\/keine-bebauung-im-bereich-boehler-hof\/\" \/>\n<meta property=\"og:site_name\" content=\"Fraktion von B\u00fcndnis 90 \/ DIE GR\u00dcNEN im Rat der Stadt Wuppertal\" \/>\n<meta property=\"article:modified_time\" content=\"2024-05-28T07:08:43+00:00\" \/>\n<meta name=\"twitter:card\" content=\"summary_large_image\" \/>\n<meta name=\"twitter:label1\" content=\"Gesch\u00e4tzte Lesezeit\" \/>\n\t<meta name=\"twitter:data1\" content=\"2 Minuten\" \/>\n<script type=\"application\/ld+json\" class=\"yoast-schema-graph\">{\"@context\":\"https:\/\/schema.org\",\"@graph\":[{\"@type\":\"WebPage\",\"@id\":\"https:\/\/gruene-wuppertal.de\/fraktion\/antraege\/keine-bebauung-im-bereich-boehler-hof\/\",\"url\":\"https:\/\/gruene-wuppertal.de\/fraktion\/antraege\/keine-bebauung-im-bereich-boehler-hof\/\",\"name\":\"Keine Bebauung im Bereich B\u00f6hler Hof - Fraktion von B\u00fcndnis 90 \/ DIE GR\u00dcNEN im Rat der Stadt Wuppertal\",\"isPartOf\":{\"@id\":\"https:\/\/gruene-wuppertal.de\/fraktion\/#website\"},\"datePublished\":\"2024-05-22T06:27:26+00:00\",\"dateModified\":\"2024-05-28T07:08:43+00:00\",\"breadcrumb\":{\"@id\":\"https:\/\/gruene-wuppertal.de\/fraktion\/antraege\/keine-bebauung-im-bereich-boehler-hof\/#breadcrumb\"},\"inLanguage\":\"de-DE\",\"potentialAction\":[{\"@type\":\"ReadAction\",\"target\":[\"https:\/\/gruene-wuppertal.de\/fraktion\/antraege\/keine-bebauung-im-bereich-boehler-hof\/\"]}]},{\"@type\":\"BreadcrumbList\",\"@id\":\"https:\/\/gruene-wuppertal.de\/fraktion\/antraege\/keine-bebauung-im-bereich-boehler-hof\/#breadcrumb\",\"itemListElement\":[{\"@type\":\"ListItem\",\"position\":1,\"name\":\"Startseite\",\"item\":\"https:\/\/gruene-wuppertal.de\/fraktion\/\"},{\"@type\":\"ListItem\",\"position\":2,\"name\":\"Keine Bebauung im Bereich B\u00f6hler Hof\"}]},{\"@type\":\"WebSite\",\"@id\":\"https:\/\/gruene-wuppertal.de\/fraktion\/#website\",\"url\":\"https:\/\/gruene-wuppertal.de\/fraktion\/\",\"name\":\"Fraktion von B\u00fcndnis 90 \/ DIE GR\u00dcNEN im Rat der Stadt Wuppertal\",\"description\":\"\",\"potentialAction\":[{\"@type\":\"SearchAction\",\"target\":{\"@type\":\"EntryPoint\",\"urlTemplate\":\"https:\/\/gruene-wuppertal.de\/fraktion\/?s={search_term_string}\"},\"query-input\":\"required name=search_term_string\"}],\"inLanguage\":\"de-DE\"}]}<\/script>\n<!-- \/ Yoast SEO plugin. -->","yoast_head_json":{"title":"Keine Bebauung im Bereich B\u00f6hler Hof - Fraktion von B\u00fcndnis 90 \/ DIE GR\u00dcNEN im Rat der Stadt Wuppertal","robots":{"index":"index","follow":"follow","max-snippet":"max-snippet:-1","max-image-preview":"max-image-preview:large","max-video-preview":"max-video-preview:-1"},"canonical":"https:\/\/gruene-wuppertal.de\/fraktion\/antraege\/keine-bebauung-im-bereich-boehler-hof\/","og_locale":"de_DE","og_type":"article","og_title":"Keine Bebauung im Bereich B\u00f6hler Hof - Fraktion von B\u00fcndnis 90 \/ DIE GR\u00dcNEN im Rat der Stadt Wuppertal","og_description":"Antrag der Fraktion B\u00dcNDNIS 90\/DIE GR\u00dcNEN an den Ausschuss f\u00fcr Stadtentwicklung und Bauen am 06.06.2024, an den Hauptausschuss am 27.06.2024 und an den Rat der Stadt Wuppertal am 01.07.2024\u00a0 Sehr geehrter Herr Oberb\u00fcrgermeister, sehr geehrter Herr K\u00f6ksal, die Fraktion B\u00dcNDNIS 90\/DIE GR\u00dcNEN beantragt, die Mitglieder...","og_url":"https:\/\/gruene-wuppertal.de\/fraktion\/antraege\/keine-bebauung-im-bereich-boehler-hof\/","og_site_name":"Fraktion von B\u00fcndnis 90 \/ DIE GR\u00dcNEN im Rat der Stadt Wuppertal","article_modified_time":"2024-05-28T07:08:43+00:00","twitter_card":"summary_large_image","twitter_misc":{"Gesch\u00e4tzte Lesezeit":"2 Minuten"},"schema":{"@context":"https:\/\/schema.org","@graph":[{"@type":"WebPage","@id":"https:\/\/gruene-wuppertal.de\/fraktion\/antraege\/keine-bebauung-im-bereich-boehler-hof\/","url":"https:\/\/gruene-wuppertal.de\/fraktion\/antraege\/keine-bebauung-im-bereich-boehler-hof\/","name":"Keine Bebauung im Bereich B\u00f6hler Hof - Fraktion von B\u00fcndnis 90 \/ DIE GR\u00dcNEN im Rat der Stadt Wuppertal","isPartOf":{"@id":"https:\/\/gruene-wuppertal.de\/fraktion\/#website"},"datePublished":"2024-05-22T06:27:26+00:00","dateModified":"2024-05-28T07:08:43+00:00","breadcrumb":{"@id":"https:\/\/gruene-wuppertal.de\/fraktion\/antraege\/keine-bebauung-im-bereich-boehler-hof\/#breadcrumb"},"inLanguage":"de-DE","potentialAction":[{"@type":"ReadAction","target":["https:\/\/gruene-wuppertal.de\/fraktion\/antraege\/keine-bebauung-im-bereich-boehler-hof\/"]}]},{"@type":"BreadcrumbList","@id":"https:\/\/gruene-wuppertal.de\/fraktion\/antraege\/keine-bebauung-im-bereich-boehler-hof\/#breadcrumb","itemListElement":[{"@type":"ListItem","position":1,"name":"Startseite","item":"https:\/\/gruene-wuppertal.de\/fraktion\/"},{"@type":"ListItem","position":2,"name":"Keine Bebauung im Bereich B\u00f6hler Hof"}]},{"@type":"WebSite","@id":"https:\/\/gruene-wuppertal.de\/fraktion\/#website","url":"https:\/\/gruene-wuppertal.de\/fraktion\/","name":"Fraktion von B\u00fcndnis 90 \/ DIE GR\u00dcNEN im Rat der Stadt Wuppertal","description":"","potentialAction":[{"@type":"SearchAction","target":{"@type":"EntryPoint","urlTemplate":"https:\/\/gruene-wuppertal.de\/fraktion\/?s={search_term_string}"},"query-input":"required name=search_term_string"}],"inLanguage":"de-DE"}]}},"post_mailing_queue_ids":[],"_links":{"self":[{"href":"https:\/\/gruene-wuppertal.de\/fraktion\/wp-json\/wp\/v2\/antraege\/21788"}],"collection":[{"href":"https:\/\/gruene-wuppertal.de\/fraktion\/wp-json\/wp\/v2\/antraege"}],"about":[{"href":"https:\/\/gruene-wuppertal.de\/fraktion\/wp-json\/wp\/v2\/types\/antraege"}],"author":[{"embeddable":true,"href":"https:\/\/gruene-wuppertal.de\/fraktion\/wp-json\/wp\/v2\/users\/89"}],"replies":[{"embeddable":true,"href":"https:\/\/gruene-wuppertal.de\/fraktion\/wp-json\/wp\/v2\/comments?post=21788"}],"version-history":[{"count":2,"href":"https:\/\/gruene-wuppertal.de\/fraktion\/wp-json\/wp\/v2\/antraege\/21788\/revisions"}],"predecessor-version":[{"id":21795,"href":"https:\/\/gruene-wuppertal.de\/fraktion\/wp-json\/wp\/v2\/antraege\/21788\/revisions\/21795"}],"wp:attachment":[{"href":"https:\/\/gruene-wuppertal.de\/fraktion\/wp-json\/wp\/v2\/media?parent=21788"}],"wp:term":[{"taxonomy":"themen","embeddable":true,"href":"https:\/\/gruene-wuppertal.de\/fraktion\/wp-json\/wp\/v2\/themen?post=21788"}],"curies":[{"name":"wp","href":"https:\/\/api.w.org\/{rel}","templated":true}]}}