{"id":21255,"date":"2023-05-23T12:02:52","date_gmt":"2023-05-23T10:02:52","guid":{"rendered":"https:\/\/gruene-wuppertal.de\/fraktion\/?post_type=antraege&#038;p=21255"},"modified":"2023-05-23T12:02:52","modified_gmt":"2023-05-23T10:02:52","slug":"kulturfonds-energie","status":"publish","type":"antraege","link":"https:\/\/gruene-wuppertal.de\/fraktion\/antraege\/kulturfonds-energie\/","title":{"rendered":"Kulturfonds Energie"},"content":{"rendered":"<p><strong>Antrag der Fraktion B\u00dcNDNIS 90\/DIE GR\u00dcNEN an den Ausschuss f\u00fcr Kultur am 07.06.2023<\/strong><\/p>\n<p>Sehr geehrter Herr Dr. K\u00f6ster,<\/p>\n<p>die Fraktion B\u00dcNDNIS 90\/DIE GR\u00dcNEN beantragt, der Ausschuss f\u00fcr Kultur m\u00f6ge folgenden Beschluss fassen:<\/p>\n<p>Die Verwaltung wird gebeten, in der n\u00e4chsten Sitzung zu folgenden Fragen\/Anmerkungen zu berichten:<\/p>\n<ol>\n<li>Gibt es in der Kulturverwaltung schon \u00dcberlegungen, wie die Kultureinrichtungen insbesondere der \u201eFreien Kulturszene\u201c \u00fcber die Einf\u00fchrung des von der Bundesregierung aufgelegten \u201eKulturfonds Energie\u201c informiert und bei der Antragsstellung unterst\u00fctzt werden k\u00f6nnen?<\/li>\n<li>Wenn nein, bitten wir einen konkreten Zeitplan f\u00fcr eine Begleitung der Einf\u00fchrung durch entsprechende Informationen des geplanten \u201eKulturfonds Energie\u201c vorzulegen.<\/li>\n<\/ol>\n<p>&nbsp;<\/p>\n<p><strong>Begr\u00fcndung:<br \/>\n<\/strong>Zur Begr\u00fcndung und Erl\u00e4uterung dieses Antrages zitieren wir nachfolgend auszugsweise aus den Informationen der Bundesregierung:<\/p>\n<p>\u201eKultureinrichtungen und Kulturveranstaltungen sind wichtige soziale Orte. Sie sind von zentraler Bedeutung f\u00fcr die kulturelle Bildung und den gesellschaftlichen Austausch. Steigende Energiepreise gef\u00e4hrden den Erhalt von Kulturangeboten wie beispielsweise Kinos, Theatern, Konzerten, Museen, Bibliotheken und Archiven. Aus diesem Grund haben Bund und L\u00e4nder den Kulturfonds Energie des Bundes entwickelt.<br \/>\nMit dem Kulturfonds Energie des Bundes bietet der Bund zus\u00e4tzlich zu den allgemeinen Entlastungsma\u00dfnahmen gezielte Unterst\u00fctzung in H\u00f6he von bis zu 1 Milliarde Euro f\u00fcr den Kulturbereich zur Bew\u00e4ltigung der hohen Energiekosten.<\/p>\n<p>Der F\u00f6rderzeitraum erstreckt sich r\u00fcckwirkend vom 1. Januar 2023 bis zum 30. April 2024. Dieses vom Bund finanzierte und von Bund und L\u00e4ndern entwickelte Hilfsprogramm baut auf den bereits erprobten Strukturen des Sonderfonds des Bundes f\u00fcr Kulturveranstaltungen auf. Die Bearbeitung der F\u00f6rderantr\u00e4ge erfolgt durch die \u00f6rtlich zust\u00e4ndigen L\u00e4nder.<\/p>\n<p>Die F\u00f6rderung unterscheidet zwei Fallgruppen:\u00a0Kultureinrichtungen\u00a0und\u00a0Kulturveranstaltende von Einzelveranstaltungen\u00a0in geschlossenen R\u00e4umen. Antragsberechtigt sind \u00f6ffentliche und private Kultureinrichtungen, sofern sie \u00f6ffentlich zug\u00e4nglich sind.\u201c<\/p>\n<p>Wir bitten darum, dass die Kulturverwaltung die entsprechenden Einrichtungen sowohl aktiv \u00fcber diese F\u00f6rderm\u00f6glichkeiten informiert sowie einen Link zu der F\u00f6rderkulisse auf der st\u00e4dtischen Homepage einbindet.<\/p>\n<p>&nbsp;<\/p>\n<p>&nbsp;<\/p>\n<p>&nbsp;<\/p>\n<p>Mit freundlichen Gr\u00fc\u00dfen<\/p>\n<p>Dagmar Liste-Frinker\u00a0 \u00a0 \u00a0 \u00a0 \u00a0 \u00a0 \u00a0 \u00a0 \u00a0 \u00a0 \u00a0 \u00a0Rainer Widmann<br \/>\nB\u00fcrgermeisterin\u00a0\u00a0\u00a0\u00a0\u00a0\u00a0\u00a0\u00a0\u00a0\u00a0\u00a0\u00a0\u00a0\u00a0\u00a0\u00a0\u00a0\u00a0\u00a0\u00a0\u00a0\u00a0\u00a0\u00a0\u00a0\u00a0\u00a0\u00a0\u00a0\u00a0\u00a0\u00a0\u00a0 Stadtverordneter<\/p>\n","protected":false},"excerpt":{"rendered":"<p>Antrag der Fraktion B\u00dcNDNIS 90\/DIE GR\u00dcNEN an den Ausschuss f\u00fcr Kultur am 07.06.2023 Sehr geehrter Herr Dr. K\u00f6ster, die Fraktion B\u00dcNDNIS 90\/DIE GR\u00dcNEN beantragt, der Ausschuss f\u00fcr Kultur m\u00f6ge folgenden Beschluss fassen: Die Verwaltung wird gebeten, in der n\u00e4chsten Sitzung zu folgenden Fragen\/Anmerkungen zu berichten:&#8230;<\/p>\n","protected":false},"author":89,"featured_media":0,"menu_order":0,"comment_status":"open","ping_status":"open","template":"","meta":{"_wp_rev_ctl_limit":""},"themen":[425,10,424,174],"yoast_head":"<!-- This site is optimized with the Yoast SEO plugin v21.8 - https:\/\/yoast.com\/wordpress\/plugins\/seo\/ -->\n<title>Kulturfonds Energie - Fraktion von B\u00fcndnis 90 \/ DIE GR\u00dcNEN im Rat der Stadt Wuppertal<\/title>\n<meta name=\"robots\" content=\"index, follow, max-snippet:-1, max-image-preview:large, max-video-preview:-1\" \/>\n<link rel=\"canonical\" href=\"https:\/\/gruene-wuppertal.de\/fraktion\/antraege\/kulturfonds-energie\/\" \/>\n<meta property=\"og:locale\" content=\"de_DE\" \/>\n<meta property=\"og:type\" content=\"article\" \/>\n<meta property=\"og:title\" content=\"Kulturfonds Energie - Fraktion von B\u00fcndnis 90 \/ DIE GR\u00dcNEN im Rat der Stadt Wuppertal\" \/>\n<meta property=\"og:description\" content=\"Antrag der Fraktion B\u00dcNDNIS 90\/DIE GR\u00dcNEN an den Ausschuss f\u00fcr Kultur am 07.06.2023 Sehr geehrter Herr Dr. K\u00f6ster, die Fraktion B\u00dcNDNIS 90\/DIE GR\u00dcNEN beantragt, der Ausschuss f\u00fcr Kultur m\u00f6ge folgenden Beschluss fassen: Die Verwaltung wird gebeten, in der n\u00e4chsten Sitzung zu folgenden Fragen\/Anmerkungen zu berichten:...\" \/>\n<meta property=\"og:url\" content=\"https:\/\/gruene-wuppertal.de\/fraktion\/antraege\/kulturfonds-energie\/\" \/>\n<meta property=\"og:site_name\" content=\"Fraktion von B\u00fcndnis 90 \/ DIE GR\u00dcNEN im Rat der Stadt Wuppertal\" \/>\n<meta name=\"twitter:card\" content=\"summary_large_image\" \/>\n<meta name=\"twitter:label1\" content=\"Gesch\u00e4tzte Lesezeit\" \/>\n\t<meta name=\"twitter:data1\" content=\"2 Minuten\" \/>\n<script type=\"application\/ld+json\" class=\"yoast-schema-graph\">{\"@context\":\"https:\/\/schema.org\",\"@graph\":[{\"@type\":\"WebPage\",\"@id\":\"https:\/\/gruene-wuppertal.de\/fraktion\/antraege\/kulturfonds-energie\/\",\"url\":\"https:\/\/gruene-wuppertal.de\/fraktion\/antraege\/kulturfonds-energie\/\",\"name\":\"Kulturfonds Energie - Fraktion von B\u00fcndnis 90 \/ DIE GR\u00dcNEN im Rat der Stadt Wuppertal\",\"isPartOf\":{\"@id\":\"https:\/\/gruene-wuppertal.de\/fraktion\/#website\"},\"datePublished\":\"2023-05-23T10:02:52+00:00\",\"dateModified\":\"2023-05-23T10:02:52+00:00\",\"breadcrumb\":{\"@id\":\"https:\/\/gruene-wuppertal.de\/fraktion\/antraege\/kulturfonds-energie\/#breadcrumb\"},\"inLanguage\":\"de-DE\",\"potentialAction\":[{\"@type\":\"ReadAction\",\"target\":[\"https:\/\/gruene-wuppertal.de\/fraktion\/antraege\/kulturfonds-energie\/\"]}]},{\"@type\":\"BreadcrumbList\",\"@id\":\"https:\/\/gruene-wuppertal.de\/fraktion\/antraege\/kulturfonds-energie\/#breadcrumb\",\"itemListElement\":[{\"@type\":\"ListItem\",\"position\":1,\"name\":\"Startseite\",\"item\":\"https:\/\/gruene-wuppertal.de\/fraktion\/\"},{\"@type\":\"ListItem\",\"position\":2,\"name\":\"Kulturfonds Energie\"}]},{\"@type\":\"WebSite\",\"@id\":\"https:\/\/gruene-wuppertal.de\/fraktion\/#website\",\"url\":\"https:\/\/gruene-wuppertal.de\/fraktion\/\",\"name\":\"Fraktion von B\u00fcndnis 90 \/ DIE GR\u00dcNEN im Rat der Stadt Wuppertal\",\"description\":\"\",\"potentialAction\":[{\"@type\":\"SearchAction\",\"target\":{\"@type\":\"EntryPoint\",\"urlTemplate\":\"https:\/\/gruene-wuppertal.de\/fraktion\/?s={search_term_string}\"},\"query-input\":\"required name=search_term_string\"}],\"inLanguage\":\"de-DE\"}]}<\/script>\n<!-- \/ Yoast SEO plugin. -->","yoast_head_json":{"title":"Kulturfonds Energie - Fraktion von B\u00fcndnis 90 \/ DIE GR\u00dcNEN im Rat der Stadt Wuppertal","robots":{"index":"index","follow":"follow","max-snippet":"max-snippet:-1","max-image-preview":"max-image-preview:large","max-video-preview":"max-video-preview:-1"},"canonical":"https:\/\/gruene-wuppertal.de\/fraktion\/antraege\/kulturfonds-energie\/","og_locale":"de_DE","og_type":"article","og_title":"Kulturfonds Energie - Fraktion von B\u00fcndnis 90 \/ DIE GR\u00dcNEN im Rat der Stadt Wuppertal","og_description":"Antrag der Fraktion B\u00dcNDNIS 90\/DIE GR\u00dcNEN an den Ausschuss f\u00fcr Kultur am 07.06.2023 Sehr geehrter Herr Dr. K\u00f6ster, die Fraktion B\u00dcNDNIS 90\/DIE GR\u00dcNEN beantragt, der Ausschuss f\u00fcr Kultur m\u00f6ge folgenden Beschluss fassen: Die Verwaltung wird gebeten, in der n\u00e4chsten Sitzung zu folgenden Fragen\/Anmerkungen zu berichten:...","og_url":"https:\/\/gruene-wuppertal.de\/fraktion\/antraege\/kulturfonds-energie\/","og_site_name":"Fraktion von B\u00fcndnis 90 \/ DIE GR\u00dcNEN im Rat der Stadt Wuppertal","twitter_card":"summary_large_image","twitter_misc":{"Gesch\u00e4tzte Lesezeit":"2 Minuten"},"schema":{"@context":"https:\/\/schema.org","@graph":[{"@type":"WebPage","@id":"https:\/\/gruene-wuppertal.de\/fraktion\/antraege\/kulturfonds-energie\/","url":"https:\/\/gruene-wuppertal.de\/fraktion\/antraege\/kulturfonds-energie\/","name":"Kulturfonds Energie - Fraktion von B\u00fcndnis 90 \/ DIE GR\u00dcNEN im Rat der Stadt Wuppertal","isPartOf":{"@id":"https:\/\/gruene-wuppertal.de\/fraktion\/#website"},"datePublished":"2023-05-23T10:02:52+00:00","dateModified":"2023-05-23T10:02:52+00:00","breadcrumb":{"@id":"https:\/\/gruene-wuppertal.de\/fraktion\/antraege\/kulturfonds-energie\/#breadcrumb"},"inLanguage":"de-DE","potentialAction":[{"@type":"ReadAction","target":["https:\/\/gruene-wuppertal.de\/fraktion\/antraege\/kulturfonds-energie\/"]}]},{"@type":"BreadcrumbList","@id":"https:\/\/gruene-wuppertal.de\/fraktion\/antraege\/kulturfonds-energie\/#breadcrumb","itemListElement":[{"@type":"ListItem","position":1,"name":"Startseite","item":"https:\/\/gruene-wuppertal.de\/fraktion\/"},{"@type":"ListItem","position":2,"name":"Kulturfonds Energie"}]},{"@type":"WebSite","@id":"https:\/\/gruene-wuppertal.de\/fraktion\/#website","url":"https:\/\/gruene-wuppertal.de\/fraktion\/","name":"Fraktion von B\u00fcndnis 90 \/ DIE GR\u00dcNEN im Rat der Stadt Wuppertal","description":"","potentialAction":[{"@type":"SearchAction","target":{"@type":"EntryPoint","urlTemplate":"https:\/\/gruene-wuppertal.de\/fraktion\/?s={search_term_string}"},"query-input":"required name=search_term_string"}],"inLanguage":"de-DE"}]}},"post_mailing_queue_ids":[],"_links":{"self":[{"href":"https:\/\/gruene-wuppertal.de\/fraktion\/wp-json\/wp\/v2\/antraege\/21255"}],"collection":[{"href":"https:\/\/gruene-wuppertal.de\/fraktion\/wp-json\/wp\/v2\/antraege"}],"about":[{"href":"https:\/\/gruene-wuppertal.de\/fraktion\/wp-json\/wp\/v2\/types\/antraege"}],"author":[{"embeddable":true,"href":"https:\/\/gruene-wuppertal.de\/fraktion\/wp-json\/wp\/v2\/users\/89"}],"replies":[{"embeddable":true,"href":"https:\/\/gruene-wuppertal.de\/fraktion\/wp-json\/wp\/v2\/comments?post=21255"}],"version-history":[{"count":1,"href":"https:\/\/gruene-wuppertal.de\/fraktion\/wp-json\/wp\/v2\/antraege\/21255\/revisions"}],"predecessor-version":[{"id":21256,"href":"https:\/\/gruene-wuppertal.de\/fraktion\/wp-json\/wp\/v2\/antraege\/21255\/revisions\/21256"}],"wp:attachment":[{"href":"https:\/\/gruene-wuppertal.de\/fraktion\/wp-json\/wp\/v2\/media?parent=21255"}],"wp:term":[{"taxonomy":"themen","embeddable":true,"href":"https:\/\/gruene-wuppertal.de\/fraktion\/wp-json\/wp\/v2\/themen?post=21255"}],"curies":[{"name":"wp","href":"https:\/\/api.w.org\/{rel}","templated":true}]}}