{"id":20714,"date":"2022-09-19T09:37:16","date_gmt":"2022-09-19T07:37:16","guid":{"rendered":"https:\/\/gruene-wuppertal.de\/fraktion\/?post_type=antraege&#038;p=20714"},"modified":"2022-09-19T09:37:16","modified_gmt":"2022-09-19T07:37:16","slug":"den-verwaltungsvorstand-zukunftsfest-weiterentwickeln","status":"publish","type":"antraege","link":"https:\/\/gruene-wuppertal.de\/fraktion\/antraege\/den-verwaltungsvorstand-zukunftsfest-weiterentwickeln\/","title":{"rendered":"Den Verwaltungsvorstand zukunftsfest weiterentwickeln"},"content":{"rendered":"<p><strong>Antrag der Fraktion B\u00dcNDNIS 90\/DIE GR\u00dcNEN zur Ratssitzung am 21.09.2022<\/strong><\/p>\n<p>Sehr geehrter Herr Oberb\u00fcrgermeister,<\/p>\n<p>Dr. Slawig scheidet am 31.10.2022 als K\u00e4mmerer und zust\u00e4ndiger Dezernent f\u00fcr Personal, Organisation und Digitalisierung aus. Zu diesem Zeitpunkt ist das Auswahlverfahren f\u00fcr die Neubesetzung des Dezernates f\u00fcr die K\u00e4mmerei noch im vollen Gange, eine Nachfolge wird erst einige Monate danach erfolgen k\u00f6nnen.<\/p>\n<p>In den vorberatenden Gespr\u00e4chen zwischen vier Fraktionen wurde Einvernehmen erzielt, das Haupt- und Personalamt nicht in einem Dezernat mit der K\u00e4mmerei, sondern davon getrennt anzusiedeln, unabh\u00e4ngig von finanzpolitischen Interessen und an den Bedarfen des wachsenden Fachkr\u00e4ftemangels ausgerichtet.<\/p>\n<p>Vor diesem Hintergrund beantragt die Fraktion B\u00dcNDNIS 90\/DIE GR\u00dcNEN, Hauptausschuss und Rat der Stadt m\u00f6gen folgenden Beschluss fassen:<\/p>\n<p>1. Zum n\u00e4chst m\u00f6glichen Zeitpunkt erfolgt in Zusammenarbeit mit der ausgew\u00e4hlten Personalagentur die Ausschreibung des Dezernates Finanzen\/K\u00e4mmerei (Neuer Gesch\u00e4ftsbereich 4).<br \/>\nDieser umfasst die Aufgabenbereiche<\/p>\n<ul>\n<li>Ressort 401, Zentrales F\u00f6rdermanagement<\/li>\n<li>Amt 402, Informationstechnik und Digitalisierung<\/li>\n<li>Ressort 403, Finanzen<\/li>\n<li>Zentrale Revision<\/li>\n<li>Europaf\u00f6rderung<\/li>\n<li>Eigenbetrieb WAW, Wasser und Abwasser<\/li>\n<\/ul>\n<p>&nbsp;<\/p>\n<p>2. Der Oberb\u00fcrgermeister \u00fcbernimmt bis auf Weiteres zum 01.11.2022 die Verantwortung f\u00fcr die Bereiche Personal und Organisation sowie Digitalisierung in seinem Gesch\u00e4ftsbereich.<br \/>\nDer Gesch\u00e4ftsbereich des Oberb\u00fcrgermeisters `wird entsprechend um folgende Aufgabenbereiche erg\u00e4nzt:<\/p>\n<ul>\n<li>Amt 404, Haupt- und Personalamt<\/li>\n<li>Amt 402, Amt f\u00fcr Informationstechnik und Digitalisierung<\/li>\n<\/ul>\n<p>&nbsp;<\/p>\n<p>3. Der Beigeordnete Stefan K\u00fchn wird zum 01.11.2022 zum allgemeinen Vertreter des Oberb\u00fcrgermeisters mit der Bezeichnung \u201eStadtdirektor\u201c bestellt.<\/p>\n<p>&nbsp;<\/p>\n<p>4. Der Beigeordnete Stefan K\u00fchn wird ab 01. 11.2022 bis zur Bestellung der \/ des neuen Beigeordneten zum Stadtk\u00e4mmerer und Leiter des Gesch\u00e4ftsbereiches 4 (Zentrale Dienstleistungen) bis auf die Bereiche Personal, Organisation und Digitalisierung bestellt.<br \/>\nDer Gesch\u00e4ftsbereich 4 umfasst damit bis zur Wahl der neuen Gesch\u00e4ftsbereichsleitung folgende Aufgabenbereiche:<\/p>\n<ul>\n<li>Stadtk\u00e4mmerei, Ressort Finanzen (403)<\/li>\n<li>Stabsstelle Zentrale Revision<\/li>\n<li>Stabsstelle Europaf\u00f6rderung<\/li>\n<li>Zentrales F\u00f6rdermanagement, Ressort 401<\/li>\n<li>Eigenbetrieb WAW, Wasser und Abwasser<\/li>\n<li>Beteiligungsmanagement<\/li>\n<li>Stabstelle Gesundheit und Arbeitssicherheit<\/li>\n<li>Stadtbetrieb 405, Servicecenter und Stra\u00dfenverkehrsamt<\/li>\n<\/ul>\n<p>&nbsp;<\/p>\n<p>5. Dem Gesch\u00e4ftsbereich 4 war bislang das Projektb\u00fcro Pina Bausch zugeordnet.<br \/>\nAb dem 01.11. wird das Projektb\u00fcro in den Gesch\u00e4ftsbereich 2.2 von Matthias Nocke \u00fcbertragen.<\/p>\n<p>6. Alle weiteren Entscheidungen, die Auswirkungen auf die Gesch\u00e4ftsbereiche haben, werden nach der Besetzung der K\u00e4mmerei-Funktion ab Fr\u00fchjahr 2023 weiter besprochen.<\/p>\n<p>7. Der Oberb\u00fcrgermeister wird um Erkl\u00e4rung des Einvernehmens gem\u00e4\u00df \u00a7 73 Abs- 1 Gemeindeordnung NRW zur Festlegung der Gesch\u00e4ftskreise der Gesch\u00e4ftsbereiche gebeten.<\/p>\n<p><strong>Begr\u00fcndung:<br \/>\n<\/strong>Durch diese Ma\u00dfnahme w\u00fcrde es dem Rat der Stadt erm\u00f6glicht, in den kommenden Wochen und Monaten den Fokus auf die Besetzung der K\u00e4mmerer-Funktion zu richten. Dieser Kompromissvorschlag des Oberb\u00fcrgermeisters w\u00fcrde dar\u00fcber hinaus gen\u00fcgend Zeit f\u00fcr eine intensive Diskussion schaffen, um l\u00e4ngerfristige Ver\u00e4nderungen in der Dezernatsstruktur bis zur Entscheidungsreife vorzuberaten und einen m\u00f6glichst einvernehmlichen Vorschlag f\u00fcr die Besetzungen, die im Jahr 2024 anstehen, zu erzielen. In diese Beratung sollen Themen wie Diversit\u00e4t, Transparenz der Entscheidungsverfahren ber\u00fccksichtigt werden.<\/p>\n<p>Mit freundlichen Gr\u00fc\u00dfen<\/p>\n<p>Paul Yves Ramette<br \/>\nFraktionsvorsitzender<\/p>\n","protected":false},"excerpt":{"rendered":"<p>Antrag der Fraktion B\u00dcNDNIS 90\/DIE GR\u00dcNEN zur Ratssitzung am 21.09.2022 Sehr geehrter Herr Oberb\u00fcrgermeister, Dr. Slawig scheidet am 31.10.2022 als K\u00e4mmerer und zust\u00e4ndiger Dezernent f\u00fcr Personal, Organisation und Digitalisierung aus. Zu diesem Zeitpunkt ist das Auswahlverfahren f\u00fcr die Neubesetzung des Dezernates f\u00fcr die K\u00e4mmerei noch&#8230;<\/p>\n","protected":false},"author":6,"featured_media":0,"menu_order":0,"comment_status":"open","ping_status":"open","template":"","meta":{"_wp_rev_ctl_limit":""},"themen":[79,22],"yoast_head":"<!-- This site is optimized with the Yoast SEO plugin v21.8 - https:\/\/yoast.com\/wordpress\/plugins\/seo\/ -->\n<title>Den Verwaltungsvorstand zukunftsfest weiterentwickeln - Fraktion von B\u00fcndnis 90 \/ DIE GR\u00dcNEN im Rat der Stadt Wuppertal<\/title>\n<meta name=\"robots\" content=\"index, follow, max-snippet:-1, max-image-preview:large, max-video-preview:-1\" \/>\n<link rel=\"canonical\" href=\"https:\/\/gruene-wuppertal.de\/fraktion\/antraege\/den-verwaltungsvorstand-zukunftsfest-weiterentwickeln\/\" \/>\n<meta property=\"og:locale\" content=\"de_DE\" \/>\n<meta property=\"og:type\" content=\"article\" \/>\n<meta property=\"og:title\" content=\"Den Verwaltungsvorstand zukunftsfest weiterentwickeln - Fraktion von B\u00fcndnis 90 \/ DIE GR\u00dcNEN im Rat der Stadt Wuppertal\" \/>\n<meta property=\"og:description\" content=\"Antrag der Fraktion B\u00dcNDNIS 90\/DIE GR\u00dcNEN zur Ratssitzung am 21.09.2022 Sehr geehrter Herr Oberb\u00fcrgermeister, Dr. Slawig scheidet am 31.10.2022 als K\u00e4mmerer und zust\u00e4ndiger Dezernent f\u00fcr Personal, Organisation und Digitalisierung aus. Zu diesem Zeitpunkt ist das Auswahlverfahren f\u00fcr die Neubesetzung des Dezernates f\u00fcr die K\u00e4mmerei noch...\" \/>\n<meta property=\"og:url\" content=\"https:\/\/gruene-wuppertal.de\/fraktion\/antraege\/den-verwaltungsvorstand-zukunftsfest-weiterentwickeln\/\" \/>\n<meta property=\"og:site_name\" content=\"Fraktion von B\u00fcndnis 90 \/ DIE GR\u00dcNEN im Rat der Stadt Wuppertal\" \/>\n<meta name=\"twitter:card\" content=\"summary_large_image\" \/>\n<meta name=\"twitter:label1\" content=\"Gesch\u00e4tzte Lesezeit\" \/>\n\t<meta name=\"twitter:data1\" content=\"2 Minuten\" \/>\n<script type=\"application\/ld+json\" class=\"yoast-schema-graph\">{\"@context\":\"https:\/\/schema.org\",\"@graph\":[{\"@type\":\"WebPage\",\"@id\":\"https:\/\/gruene-wuppertal.de\/fraktion\/antraege\/den-verwaltungsvorstand-zukunftsfest-weiterentwickeln\/\",\"url\":\"https:\/\/gruene-wuppertal.de\/fraktion\/antraege\/den-verwaltungsvorstand-zukunftsfest-weiterentwickeln\/\",\"name\":\"Den Verwaltungsvorstand zukunftsfest weiterentwickeln - Fraktion von B\u00fcndnis 90 \/ DIE GR\u00dcNEN im Rat der Stadt Wuppertal\",\"isPartOf\":{\"@id\":\"https:\/\/gruene-wuppertal.de\/fraktion\/#website\"},\"datePublished\":\"2022-09-19T07:37:16+00:00\",\"dateModified\":\"2022-09-19T07:37:16+00:00\",\"breadcrumb\":{\"@id\":\"https:\/\/gruene-wuppertal.de\/fraktion\/antraege\/den-verwaltungsvorstand-zukunftsfest-weiterentwickeln\/#breadcrumb\"},\"inLanguage\":\"de-DE\",\"potentialAction\":[{\"@type\":\"ReadAction\",\"target\":[\"https:\/\/gruene-wuppertal.de\/fraktion\/antraege\/den-verwaltungsvorstand-zukunftsfest-weiterentwickeln\/\"]}]},{\"@type\":\"BreadcrumbList\",\"@id\":\"https:\/\/gruene-wuppertal.de\/fraktion\/antraege\/den-verwaltungsvorstand-zukunftsfest-weiterentwickeln\/#breadcrumb\",\"itemListElement\":[{\"@type\":\"ListItem\",\"position\":1,\"name\":\"Startseite\",\"item\":\"https:\/\/gruene-wuppertal.de\/fraktion\/\"},{\"@type\":\"ListItem\",\"position\":2,\"name\":\"Den Verwaltungsvorstand zukunftsfest weiterentwickeln\"}]},{\"@type\":\"WebSite\",\"@id\":\"https:\/\/gruene-wuppertal.de\/fraktion\/#website\",\"url\":\"https:\/\/gruene-wuppertal.de\/fraktion\/\",\"name\":\"Fraktion von B\u00fcndnis 90 \/ DIE GR\u00dcNEN im Rat der Stadt Wuppertal\",\"description\":\"\",\"potentialAction\":[{\"@type\":\"SearchAction\",\"target\":{\"@type\":\"EntryPoint\",\"urlTemplate\":\"https:\/\/gruene-wuppertal.de\/fraktion\/?s={search_term_string}\"},\"query-input\":\"required name=search_term_string\"}],\"inLanguage\":\"de-DE\"}]}<\/script>\n<!-- \/ Yoast SEO plugin. -->","yoast_head_json":{"title":"Den Verwaltungsvorstand zukunftsfest weiterentwickeln - Fraktion von B\u00fcndnis 90 \/ DIE GR\u00dcNEN im Rat der Stadt Wuppertal","robots":{"index":"index","follow":"follow","max-snippet":"max-snippet:-1","max-image-preview":"max-image-preview:large","max-video-preview":"max-video-preview:-1"},"canonical":"https:\/\/gruene-wuppertal.de\/fraktion\/antraege\/den-verwaltungsvorstand-zukunftsfest-weiterentwickeln\/","og_locale":"de_DE","og_type":"article","og_title":"Den Verwaltungsvorstand zukunftsfest weiterentwickeln - Fraktion von B\u00fcndnis 90 \/ DIE GR\u00dcNEN im Rat der Stadt Wuppertal","og_description":"Antrag der Fraktion B\u00dcNDNIS 90\/DIE GR\u00dcNEN zur Ratssitzung am 21.09.2022 Sehr geehrter Herr Oberb\u00fcrgermeister, Dr. Slawig scheidet am 31.10.2022 als K\u00e4mmerer und zust\u00e4ndiger Dezernent f\u00fcr Personal, Organisation und Digitalisierung aus. Zu diesem Zeitpunkt ist das Auswahlverfahren f\u00fcr die Neubesetzung des Dezernates f\u00fcr die K\u00e4mmerei noch...","og_url":"https:\/\/gruene-wuppertal.de\/fraktion\/antraege\/den-verwaltungsvorstand-zukunftsfest-weiterentwickeln\/","og_site_name":"Fraktion von B\u00fcndnis 90 \/ DIE GR\u00dcNEN im Rat der Stadt Wuppertal","twitter_card":"summary_large_image","twitter_misc":{"Gesch\u00e4tzte Lesezeit":"2 Minuten"},"schema":{"@context":"https:\/\/schema.org","@graph":[{"@type":"WebPage","@id":"https:\/\/gruene-wuppertal.de\/fraktion\/antraege\/den-verwaltungsvorstand-zukunftsfest-weiterentwickeln\/","url":"https:\/\/gruene-wuppertal.de\/fraktion\/antraege\/den-verwaltungsvorstand-zukunftsfest-weiterentwickeln\/","name":"Den Verwaltungsvorstand zukunftsfest weiterentwickeln - Fraktion von B\u00fcndnis 90 \/ DIE GR\u00dcNEN im Rat der Stadt Wuppertal","isPartOf":{"@id":"https:\/\/gruene-wuppertal.de\/fraktion\/#website"},"datePublished":"2022-09-19T07:37:16+00:00","dateModified":"2022-09-19T07:37:16+00:00","breadcrumb":{"@id":"https:\/\/gruene-wuppertal.de\/fraktion\/antraege\/den-verwaltungsvorstand-zukunftsfest-weiterentwickeln\/#breadcrumb"},"inLanguage":"de-DE","potentialAction":[{"@type":"ReadAction","target":["https:\/\/gruene-wuppertal.de\/fraktion\/antraege\/den-verwaltungsvorstand-zukunftsfest-weiterentwickeln\/"]}]},{"@type":"BreadcrumbList","@id":"https:\/\/gruene-wuppertal.de\/fraktion\/antraege\/den-verwaltungsvorstand-zukunftsfest-weiterentwickeln\/#breadcrumb","itemListElement":[{"@type":"ListItem","position":1,"name":"Startseite","item":"https:\/\/gruene-wuppertal.de\/fraktion\/"},{"@type":"ListItem","position":2,"name":"Den Verwaltungsvorstand zukunftsfest weiterentwickeln"}]},{"@type":"WebSite","@id":"https:\/\/gruene-wuppertal.de\/fraktion\/#website","url":"https:\/\/gruene-wuppertal.de\/fraktion\/","name":"Fraktion von B\u00fcndnis 90 \/ DIE GR\u00dcNEN im Rat der Stadt Wuppertal","description":"","potentialAction":[{"@type":"SearchAction","target":{"@type":"EntryPoint","urlTemplate":"https:\/\/gruene-wuppertal.de\/fraktion\/?s={search_term_string}"},"query-input":"required name=search_term_string"}],"inLanguage":"de-DE"}]}},"post_mailing_queue_ids":[],"_links":{"self":[{"href":"https:\/\/gruene-wuppertal.de\/fraktion\/wp-json\/wp\/v2\/antraege\/20714"}],"collection":[{"href":"https:\/\/gruene-wuppertal.de\/fraktion\/wp-json\/wp\/v2\/antraege"}],"about":[{"href":"https:\/\/gruene-wuppertal.de\/fraktion\/wp-json\/wp\/v2\/types\/antraege"}],"author":[{"embeddable":true,"href":"https:\/\/gruene-wuppertal.de\/fraktion\/wp-json\/wp\/v2\/users\/6"}],"replies":[{"embeddable":true,"href":"https:\/\/gruene-wuppertal.de\/fraktion\/wp-json\/wp\/v2\/comments?post=20714"}],"version-history":[{"count":5,"href":"https:\/\/gruene-wuppertal.de\/fraktion\/wp-json\/wp\/v2\/antraege\/20714\/revisions"}],"predecessor-version":[{"id":20719,"href":"https:\/\/gruene-wuppertal.de\/fraktion\/wp-json\/wp\/v2\/antraege\/20714\/revisions\/20719"}],"wp:attachment":[{"href":"https:\/\/gruene-wuppertal.de\/fraktion\/wp-json\/wp\/v2\/media?parent=20714"}],"wp:term":[{"taxonomy":"themen","embeddable":true,"href":"https:\/\/gruene-wuppertal.de\/fraktion\/wp-json\/wp\/v2\/themen?post=20714"}],"curies":[{"name":"wp","href":"https:\/\/api.w.org\/{rel}","templated":true}]}}