{"id":20707,"date":"2022-09-19T09:24:04","date_gmt":"2022-09-19T07:24:04","guid":{"rendered":"https:\/\/gruene-wuppertal.de\/fraktion\/?post_type=antraege&#038;p=20707"},"modified":"2022-09-19T09:24:04","modified_gmt":"2022-09-19T07:24:04","slug":"haushaltsplan-2022-top-1-4","status":"publish","type":"antraege","link":"https:\/\/gruene-wuppertal.de\/fraktion\/antraege\/haushaltsplan-2022-top-1-4\/","title":{"rendered":"Haushaltsplan 2022, TOP 1.4"},"content":{"rendered":"<p><strong>Antrag der Fraktion B\u00dcNDNIS 90\/DIE GR\u00dcNEN zur Ratssitzung am 21.09.2022<\/strong><\/p>\n<p>Sehr geehrter Herr Oberb\u00fcrgermeister,<\/p>\n<p>die Fraktion von B\u00dcNDNIS 90\/DIE GR\u00dcNEN beantragt, der Rat der Stadt m\u00f6ge die nachfolgenden Antr\u00e4ge zum st\u00e4dtischen Haushalt 2022 beschlie\u00dfen.<\/p>\n<p><strong>Gesch\u00e4ftsbereich 1<\/strong><\/p>\n<ol>\n<li><strong>Mobilit\u00e4t <\/strong><\/li>\n<\/ol>\n<table>\n<tbody>\n<tr>\n<td width=\"113\">\n<p style=\"text-align: left;\">2022<\/p>\n<\/td>\n<\/tr>\n<tr>\n<td width=\"113\">\n<p style=\"text-align: left;\">350.000 \u20ac<\/p>\n<\/td>\n<\/tr>\n<\/tbody>\n<\/table>\n<table>\n<tbody>\n<tr>\n<td>Das Personal im Bereich der Planung f\u00fcr den Ausbau des Radverkehrs muss verst\u00e4rkt werden. Das Ressort 104 ben\u00f6tigt mindestens zwei zus\u00e4tzliche Planer*innen.<\/p>\n<p>Diese sind nicht nur notwendig f\u00fcr die Mobilit\u00e4tswende, sondern auch f\u00fcr die Verbesserung des Modernit\u00e4tsgrades der Infrastruktur und f\u00fcr die Erh\u00f6hung des volkwirtschaftlichen Anlageverm\u00f6gens. Die zus\u00e4tzlichen Stellen erm\u00f6glichen auch, dass entsprechende F\u00f6rderantr\u00e4ge erstellt werden k\u00f6nnen.<\/td>\n<\/tr>\n<\/tbody>\n<\/table>\n<p>Hier stehen die Kosten von ungef\u00e4hr 170.000 \u20ac pro Planer*in einer Millionen-F\u00f6rderung von bis zu 95% der Kosten f\u00fcr den Ausbau des Radwegenetzes entgegen.<\/p>\n<ol start=\"2\">\n<li><strong>Radweg Talachse <\/strong><\/li>\n<\/ol>\n<table>\n<tbody>\n<tr>\n<td width=\"113\">2022<\/td>\n<\/tr>\n<tr>\n<td width=\"113\">450.000 \u20ac<\/td>\n<\/tr>\n<\/tbody>\n<\/table>\n<table>\n<tbody>\n<tr>\n<td>Radverkehrskonzept Handlungsachse 1, Wartburgstra\u00dfe, H\u00fcnefeldstra\u00dfe und Hofkamp:<\/td>\n<\/tr>\n<\/tbody>\n<\/table>\n<p>Der Talsohlenradweg vom Neumarkt\/Hofkamp bis Unterd\u00f6rnen ist die aktuell wichtigste, noch fehlende Radverkehrsachse mit dem gr\u00f6\u00dften Bedarf. Auf Grundlage des Radverkehrskonzeptes m\u00fcssen F\u00f6rderantr\u00e4ge (z.B. gem\u00e4\u00df F\u00f6rderrichtlinien Nahmobilit\u00e4t F\u00f6Ri-Nah) gestellt werden, die eine Finanzierung durch das Land NRW in H\u00f6he von bis zu 95% erm\u00f6glichen k\u00f6nnen. Das Projekt k\u00f6nnte somit noch bis 2025 (Ziel \u201eFahrradstadt W\u201c) weitgehend realisiert werden.<\/p>\n<ol start=\"3\">\n<li><strong>Baumschutzprogramm <\/strong><\/li>\n<\/ol>\n<table>\n<tbody>\n<tr>\n<td width=\"113\">2022<\/td>\n<\/tr>\n<tr>\n<td width=\"113\">200.000 \u20ac<\/td>\n<\/tr>\n<\/tbody>\n<\/table>\n<p>Der Klimawandel verursacht gro\u00dfe Sch\u00e4den an Stra\u00dfenb\u00e4umen, Parks und Gr\u00fcnanlagen. F\u00fcr die Bek\u00e4mpfung der Sch\u00e4den und f\u00fcr Neupflanzungen von B\u00e4umen sind deutlich h\u00f6here Finanzmittel erforderlich. Mit den Mitteln soll je eine Stelle im Forst und zur der Baumpflege, sowie zus\u00e4tzliche Baumpflanzungen erm\u00f6glicht werden.<\/p>\n<p><strong>Gesch\u00e4ftsbereich 2.1<\/strong><\/p>\n<ol start=\"4\">\n<li><strong>Erh\u00f6hung der Zusch\u00fcsse f\u00fcr die Freien Wohlfahrtsverb\u00e4nde (AGFW) <\/strong><\/li>\n<\/ol>\n<table>\n<tbody>\n<tr>\n<td width=\"113\"><strong>\u00a0<\/strong>2022<\/td>\n<\/tr>\n<tr>\n<td width=\"113\">437.500 \u20ac<\/td>\n<\/tr>\n<\/tbody>\n<\/table>\n<p>Die Tr\u00e4ger der freien Wohlfahrtspflege leisten mit ihren Beratungsstellen, Fachdiensten und Einrichtungen einen wesentlichen Beitrag der Jugend- und Sozialarbeit in unserer Stadt. Wegen der h\u00f6heren Personalkosten und der steigenden Inflation sind die Einrichtungen der Wohlfahrtsverb\u00e4nde dringend auf eine Erh\u00f6hung ihres Zuschusses angewiesen, um die bisherigen Leistungen auch weiterhin verl\u00e4sslich und im bisherigen Umfang durchf\u00fchren zu k\u00f6nnen und eine Weiterentwicklung der freien Wohlfahrtspflege in Wuppertal zu erm\u00f6glichen. Gem\u00e4\u00df dem Subsidiarit\u00e4tsprinzip ist es f\u00fcr die B\u00fcrger*innen wichtig, weiterhin ein vielf\u00e4ltiges, werteorientiertes Angebot unterbreiten zu k\u00f6nnen. Dies ist nur mit einer Erh\u00f6hung des Globalzuschusses an die AGFW um 3,5 % m\u00f6glich.<\/p>\n<ol start=\"5\">\n<li><strong>Zweite Streetworker*in im Einsatzbereich Suchthilfe<\/strong><\/li>\n<\/ol>\n<table>\n<tbody>\n<tr>\n<td width=\"113\"><strong>\u00a0<\/strong>2022<\/td>\n<\/tr>\n<tr>\n<td width=\"113\">79.000 \u20ac<\/td>\n<\/tr>\n<\/tbody>\n<\/table>\n<p>Durch die Planungen des aktuellen Haushaltsentwurfes w\u00fcrde eine Streetworkstelle wegfallen. Die Erhaltung dieser zweiten Streetworkstelle ist vor dem Hintergrund der wachsenden Anzahl von durch Obdachlosigkeit und Drogenproblematiken betroffenen Menschen dringend notwendig. Bei steigender Zahl an betroffenen Menschen k\u00f6nnen wir nicht die Zahl der Streetworkstellen halbieren, sondern m\u00fcssen zumindest den Bestand sichern.<\/p>\n<ol start=\"6\">\n<li><strong>Projekt gegen sexualisierte Gewalt (Diakonie und Caritas) <\/strong><\/li>\n<\/ol>\n<table>\n<tbody>\n<tr>\n<td width=\"113\">2022<\/td>\n<\/tr>\n<tr>\n<td width=\"113\">80.000 \u20ac<\/td>\n<\/tr>\n<\/tbody>\n<\/table>\n<p>Das Ziel: \u201eKinder und Jugendliche besser vor sexualisierter Gewalt zu sch\u00fctzen und betroffenen Familien schnelle und fachlich kompetente Hilfen anbieten zu k\u00f6nnen\u201c. Gerade vor dem Hintergrund wachsender Gewalt in Familien ist dieses Projekt f\u00fcr Wuppertal unverzichtbar. Caritas und Diakonie warten schon seit dem letzten Jahr darauf, dass der Zusage des Jugendhilfeausschusses auch die Finanzierung f\u00fcr dieses notwendige Verbundprojekt f\u00fcr Wuppertal und Remscheid folgt.<\/p>\n<ol start=\"7\">\n<li><strong>Migrationsberatung Freie Tr\u00e4ger<\/strong><\/li>\n<\/ol>\n<table>\n<tbody>\n<tr>\n<td width=\"113\"><strong>2<\/strong>022<\/td>\n<\/tr>\n<tr>\n<td width=\"113\">150.000 \u20ac<\/td>\n<\/tr>\n<\/tbody>\n<\/table>\n<p>Die Migrationsberatung wird bereits seit Jahren von der Stadt Wuppertal finanziell gef\u00f6rdert. Die F\u00f6rderh\u00f6he stagniert jedoch bereits seit mehreren Jahren, was aufgrund der zunehmenden Aufgabendichte, nach den kriegsbedingten Zuwanderungen seit 2014\/15 und neuerlich seit Beginn 2022 nicht mehr zu rechtfertigen ist. Die Migrationsberatung mit einem h\u00f6heren finanziellen Zuschuss zu unterst\u00fctzen ist notwendig, um die Migrationsgesellschaft zu gestalten, sei es in den Bereichen Bildung und Arbeitsmarkt, aber auch konkret in den Quartieren. Die finanzielle Aufstockung f\u00fcr die Migrationsberatung und damit auch die Sicherung von bereits vorhandenem Personal bedeutet auch, die Ausl\u00e4nderbeh\u00f6rde Wuppertals zu entlasten.<\/p>\n<ol start=\"8\">\n<li><strong>Schlau e.V. <\/strong><\/li>\n<\/ol>\n<table>\n<tbody>\n<tr>\n<td width=\"178\">2022<\/td>\n<\/tr>\n<tr>\n<td width=\"178\">Personal: 40.000 \u20ac<\/td>\n<\/tr>\n<tr>\n<td width=\"178\">Sachkosten: 10.000 \u20ac<\/td>\n<\/tr>\n<\/tbody>\n<\/table>\n<p>SCHLAU e.V. Wuppertal veranstaltet Workshops in Schulklassen, Sportvereinen und Jugendgruppen zu den Themen Diskriminierung, Zugeh\u00f6rigkeit und gesellschaftliche Vielfalt. Der wachsenden Nachfrage nach Workshops k\u00f6nnen die Ehrenamtler*innen nicht mehr nachkommen und ben\u00f6tigen deshalb eine hauptamtliche Stelle f\u00fcr die Organisation und Durchf\u00fchrung von Workshops, \u00d6ffentlichkeitsarbeit, Einarbeitung von neuen Ehrenamtler*innen u.v.m..<\/p>\n<ol start=\"9\">\n<li><strong>Inside:Out<\/strong><\/li>\n<\/ol>\n<table>\n<tbody>\n<tr>\n<td width=\"178\">2022<\/td>\n<\/tr>\n<tr>\n<td width=\"178\">Personal: 40.000 \u20ac<\/td>\n<\/tr>\n<tr>\n<td width=\"178\">Sachkosten: 10.000 \u20ac<\/td>\n<\/tr>\n<\/tbody>\n<\/table>\n<p>Wuppertal hat mit Inside:Out endlich ein Queeres Zentrum. Hier ist Platz f\u00fcr die Infrastruktur und Vernetzung aller queeren Menschen. Die ehrenamtlich t\u00e4tigen Betreiber*innen brauchen f\u00fcr die n\u00e4chsten drei Jahre strukturelle Unterst\u00fctzung bei der Organisation und Weiterentwicklung des Zentrums.<\/p>\n<ol start=\"10\">\n<li><strong>Nachtb\u00fcrgermeister*in <\/strong><\/li>\n<\/ol>\n<table>\n<tbody>\n<tr>\n<td width=\"113\">2022<\/td>\n<\/tr>\n<tr>\n<td width=\"113\">70.000 \u20ac<\/td>\n<\/tr>\n<\/tbody>\n<\/table>\n<p>Die Aufgabenstellung dieser Position ist in den meisten St\u00e4dten vergleichbar. Dabei geht es nicht darum, eine neue Beh\u00f6rde zu schaffen oder gar Aufgaben von Polizei und KOD zu \u00fcbernehmen. Vielmehr tritt die\/der Nachtb\u00fcrgermeister*in auf als Ansprechpartner*in und Vermittler*in zwischen Bar- und Gastronomiebetrieben, der Verwaltung, der Polizei, den Verkehrsbetrieben, dem Taxigewerbe, den G\u00e4sten, Anwohner*innen und vielen anderen. Sie\/er fungiert als Moderator*in und Mediator*in in Beschwer\u00addef\u00e4llen, sammelt die unterschiedlichen Anliegen und \u00fcbermittelt Politik und Verwaltung Ver\u00adbesserungsvorschl\u00e4ge. Im Idealfall k\u00f6nnen Konflikte bereits im Vorfeld verhindert werden. Unser Wunsch ist es, mit dem von der Verwaltung vorgeschlagenen Konzept zu beginnen, jedoch ohne ein eigens angemietetes B\u00fcro. Es muss m\u00f6glich sein im Rathaus Elberfeld oder im Geb\u00e4ude Alexanderstra\u00dfe ein passendes B\u00fcro zu finden. Auch halten wir die Ausstattung mit 2 Personen zurzeit f\u00fcr verzichtbar. Das Risiko des Personalausfalles bei Urlaub und Krankheit m\u00fcssen wir zun\u00e4chst hinnehmen. F\u00fcr die Gr\u00fcne Fraktion ist vielmehr der Start des Projektes und das Sammeln von Erfahrungen wichtig.<\/p>\n<ol start=\"11\">\n<li><strong>Schulsekret\u00e4r*innen <\/strong><\/li>\n<\/ol>\n<table>\n<tbody>\n<tr>\n<td width=\"113\">2022<\/td>\n<\/tr>\n<tr>\n<td width=\"113\">75.000 \u20ac<\/td>\n<\/tr>\n<\/tbody>\n<\/table>\n<p>Schulsekret\u00e4r*innen m\u00fcssen bei geringer Arbeitszeit einen stetig wachsenden Arbeitsaufwand u.a. auch durch die Pandemie, aber auch durch generell wachsenden b\u00fcrokratischen Aufwand leisten. Deshalb ist es notwendig, sie st\u00e4rker zu unterst\u00fctzen. Das dient auch der Entlastung der Lehrer*innen, die bereits Aufgaben der Schulsekret\u00e4r*innen \u00fcbernehmen.<\/p>\n<p><strong>Gesch\u00e4ftsbereich 3<\/strong><\/p>\n<ol start=\"12\">\n<li><strong>Wuppertaler Klimaschutzfonds <\/strong><\/li>\n<\/ol>\n<table>\n<tbody>\n<tr>\n<td width=\"113\">2022<\/td>\n<\/tr>\n<tr>\n<td width=\"113\">500.000 \u20ac<\/td>\n<\/tr>\n<\/tbody>\n<\/table>\n<p>Die Einrichtung eines Klimafonds in Zusammenarbeit mit Stadt, Land, WSW und Kreditinstituten ist ein geeignetes Mittel, um Zusch\u00fcsse an B\u00fcrger*innen f\u00fcr Solaranlagen, Speicher, Entsiegelung, Begr\u00fcnung etc. zu erm\u00f6glichen. Klimaschutz ist eine Aufgabe f\u00fcr die gesamte Stadtgesellschaft. Viele B\u00fcrger*innen wollen in Klimaschutzma\u00dfnahmen investieren, oft fehlen ihnen aber die Mittel. Finanzielle Anreize aus dem Fonds geben den notwendigen Schub und erm\u00f6glichen gleichzeitig regionalwirtschaftliche Effekte.<\/p>\n<p><strong>Gesch\u00e4ftsbereich 4<\/strong><\/p>\n<ol start=\"13\">\n<li><strong>Zuschuss Bergische Struktur- und Wirtschaftsf\u00f6rderungsgesellschaft <\/strong><\/li>\n<\/ol>\n<table>\n<tbody>\n<tr>\n<td width=\"113\">2022<\/td>\n<\/tr>\n<tr>\n<td width=\"113\">25.000 \u20ac<\/td>\n<\/tr>\n<\/tbody>\n<\/table>\n<p>Im letzten Jahr hat die Gesellschaft eine neue Finanzstruktur gemeinsam beschlossen, damit in den neuen F\u00f6rderperioden auch weiterhin neue F\u00f6rdergelder ins Bergische Land kommen k\u00f6nnen. Sollte Wuppertal die 25.000 Euro nicht aufwenden, w\u00e4re das de facto ein Ausstieg aus der Bergischen Strukturf\u00f6rderung. Dies wiederum w\u00fcrde die regionale Wirtschaft und die Transformationsentwicklung schw\u00e4chen. Die Summe von 25.000 Euro wird in vielfacher Weise wieder in die Region reinvestiert durch die Aktivierung von europ\u00e4ischen, Bundes- und Landesf\u00f6rdermitteln.<\/p>\n<p>&nbsp;<\/p>\n<p>&nbsp;<\/p>\n<p>Die Finanzierung der o.a. Ma\u00dfnahmen in H\u00f6he von <strong>2.516.500 <\/strong>erfolgt aus Restmitteln, die wegen der vorl\u00e4ufigen Haushaltsf\u00fchrung nicht verwendet werden konnten.<\/p>\n<p>&nbsp;<\/p>\n<p>Mit freundlichen Gr\u00fc\u00dfen<\/p>\n<p>Paul Yves Ramette<br \/>\nFraktionsvorsitzender<\/p>\n<p>&nbsp;<\/p>\n","protected":false},"excerpt":{"rendered":"<p>Antrag der Fraktion B\u00dcNDNIS 90\/DIE GR\u00dcNEN zur Ratssitzung am 21.09.2022 Sehr geehrter Herr Oberb\u00fcrgermeister, die Fraktion von B\u00dcNDNIS 90\/DIE GR\u00dcNEN beantragt, der Rat der Stadt m\u00f6ge die nachfolgenden Antr\u00e4ge zum st\u00e4dtischen Haushalt 2022 beschlie\u00dfen. Gesch\u00e4ftsbereich 1 Mobilit\u00e4t 2022 350.000 \u20ac Das Personal im Bereich der&#8230;<\/p>\n","protected":false},"author":39,"featured_media":0,"menu_order":0,"comment_status":"open","ping_status":"open","template":"","meta":{"_wp_rev_ctl_limit":""},"themen":[79,70],"yoast_head":"<!-- This site is optimized with the Yoast SEO plugin v21.8 - https:\/\/yoast.com\/wordpress\/plugins\/seo\/ -->\n<title>Haushaltsplan 2022, TOP 1.4 - Fraktion von B\u00fcndnis 90 \/ DIE GR\u00dcNEN im Rat der Stadt Wuppertal<\/title>\n<meta name=\"robots\" content=\"index, follow, max-snippet:-1, max-image-preview:large, max-video-preview:-1\" \/>\n<link rel=\"canonical\" href=\"https:\/\/gruene-wuppertal.de\/fraktion\/antraege\/haushaltsplan-2022-top-1-4\/\" \/>\n<meta property=\"og:locale\" content=\"de_DE\" \/>\n<meta property=\"og:type\" content=\"article\" \/>\n<meta property=\"og:title\" content=\"Haushaltsplan 2022, TOP 1.4 - Fraktion von B\u00fcndnis 90 \/ DIE GR\u00dcNEN im Rat der Stadt Wuppertal\" \/>\n<meta property=\"og:description\" content=\"Antrag der Fraktion B\u00dcNDNIS 90\/DIE GR\u00dcNEN zur Ratssitzung am 21.09.2022 Sehr geehrter Herr Oberb\u00fcrgermeister, die Fraktion von B\u00dcNDNIS 90\/DIE GR\u00dcNEN beantragt, der Rat der Stadt m\u00f6ge die nachfolgenden Antr\u00e4ge zum st\u00e4dtischen Haushalt 2022 beschlie\u00dfen. Gesch\u00e4ftsbereich 1 Mobilit\u00e4t 2022 350.000 \u20ac Das Personal im Bereich der...\" \/>\n<meta property=\"og:url\" content=\"https:\/\/gruene-wuppertal.de\/fraktion\/antraege\/haushaltsplan-2022-top-1-4\/\" \/>\n<meta property=\"og:site_name\" content=\"Fraktion von B\u00fcndnis 90 \/ DIE GR\u00dcNEN im Rat der Stadt Wuppertal\" \/>\n<meta name=\"twitter:card\" content=\"summary_large_image\" \/>\n<meta name=\"twitter:label1\" content=\"Gesch\u00e4tzte Lesezeit\" \/>\n\t<meta name=\"twitter:data1\" content=\"6 Minuten\" \/>\n<script type=\"application\/ld+json\" class=\"yoast-schema-graph\">{\"@context\":\"https:\/\/schema.org\",\"@graph\":[{\"@type\":\"WebPage\",\"@id\":\"https:\/\/gruene-wuppertal.de\/fraktion\/antraege\/haushaltsplan-2022-top-1-4\/\",\"url\":\"https:\/\/gruene-wuppertal.de\/fraktion\/antraege\/haushaltsplan-2022-top-1-4\/\",\"name\":\"Haushaltsplan 2022, TOP 1.4 - Fraktion von B\u00fcndnis 90 \/ DIE GR\u00dcNEN im Rat der Stadt Wuppertal\",\"isPartOf\":{\"@id\":\"https:\/\/gruene-wuppertal.de\/fraktion\/#website\"},\"datePublished\":\"2022-09-19T07:24:04+00:00\",\"dateModified\":\"2022-09-19T07:24:04+00:00\",\"breadcrumb\":{\"@id\":\"https:\/\/gruene-wuppertal.de\/fraktion\/antraege\/haushaltsplan-2022-top-1-4\/#breadcrumb\"},\"inLanguage\":\"de-DE\",\"potentialAction\":[{\"@type\":\"ReadAction\",\"target\":[\"https:\/\/gruene-wuppertal.de\/fraktion\/antraege\/haushaltsplan-2022-top-1-4\/\"]}]},{\"@type\":\"BreadcrumbList\",\"@id\":\"https:\/\/gruene-wuppertal.de\/fraktion\/antraege\/haushaltsplan-2022-top-1-4\/#breadcrumb\",\"itemListElement\":[{\"@type\":\"ListItem\",\"position\":1,\"name\":\"Startseite\",\"item\":\"https:\/\/gruene-wuppertal.de\/fraktion\/\"},{\"@type\":\"ListItem\",\"position\":2,\"name\":\"Haushaltsplan 2022, TOP 1.4\"}]},{\"@type\":\"WebSite\",\"@id\":\"https:\/\/gruene-wuppertal.de\/fraktion\/#website\",\"url\":\"https:\/\/gruene-wuppertal.de\/fraktion\/\",\"name\":\"Fraktion von B\u00fcndnis 90 \/ DIE GR\u00dcNEN im Rat der Stadt Wuppertal\",\"description\":\"\",\"potentialAction\":[{\"@type\":\"SearchAction\",\"target\":{\"@type\":\"EntryPoint\",\"urlTemplate\":\"https:\/\/gruene-wuppertal.de\/fraktion\/?s={search_term_string}\"},\"query-input\":\"required name=search_term_string\"}],\"inLanguage\":\"de-DE\"}]}<\/script>\n<!-- \/ Yoast SEO plugin. -->","yoast_head_json":{"title":"Haushaltsplan 2022, TOP 1.4 - Fraktion von B\u00fcndnis 90 \/ DIE GR\u00dcNEN im Rat der Stadt Wuppertal","robots":{"index":"index","follow":"follow","max-snippet":"max-snippet:-1","max-image-preview":"max-image-preview:large","max-video-preview":"max-video-preview:-1"},"canonical":"https:\/\/gruene-wuppertal.de\/fraktion\/antraege\/haushaltsplan-2022-top-1-4\/","og_locale":"de_DE","og_type":"article","og_title":"Haushaltsplan 2022, TOP 1.4 - Fraktion von B\u00fcndnis 90 \/ DIE GR\u00dcNEN im Rat der Stadt Wuppertal","og_description":"Antrag der Fraktion B\u00dcNDNIS 90\/DIE GR\u00dcNEN zur Ratssitzung am 21.09.2022 Sehr geehrter Herr Oberb\u00fcrgermeister, die Fraktion von B\u00dcNDNIS 90\/DIE GR\u00dcNEN beantragt, der Rat der Stadt m\u00f6ge die nachfolgenden Antr\u00e4ge zum st\u00e4dtischen Haushalt 2022 beschlie\u00dfen. Gesch\u00e4ftsbereich 1 Mobilit\u00e4t 2022 350.000 \u20ac Das Personal im Bereich der...","og_url":"https:\/\/gruene-wuppertal.de\/fraktion\/antraege\/haushaltsplan-2022-top-1-4\/","og_site_name":"Fraktion von B\u00fcndnis 90 \/ DIE GR\u00dcNEN im Rat der Stadt Wuppertal","twitter_card":"summary_large_image","twitter_misc":{"Gesch\u00e4tzte Lesezeit":"6 Minuten"},"schema":{"@context":"https:\/\/schema.org","@graph":[{"@type":"WebPage","@id":"https:\/\/gruene-wuppertal.de\/fraktion\/antraege\/haushaltsplan-2022-top-1-4\/","url":"https:\/\/gruene-wuppertal.de\/fraktion\/antraege\/haushaltsplan-2022-top-1-4\/","name":"Haushaltsplan 2022, TOP 1.4 - Fraktion von B\u00fcndnis 90 \/ DIE GR\u00dcNEN im Rat der Stadt Wuppertal","isPartOf":{"@id":"https:\/\/gruene-wuppertal.de\/fraktion\/#website"},"datePublished":"2022-09-19T07:24:04+00:00","dateModified":"2022-09-19T07:24:04+00:00","breadcrumb":{"@id":"https:\/\/gruene-wuppertal.de\/fraktion\/antraege\/haushaltsplan-2022-top-1-4\/#breadcrumb"},"inLanguage":"de-DE","potentialAction":[{"@type":"ReadAction","target":["https:\/\/gruene-wuppertal.de\/fraktion\/antraege\/haushaltsplan-2022-top-1-4\/"]}]},{"@type":"BreadcrumbList","@id":"https:\/\/gruene-wuppertal.de\/fraktion\/antraege\/haushaltsplan-2022-top-1-4\/#breadcrumb","itemListElement":[{"@type":"ListItem","position":1,"name":"Startseite","item":"https:\/\/gruene-wuppertal.de\/fraktion\/"},{"@type":"ListItem","position":2,"name":"Haushaltsplan 2022, TOP 1.4"}]},{"@type":"WebSite","@id":"https:\/\/gruene-wuppertal.de\/fraktion\/#website","url":"https:\/\/gruene-wuppertal.de\/fraktion\/","name":"Fraktion von B\u00fcndnis 90 \/ DIE GR\u00dcNEN im Rat der Stadt Wuppertal","description":"","potentialAction":[{"@type":"SearchAction","target":{"@type":"EntryPoint","urlTemplate":"https:\/\/gruene-wuppertal.de\/fraktion\/?s={search_term_string}"},"query-input":"required name=search_term_string"}],"inLanguage":"de-DE"}]}},"post_mailing_queue_ids":[],"_links":{"self":[{"href":"https:\/\/gruene-wuppertal.de\/fraktion\/wp-json\/wp\/v2\/antraege\/20707"}],"collection":[{"href":"https:\/\/gruene-wuppertal.de\/fraktion\/wp-json\/wp\/v2\/antraege"}],"about":[{"href":"https:\/\/gruene-wuppertal.de\/fraktion\/wp-json\/wp\/v2\/types\/antraege"}],"author":[{"embeddable":true,"href":"https:\/\/gruene-wuppertal.de\/fraktion\/wp-json\/wp\/v2\/users\/39"}],"replies":[{"embeddable":true,"href":"https:\/\/gruene-wuppertal.de\/fraktion\/wp-json\/wp\/v2\/comments?post=20707"}],"version-history":[{"count":2,"href":"https:\/\/gruene-wuppertal.de\/fraktion\/wp-json\/wp\/v2\/antraege\/20707\/revisions"}],"predecessor-version":[{"id":20713,"href":"https:\/\/gruene-wuppertal.de\/fraktion\/wp-json\/wp\/v2\/antraege\/20707\/revisions\/20713"}],"wp:attachment":[{"href":"https:\/\/gruene-wuppertal.de\/fraktion\/wp-json\/wp\/v2\/media?parent=20707"}],"wp:term":[{"taxonomy":"themen","embeddable":true,"href":"https:\/\/gruene-wuppertal.de\/fraktion\/wp-json\/wp\/v2\/themen?post=20707"}],"curies":[{"name":"wp","href":"https:\/\/api.w.org\/{rel}","templated":true}]}}