{"id":19021,"date":"2021-04-29T10:38:23","date_gmt":"2021-04-29T08:38:23","guid":{"rendered":"https:\/\/gruene-wuppertal.de\/fraktion\/?post_type=antraege&#038;p=19021"},"modified":"2021-05-10T09:09:08","modified_gmt":"2021-05-10T07:09:08","slug":"unterstuetzung-der-initiative-kommunen-fuer-ein-starkes-lieferkettengesetz-in-deutschland","status":"publish","type":"antraege","link":"https:\/\/gruene-wuppertal.de\/fraktion\/antraege\/unterstuetzung-der-initiative-kommunen-fuer-ein-starkes-lieferkettengesetz-in-deutschland\/","title":{"rendered":"Unterst\u00fctzung der Initiative &#8222;Kommunen f\u00fcr ein starkes Lieferkettengesetz in Deutschland&#8220;"},"content":{"rendered":"<p><strong>Gemeinsamer Antrag der Fraktionen von SPD, CDU, B\u00dcNDNIS 90\/DIE GR\u00dcNEN und DIE LINKE zum <\/strong><strong>Hauptausschuss am <\/strong><strong>06.05.2021 und zum <\/strong><strong>Rat der Stadt Wuppertal am 1<\/strong><strong>0.05.2021\u00a0 <\/strong><\/p>\n<p>Sehr geehrter Herr Oberb\u00fcrgermeister,<\/p>\n<p>die Fraktionen von SPD, CDU, B\u00dcNDNIS 90\/DIE GR\u00dcNEN und DIE LINKE beantragen, die Mitglieder des Hauptausschusses und des Rates m\u00f6gen beschlie\u00dfen:<\/p>\n<p>Der Oberb\u00fcrgermeister und der Rat der Stadt Wuppertal unterzeichnen die Resolution &#8222;Kommunen f\u00fcr ein starkes Lieferkettengesetz&#8220; (<a href=\"https:\/\/fairtrade-neumarkt.de\/fairtrade\/kommunen-pro-lieferkettengesetz\/\">https:\/\/fairtrade-neumarkt.de\/fairtrade\/kommunen-pro-lieferkettengesetz\/<\/a>) und greifen damit die grunds\u00e4tzlichen Forderungen der \u201eInitiative Lieferkettengesetz\u201c auf.<\/p>\n<p><strong>Begr\u00fcndung:<br \/>\n<\/strong>Seit mehr als zehn Jahren ist Wuppertal \u201eFair Trade Town\u201c und strebt perspektivisch an, sich als Hauptstadt des Fairen Handels zu bewerben. Wuppertal hat sich schon l\u00e4ngst zu den Zielen eines fairen Handels bekannt und erf\u00fcllt die Kriterien einer Fair Trade Town. Zu einem Runden Tisch \u201eFairer Handel Wuppertal\u201c treffen sich regelm\u00e4\u00dfig Vertreter*innen zivilgesellschaftlicher Vereine und Unternehmen wie die Gepa, die Verbraucherzentrale NRW, Weltl\u00e4den, dem katholischen Bildungswerk, dem Troxler Haus, den Fair Trade Schulen und der Stadt. Zahlreiche Aktionen und Feste wurden in den vergangenen Jahren durchgef\u00fchrt und veranstaltet. Ein B\u00fcrgerantrag \u201eF\u00f6rderung, St\u00e4rkung und Ausweitung des Fairen Handels\u201c wurde am 17.06.2020 vom Hauptausschuss einstimmig beschlossen.<\/p>\n<p>Um sozial und \u00f6kologisch verantwortliche Beschaffung zur Regel zu machen, fordern wir einen gesetzlich verbindlichen Rahmen, der Unternehmen dazu verpflichtet, Risiken zur Verletzung von international anerkannten Menschen-, Arbeits- und Umweltrechten entlang ihrer gesamten Wertsch\u00f6pfungskette zu analysieren, diesen vorzubeugen und transparent dar\u00fcber zu berichten. Freiwillige Ma\u00dfnahmen reichen nicht.<\/p>\n<p>Im Bundestag wird derzeit der Entwurf des Lieferkettengesetzes diskutiert, der als Regierungsentwurf am 3. M\u00e4rz 2021 verabschiedet wurde. Zahlreiche St\u00e4dte und Gemeinden setzen sich f\u00fcr ein starkes Lieferkettengesetz ein. Bei einem bundesweiten Einkaufsvolumen der \u00f6ffentlichen Hand von rund 350 Milliarden Euro, wovon ein Gro\u00dfteil auf die Kommunen entf\u00e4llt, ist es wichtig, dass die Kommunen sich daf\u00fcr einsetzen, dass das \u00f6konomische Steuerungspotenzial wirkungsvoller f\u00fcr die Durchsetzung sozialer und gesellschaftspolitischer Ziele genutzt wird und die Abgeordneten im Bundestag darin zu best\u00e4rken, ein Lieferkettengesetz mit den wesentlichen Elementen des vorliegenden Regierungsentwurfes als rechtlich verbindliche Grundlage daf\u00fcr zu beschlie\u00dfen.<\/p>\n<p>Damit kann ein Beitrag zur Umsetzung der globalen Nachhaltigkeitsziele auch auf lokaler Ebene geleistet werden und daf\u00fcr gesorgt werden, dass der Handel weltweit soziale, menschenrechtskonforme und \u00f6kologische Standards einh\u00e4lt. Die Ausweitung der nachhaltigen Beschaffung muss gerade auf kommunaler Ebene ein herausragendes Ziel sein, damit das Angebot an Produkten, die den fairen Standards gen\u00fcgen, immer weiter steigt.<\/p>\n<p>Mit freundlichen Gr\u00fc\u00dfen<\/p>\n<p>gez.<\/p>\n<table>\n<tbody>\n<tr>\n<td width=\"154\">Klaus J\u00fcrgen Reese<\/td>\n<td width=\"154\">Caroline L\u00fcnenschloss und Ludger Kineke<\/td>\n<td width=\"154\">Yazg\u00fcl\u00fc Zeybek und<br \/>\nPaul Yves Ramette<\/td>\n<td width=\"154\">Susanne Herhaus und<br \/>\nGerd-Peter Zielezinski<\/td>\n<\/tr>\n<tr>\n<td width=\"154\">&nbsp;<\/p>\n<p>Vorsitzender der SPD-Ratsfraktion<\/td>\n<td width=\"154\">&nbsp;<\/p>\n<p>Vorsitzende der CDU-Ratsfraktion<\/td>\n<td width=\"154\">&nbsp;<\/p>\n<p>Vorsitzende der Ratsfraktion<br \/>\nB\u00fcndnis 90\/DIE GR\u00dcNEN<\/td>\n<td width=\"154\">&nbsp;<\/p>\n<p>Vorsitzende der Ratsfraktion DIE LINKE<\/td>\n<\/tr>\n<\/tbody>\n<\/table>\n<p>&nbsp;<\/p>\n<p>&nbsp;<\/p>\n<p>&nbsp;<\/p>\n<p>&nbsp;<\/p>\n","protected":false},"excerpt":{"rendered":"<p>Gemeinsamer Antrag der Fraktionen von SPD, CDU, B\u00dcNDNIS 90\/DIE GR\u00dcNEN und DIE LINKE zum Hauptausschuss am 06.05.2021 und zum Rat der Stadt Wuppertal am 10.05.2021\u00a0 Sehr geehrter Herr Oberb\u00fcrgermeister, die Fraktionen von SPD, CDU, B\u00dcNDNIS 90\/DIE GR\u00dcNEN und DIE LINKE beantragen, die Mitglieder des Hauptausschusses&#8230;<\/p>\n","protected":false},"author":6,"featured_media":0,"menu_order":0,"comment_status":"open","ping_status":"open","template":"","meta":{"_wp_rev_ctl_limit":""},"themen":[46,36,22,74],"yoast_head":"<!-- This site is optimized with the Yoast SEO plugin v21.8 - https:\/\/yoast.com\/wordpress\/plugins\/seo\/ -->\n<title>Unterst\u00fctzung der Initiative &quot;Kommunen f\u00fcr ein starkes Lieferkettengesetz in Deutschland&quot; - Fraktion von B\u00fcndnis 90 \/ DIE GR\u00dcNEN im Rat der Stadt Wuppertal<\/title>\n<meta name=\"robots\" content=\"index, follow, max-snippet:-1, max-image-preview:large, max-video-preview:-1\" \/>\n<link rel=\"canonical\" href=\"https:\/\/gruene-wuppertal.de\/fraktion\/antraege\/unterstuetzung-der-initiative-kommunen-fuer-ein-starkes-lieferkettengesetz-in-deutschland\/\" \/>\n<meta property=\"og:locale\" content=\"de_DE\" \/>\n<meta property=\"og:type\" content=\"article\" \/>\n<meta property=\"og:title\" content=\"Unterst\u00fctzung der Initiative &quot;Kommunen f\u00fcr ein starkes Lieferkettengesetz in Deutschland&quot; - Fraktion von B\u00fcndnis 90 \/ DIE GR\u00dcNEN im Rat der Stadt Wuppertal\" \/>\n<meta property=\"og:description\" content=\"Gemeinsamer Antrag der Fraktionen von SPD, CDU, B\u00dcNDNIS 90\/DIE GR\u00dcNEN und DIE LINKE zum Hauptausschuss am 06.05.2021 und zum Rat der Stadt Wuppertal am 10.05.2021\u00a0 Sehr geehrter Herr Oberb\u00fcrgermeister, die Fraktionen von SPD, CDU, B\u00dcNDNIS 90\/DIE GR\u00dcNEN und DIE LINKE beantragen, die Mitglieder des Hauptausschusses...\" \/>\n<meta property=\"og:url\" content=\"https:\/\/gruene-wuppertal.de\/fraktion\/antraege\/unterstuetzung-der-initiative-kommunen-fuer-ein-starkes-lieferkettengesetz-in-deutschland\/\" \/>\n<meta property=\"og:site_name\" content=\"Fraktion von B\u00fcndnis 90 \/ DIE GR\u00dcNEN im Rat der Stadt Wuppertal\" \/>\n<meta property=\"article:modified_time\" content=\"2021-05-10T07:09:08+00:00\" \/>\n<meta name=\"twitter:card\" content=\"summary_large_image\" \/>\n<meta name=\"twitter:label1\" content=\"Gesch\u00e4tzte Lesezeit\" \/>\n\t<meta name=\"twitter:data1\" content=\"2 Minuten\" \/>\n<script type=\"application\/ld+json\" class=\"yoast-schema-graph\">{\"@context\":\"https:\/\/schema.org\",\"@graph\":[{\"@type\":\"WebPage\",\"@id\":\"https:\/\/gruene-wuppertal.de\/fraktion\/antraege\/unterstuetzung-der-initiative-kommunen-fuer-ein-starkes-lieferkettengesetz-in-deutschland\/\",\"url\":\"https:\/\/gruene-wuppertal.de\/fraktion\/antraege\/unterstuetzung-der-initiative-kommunen-fuer-ein-starkes-lieferkettengesetz-in-deutschland\/\",\"name\":\"Unterst\u00fctzung der Initiative \\\"Kommunen f\u00fcr ein starkes Lieferkettengesetz in Deutschland\\\" - Fraktion von B\u00fcndnis 90 \/ DIE GR\u00dcNEN im Rat der Stadt Wuppertal\",\"isPartOf\":{\"@id\":\"https:\/\/gruene-wuppertal.de\/fraktion\/#website\"},\"datePublished\":\"2021-04-29T08:38:23+00:00\",\"dateModified\":\"2021-05-10T07:09:08+00:00\",\"breadcrumb\":{\"@id\":\"https:\/\/gruene-wuppertal.de\/fraktion\/antraege\/unterstuetzung-der-initiative-kommunen-fuer-ein-starkes-lieferkettengesetz-in-deutschland\/#breadcrumb\"},\"inLanguage\":\"de-DE\",\"potentialAction\":[{\"@type\":\"ReadAction\",\"target\":[\"https:\/\/gruene-wuppertal.de\/fraktion\/antraege\/unterstuetzung-der-initiative-kommunen-fuer-ein-starkes-lieferkettengesetz-in-deutschland\/\"]}]},{\"@type\":\"BreadcrumbList\",\"@id\":\"https:\/\/gruene-wuppertal.de\/fraktion\/antraege\/unterstuetzung-der-initiative-kommunen-fuer-ein-starkes-lieferkettengesetz-in-deutschland\/#breadcrumb\",\"itemListElement\":[{\"@type\":\"ListItem\",\"position\":1,\"name\":\"Startseite\",\"item\":\"https:\/\/gruene-wuppertal.de\/fraktion\/\"},{\"@type\":\"ListItem\",\"position\":2,\"name\":\"Unterst\u00fctzung der Initiative &#8222;Kommunen f\u00fcr ein starkes Lieferkettengesetz in Deutschland&#8220;\"}]},{\"@type\":\"WebSite\",\"@id\":\"https:\/\/gruene-wuppertal.de\/fraktion\/#website\",\"url\":\"https:\/\/gruene-wuppertal.de\/fraktion\/\",\"name\":\"Fraktion von B\u00fcndnis 90 \/ DIE GR\u00dcNEN im Rat der Stadt Wuppertal\",\"description\":\"\",\"potentialAction\":[{\"@type\":\"SearchAction\",\"target\":{\"@type\":\"EntryPoint\",\"urlTemplate\":\"https:\/\/gruene-wuppertal.de\/fraktion\/?s={search_term_string}\"},\"query-input\":\"required name=search_term_string\"}],\"inLanguage\":\"de-DE\"}]}<\/script>\n<!-- \/ Yoast SEO plugin. -->","yoast_head_json":{"title":"Unterst\u00fctzung der Initiative \"Kommunen f\u00fcr ein starkes Lieferkettengesetz in Deutschland\" - Fraktion von B\u00fcndnis 90 \/ DIE GR\u00dcNEN im Rat der Stadt Wuppertal","robots":{"index":"index","follow":"follow","max-snippet":"max-snippet:-1","max-image-preview":"max-image-preview:large","max-video-preview":"max-video-preview:-1"},"canonical":"https:\/\/gruene-wuppertal.de\/fraktion\/antraege\/unterstuetzung-der-initiative-kommunen-fuer-ein-starkes-lieferkettengesetz-in-deutschland\/","og_locale":"de_DE","og_type":"article","og_title":"Unterst\u00fctzung der Initiative \"Kommunen f\u00fcr ein starkes Lieferkettengesetz in Deutschland\" - Fraktion von B\u00fcndnis 90 \/ DIE GR\u00dcNEN im Rat der Stadt Wuppertal","og_description":"Gemeinsamer Antrag der Fraktionen von SPD, CDU, B\u00dcNDNIS 90\/DIE GR\u00dcNEN und DIE LINKE zum Hauptausschuss am 06.05.2021 und zum Rat der Stadt Wuppertal am 10.05.2021\u00a0 Sehr geehrter Herr Oberb\u00fcrgermeister, die Fraktionen von SPD, CDU, B\u00dcNDNIS 90\/DIE GR\u00dcNEN und DIE LINKE beantragen, die Mitglieder des Hauptausschusses...","og_url":"https:\/\/gruene-wuppertal.de\/fraktion\/antraege\/unterstuetzung-der-initiative-kommunen-fuer-ein-starkes-lieferkettengesetz-in-deutschland\/","og_site_name":"Fraktion von B\u00fcndnis 90 \/ DIE GR\u00dcNEN im Rat der Stadt Wuppertal","article_modified_time":"2021-05-10T07:09:08+00:00","twitter_card":"summary_large_image","twitter_misc":{"Gesch\u00e4tzte Lesezeit":"2 Minuten"},"schema":{"@context":"https:\/\/schema.org","@graph":[{"@type":"WebPage","@id":"https:\/\/gruene-wuppertal.de\/fraktion\/antraege\/unterstuetzung-der-initiative-kommunen-fuer-ein-starkes-lieferkettengesetz-in-deutschland\/","url":"https:\/\/gruene-wuppertal.de\/fraktion\/antraege\/unterstuetzung-der-initiative-kommunen-fuer-ein-starkes-lieferkettengesetz-in-deutschland\/","name":"Unterst\u00fctzung der Initiative \"Kommunen f\u00fcr ein starkes Lieferkettengesetz in Deutschland\" - Fraktion von B\u00fcndnis 90 \/ DIE GR\u00dcNEN im Rat der Stadt Wuppertal","isPartOf":{"@id":"https:\/\/gruene-wuppertal.de\/fraktion\/#website"},"datePublished":"2021-04-29T08:38:23+00:00","dateModified":"2021-05-10T07:09:08+00:00","breadcrumb":{"@id":"https:\/\/gruene-wuppertal.de\/fraktion\/antraege\/unterstuetzung-der-initiative-kommunen-fuer-ein-starkes-lieferkettengesetz-in-deutschland\/#breadcrumb"},"inLanguage":"de-DE","potentialAction":[{"@type":"ReadAction","target":["https:\/\/gruene-wuppertal.de\/fraktion\/antraege\/unterstuetzung-der-initiative-kommunen-fuer-ein-starkes-lieferkettengesetz-in-deutschland\/"]}]},{"@type":"BreadcrumbList","@id":"https:\/\/gruene-wuppertal.de\/fraktion\/antraege\/unterstuetzung-der-initiative-kommunen-fuer-ein-starkes-lieferkettengesetz-in-deutschland\/#breadcrumb","itemListElement":[{"@type":"ListItem","position":1,"name":"Startseite","item":"https:\/\/gruene-wuppertal.de\/fraktion\/"},{"@type":"ListItem","position":2,"name":"Unterst\u00fctzung der Initiative &#8222;Kommunen f\u00fcr ein starkes Lieferkettengesetz in Deutschland&#8220;"}]},{"@type":"WebSite","@id":"https:\/\/gruene-wuppertal.de\/fraktion\/#website","url":"https:\/\/gruene-wuppertal.de\/fraktion\/","name":"Fraktion von B\u00fcndnis 90 \/ DIE GR\u00dcNEN im Rat der Stadt Wuppertal","description":"","potentialAction":[{"@type":"SearchAction","target":{"@type":"EntryPoint","urlTemplate":"https:\/\/gruene-wuppertal.de\/fraktion\/?s={search_term_string}"},"query-input":"required name=search_term_string"}],"inLanguage":"de-DE"}]}},"post_mailing_queue_ids":[],"_links":{"self":[{"href":"https:\/\/gruene-wuppertal.de\/fraktion\/wp-json\/wp\/v2\/antraege\/19021"}],"collection":[{"href":"https:\/\/gruene-wuppertal.de\/fraktion\/wp-json\/wp\/v2\/antraege"}],"about":[{"href":"https:\/\/gruene-wuppertal.de\/fraktion\/wp-json\/wp\/v2\/types\/antraege"}],"author":[{"embeddable":true,"href":"https:\/\/gruene-wuppertal.de\/fraktion\/wp-json\/wp\/v2\/users\/6"}],"replies":[{"embeddable":true,"href":"https:\/\/gruene-wuppertal.de\/fraktion\/wp-json\/wp\/v2\/comments?post=19021"}],"version-history":[{"count":1,"href":"https:\/\/gruene-wuppertal.de\/fraktion\/wp-json\/wp\/v2\/antraege\/19021\/revisions"}],"predecessor-version":[{"id":19023,"href":"https:\/\/gruene-wuppertal.de\/fraktion\/wp-json\/wp\/v2\/antraege\/19021\/revisions\/19023"}],"wp:attachment":[{"href":"https:\/\/gruene-wuppertal.de\/fraktion\/wp-json\/wp\/v2\/media?parent=19021"}],"wp:term":[{"taxonomy":"themen","embeddable":true,"href":"https:\/\/gruene-wuppertal.de\/fraktion\/wp-json\/wp\/v2\/themen?post=19021"}],"curies":[{"name":"wp","href":"https:\/\/api.w.org\/{rel}","templated":true}]}}