{"id":18943,"date":"2021-04-15T10:24:20","date_gmt":"2021-04-15T08:24:20","guid":{"rendered":"https:\/\/gruene-wuppertal.de\/fraktion\/?post_type=antraege&#038;p=18943"},"modified":"2021-04-15T10:24:20","modified_gmt":"2021-04-15T08:24:20","slug":"sachstandsbericht-wirtschaftliche-entwicklung-wuppertals-im-wan-ausschuss","status":"publish","type":"antraege","link":"https:\/\/gruene-wuppertal.de\/fraktion\/antraege\/sachstandsbericht-wirtschaftliche-entwicklung-wuppertals-im-wan-ausschuss\/","title":{"rendered":"Sachstandsbericht: Wirtschaftliche Entwicklung Wuppertals im WAN-Ausschuss"},"content":{"rendered":"<p><strong>Gemeinsamer <\/strong><strong>Antrag der Fraktionen von CDU und B\u00dcNDNIS 90\/DIE GR\u00dcNEN<\/strong><strong>\u00a0<\/strong><strong> zum Ausschuss f\u00fcr Wirtschaft, Arbeit und Nachhaltigkeit am <\/strong><strong>22.04.2021 <\/strong><\/p>\n<p>Sehr geehrter Herr Kineke,<\/p>\n<p>die Covid-19-Pandemie hat die Wirtschaft Wuppertals hart getroffen. Aber auch langfristige Entwicklungen stellen eine gro\u00dfe Herausforderung f\u00fcr unsere st\u00e4dtische Wirtschaft dar: der zunehmende Online-Handel, die Konkurrenzf\u00e4higkeit auf dem Weltmarkt, Fachkr\u00e4ftemangel, Arbeitslosigkeit sowie steigende Kosten. Die Wuppertaler Kommunalpolitik kann nur bedingt politische Akzente setzen, jedoch sollte sie das, wo m\u00f6glich, auf umfassend informierte und fachlich fundierte Art und Weise tun. Dazu braucht es aktuelle Daten auf der Wirtschaft.<\/p>\n<p>Deshalb beantragen die Fraktionen von CDU und B\u00dcNDNIS 90\/DIE GR\u00dcNEN einen regelm\u00e4\u00dfigen Sachstandsbericht zu Beginn jeder Tagesordnung des Ausschusses f\u00fcr Wirtschaft, Arbeit und Nachhaltigkeit im Rat der Stadt Wuppertal, der dem Ausschuss eine \u00dcbersicht \u00fcber die aktuelle Lage der Wuppertaler Wirtschaft verschaffen soll.<\/p>\n<p>Zur Arbeitsoptimierung f\u00fcr die Verwaltung schlagen wir vor, monatlich einen Newsletter mit Links auf relevante Quellen und erkl\u00e4rendem Text zusammenzustellen und auf die Internetseite der Stadt zu stellen. Der Newsletter kann in der Sitzung um Berichte \u00fcber aktuelle Ereignisse erg\u00e4nzt werden.<\/p>\n<p>&nbsp;<\/p>\n<p>Dazu bitten wir zun\u00e4chst die Verwaltung um Stellungnahme zu diesen Fragen:<\/p>\n<ol>\n<li>Welche Daten werden zur wirtschaftlichen Entwicklung der Stadt in regelm\u00e4\u00dfigen Abst\u00e4nden erhoben und wo werden diese ver\u00f6ffentlicht?<\/li>\n<li>Gibt es daf\u00fcr Indikatoren, die eine Vergleichbarkeit der St\u00e4dte gew\u00e4hrleisten k\u00f6nnen (Key Performance Indicators)?<\/li>\n<\/ol>\n<p>&nbsp;<\/p>\n<p>Der Sachstandsbericht in jeder Sitzung soll (mindestens) die aktuellen Entwicklungen bez\u00fcglich der folgenden Fragen beinhalten:<\/p>\n<p>&nbsp;<\/p>\n<ul>\n<li>Wie viel Quadratmeter Gewerbefl\u00e4che wurden entwickelt? Welche Gewerbe wurden neu angesiedelt und welche Informationen gibt es zu den Neuansiedlungen (Branche, Arbeitspl\u00e4tze, Wirtschaftskraft etc.)?<\/li>\n<li>Welche Entwicklungen gibt es im Bereich von Einzelhandelsfl\u00e4chen (gr\u00f6\u00dfere Leerst\u00e4nde bzw. Neuansiedlungen)?<\/li>\n<li>Wie entwickelt sich der Markt f\u00fcr B\u00fcrofl\u00e4chen?<\/li>\n<li>Wie ist der Sachstand der Erwerbst\u00e4tigkeit?<\/li>\n<li>Was ist die Anzahl der Kurzarbeiter*innen und welche Entwicklungen gibt es bzgl. Bezieher*innen des ALG I und ALG II?<\/li>\n<li>Wie ist die Entwicklung der Ausbildungspl\u00e4tze des aktuellen Jahrgangs (unbesetzte und besetzte Pl\u00e4tze, aufgeschl\u00fcsselt nach Branchen)?<\/li>\n<li>Wie haben sich Gewerbe-Neugr\u00fcndungen sowie Gesch\u00e4ftsinsolvenzen entwickelt?<\/li>\n<li>Welche Gewerbeaktivit\u00e4ten in den Bereichen Wirtschaft 4.0, Nachhaltige Wirtschaft und Kreislaufwirtschaft sind zu beobachten?<\/li>\n<li>Wie ist die Entwicklung der Gewerbesteuereinnahmen?<\/li>\n<\/ul>\n<p>&nbsp;<\/p>\n<p>Mit freundlichen Gr\u00fc\u00dfen<\/p>\n<p>&nbsp;<\/p>\n<p>Michael Schulte \u00a0\u00a0\u00a0\u00a0\u00a0\u00a0\u00a0\u00a0\u00a0\u00a0\u00a0\u00a0\u00a0\u00a0\u00a0\u00a0\u00a0\u00a0\u00a0\u00a0\u00a0\u00a0\u00a0\u00a0\u00a0\u00a0\u00a0\u00a0\u00a0\u00a0\u00a0\u00a0\u00a0\u00a0\u00a0\u00a0\u00a0\u00a0\u00a0 Yazg\u00fcl\u00fc Zeybek<br \/>\nSprecher im Ausschuss \u00a0\u00a0\u00a0\u00a0\u00a0\u00a0\u00a0\u00a0\u00a0\u00a0\u00a0\u00a0\u00a0\u00a0\u00a0\u00a0\u00a0\u00a0\u00a0\u00a0\u00a0\u00a0\u00a0\u00a0\u00a0\u00a0 Fraktionsvorsitzende<\/p>\n<p>&nbsp;<\/p>\n","protected":false},"excerpt":{"rendered":"<p>Gemeinsamer Antrag der Fraktionen von CDU und B\u00dcNDNIS 90\/DIE GR\u00dcNEN\u00a0 zum Ausschuss f\u00fcr Wirtschaft, Arbeit und Nachhaltigkeit am 22.04.2021 Sehr geehrter Herr Kineke, die Covid-19-Pandemie hat die Wirtschaft Wuppertals hart getroffen. Aber auch langfristige Entwicklungen stellen eine gro\u00dfe Herausforderung f\u00fcr unsere st\u00e4dtische Wirtschaft dar: der&#8230;<\/p>\n","protected":false},"author":6,"featured_media":0,"menu_order":0,"comment_status":"open","ping_status":"open","template":"","meta":{"_wp_rev_ctl_limit":""},"themen":[129,58,74],"yoast_head":"<!-- This site is optimized with the Yoast SEO plugin v21.8 - https:\/\/yoast.com\/wordpress\/plugins\/seo\/ -->\n<title>Sachstandsbericht: Wirtschaftliche Entwicklung Wuppertals im WAN-Ausschuss - Fraktion von B\u00fcndnis 90 \/ DIE GR\u00dcNEN im Rat der Stadt Wuppertal<\/title>\n<meta name=\"robots\" content=\"index, follow, max-snippet:-1, max-image-preview:large, max-video-preview:-1\" \/>\n<link rel=\"canonical\" href=\"https:\/\/gruene-wuppertal.de\/fraktion\/antraege\/sachstandsbericht-wirtschaftliche-entwicklung-wuppertals-im-wan-ausschuss\/\" \/>\n<meta property=\"og:locale\" content=\"de_DE\" \/>\n<meta property=\"og:type\" content=\"article\" \/>\n<meta property=\"og:title\" content=\"Sachstandsbericht: Wirtschaftliche Entwicklung Wuppertals im WAN-Ausschuss - Fraktion von B\u00fcndnis 90 \/ DIE GR\u00dcNEN im Rat der Stadt Wuppertal\" \/>\n<meta property=\"og:description\" content=\"Gemeinsamer Antrag der Fraktionen von CDU und B\u00dcNDNIS 90\/DIE GR\u00dcNEN\u00a0 zum Ausschuss f\u00fcr Wirtschaft, Arbeit und Nachhaltigkeit am 22.04.2021 Sehr geehrter Herr Kineke, die Covid-19-Pandemie hat die Wirtschaft Wuppertals hart getroffen. Aber auch langfristige Entwicklungen stellen eine gro\u00dfe Herausforderung f\u00fcr unsere st\u00e4dtische Wirtschaft dar: der...\" \/>\n<meta property=\"og:url\" content=\"https:\/\/gruene-wuppertal.de\/fraktion\/antraege\/sachstandsbericht-wirtschaftliche-entwicklung-wuppertals-im-wan-ausschuss\/\" \/>\n<meta property=\"og:site_name\" content=\"Fraktion von B\u00fcndnis 90 \/ DIE GR\u00dcNEN im Rat der Stadt Wuppertal\" \/>\n<meta name=\"twitter:card\" content=\"summary_large_image\" \/>\n<meta name=\"twitter:label1\" content=\"Gesch\u00e4tzte Lesezeit\" \/>\n\t<meta name=\"twitter:data1\" content=\"2 Minuten\" \/>\n<script type=\"application\/ld+json\" class=\"yoast-schema-graph\">{\"@context\":\"https:\/\/schema.org\",\"@graph\":[{\"@type\":\"WebPage\",\"@id\":\"https:\/\/gruene-wuppertal.de\/fraktion\/antraege\/sachstandsbericht-wirtschaftliche-entwicklung-wuppertals-im-wan-ausschuss\/\",\"url\":\"https:\/\/gruene-wuppertal.de\/fraktion\/antraege\/sachstandsbericht-wirtschaftliche-entwicklung-wuppertals-im-wan-ausschuss\/\",\"name\":\"Sachstandsbericht: Wirtschaftliche Entwicklung Wuppertals im WAN-Ausschuss - Fraktion von B\u00fcndnis 90 \/ DIE GR\u00dcNEN im Rat der Stadt Wuppertal\",\"isPartOf\":{\"@id\":\"https:\/\/gruene-wuppertal.de\/fraktion\/#website\"},\"datePublished\":\"2021-04-15T08:24:20+00:00\",\"dateModified\":\"2021-04-15T08:24:20+00:00\",\"breadcrumb\":{\"@id\":\"https:\/\/gruene-wuppertal.de\/fraktion\/antraege\/sachstandsbericht-wirtschaftliche-entwicklung-wuppertals-im-wan-ausschuss\/#breadcrumb\"},\"inLanguage\":\"de-DE\",\"potentialAction\":[{\"@type\":\"ReadAction\",\"target\":[\"https:\/\/gruene-wuppertal.de\/fraktion\/antraege\/sachstandsbericht-wirtschaftliche-entwicklung-wuppertals-im-wan-ausschuss\/\"]}]},{\"@type\":\"BreadcrumbList\",\"@id\":\"https:\/\/gruene-wuppertal.de\/fraktion\/antraege\/sachstandsbericht-wirtschaftliche-entwicklung-wuppertals-im-wan-ausschuss\/#breadcrumb\",\"itemListElement\":[{\"@type\":\"ListItem\",\"position\":1,\"name\":\"Startseite\",\"item\":\"https:\/\/gruene-wuppertal.de\/fraktion\/\"},{\"@type\":\"ListItem\",\"position\":2,\"name\":\"Sachstandsbericht: Wirtschaftliche Entwicklung Wuppertals im WAN-Ausschuss\"}]},{\"@type\":\"WebSite\",\"@id\":\"https:\/\/gruene-wuppertal.de\/fraktion\/#website\",\"url\":\"https:\/\/gruene-wuppertal.de\/fraktion\/\",\"name\":\"Fraktion von B\u00fcndnis 90 \/ DIE GR\u00dcNEN im Rat der Stadt Wuppertal\",\"description\":\"\",\"potentialAction\":[{\"@type\":\"SearchAction\",\"target\":{\"@type\":\"EntryPoint\",\"urlTemplate\":\"https:\/\/gruene-wuppertal.de\/fraktion\/?s={search_term_string}\"},\"query-input\":\"required name=search_term_string\"}],\"inLanguage\":\"de-DE\"}]}<\/script>\n<!-- \/ Yoast SEO plugin. -->","yoast_head_json":{"title":"Sachstandsbericht: Wirtschaftliche Entwicklung Wuppertals im WAN-Ausschuss - Fraktion von B\u00fcndnis 90 \/ DIE GR\u00dcNEN im Rat der Stadt Wuppertal","robots":{"index":"index","follow":"follow","max-snippet":"max-snippet:-1","max-image-preview":"max-image-preview:large","max-video-preview":"max-video-preview:-1"},"canonical":"https:\/\/gruene-wuppertal.de\/fraktion\/antraege\/sachstandsbericht-wirtschaftliche-entwicklung-wuppertals-im-wan-ausschuss\/","og_locale":"de_DE","og_type":"article","og_title":"Sachstandsbericht: Wirtschaftliche Entwicklung Wuppertals im WAN-Ausschuss - Fraktion von B\u00fcndnis 90 \/ DIE GR\u00dcNEN im Rat der Stadt Wuppertal","og_description":"Gemeinsamer Antrag der Fraktionen von CDU und B\u00dcNDNIS 90\/DIE GR\u00dcNEN\u00a0 zum Ausschuss f\u00fcr Wirtschaft, Arbeit und Nachhaltigkeit am 22.04.2021 Sehr geehrter Herr Kineke, die Covid-19-Pandemie hat die Wirtschaft Wuppertals hart getroffen. Aber auch langfristige Entwicklungen stellen eine gro\u00dfe Herausforderung f\u00fcr unsere st\u00e4dtische Wirtschaft dar: der...","og_url":"https:\/\/gruene-wuppertal.de\/fraktion\/antraege\/sachstandsbericht-wirtschaftliche-entwicklung-wuppertals-im-wan-ausschuss\/","og_site_name":"Fraktion von B\u00fcndnis 90 \/ DIE GR\u00dcNEN im Rat der Stadt Wuppertal","twitter_card":"summary_large_image","twitter_misc":{"Gesch\u00e4tzte Lesezeit":"2 Minuten"},"schema":{"@context":"https:\/\/schema.org","@graph":[{"@type":"WebPage","@id":"https:\/\/gruene-wuppertal.de\/fraktion\/antraege\/sachstandsbericht-wirtschaftliche-entwicklung-wuppertals-im-wan-ausschuss\/","url":"https:\/\/gruene-wuppertal.de\/fraktion\/antraege\/sachstandsbericht-wirtschaftliche-entwicklung-wuppertals-im-wan-ausschuss\/","name":"Sachstandsbericht: Wirtschaftliche Entwicklung Wuppertals im WAN-Ausschuss - Fraktion von B\u00fcndnis 90 \/ DIE GR\u00dcNEN im Rat der Stadt Wuppertal","isPartOf":{"@id":"https:\/\/gruene-wuppertal.de\/fraktion\/#website"},"datePublished":"2021-04-15T08:24:20+00:00","dateModified":"2021-04-15T08:24:20+00:00","breadcrumb":{"@id":"https:\/\/gruene-wuppertal.de\/fraktion\/antraege\/sachstandsbericht-wirtschaftliche-entwicklung-wuppertals-im-wan-ausschuss\/#breadcrumb"},"inLanguage":"de-DE","potentialAction":[{"@type":"ReadAction","target":["https:\/\/gruene-wuppertal.de\/fraktion\/antraege\/sachstandsbericht-wirtschaftliche-entwicklung-wuppertals-im-wan-ausschuss\/"]}]},{"@type":"BreadcrumbList","@id":"https:\/\/gruene-wuppertal.de\/fraktion\/antraege\/sachstandsbericht-wirtschaftliche-entwicklung-wuppertals-im-wan-ausschuss\/#breadcrumb","itemListElement":[{"@type":"ListItem","position":1,"name":"Startseite","item":"https:\/\/gruene-wuppertal.de\/fraktion\/"},{"@type":"ListItem","position":2,"name":"Sachstandsbericht: Wirtschaftliche Entwicklung Wuppertals im WAN-Ausschuss"}]},{"@type":"WebSite","@id":"https:\/\/gruene-wuppertal.de\/fraktion\/#website","url":"https:\/\/gruene-wuppertal.de\/fraktion\/","name":"Fraktion von B\u00fcndnis 90 \/ DIE GR\u00dcNEN im Rat der Stadt Wuppertal","description":"","potentialAction":[{"@type":"SearchAction","target":{"@type":"EntryPoint","urlTemplate":"https:\/\/gruene-wuppertal.de\/fraktion\/?s={search_term_string}"},"query-input":"required name=search_term_string"}],"inLanguage":"de-DE"}]}},"post_mailing_queue_ids":[],"_links":{"self":[{"href":"https:\/\/gruene-wuppertal.de\/fraktion\/wp-json\/wp\/v2\/antraege\/18943"}],"collection":[{"href":"https:\/\/gruene-wuppertal.de\/fraktion\/wp-json\/wp\/v2\/antraege"}],"about":[{"href":"https:\/\/gruene-wuppertal.de\/fraktion\/wp-json\/wp\/v2\/types\/antraege"}],"author":[{"embeddable":true,"href":"https:\/\/gruene-wuppertal.de\/fraktion\/wp-json\/wp\/v2\/users\/6"}],"replies":[{"embeddable":true,"href":"https:\/\/gruene-wuppertal.de\/fraktion\/wp-json\/wp\/v2\/comments?post=18943"}],"version-history":[{"count":1,"href":"https:\/\/gruene-wuppertal.de\/fraktion\/wp-json\/wp\/v2\/antraege\/18943\/revisions"}],"predecessor-version":[{"id":18944,"href":"https:\/\/gruene-wuppertal.de\/fraktion\/wp-json\/wp\/v2\/antraege\/18943\/revisions\/18944"}],"wp:attachment":[{"href":"https:\/\/gruene-wuppertal.de\/fraktion\/wp-json\/wp\/v2\/media?parent=18943"}],"wp:term":[{"taxonomy":"themen","embeddable":true,"href":"https:\/\/gruene-wuppertal.de\/fraktion\/wp-json\/wp\/v2\/themen?post=18943"}],"curies":[{"name":"wp","href":"https:\/\/api.w.org\/{rel}","templated":true}]}}