{"id":18675,"date":"2021-02-22T13:00:18","date_gmt":"2021-02-22T12:00:18","guid":{"rendered":"https:\/\/gruene-wuppertal.de\/fraktion\/?post_type=antraege&#038;p=18675"},"modified":"2021-03-02T13:15:24","modified_gmt":"2021-03-02T12:15:24","slug":"flaechenpotenziale","status":"publish","type":"antraege","link":"https:\/\/gruene-wuppertal.de\/fraktion\/antraege\/flaechenpotenziale\/","title":{"rendered":"Fl\u00e4chenpotenziale"},"content":{"rendered":"<p><strong>Gemeinsamer Antrag der Fraktionen der CDU, SPD, Fraktion B\u00dcNDNIS 90\/ DIE GR\u00dcNEN, FDP im Rat der Stadt Wuppertal an den Hauptausschuss am 25.02.2021 und den Rat der Stadt Wuppertal am 01.03.2021<\/strong><\/p>\n<p>&nbsp;<\/p>\n<p>Sehr geehrter Herr Oberb\u00fcrgermeister,<\/p>\n<p>der Rat der Stadt Wuppertal hat in seiner Sitzung am 24.\u00a0Juni\u00a02020 mit gro\u00dfer Mehrheit be\u00adschlossen, den Wirtschaftsstandort Wuppertal mit Weitblick weiterzuentwickeln. Grundlage des Beschlusses war u.a. die Fortschreibung des Handlungsprogramms Gewerbefl\u00e4chen.<\/p>\n<p>Die Fraktionen von SPD, FDP, CDU und Gr\u00fcne beantragen, der Rat der Stadt Wuppertal m\u00f6ge beschlie\u00dfen:<\/p>\n<ol>\n<li>Die Verwaltung wird beauftragt, gem\u00e4\u00df den Grundlagen zur Fortschreibung des Handlungsprogramms Gewerbefl\u00e4chen (VO\/0489\/20), den zust\u00e4ndigen Aussch\u00fcs\u00adsen in ihren n\u00e4chsten Sitzungen schriftlich \u00fcber den Sachstand und die umgesetz\u00adten Ma\u00dfnahmen (vgl. Beschluss zur Fortschreibung des Handlungsprogramms Gewerbefl\u00e4chen vom 22.06.2020) zur Entwicklung von Gewerbefl\u00e4chenpotentialen zu berichten. Dabei ist der Beschluss vom 24. Juni 2020 zu ber\u00fccksichtigen.<\/li>\n<li>Weiter wird die Verwaltung beauftragt, den zust\u00e4ndigen Aussch\u00fcssen ebenfalls in ih\u00adren n\u00e4chsten Sitzungen schriftlich dar\u00fcber zu berichten, wie der Sachstand zur Umsetzungsstrategie zur Fl\u00e4chenaktivierung zu den Konzepten &#8222;Neue Wohnbau\u00adfl\u00e4chen f\u00fcr Wuppertal&#8220; und &#8222;Innenentwicklungskonzept Wuppertal&#8220; (VO\/1288\/19) ist.<\/li>\n<li>Ferner wird die Verwaltung beauftragt, schriftlich Handlungsoptionen darzustellen, wie die Synergieeffekte der vorgenannten Konzepte und Handlungsprogramme genutzt werden k\u00f6nnen.<\/li>\n<\/ol>\n<p>&nbsp;<\/p>\n<p>Mit freundlichen Gr\u00fc\u00dfen<\/p>\n<p>Klaus J\u00fcrgen Reese (SPD),\u00a0 Ludger Kineke (CDU), Caroline L\u00fcnenschloss (CDU), Yazg\u00fcl\u00fc Zeybek (B\u00dcNDNIS 90\/DIE GR\u00dcNEN), Paul Yves Ramette (B\u00dcNDNIS 90\/DIE GR\u00dcNEN), Alexander Schmidt (FDP)<\/p>\n<p>Fraktionsvorsitzende*r<\/p>\n<p><strong>Begr\u00fcndung<\/strong><\/p>\n<p>Das Handlungsprogramm Gewerbefl\u00e4chen (VO\/0489\/20), die Umsetzungsstrategie zur Fl\u00e4\u00adchenaktivierung zu den Konzepten \u201eNeue Wohnbaufl\u00e4chen f\u00fcr Wuppertal\u201c und das \u201eInnenentwicklungskonzept Wuppertal\u201c (Vgl. VO\/128819) zeigen in geeigneter Weise und unter Ber\u00fccksichtigung ressourcenschonender Strategien die Entwicklungsnotwendigkeiten und Entwicklungspotentiale f\u00fcr Gewerbe- und Wohnbaufl\u00e4chen auf. Dieses erfolgt mit unter\u00adschiedlichen Systematiken und in differenzierten Bearbeitungstiefen. Die vorerw\u00e4hnten grunds\u00e4tzlichen Programme, Strategien und Konzepte wurden im Beschluss des Rates vom 24. Juni 2020 aufgegriffen.<\/p>\n<p>Insbesondere wurde folgendes beschlossen:<\/p>\n<ol>\n<li>Bei der Entwicklung der Fl\u00e4chenpotenziale der Stadt Wuppertal sind im Rahmen eines st\u00e4ndigen Prozesses die in Betracht kommenden Fl\u00e4chen und die vorgeschla\u00adgene Vorgehensweise in einem quartalsweise dem Stadtentwicklungsausschuss vor\u00adzulegenden Bericht darzustellen.<\/li>\n<li>Zur gezielten Nutzung von Innenpotenzialen ist ein Kriterienkatalog zu entwickeln, um die systematische Suche vorzubereiten. Die Innenpotenzialfl\u00e4chen sind wie jede in Betracht gezogene Umwandlung von Gewerbe- in Wohnbaufl\u00e4che in den Quartals\u00adbericht der Verwaltung einzubeziehen.<\/li>\n<li>Die Entwicklung und Vermarktung potenzieller Gewerbefl\u00e4chen soll sich an den Quali\u00adt\u00e4tskriterien wie \u201eZahl und Qualit\u00e4t der Arbeitspl\u00e4tze\u201c, \u201eGewerbesteueraufkom\u00admen\u201c, \u201eZugeh\u00f6rigkeit zu Zukunfts- und Leitm\u00e4rkten\u201c, \u201e\u00f6kologische Nachhaltigkeit\u201c u.\u00e4. orientieren. Hierzu wird die Stadt den Kriterienkatalog fortentwickeln, der im Rahmen der vorgenannten Berichterstattung einbezogen wird. Grunds\u00e4tzlich soll Entwicklung und Vermarktung der Fl\u00e4chen durch die Stadt selbst vorgenommen wer\u00adden, damit die Stadtentwicklungsziele effektiver erreicht werden k\u00f6nnen. Entspre\u00adchende Personalressourcen sind zu schaffen.<\/li>\n<li>Bei Ausweisung und Entwicklung von Fl\u00e4chen ist eine klimagerechte Gewerbeent-wick\u00adlung umzusetzen. In Zeiten des Klimawandels ist auf eine ressour\u00adcenschonende und nachhaltige Bauweise zu achten, die eine Durchgr\u00fcnung der Ge\u00adwerbefl\u00e4chen zul\u00e4sst. Auch sollen platzsparende ggf. mehrst\u00f6ckige Geb\u00e4ude und die Anbindung z.B. an Radwege im Rahmen eines nachhaltigen Mobilit\u00e4tskonzeptes ein\u00adbezogen werden. Dar\u00fcber hinaus sollen Energiekonzepte mit Nutzung erneuerbarer Energien und einer effizienten W\u00e4rme-\/K\u00e4lteversorgung einbezogen werden. Auch bei der Auswahl von Baumaterialien sollen \u00f6kologische Kriterien, wenn m\u00f6glich, be\u00adr\u00fccksich\u00adtigt werden. Die Wirtschaftlichkeit darf dabei nicht au\u00dfer Acht gelassen werden.<\/li>\n<li>Bei der Pr\u00fcfung von Fl\u00e4chen ist ein wichtiges Kriterium ihre naturr\u00e4umliche Bedeu\u00adtung. Ebenso ist zu ber\u00fccksichtigen, ob die Fl\u00e4chen f\u00fcr landwirtschaftliche Nutzung zur Verf\u00fcgung steht und in diesem Zusammenhang eine Bedeutung in der nachhalti\u00adgen regionalen Versorgung der Bev\u00f6lkerung spielen.<\/li>\n<li>Die Untersuchung, Entwicklung und Vermarktung insbesondere der folgenden Fl\u00e4chen\u00adpotenziale ist umgehend anzugehen:<br \/>\n&#8211; D\u00fcsseldorfer Stra\u00dfe\/Bahnstra\u00dfe (7,2 ha)<br \/>\n&#8211; Westlich Bahnstra\u00dfe\/Buntenbeck (4 ha)<br \/>\n&#8211; Spitzenstra\u00dfe\/Bahn (2,3 ha)<br \/>\n&#8211; Linde II (2 ha)<br \/>\n&#8211; Blombach-S\u00fcd (26,7 ha)<\/li>\n<li>F\u00fcr die Entwicklung der Fl\u00e4chen Buntenbecker Feld und Linde II wird analog zum kli\u00admagerechten Modellprojekt SmartTec Campus auf Lichtscheid eine klimagerechte Gewerbefl\u00e4chenentwicklung vorgesehen. Die Verwaltung legt dem Ausschuss f\u00fcr Stadtentwicklung, Wirtschaft und Bauen in seiner n\u00e4chsten Sitzung ein entsprechen\u00addes Konzept vor.<\/li>\n<li>Die Verwaltung wird beauftragt, eine Bestands- und Strukturanalyse des Gewerbege\u00adbiets Clausen vorzunehmen, um darauf aufbauend eine Modernisierung und Weiter\u00adentwicklung dieses innerst\u00e4dtischen Unternehmensareals zu erarbeiten.<\/li>\n<li>Der Einsatz st\u00e4dtebaulicher Instrumente wie Umlegungsverfahren, Nutzung eines Fl\u00e4\u00adchenbedarfskontos, der Abschluss st\u00e4dtebaulicher Vertr\u00e4ge, die Nutzung von Vorkaufsrechten ist verst\u00e4rkt in Betracht zu ziehen, um eine gezielte Entwicklung zu erm\u00f6glichen, die f\u00fcr eine positive st\u00e4dtische Entwicklung von gro\u00dfer Bedeutung sind. Diese sind gleichfalls in dem regelm\u00e4\u00dfigen Bericht an den Stadtentwicklungsaus\u00adschuss darzustellen.<\/li>\n<li>Das Bergische Gewerbefl\u00e4chenkonzept aus dem Jahr 2012 soll aktualisiert und weiter\u00adentwickelt werden. Dar\u00fcber hinaus ist mit den Nachbargemeinden eine nach\u00adhaltige und ressourcenschonende Gewerbefl\u00e4chenentwicklung mit interkommunalen Fl\u00e4chen anzustreben.<\/li>\n<\/ol>\n<p>Eine quartalsweise Berichterstattung in den zust\u00e4ndigen Aussch\u00fcssen war anschlie\u00dfend aufgrund der Unterbrechung der Gremient\u00e4tigkeit aufgrund der Kommunalwahl nicht m\u00f6g\u00adlich. Dies sollte nun zeitnah angegangen werden. Die einzelnen Bestandteile der Berichter\u00adstattung im Ausschuss sind durch den Beschluss des Rates vorgegeben und bed\u00fcrfen inso\u00adweit keiner weiteren Erl\u00e4uterung oder Beschlussfassung. Die Beschl\u00fcsse des Rates in sei\u00adner Sitzung am 24.\u00a0Juni\u00a02020 gehen jedenfalls weit dar\u00fcber hinaus, lediglich Gewerbefl\u00e4\u00adchen, die f\u00fcr eine Nutzung gewerblicher Art in Frage kommen, zu identifizieren.<\/p>\n<p>Es ist jetzt an der Zeit, die beschlossenen strategischen Konzepte umzusetzen.<\/p>\n","protected":false},"excerpt":{"rendered":"<p>Gemeinsamer Antrag der Fraktionen der CDU, SPD, Fraktion B\u00dcNDNIS 90\/ DIE GR\u00dcNEN, FDP im Rat der Stadt Wuppertal an den Hauptausschuss am 25.02.2021 und den Rat der Stadt Wuppertal am 01.03.2021 &nbsp; Sehr geehrter Herr Oberb\u00fcrgermeister, der Rat der Stadt Wuppertal hat in seiner Sitzung&#8230;<\/p>\n","protected":false},"author":20,"featured_media":0,"menu_order":0,"comment_status":"open","ping_status":"open","template":"","meta":{"_wp_rev_ctl_limit":""},"themen":[25,58],"yoast_head":"<!-- This site is optimized with the Yoast SEO plugin v21.8 - https:\/\/yoast.com\/wordpress\/plugins\/seo\/ -->\n<title>Fl\u00e4chenpotenziale - Fraktion von B\u00fcndnis 90 \/ DIE GR\u00dcNEN im Rat der Stadt Wuppertal<\/title>\n<meta name=\"robots\" content=\"index, follow, max-snippet:-1, max-image-preview:large, max-video-preview:-1\" \/>\n<link rel=\"canonical\" href=\"https:\/\/gruene-wuppertal.de\/fraktion\/antraege\/flaechenpotenziale\/\" \/>\n<meta property=\"og:locale\" content=\"de_DE\" \/>\n<meta property=\"og:type\" content=\"article\" \/>\n<meta property=\"og:title\" content=\"Fl\u00e4chenpotenziale - Fraktion von B\u00fcndnis 90 \/ DIE GR\u00dcNEN im Rat der Stadt Wuppertal\" \/>\n<meta property=\"og:description\" content=\"Gemeinsamer Antrag der Fraktionen der CDU, SPD, Fraktion B\u00dcNDNIS 90\/ DIE GR\u00dcNEN, FDP im Rat der Stadt Wuppertal an den Hauptausschuss am 25.02.2021 und den Rat der Stadt Wuppertal am 01.03.2021 &nbsp; Sehr geehrter Herr Oberb\u00fcrgermeister, der Rat der Stadt Wuppertal hat in seiner Sitzung...\" \/>\n<meta property=\"og:url\" content=\"https:\/\/gruene-wuppertal.de\/fraktion\/antraege\/flaechenpotenziale\/\" \/>\n<meta property=\"og:site_name\" content=\"Fraktion von B\u00fcndnis 90 \/ DIE GR\u00dcNEN im Rat der Stadt Wuppertal\" \/>\n<meta property=\"article:modified_time\" content=\"2021-03-02T12:15:24+00:00\" \/>\n<meta name=\"twitter:card\" content=\"summary_large_image\" \/>\n<meta name=\"twitter:label1\" content=\"Gesch\u00e4tzte Lesezeit\" \/>\n\t<meta name=\"twitter:data1\" content=\"5 Minuten\" \/>\n<script type=\"application\/ld+json\" class=\"yoast-schema-graph\">{\"@context\":\"https:\/\/schema.org\",\"@graph\":[{\"@type\":\"WebPage\",\"@id\":\"https:\/\/gruene-wuppertal.de\/fraktion\/antraege\/flaechenpotenziale\/\",\"url\":\"https:\/\/gruene-wuppertal.de\/fraktion\/antraege\/flaechenpotenziale\/\",\"name\":\"Fl\u00e4chenpotenziale - Fraktion von B\u00fcndnis 90 \/ DIE GR\u00dcNEN im Rat der Stadt Wuppertal\",\"isPartOf\":{\"@id\":\"https:\/\/gruene-wuppertal.de\/fraktion\/#website\"},\"datePublished\":\"2021-02-22T12:00:18+00:00\",\"dateModified\":\"2021-03-02T12:15:24+00:00\",\"breadcrumb\":{\"@id\":\"https:\/\/gruene-wuppertal.de\/fraktion\/antraege\/flaechenpotenziale\/#breadcrumb\"},\"inLanguage\":\"de-DE\",\"potentialAction\":[{\"@type\":\"ReadAction\",\"target\":[\"https:\/\/gruene-wuppertal.de\/fraktion\/antraege\/flaechenpotenziale\/\"]}]},{\"@type\":\"BreadcrumbList\",\"@id\":\"https:\/\/gruene-wuppertal.de\/fraktion\/antraege\/flaechenpotenziale\/#breadcrumb\",\"itemListElement\":[{\"@type\":\"ListItem\",\"position\":1,\"name\":\"Startseite\",\"item\":\"https:\/\/gruene-wuppertal.de\/fraktion\/\"},{\"@type\":\"ListItem\",\"position\":2,\"name\":\"Fl\u00e4chenpotenziale\"}]},{\"@type\":\"WebSite\",\"@id\":\"https:\/\/gruene-wuppertal.de\/fraktion\/#website\",\"url\":\"https:\/\/gruene-wuppertal.de\/fraktion\/\",\"name\":\"Fraktion von B\u00fcndnis 90 \/ DIE GR\u00dcNEN im Rat der Stadt Wuppertal\",\"description\":\"\",\"potentialAction\":[{\"@type\":\"SearchAction\",\"target\":{\"@type\":\"EntryPoint\",\"urlTemplate\":\"https:\/\/gruene-wuppertal.de\/fraktion\/?s={search_term_string}\"},\"query-input\":\"required name=search_term_string\"}],\"inLanguage\":\"de-DE\"}]}<\/script>\n<!-- \/ Yoast SEO plugin. -->","yoast_head_json":{"title":"Fl\u00e4chenpotenziale - Fraktion von B\u00fcndnis 90 \/ DIE GR\u00dcNEN im Rat der Stadt Wuppertal","robots":{"index":"index","follow":"follow","max-snippet":"max-snippet:-1","max-image-preview":"max-image-preview:large","max-video-preview":"max-video-preview:-1"},"canonical":"https:\/\/gruene-wuppertal.de\/fraktion\/antraege\/flaechenpotenziale\/","og_locale":"de_DE","og_type":"article","og_title":"Fl\u00e4chenpotenziale - Fraktion von B\u00fcndnis 90 \/ DIE GR\u00dcNEN im Rat der Stadt Wuppertal","og_description":"Gemeinsamer Antrag der Fraktionen der CDU, SPD, Fraktion B\u00dcNDNIS 90\/ DIE GR\u00dcNEN, FDP im Rat der Stadt Wuppertal an den Hauptausschuss am 25.02.2021 und den Rat der Stadt Wuppertal am 01.03.2021 &nbsp; Sehr geehrter Herr Oberb\u00fcrgermeister, der Rat der Stadt Wuppertal hat in seiner Sitzung...","og_url":"https:\/\/gruene-wuppertal.de\/fraktion\/antraege\/flaechenpotenziale\/","og_site_name":"Fraktion von B\u00fcndnis 90 \/ DIE GR\u00dcNEN im Rat der Stadt Wuppertal","article_modified_time":"2021-03-02T12:15:24+00:00","twitter_card":"summary_large_image","twitter_misc":{"Gesch\u00e4tzte Lesezeit":"5 Minuten"},"schema":{"@context":"https:\/\/schema.org","@graph":[{"@type":"WebPage","@id":"https:\/\/gruene-wuppertal.de\/fraktion\/antraege\/flaechenpotenziale\/","url":"https:\/\/gruene-wuppertal.de\/fraktion\/antraege\/flaechenpotenziale\/","name":"Fl\u00e4chenpotenziale - Fraktion von B\u00fcndnis 90 \/ DIE GR\u00dcNEN im Rat der Stadt Wuppertal","isPartOf":{"@id":"https:\/\/gruene-wuppertal.de\/fraktion\/#website"},"datePublished":"2021-02-22T12:00:18+00:00","dateModified":"2021-03-02T12:15:24+00:00","breadcrumb":{"@id":"https:\/\/gruene-wuppertal.de\/fraktion\/antraege\/flaechenpotenziale\/#breadcrumb"},"inLanguage":"de-DE","potentialAction":[{"@type":"ReadAction","target":["https:\/\/gruene-wuppertal.de\/fraktion\/antraege\/flaechenpotenziale\/"]}]},{"@type":"BreadcrumbList","@id":"https:\/\/gruene-wuppertal.de\/fraktion\/antraege\/flaechenpotenziale\/#breadcrumb","itemListElement":[{"@type":"ListItem","position":1,"name":"Startseite","item":"https:\/\/gruene-wuppertal.de\/fraktion\/"},{"@type":"ListItem","position":2,"name":"Fl\u00e4chenpotenziale"}]},{"@type":"WebSite","@id":"https:\/\/gruene-wuppertal.de\/fraktion\/#website","url":"https:\/\/gruene-wuppertal.de\/fraktion\/","name":"Fraktion von B\u00fcndnis 90 \/ DIE GR\u00dcNEN im Rat der Stadt Wuppertal","description":"","potentialAction":[{"@type":"SearchAction","target":{"@type":"EntryPoint","urlTemplate":"https:\/\/gruene-wuppertal.de\/fraktion\/?s={search_term_string}"},"query-input":"required name=search_term_string"}],"inLanguage":"de-DE"}]}},"post_mailing_queue_ids":[],"_links":{"self":[{"href":"https:\/\/gruene-wuppertal.de\/fraktion\/wp-json\/wp\/v2\/antraege\/18675"}],"collection":[{"href":"https:\/\/gruene-wuppertal.de\/fraktion\/wp-json\/wp\/v2\/antraege"}],"about":[{"href":"https:\/\/gruene-wuppertal.de\/fraktion\/wp-json\/wp\/v2\/types\/antraege"}],"author":[{"embeddable":true,"href":"https:\/\/gruene-wuppertal.de\/fraktion\/wp-json\/wp\/v2\/users\/20"}],"replies":[{"embeddable":true,"href":"https:\/\/gruene-wuppertal.de\/fraktion\/wp-json\/wp\/v2\/comments?post=18675"}],"version-history":[{"count":6,"href":"https:\/\/gruene-wuppertal.de\/fraktion\/wp-json\/wp\/v2\/antraege\/18675\/revisions"}],"predecessor-version":[{"id":18681,"href":"https:\/\/gruene-wuppertal.de\/fraktion\/wp-json\/wp\/v2\/antraege\/18675\/revisions\/18681"}],"wp:attachment":[{"href":"https:\/\/gruene-wuppertal.de\/fraktion\/wp-json\/wp\/v2\/media?parent=18675"}],"wp:term":[{"taxonomy":"themen","embeddable":true,"href":"https:\/\/gruene-wuppertal.de\/fraktion\/wp-json\/wp\/v2\/themen?post=18675"}],"curies":[{"name":"wp","href":"https:\/\/api.w.org\/{rel}","templated":true}]}}