{"id":17902,"date":"2020-08-03T14:24:04","date_gmt":"2020-08-03T12:24:04","guid":{"rendered":"https:\/\/gruene-wuppertal.de\/fraktion\/?post_type=antraege&#038;p=17902"},"modified":"2020-08-03T14:42:55","modified_gmt":"2020-08-03T12:42:55","slug":"wirksame-laermaktionsplanung-fuer-die-gesundheit-der-buergerinnen-in-wuppertal-ergaenzungsantrag-zur-drucks-nr-vo-0420-20-laermaktionsplan","status":"publish","type":"antraege","link":"https:\/\/gruene-wuppertal.de\/fraktion\/antraege\/wirksame-laermaktionsplanung-fuer-die-gesundheit-der-buergerinnen-in-wuppertal-ergaenzungsantrag-zur-drucks-nr-vo-0420-20-laermaktionsplan\/","title":{"rendered":"Wirksame L\u00e4rmaktionsplanung f\u00fcr die Gesundheit der B\u00fcrger*innen in Wuppertal <br>Erg\u00e4nzungsantrag zur Drucks.-Nr.: VO\/0420\/20, L\u00e4rmaktionsplan"},"content":{"rendered":"<p><strong>Gemeinsamer Antrag der Fraktionen von CDU,\u00a0 B\u00fcndnis 90\/Die Gr\u00fcnen, Die Linke und Freie W\u00e4hler zur Sitzung der BV Uellendahl-Katernberg am 13.08.2020, der BV Heckinghausen am 18.08.2020, der BV Ronsdorf am 18.08.2020, der BV Cronenberg am 19.08.2020, der BV Vohwinkel am 19.08.2020, dem Ausschuss f\u00fcr Verkehr am 20.08.2020, dem Ausschuss f\u00fcr Umwelt am 25.08.2020, der BV Barmen am 25.08.2020, der BV Langerfeld-Beyenburg am 25.08.2020, der BV Elberfeld am 26.08.2020 und der BV Elberfeld-West am 26.08.2020<\/strong><\/p>\n<p>&nbsp;<\/p>\n<p>Sehr geehrter Herr Oberb\u00fcrgermeister, sehr geehrte Damen und Herren Bezirksb\u00fcrgermeister*innen, sehr geehrter Herr Dittgen, sehr geehrte Frau Br\u00fccher,<\/p>\n<p>&nbsp;<\/p>\n<p>die Fraktionen von CDU, B\u00dcNDNIS 90\/DIE GR\u00dcNEN und Die LINKE beantragen, die Mitglieder der Bezirksvertretungen, des Ausschusses f\u00fcr Umwelt und des Ausschusses f\u00fcr Verkehr m\u00f6gen beschlie\u00dfen:<\/p>\n<p>1. Die Verwaltung legt im Rahmen der Erstellung des L\u00e4rmaktionsplanes (LAP III) eine \u00dcbersicht \u00fcber die Entwicklung der L\u00e4rmbelastung in Wuppertal im Zeitraum der Umsetzung der L\u00e4rmaktionspl\u00e4ne I bis III vor. Dargestellt werden soll, an welchen Streckenabschnitten der Stra\u00dfen L\u00e4rmreduzierungen erreicht werden konnten und an welche Streckenabschnitten eine Zunahme des L\u00e4rms verzeichnet wurde.<\/p>\n<p>2. F\u00fcr die L\u00e4rmaktionsplanung der Stufe III werden die von der WHO empfohlenen Schwellenwerte ganztags von LDEN \u2265 65 dB(A) und L Night \u2265 55 dB(A) zugrunde gelegt.<\/p>\n<p>3. Die langen Talbr\u00fccken der A46 im Autobahnkreuz Sonnborn m\u00fcssen nach Neubau in der Lage sein, geeignete L\u00e4rmschutzw\u00e4nde nach Osten und Westen zu tragen, damit erhebliche L\u00e4rmbel\u00e4stigungen vermieden werden (sog. mittelfristiges Umwelthandlungsziel des UBA).<\/p>\n<p>4. Die Bypassfunktion der S\u00fcdtangente muss realistisch in einer Verkehrsanalyse erfasst werden, damit ein ad\u00e4quater L\u00e4rmschutz f\u00fcr die Bebauungsgebiete 616\/ und 616\/2 (mit mehr als 100 neu vorgesehenen\u00a0 Wohneinheiten in unmittelbarer N\u00e4he zur L418)\u00a0 konzipert und realisiert werden kann.<\/p>\n<p>5. Bei der Ausweisung der ruhigen Gebiete wird weiterhin ein Schwellenwert von 50 dB(A) zugrunde gelegt.<\/p>\n<p>6. Die Verwaltung wird beauftragt, sich bei den zust\u00e4ndigen Stra\u00dfenbaulasttr\u00e4gern der Bundesautobahnen sowie der Bundes- und Landesstra\u00dfen f\u00fcr eine Reduzierung der L\u00e4rmbel\u00e4stigung einzusetzen.<\/p>\n<p>7. Die Verwaltung wird beauftragt, die Umsetzung der im LAP empfohlenen Ma\u00dfnahmen der 1. Priorit\u00e4t zu konkretisieren und die Kosten daf\u00fcr abzusch\u00e4tzen.<\/p>\n<p><strong>Begr\u00fcndung:<br \/>\n<\/strong>Nachdem das Gesetz zur Umsetzung der EG-Richtlinie \u00fcber die Bewertung und Bek\u00e4mpfung von Umgebungsl\u00e4rm 2005 in Kraft getreten ist, liegt in Wuppertal nun der 3. Entwurf des L\u00e4rmaktionsplanes vor.<\/p>\n<p>Mit der\u00a0 L\u00e4rmaktionsplanung wird das Ziel verfolgt, die L\u00e4rmbelastung zu senken und die Lebensqualit\u00e4t in der Stadt Wuppertal zu erh\u00f6hen. An vielen L\u00e4rm-Hotspots in Wuppertal sind die L\u00e4rmbelastungen f\u00fcr die B\u00fcrgerinnen und B\u00fcrger gesundheitsgef\u00e4hrdend. Hauptverursacher der L\u00e4rmbelastung ist der Verkehr. Laut Ausf\u00fchrungen im Entwurf des LAP III sind im Vergleich zu den LAPs I und II neue L\u00e4rmbrennpunkte dazu gekommen.<\/p>\n<p>Im Rahmen der L\u00e4rmaktionspl\u00e4ne I und II wurden bereits Ma\u00dfnahmen benannt und umgesetzt, die die L\u00e4rmbelastungen reduzieren sollen. (L\u00e4rmschutzma\u00dfnahmen an der A46, an der A 1, Verbesserungen beim Betrieb der Schwebebahn, Tempo 30, L\u00e4rmsanierung von Stra\u00dfen)<\/p>\n<p>Wichtig ist die Darstellung, an welchen Standorten die Ma\u00dfnahmen gegriffen haben und wo eine L\u00e4rmreduzierung konkret gemessen werden konnte.<\/p>\n<p>Seit Inkrafttreten der EG-Richtlinie und Erstellung der L\u00e4rmaktionsplanung werden in Wuppertal aufgrund des Erlasses des Landes aus dem Jahr 2008 Ausl\u00f6sewerte ganztags von LDen\u00a0 &gt; 70 dB (A) und in den Nachtstunden LNight\u00a0 &gt; 60 dB(A) zugrunde gelegt. Diese entsprechen nicht mehr der aktuellen Empfehlungen der WHO und des Umweltbundesamtes (UBA), die\u00a0 Ausl\u00f6sewerte von LDEN \u2265 65 dB(A) und L Night \u2265 55 dB(A) benennen. Aktuell werden vom Bund Werte von 57\/67 als Sanierungswerte verwendet, auch das Land Bayern legt diese Werte zugrunde. Die h\u00f6heren Schwellenwerte\u00a0 beeintr\u00e4chtigen die Gesundheit\u00a0 der Betroffenen. L\u00e4rm aktiviert das autonome Nervensystem und das hormonelle System und f\u00fchrt zu chronischen Gesundheitsbelastungen: Ver\u00e4nderungen des Blutdrucks, der Herzfrequenz und anderer Kreislauffaktoren<\/p>\n<p>Ziel\u00a0 eines kommunalen L\u00e4rmaktionsplanes\u00a0 sollte\u00a0 sein, dauerhafte L\u00e4rmbelastungen zu vermeiden.<\/p>\n<p>Von den h\u00f6heren Ausl\u00f6sewerten sind in Wuppertal 14.200 Menschen in ihren Wohnungen betroffen. Werden die niedrigeren &#8211;\u00a0 von WHO und UBA empfohlenen Werte zugrunde gelegt &#8211;\u00a0 erh\u00f6ht sich die Anzahl der Betroffenen auf ca. 50.000, darunter auch die Anwohner*innen der A 46 und entlang der Eisenbahnverkehrsstrecke.<\/p>\n<p>Insbesondere die enorme\u00a0 Dauer-L\u00e4rmbelastung der Autobahn A46 schr\u00e4nkt\u00a0 in Wuppertal die Wohnqualit\u00e4t und somit die\u00a0 Lebensqualit\u00e4t\u00a0\u00a0 der dort lebenden Bev\u00f6lkerung\u00a0 erheblich ein.<\/p>\n<p>Die Ert\u00fcchtigung und Sanierung der A1 und A46 bietet die Gelegenheit, die L\u00e4rmbelastung der Autobahn f\u00fcr Wuppertal einzud\u00e4mmen. Diese Chance muss genutzt werden, da sich sonst der entlang der A 46 verlaufende Bereich langfristig st\u00e4dtebaulich und sozial sehr negativ entwickeln kann.<\/p>\n<p>Bei der Ausweisung von ruhigen Gebieten sollte der Schwellenwert nicht heraufgesetzt werden, da dies die tats\u00e4chliche L\u00e4rm-Situation relativiert und eine h\u00f6here L\u00e4rmbelastung toleriert.<\/p>\n<p>Die Stadt Wuppertal muss ihm Rahmen ihrer F\u00fcrsorgepflicht daf\u00fcr sorgen, dass so viele B\u00fcrger*innen wie m\u00f6glich vor gesundheitssch\u00e4dlichem L\u00e4rm bewahrt werden.<\/p>\n<p>Dabei ist es wichtig, diesen L\u00e4rmschutz auch gegen\u00fcber den Interessen des Landes und des Bundes im Rahmen des Ausbaus der Bundesautobahnen und der Bundes- und Landesstra\u00dfen sowie gegen\u00fcber dem Eisenbahnbundesamt durchzusetzen.<\/p>\n<p>Au\u00dferdem sollen die vorgeschriebenen EU-Grenzwerte bei allen aktuellen und zuk\u00fcnftigen Planungen ber\u00fccksichtigt werden, um weitere Vertragsverletzungsverfahren f\u00fcr das Land und den Bund zu vermeiden.<\/p>\n<p>&nbsp;<\/p>\n<p>Mit freundlichen Gr\u00fc\u00dfen<\/p>\n<p>Hans-J\u00f6rg Herhausen \u00a0\u00a0\u00a0\u00a0\u00a0\u00a0 Ludger Kineke<br \/>\nFraktionsvorsitzender\u00a0\u00a0\u00a0\u00a0\u00a0 \u00a0 Fraktionsvorsitzender<\/p>\n<p>Anja Liebert \u00a0\u00a0\u00a0\u00a0\u00a0\u00a0\u00a0\u00a0\u00a0\u00a0\u00a0\u00a0\u00a0\u00a0\u00a0\u00a0\u00a0\u00a0\u00a0\u00a0 Marc Schulz<br \/>\nFraktionsvorsitzende\u00a0\u00a0\u00a0\u00a0\u00a0\u00a0\u00a0 B\u00fcrgermeister<\/p>\n<p>Susanne Herhaus\u00a0\u00a0\u00a0\u00a0\u00a0\u00a0\u00a0\u00a0\u00a0\u00a0\u00a0\u00a0 Gerd-Peter Zielezinski<br \/>\nFraktionsvorsitzende\u00a0\u00a0\u00a0\u00a0\u00a0\u00a0\u00a0 Fraktionsvorsitzender<\/p>\n","protected":false},"excerpt":{"rendered":"<p>Gemeinsamer Antrag der Fraktionen von CDU,\u00a0 B\u00fcndnis 90\/Die Gr\u00fcnen, Die Linke und Freie W\u00e4hler zur Sitzung der BV Uellendahl-Katernberg am 13.08.2020, der BV Heckinghausen am 18.08.2020, der BV Ronsdorf am 18.08.2020, der BV Cronenberg am 19.08.2020, der BV Vohwinkel am 19.08.2020, dem Ausschuss f\u00fcr Verkehr&#8230;<\/p>\n","protected":false},"author":20,"featured_media":0,"menu_order":0,"comment_status":"open","ping_status":"open","template":"","meta":{"_wp_rev_ctl_limit":""},"themen":[25,58,23,44],"yoast_head":"<!-- This site is optimized with the Yoast SEO plugin v21.8 - https:\/\/yoast.com\/wordpress\/plugins\/seo\/ -->\n<title>Wirksame L\u00e4rmaktionsplanung f\u00fcr die Gesundheit der B\u00fcrger*innen in Wuppertal Erg\u00e4nzungsantrag zur Drucks.-Nr.: VO\/0420\/20, L\u00e4rmaktionsplan - Fraktion von B\u00fcndnis 90 \/ DIE GR\u00dcNEN im Rat der Stadt Wuppertal<\/title>\n<meta name=\"robots\" content=\"index, follow, max-snippet:-1, max-image-preview:large, max-video-preview:-1\" \/>\n<link rel=\"canonical\" href=\"https:\/\/gruene-wuppertal.de\/fraktion\/antraege\/wirksame-laermaktionsplanung-fuer-die-gesundheit-der-buergerinnen-in-wuppertal-ergaenzungsantrag-zur-drucks-nr-vo-0420-20-laermaktionsplan\/\" \/>\n<meta property=\"og:locale\" content=\"de_DE\" \/>\n<meta property=\"og:type\" content=\"article\" \/>\n<meta property=\"og:title\" content=\"Wirksame L\u00e4rmaktionsplanung f\u00fcr die Gesundheit der B\u00fcrger*innen in Wuppertal Erg\u00e4nzungsantrag zur Drucks.-Nr.: VO\/0420\/20, L\u00e4rmaktionsplan - Fraktion von B\u00fcndnis 90 \/ DIE GR\u00dcNEN im Rat der Stadt Wuppertal\" \/>\n<meta property=\"og:description\" content=\"Gemeinsamer Antrag der Fraktionen von CDU,\u00a0 B\u00fcndnis 90\/Die Gr\u00fcnen, Die Linke und Freie W\u00e4hler zur Sitzung der BV Uellendahl-Katernberg am 13.08.2020, der BV Heckinghausen am 18.08.2020, der BV Ronsdorf am 18.08.2020, der BV Cronenberg am 19.08.2020, der BV Vohwinkel am 19.08.2020, dem Ausschuss f\u00fcr Verkehr...\" \/>\n<meta property=\"og:url\" content=\"https:\/\/gruene-wuppertal.de\/fraktion\/antraege\/wirksame-laermaktionsplanung-fuer-die-gesundheit-der-buergerinnen-in-wuppertal-ergaenzungsantrag-zur-drucks-nr-vo-0420-20-laermaktionsplan\/\" \/>\n<meta property=\"og:site_name\" content=\"Fraktion von B\u00fcndnis 90 \/ DIE GR\u00dcNEN im Rat der Stadt Wuppertal\" \/>\n<meta property=\"article:modified_time\" content=\"2020-08-03T12:42:55+00:00\" \/>\n<meta name=\"twitter:card\" content=\"summary_large_image\" \/>\n<meta name=\"twitter:label1\" content=\"Gesch\u00e4tzte Lesezeit\" \/>\n\t<meta name=\"twitter:data1\" content=\"5 Minuten\" \/>\n<script type=\"application\/ld+json\" class=\"yoast-schema-graph\">{\"@context\":\"https:\/\/schema.org\",\"@graph\":[{\"@type\":\"WebPage\",\"@id\":\"https:\/\/gruene-wuppertal.de\/fraktion\/antraege\/wirksame-laermaktionsplanung-fuer-die-gesundheit-der-buergerinnen-in-wuppertal-ergaenzungsantrag-zur-drucks-nr-vo-0420-20-laermaktionsplan\/\",\"url\":\"https:\/\/gruene-wuppertal.de\/fraktion\/antraege\/wirksame-laermaktionsplanung-fuer-die-gesundheit-der-buergerinnen-in-wuppertal-ergaenzungsantrag-zur-drucks-nr-vo-0420-20-laermaktionsplan\/\",\"name\":\"Wirksame L\u00e4rmaktionsplanung f\u00fcr die Gesundheit der B\u00fcrger*innen in Wuppertal Erg\u00e4nzungsantrag zur Drucks.-Nr.: VO\/0420\/20, L\u00e4rmaktionsplan - Fraktion von B\u00fcndnis 90 \/ DIE GR\u00dcNEN im Rat der Stadt Wuppertal\",\"isPartOf\":{\"@id\":\"https:\/\/gruene-wuppertal.de\/fraktion\/#website\"},\"datePublished\":\"2020-08-03T12:24:04+00:00\",\"dateModified\":\"2020-08-03T12:42:55+00:00\",\"breadcrumb\":{\"@id\":\"https:\/\/gruene-wuppertal.de\/fraktion\/antraege\/wirksame-laermaktionsplanung-fuer-die-gesundheit-der-buergerinnen-in-wuppertal-ergaenzungsantrag-zur-drucks-nr-vo-0420-20-laermaktionsplan\/#breadcrumb\"},\"inLanguage\":\"de-DE\",\"potentialAction\":[{\"@type\":\"ReadAction\",\"target\":[\"https:\/\/gruene-wuppertal.de\/fraktion\/antraege\/wirksame-laermaktionsplanung-fuer-die-gesundheit-der-buergerinnen-in-wuppertal-ergaenzungsantrag-zur-drucks-nr-vo-0420-20-laermaktionsplan\/\"]}]},{\"@type\":\"BreadcrumbList\",\"@id\":\"https:\/\/gruene-wuppertal.de\/fraktion\/antraege\/wirksame-laermaktionsplanung-fuer-die-gesundheit-der-buergerinnen-in-wuppertal-ergaenzungsantrag-zur-drucks-nr-vo-0420-20-laermaktionsplan\/#breadcrumb\",\"itemListElement\":[{\"@type\":\"ListItem\",\"position\":1,\"name\":\"Startseite\",\"item\":\"https:\/\/gruene-wuppertal.de\/fraktion\/\"},{\"@type\":\"ListItem\",\"position\":2,\"name\":\"Wirksame L\u00e4rmaktionsplanung f\u00fcr die Gesundheit der B\u00fcrger*innen in Wuppertal Erg\u00e4nzungsantrag zur Drucks.-Nr.: VO\/0420\/20, L\u00e4rmaktionsplan\"}]},{\"@type\":\"WebSite\",\"@id\":\"https:\/\/gruene-wuppertal.de\/fraktion\/#website\",\"url\":\"https:\/\/gruene-wuppertal.de\/fraktion\/\",\"name\":\"Fraktion von B\u00fcndnis 90 \/ DIE GR\u00dcNEN im Rat der Stadt Wuppertal\",\"description\":\"\",\"potentialAction\":[{\"@type\":\"SearchAction\",\"target\":{\"@type\":\"EntryPoint\",\"urlTemplate\":\"https:\/\/gruene-wuppertal.de\/fraktion\/?s={search_term_string}\"},\"query-input\":\"required name=search_term_string\"}],\"inLanguage\":\"de-DE\"}]}<\/script>\n<!-- \/ Yoast SEO plugin. -->","yoast_head_json":{"title":"Wirksame L\u00e4rmaktionsplanung f\u00fcr die Gesundheit der B\u00fcrger*innen in Wuppertal Erg\u00e4nzungsantrag zur Drucks.-Nr.: VO\/0420\/20, L\u00e4rmaktionsplan - Fraktion von B\u00fcndnis 90 \/ DIE GR\u00dcNEN im Rat der Stadt Wuppertal","robots":{"index":"index","follow":"follow","max-snippet":"max-snippet:-1","max-image-preview":"max-image-preview:large","max-video-preview":"max-video-preview:-1"},"canonical":"https:\/\/gruene-wuppertal.de\/fraktion\/antraege\/wirksame-laermaktionsplanung-fuer-die-gesundheit-der-buergerinnen-in-wuppertal-ergaenzungsantrag-zur-drucks-nr-vo-0420-20-laermaktionsplan\/","og_locale":"de_DE","og_type":"article","og_title":"Wirksame L\u00e4rmaktionsplanung f\u00fcr die Gesundheit der B\u00fcrger*innen in Wuppertal Erg\u00e4nzungsantrag zur Drucks.-Nr.: VO\/0420\/20, L\u00e4rmaktionsplan - Fraktion von B\u00fcndnis 90 \/ DIE GR\u00dcNEN im Rat der Stadt Wuppertal","og_description":"Gemeinsamer Antrag der Fraktionen von CDU,\u00a0 B\u00fcndnis 90\/Die Gr\u00fcnen, Die Linke und Freie W\u00e4hler zur Sitzung der BV Uellendahl-Katernberg am 13.08.2020, der BV Heckinghausen am 18.08.2020, der BV Ronsdorf am 18.08.2020, der BV Cronenberg am 19.08.2020, der BV Vohwinkel am 19.08.2020, dem Ausschuss f\u00fcr Verkehr...","og_url":"https:\/\/gruene-wuppertal.de\/fraktion\/antraege\/wirksame-laermaktionsplanung-fuer-die-gesundheit-der-buergerinnen-in-wuppertal-ergaenzungsantrag-zur-drucks-nr-vo-0420-20-laermaktionsplan\/","og_site_name":"Fraktion von B\u00fcndnis 90 \/ DIE GR\u00dcNEN im Rat der Stadt Wuppertal","article_modified_time":"2020-08-03T12:42:55+00:00","twitter_card":"summary_large_image","twitter_misc":{"Gesch\u00e4tzte Lesezeit":"5 Minuten"},"schema":{"@context":"https:\/\/schema.org","@graph":[{"@type":"WebPage","@id":"https:\/\/gruene-wuppertal.de\/fraktion\/antraege\/wirksame-laermaktionsplanung-fuer-die-gesundheit-der-buergerinnen-in-wuppertal-ergaenzungsantrag-zur-drucks-nr-vo-0420-20-laermaktionsplan\/","url":"https:\/\/gruene-wuppertal.de\/fraktion\/antraege\/wirksame-laermaktionsplanung-fuer-die-gesundheit-der-buergerinnen-in-wuppertal-ergaenzungsantrag-zur-drucks-nr-vo-0420-20-laermaktionsplan\/","name":"Wirksame L\u00e4rmaktionsplanung f\u00fcr die Gesundheit der B\u00fcrger*innen in Wuppertal Erg\u00e4nzungsantrag zur Drucks.-Nr.: VO\/0420\/20, L\u00e4rmaktionsplan - Fraktion von B\u00fcndnis 90 \/ DIE GR\u00dcNEN im Rat der Stadt Wuppertal","isPartOf":{"@id":"https:\/\/gruene-wuppertal.de\/fraktion\/#website"},"datePublished":"2020-08-03T12:24:04+00:00","dateModified":"2020-08-03T12:42:55+00:00","breadcrumb":{"@id":"https:\/\/gruene-wuppertal.de\/fraktion\/antraege\/wirksame-laermaktionsplanung-fuer-die-gesundheit-der-buergerinnen-in-wuppertal-ergaenzungsantrag-zur-drucks-nr-vo-0420-20-laermaktionsplan\/#breadcrumb"},"inLanguage":"de-DE","potentialAction":[{"@type":"ReadAction","target":["https:\/\/gruene-wuppertal.de\/fraktion\/antraege\/wirksame-laermaktionsplanung-fuer-die-gesundheit-der-buergerinnen-in-wuppertal-ergaenzungsantrag-zur-drucks-nr-vo-0420-20-laermaktionsplan\/"]}]},{"@type":"BreadcrumbList","@id":"https:\/\/gruene-wuppertal.de\/fraktion\/antraege\/wirksame-laermaktionsplanung-fuer-die-gesundheit-der-buergerinnen-in-wuppertal-ergaenzungsantrag-zur-drucks-nr-vo-0420-20-laermaktionsplan\/#breadcrumb","itemListElement":[{"@type":"ListItem","position":1,"name":"Startseite","item":"https:\/\/gruene-wuppertal.de\/fraktion\/"},{"@type":"ListItem","position":2,"name":"Wirksame L\u00e4rmaktionsplanung f\u00fcr die Gesundheit der B\u00fcrger*innen in Wuppertal Erg\u00e4nzungsantrag zur Drucks.-Nr.: VO\/0420\/20, L\u00e4rmaktionsplan"}]},{"@type":"WebSite","@id":"https:\/\/gruene-wuppertal.de\/fraktion\/#website","url":"https:\/\/gruene-wuppertal.de\/fraktion\/","name":"Fraktion von B\u00fcndnis 90 \/ DIE GR\u00dcNEN im Rat der Stadt Wuppertal","description":"","potentialAction":[{"@type":"SearchAction","target":{"@type":"EntryPoint","urlTemplate":"https:\/\/gruene-wuppertal.de\/fraktion\/?s={search_term_string}"},"query-input":"required name=search_term_string"}],"inLanguage":"de-DE"}]}},"post_mailing_queue_ids":[],"_links":{"self":[{"href":"https:\/\/gruene-wuppertal.de\/fraktion\/wp-json\/wp\/v2\/antraege\/17902"}],"collection":[{"href":"https:\/\/gruene-wuppertal.de\/fraktion\/wp-json\/wp\/v2\/antraege"}],"about":[{"href":"https:\/\/gruene-wuppertal.de\/fraktion\/wp-json\/wp\/v2\/types\/antraege"}],"author":[{"embeddable":true,"href":"https:\/\/gruene-wuppertal.de\/fraktion\/wp-json\/wp\/v2\/users\/20"}],"replies":[{"embeddable":true,"href":"https:\/\/gruene-wuppertal.de\/fraktion\/wp-json\/wp\/v2\/comments?post=17902"}],"version-history":[{"count":10,"href":"https:\/\/gruene-wuppertal.de\/fraktion\/wp-json\/wp\/v2\/antraege\/17902\/revisions"}],"predecessor-version":[{"id":17928,"href":"https:\/\/gruene-wuppertal.de\/fraktion\/wp-json\/wp\/v2\/antraege\/17902\/revisions\/17928"}],"wp:attachment":[{"href":"https:\/\/gruene-wuppertal.de\/fraktion\/wp-json\/wp\/v2\/media?parent=17902"}],"wp:term":[{"taxonomy":"themen","embeddable":true,"href":"https:\/\/gruene-wuppertal.de\/fraktion\/wp-json\/wp\/v2\/themen?post=17902"}],"curies":[{"name":"wp","href":"https:\/\/api.w.org\/{rel}","templated":true}]}}