{"id":16992,"date":"2020-06-10T12:57:16","date_gmt":"2020-06-10T12:57:16","guid":{"rendered":"https:\/\/gruene-wuppertal.de\/fraktion\/?post_type=antraege&amp;p=16992"},"modified":"2020-06-10T12:57:16","modified_gmt":"2020-06-10T12:57:16","slug":"parkplatze-und-andere-offentliche-freiflachen-fur-ausengastronomie-nutzen","status":"publish","type":"antraege","link":"https:\/\/gruene-wuppertal.de\/fraktion\/antraege\/parkplatze-und-andere-offentliche-freiflachen-fur-ausengastronomie-nutzen\/","title":{"rendered":"Parkpl\u00e4tze und andere \u00f6ffentliche Freifl\u00e4chen f\u00fcr Au\u00dfengastronomie nutzen"},"content":{"rendered":"<p><strong>Gemeinsamer Antrag der Fraktionen von CDU und B\u00dcNDNIS 90\/DIE GR\u00dcNEN , an den\u00a0Hauptausschuss am 17.06.2020\u00a0 und an den <\/strong><strong>Rat der Stadt Wuppertal am 22.06.2020<br \/>\n<\/strong>Zu TOP 6.9 Aussetzung der Erhebung von Sondernutzungsgeb\u00fchren f\u00fcr die Au\u00dfengastronomie sowie der Satzung zur Erhebung einer Infrastrukturf\u00f6rderabgabe<\/p>\n<p>Sehr geehrter Herr Oberb\u00fcrgermeister,<\/p>\n<p>die Fraktionen von CDU und B\u00dcNDNIS 90\/DIE GR\u00dcNEN beantragen, Hauptausschuss und Rat der Stadt m\u00f6gen folgenden Beschluss fassen:<\/p>\n<p>1. Alle Betriebe mit gastronomischem Angebot, denen es aus Platzgr\u00fcnden bislang nicht gestattet war, eine Au\u00dfengastronomie zu betreiben, sollen k\u00fcnftig die M\u00f6glichkeit erhalten, gegen Geb\u00fchr Pkw-Stellpl\u00e4tze oder \u00f6ffentliche Freifl\u00e4chen vor oder in der unmittelbaren N\u00e4he zu ihrem Lokal anzumieten. Auch eine Erweiterung der bestehenden Au\u00dfengastronomie soll auf diese Weise m\u00f6glich werden.<\/p>\n<p>2. F\u00fcr den Rest des Jahres 2020 werden keine Geb\u00fchren f\u00fcr die Stellpl\u00e4tze\/Freifl\u00e4chen erhoben.<\/p>\n<p>3. In diesem Zusammenhang soll auch gepr\u00fcft werden, wie und in welchem Umfang den \u00f6rtlichen Schaustellerbetrieben geholfen werden kann, die von den Auswirkungen der gegenw\u00e4rtigen Krise ebenfalls in besonderer Weise betroffen sind.<\/p>\n<p>4. Die Verwaltung wird gebeten, zum fr\u00fchest m\u00f6glichen Zeitpunkt eine \u00c4nderung der daf\u00fcr notwendigen Satzungen zur Umnutzung von Parkpl\u00e4tzen und anderen \u00f6ffentlichen Freifl\u00e4chen vorzunehmen.<\/p>\n<p>5. Die Genehmigung von Antr\u00e4gen durch die Verwaltung soll m\u00f6glichst kurzfristig und unb\u00fcrokratisch erfolgen.<\/p>\n<p>6. F\u00fcr das kommende Jahr wird die Verwaltung gebeten, ein Konzept zu erstellen, das die Umwidmung der Stellfl\u00e4chen im gesamten Stadtgebiet vereinheitlichen und ausdehnen soll.<\/p>\n<p><strong>Begr\u00fcndung:<br \/>\n<\/strong>Gastronom*innen erhalten durch diese Regelung die M\u00f6glichkeit, mehr Au\u00dfengastronomie anzubieten. Ein vielf\u00e4ltiges und reiches au\u00dfengastronomisches Angebot ist wesentlicher Bestandteil eines w\u00fcnschenswert lebendigen Stadtquartiers und st\u00e4rkt den Standort Wuppertal.<\/p>\n<p>Durch die Corona-Pandemie sind viele gastronomische Betriebe auch in finanzielle Engp\u00e4sse geraten. G\u00e4ste m\u00fcssen weiter auseinander sitzen und den notwendigen Abstand einhalten, um eine Ansteckungsgefahr zu vermeiden. Dadurch k\u00f6nnen weniger G\u00e4ste kommen, die Kalkulation ger\u00e4t bei vielen Betrieben in eine gef\u00e4hrliche Schieflage.<\/p>\n<p>Die Sommersaison hat bereits begonnen, die Au\u00dfengastronomie tr\u00e4gt zur Attraktivierung unserer Stadt bei.<\/p>\n<p>Mit einer zus\u00e4tzlichen Nutzung von Parkraum wird zumindest einem Teil der Restaurants und Caf\u00e9s die M\u00f6glichkeit gegeben, mehr G\u00e4ste zu bewirten und die aktuellen finanziellen Einbu\u00dfen abzumildern.<\/p>\n<p>Eine entsprechende Regelung zur regul\u00e4ren Unterst\u00fctzung der Au\u00dfengastronomie wurde in K\u00f6ln 2016 beschlossen, in Bonn wird das Verfahren in der Nordstadt bereits seit 2014 praktiziert.<\/p>\n<p>Die zu gr\u00f6\u00dften Teil familiengef\u00fchrten Schaustellerbetriebe haben mit den Auswirkungen der Krise ebenfalls in besonderer Weise zu k\u00e4mpfen. Auch hier handelt es sich um Geb\u00fchrenzahler. Ihre Veranstaltungen finden in der Regel auf \u00f6ffentlichen Pl\u00e4tzen statt. Zahlreiche Veranstaltungen mussten aufgrund der bekannten Restriktionen bereits ausfallen. Selbst die Frage, ob und in welcher Weise eine Ausrichtung der diesj\u00e4hrigen Weihnachtsm\u00e4rkte m\u00f6glich ist, kann gegenw\u00e4rtig nicht beantwortet werden.<\/p>\n<p>&nbsp;<\/p>\n<p>Mit freundlichen Gr\u00fc\u00dfen<\/p>\n<p>Anja Liebert \u00a0\u00a0\u00a0\u00a0\u00a0\u00a0\u00a0\u00a0\u00a0\u00a0\u00a0\u00a0\u00a0\u00a0 \u00a0\u00a0\u00a0 Yazg\u00fcl\u00fc Zeybek\u00a0\u00a0\u00a0\u00a0\u00a0\u00a0\u00a0\u00a0\u00a0\u00a0\u00a0\u00a0\u00a0\u00a0\u00a0\u00a0\u00a0\u00a0\u00a0\u00a0\u00a0\u00a0\u00a0 Hans-J\u00f6rg Herhausen Ludger Kineke<br \/>\nFraktionsvorsitzende\u00a0\u00a0\u00a0\u00a0\u00a0 stellv. Fraktionsvorsitzende\u00a0\u00a0\u00a0\u00a0\u00a0\u00a0\u00a0\u00a0\u00a0\u00a0\u00a0\u00a0\u00a0\u00a0\u00a0\u00a0\u00a0\u00a0\u00a0\u00a0\u00a0 Fraktionsvorsitzende<\/p>\n","protected":false},"excerpt":{"rendered":"<p>Gemeinsamer Antrag der Fraktionen von CDU und B\u00dcNDNIS 90\/DIE GR\u00dcNEN , an den\u00a0Hauptausschuss am 17.06.2020\u00a0 und an den Rat der Stadt Wuppertal am 22.06.2020 Zu TOP 6.9 Aussetzung der Erhebung von Sondernutzungsgeb\u00fchren f\u00fcr die Au\u00dfengastronomie sowie der Satzung zur Erhebung einer Infrastrukturf\u00f6rderabgabe Sehr geehrter Herr&#8230;<\/p>\n","protected":false},"author":20,"featured_media":0,"menu_order":0,"comment_status":"closed","ping_status":"closed","template":"","meta":{"_wp_rev_ctl_limit":""},"themen":[79,74],"yoast_head":"<!-- This site is optimized with the Yoast SEO plugin v21.8 - https:\/\/yoast.com\/wordpress\/plugins\/seo\/ -->\n<title>Parkpl\u00e4tze und andere \u00f6ffentliche Freifl\u00e4chen f\u00fcr Au\u00dfengastronomie nutzen - Fraktion von B\u00fcndnis 90 \/ DIE GR\u00dcNEN im Rat der Stadt Wuppertal<\/title>\n<meta name=\"robots\" content=\"index, follow, max-snippet:-1, max-image-preview:large, max-video-preview:-1\" \/>\n<link rel=\"canonical\" href=\"https:\/\/gruene-wuppertal.de\/fraktion\/antraege\/parkplatze-und-andere-offentliche-freiflachen-fur-ausengastronomie-nutzen\/\" \/>\n<meta property=\"og:locale\" content=\"de_DE\" \/>\n<meta property=\"og:type\" content=\"article\" \/>\n<meta property=\"og:title\" content=\"Parkpl\u00e4tze und andere \u00f6ffentliche Freifl\u00e4chen f\u00fcr Au\u00dfengastronomie nutzen - Fraktion von B\u00fcndnis 90 \/ DIE GR\u00dcNEN im Rat der Stadt Wuppertal\" \/>\n<meta property=\"og:description\" content=\"Gemeinsamer Antrag der Fraktionen von CDU und B\u00dcNDNIS 90\/DIE GR\u00dcNEN , an den\u00a0Hauptausschuss am 17.06.2020\u00a0 und an den Rat der Stadt Wuppertal am 22.06.2020 Zu TOP 6.9 Aussetzung der Erhebung von Sondernutzungsgeb\u00fchren f\u00fcr die Au\u00dfengastronomie sowie der Satzung zur Erhebung einer Infrastrukturf\u00f6rderabgabe Sehr geehrter Herr...\" \/>\n<meta property=\"og:url\" content=\"https:\/\/gruene-wuppertal.de\/fraktion\/antraege\/parkplatze-und-andere-offentliche-freiflachen-fur-ausengastronomie-nutzen\/\" \/>\n<meta property=\"og:site_name\" content=\"Fraktion von B\u00fcndnis 90 \/ DIE GR\u00dcNEN im Rat der Stadt Wuppertal\" \/>\n<meta name=\"twitter:card\" content=\"summary_large_image\" \/>\n<meta name=\"twitter:label1\" content=\"Gesch\u00e4tzte Lesezeit\" \/>\n\t<meta name=\"twitter:data1\" content=\"3 Minuten\" \/>\n<script type=\"application\/ld+json\" class=\"yoast-schema-graph\">{\"@context\":\"https:\/\/schema.org\",\"@graph\":[{\"@type\":\"WebPage\",\"@id\":\"https:\/\/gruene-wuppertal.de\/fraktion\/antraege\/parkplatze-und-andere-offentliche-freiflachen-fur-ausengastronomie-nutzen\/\",\"url\":\"https:\/\/gruene-wuppertal.de\/fraktion\/antraege\/parkplatze-und-andere-offentliche-freiflachen-fur-ausengastronomie-nutzen\/\",\"name\":\"Parkpl\u00e4tze und andere \u00f6ffentliche Freifl\u00e4chen f\u00fcr Au\u00dfengastronomie nutzen - Fraktion von B\u00fcndnis 90 \/ DIE GR\u00dcNEN im Rat der Stadt Wuppertal\",\"isPartOf\":{\"@id\":\"https:\/\/gruene-wuppertal.de\/fraktion\/#website\"},\"datePublished\":\"2020-06-10T12:57:16+00:00\",\"dateModified\":\"2020-06-10T12:57:16+00:00\",\"breadcrumb\":{\"@id\":\"https:\/\/gruene-wuppertal.de\/fraktion\/antraege\/parkplatze-und-andere-offentliche-freiflachen-fur-ausengastronomie-nutzen\/#breadcrumb\"},\"inLanguage\":\"de-DE\",\"potentialAction\":[{\"@type\":\"ReadAction\",\"target\":[\"https:\/\/gruene-wuppertal.de\/fraktion\/antraege\/parkplatze-und-andere-offentliche-freiflachen-fur-ausengastronomie-nutzen\/\"]}]},{\"@type\":\"BreadcrumbList\",\"@id\":\"https:\/\/gruene-wuppertal.de\/fraktion\/antraege\/parkplatze-und-andere-offentliche-freiflachen-fur-ausengastronomie-nutzen\/#breadcrumb\",\"itemListElement\":[{\"@type\":\"ListItem\",\"position\":1,\"name\":\"Startseite\",\"item\":\"https:\/\/gruene-wuppertal.de\/fraktion\/\"},{\"@type\":\"ListItem\",\"position\":2,\"name\":\"Parkpl\u00e4tze und andere \u00f6ffentliche Freifl\u00e4chen f\u00fcr Au\u00dfengastronomie nutzen\"}]},{\"@type\":\"WebSite\",\"@id\":\"https:\/\/gruene-wuppertal.de\/fraktion\/#website\",\"url\":\"https:\/\/gruene-wuppertal.de\/fraktion\/\",\"name\":\"Fraktion von B\u00fcndnis 90 \/ DIE GR\u00dcNEN im Rat der Stadt Wuppertal\",\"description\":\"\",\"potentialAction\":[{\"@type\":\"SearchAction\",\"target\":{\"@type\":\"EntryPoint\",\"urlTemplate\":\"https:\/\/gruene-wuppertal.de\/fraktion\/?s={search_term_string}\"},\"query-input\":\"required name=search_term_string\"}],\"inLanguage\":\"de-DE\"}]}<\/script>\n<!-- \/ Yoast SEO plugin. -->","yoast_head_json":{"title":"Parkpl\u00e4tze und andere \u00f6ffentliche Freifl\u00e4chen f\u00fcr Au\u00dfengastronomie nutzen - Fraktion von B\u00fcndnis 90 \/ DIE GR\u00dcNEN im Rat der Stadt Wuppertal","robots":{"index":"index","follow":"follow","max-snippet":"max-snippet:-1","max-image-preview":"max-image-preview:large","max-video-preview":"max-video-preview:-1"},"canonical":"https:\/\/gruene-wuppertal.de\/fraktion\/antraege\/parkplatze-und-andere-offentliche-freiflachen-fur-ausengastronomie-nutzen\/","og_locale":"de_DE","og_type":"article","og_title":"Parkpl\u00e4tze und andere \u00f6ffentliche Freifl\u00e4chen f\u00fcr Au\u00dfengastronomie nutzen - Fraktion von B\u00fcndnis 90 \/ DIE GR\u00dcNEN im Rat der Stadt Wuppertal","og_description":"Gemeinsamer Antrag der Fraktionen von CDU und B\u00dcNDNIS 90\/DIE GR\u00dcNEN , an den\u00a0Hauptausschuss am 17.06.2020\u00a0 und an den Rat der Stadt Wuppertal am 22.06.2020 Zu TOP 6.9 Aussetzung der Erhebung von Sondernutzungsgeb\u00fchren f\u00fcr die Au\u00dfengastronomie sowie der Satzung zur Erhebung einer Infrastrukturf\u00f6rderabgabe Sehr geehrter Herr...","og_url":"https:\/\/gruene-wuppertal.de\/fraktion\/antraege\/parkplatze-und-andere-offentliche-freiflachen-fur-ausengastronomie-nutzen\/","og_site_name":"Fraktion von B\u00fcndnis 90 \/ DIE GR\u00dcNEN im Rat der Stadt Wuppertal","twitter_card":"summary_large_image","twitter_misc":{"Gesch\u00e4tzte Lesezeit":"3 Minuten"},"schema":{"@context":"https:\/\/schema.org","@graph":[{"@type":"WebPage","@id":"https:\/\/gruene-wuppertal.de\/fraktion\/antraege\/parkplatze-und-andere-offentliche-freiflachen-fur-ausengastronomie-nutzen\/","url":"https:\/\/gruene-wuppertal.de\/fraktion\/antraege\/parkplatze-und-andere-offentliche-freiflachen-fur-ausengastronomie-nutzen\/","name":"Parkpl\u00e4tze und andere \u00f6ffentliche Freifl\u00e4chen f\u00fcr Au\u00dfengastronomie nutzen - Fraktion von B\u00fcndnis 90 \/ DIE GR\u00dcNEN im Rat der Stadt Wuppertal","isPartOf":{"@id":"https:\/\/gruene-wuppertal.de\/fraktion\/#website"},"datePublished":"2020-06-10T12:57:16+00:00","dateModified":"2020-06-10T12:57:16+00:00","breadcrumb":{"@id":"https:\/\/gruene-wuppertal.de\/fraktion\/antraege\/parkplatze-und-andere-offentliche-freiflachen-fur-ausengastronomie-nutzen\/#breadcrumb"},"inLanguage":"de-DE","potentialAction":[{"@type":"ReadAction","target":["https:\/\/gruene-wuppertal.de\/fraktion\/antraege\/parkplatze-und-andere-offentliche-freiflachen-fur-ausengastronomie-nutzen\/"]}]},{"@type":"BreadcrumbList","@id":"https:\/\/gruene-wuppertal.de\/fraktion\/antraege\/parkplatze-und-andere-offentliche-freiflachen-fur-ausengastronomie-nutzen\/#breadcrumb","itemListElement":[{"@type":"ListItem","position":1,"name":"Startseite","item":"https:\/\/gruene-wuppertal.de\/fraktion\/"},{"@type":"ListItem","position":2,"name":"Parkpl\u00e4tze und andere \u00f6ffentliche Freifl\u00e4chen f\u00fcr Au\u00dfengastronomie nutzen"}]},{"@type":"WebSite","@id":"https:\/\/gruene-wuppertal.de\/fraktion\/#website","url":"https:\/\/gruene-wuppertal.de\/fraktion\/","name":"Fraktion von B\u00fcndnis 90 \/ DIE GR\u00dcNEN im Rat der Stadt Wuppertal","description":"","potentialAction":[{"@type":"SearchAction","target":{"@type":"EntryPoint","urlTemplate":"https:\/\/gruene-wuppertal.de\/fraktion\/?s={search_term_string}"},"query-input":"required name=search_term_string"}],"inLanguage":"de-DE"}]}},"post_mailing_queue_ids":[],"_links":{"self":[{"href":"https:\/\/gruene-wuppertal.de\/fraktion\/wp-json\/wp\/v2\/antraege\/16992"}],"collection":[{"href":"https:\/\/gruene-wuppertal.de\/fraktion\/wp-json\/wp\/v2\/antraege"}],"about":[{"href":"https:\/\/gruene-wuppertal.de\/fraktion\/wp-json\/wp\/v2\/types\/antraege"}],"author":[{"embeddable":true,"href":"https:\/\/gruene-wuppertal.de\/fraktion\/wp-json\/wp\/v2\/users\/20"}],"replies":[{"embeddable":true,"href":"https:\/\/gruene-wuppertal.de\/fraktion\/wp-json\/wp\/v2\/comments?post=16992"}],"version-history":[{"count":0,"href":"https:\/\/gruene-wuppertal.de\/fraktion\/wp-json\/wp\/v2\/antraege\/16992\/revisions"}],"wp:attachment":[{"href":"https:\/\/gruene-wuppertal.de\/fraktion\/wp-json\/wp\/v2\/media?parent=16992"}],"wp:term":[{"taxonomy":"themen","embeddable":true,"href":"https:\/\/gruene-wuppertal.de\/fraktion\/wp-json\/wp\/v2\/themen?post=16992"}],"curies":[{"name":"wp","href":"https:\/\/api.w.org\/{rel}","templated":true}]}}