{"id":16873,"date":"2020-05-22T10:13:28","date_gmt":"2020-05-22T10:13:28","guid":{"rendered":"https:\/\/gruene-wuppertal.de\/fraktion\/?post_type=antraege&#038;p=16873"},"modified":"2020-08-03T14:48:59","modified_gmt":"2020-08-03T12:48:59","slug":"gestaltung-primark-platz-ost-2","status":"publish","type":"antraege","link":"https:\/\/gruene-wuppertal.de\/fraktion\/antraege\/gestaltung-primark-platz-ost-2\/","title":{"rendered":"Gestaltung Primark Platz Ost"},"content":{"rendered":"<div>\n<p><b><b>Antrag der Fraktionen von CDU, B\u00dcNDNIS 90\/DIE GR\u00dcNEN, FDP und Freie W\u00e4hler <\/b><\/b><b>an die Planungs- und Baubegleitkommission D\u00f6ppersberg am <\/b><b>02.06.2020, an den <\/b><b>Ausschuss f\u00fcr Stadtentwicklung, Wirtschaft und Bauen am 04.06.2020, an die<\/b><b> \u00a0<\/b><b>BV Elberfeld am 09.06.2020, an den <\/b><b>Hauptausschuss<\/b><b> am <\/b><b>17.06.2020 und an den\u00a0 <\/b><b>Rat der Stadt Wuppertal am <\/b><b>22.06.2020<\/b><br \/>\n<b>\u00a0\u00a0\u00a0\u00a0\u00a0\u00a0\u00a0\u00a0\u00a0\u00a0\u00a0\u00a0\u00a0\u00a0\u00a0\u00a0\u00a0\u00a0\u00a0 \u00a0 <\/b><\/p>\n<\/div>\n<p>Sehr geehrte Herren Vorsitzende und Bezirksb\u00fcrgermeister,<\/p>\n<p>die Fraktionen von CDU, B\u00dcNDNIS 90\/DIE GR\u00dcNEN, FDP und Freie W\u00e4hler beantragen, folgenden Beschluss zu fassen: :<\/p>\n<p>Die Verwaltung wird beauftragt, unter Zugrundelegung der anh\u00e4ngenden Zeichnungen eines Landschaftsarchitekten eine Durchf\u00fchrungsplanung zur Gestaltung des Platzes \u00f6stlich des Primark-Geb\u00e4udes zu erstellen.<\/p>\n<p>Dabei sind insbesondere folgende Punkte zu ber\u00fccksichtigen:<\/p>\n<ol>\n<li>Mindestens 8 Nachr\u00fcckpl\u00e4tze f\u00fcr Taxis<\/li>\n<li>Gr\u00fcnanlage mit B\u00e4umen und Sitzpl\u00e4tzen<\/li>\n<li>Elektrolades\u00e4ulen<\/li>\n<li>Beleuchtung<\/li>\n<li>Gestaltung der Mauerkrone<br \/>\n6. Umgestaltung der Fl\u00e4che vor der Taxi-Ausfahrt<\/li>\n<\/ol>\n<p><b>Begr\u00fcndung:<br \/>\n<\/b>Der Platz zeigt sich zurzeit als Schotterw\u00fcste. An dieser zentralen Stelle unweit des Hauptbahnhofs soll eine st\u00e4dtebaulich passende Gestaltung realisiert werden. Zu bestimmten Zeiten besteht ein Bedarf nach Taxi-Nachr\u00fcckpl\u00e4tzen. Der Bedarf wird sich nach Er\u00f6ffnung des Klubs im Wupperpark noch vergr\u00f6\u00dfern.<\/p>\n<p>Eine Begr\u00fcnung mit B\u00e4umen wird den optischen Eindruck wie das Stadtklima verbessern. Die Pflanzung weiterer B\u00e4ume auf der Gr\u00fcnfl\u00e4che \u00f6stlich des Platzes soll gepr\u00fcft werden.<\/p>\n<p>Die B\u00fcrgersteig-Fl\u00e4che vor der Taxi-Ausfahrt sehr gro\u00df. Ein Teil soll zur Fahrbahn f\u00fcr Fahrzeuge, die von der Stra\u00dfe D\u00f6ppersberg einbiegen, werden. Dieser Hinweis kam von den Taxifahrern vor Ort.<\/p>\n<p>Seit etwa zwei Jahren wird \u00fcber Pl\u00e4ne auf der Fl\u00e4che diskutiert. Jetzt muss eine Entscheidung \u00fcber die Gestaltung des Platzes fallen, damit die Bauarbeiten in 2021 abgeschlossen werden k\u00f6nnen.<\/p>\n<p>Mit freundlichen Gr\u00fc\u00dfen<\/p>\n<p>Anja Liebert<br \/>\nFraktionsvorsitzende<\/p>\n<p>Hans-J\u00f6rg Herhausen<br \/>\nFraktionsvorsitzender<\/p>\n<p>Ludger Kineke<br \/>\nFraktionsvorsitzender<\/p>\n<p>Alexander Schmidt<br \/>\nFraktionsvorsitzender<\/p>\n<p>Ralf Wegener<br \/>\nFraktionsvorsitzender<\/p>\n<p>&nbsp;<\/p>\n<p>Hier finden Sie den Entwurf der Platzgestaltung:<\/p>\n<p><a href=\"https:\/\/gruene-wuppertal.de\/fraktion\/wp-content\/uploads\/2020\/05\/Plan-01\u00fcb.pdf\">Plan 01\u00fcb<\/a><\/p>\n<p><a href=\"https:\/\/gruene-wuppertal.de\/fraktion\/wp-content\/uploads\/2020\/05\/Plan-02-\u00fcb.pdf\">Plan 02 \u00fcb<\/a><\/p>\n","protected":false},"excerpt":{"rendered":"<p>Antrag der Fraktionen von CDU, B\u00dcNDNIS 90\/DIE GR\u00dcNEN, FDP und Freie W\u00e4hler an die Planungs- und Baubegleitkommission D\u00f6ppersberg am 02.06.2020, an den Ausschuss f\u00fcr Stadtentwicklung, Wirtschaft und Bauen am 04.06.2020, an die \u00a0BV Elberfeld am 09.06.2020, an den Hauptausschuss am 17.06.2020 und an den\u00a0 Rat&#8230;<\/p>\n","protected":false},"author":6,"featured_media":0,"menu_order":0,"comment_status":"closed","ping_status":"closed","template":"","meta":{"_wp_rev_ctl_limit":""},"themen":[72,17,58,44],"yoast_head":"<!-- This site is optimized with the Yoast SEO plugin v21.8 - https:\/\/yoast.com\/wordpress\/plugins\/seo\/ -->\n<title>Gestaltung Primark Platz Ost - Fraktion von B\u00fcndnis 90 \/ DIE GR\u00dcNEN im Rat der Stadt Wuppertal<\/title>\n<meta name=\"robots\" content=\"index, follow, max-snippet:-1, max-image-preview:large, max-video-preview:-1\" \/>\n<link rel=\"canonical\" href=\"https:\/\/gruene-wuppertal.de\/fraktion\/antraege\/gestaltung-primark-platz-ost-2\/\" \/>\n<meta property=\"og:locale\" content=\"de_DE\" \/>\n<meta property=\"og:type\" content=\"article\" \/>\n<meta property=\"og:title\" content=\"Gestaltung Primark Platz Ost - Fraktion von B\u00fcndnis 90 \/ DIE GR\u00dcNEN im Rat der Stadt Wuppertal\" \/>\n<meta property=\"og:description\" content=\"Antrag der Fraktionen von CDU, B\u00dcNDNIS 90\/DIE GR\u00dcNEN, FDP und Freie W\u00e4hler an die Planungs- und Baubegleitkommission D\u00f6ppersberg am 02.06.2020, an den Ausschuss f\u00fcr Stadtentwicklung, Wirtschaft und Bauen am 04.06.2020, an die \u00a0BV Elberfeld am 09.06.2020, an den Hauptausschuss am 17.06.2020 und an den\u00a0 Rat...\" \/>\n<meta property=\"og:url\" content=\"https:\/\/gruene-wuppertal.de\/fraktion\/antraege\/gestaltung-primark-platz-ost-2\/\" \/>\n<meta property=\"og:site_name\" content=\"Fraktion von B\u00fcndnis 90 \/ DIE GR\u00dcNEN im Rat der Stadt Wuppertal\" \/>\n<meta property=\"article:modified_time\" content=\"2020-08-03T12:48:59+00:00\" \/>\n<meta name=\"twitter:card\" content=\"summary_large_image\" \/>\n<meta name=\"twitter:label1\" content=\"Gesch\u00e4tzte Lesezeit\" \/>\n\t<meta name=\"twitter:data1\" content=\"2 Minuten\" \/>\n<script type=\"application\/ld+json\" class=\"yoast-schema-graph\">{\"@context\":\"https:\/\/schema.org\",\"@graph\":[{\"@type\":\"WebPage\",\"@id\":\"https:\/\/gruene-wuppertal.de\/fraktion\/antraege\/gestaltung-primark-platz-ost-2\/\",\"url\":\"https:\/\/gruene-wuppertal.de\/fraktion\/antraege\/gestaltung-primark-platz-ost-2\/\",\"name\":\"Gestaltung Primark Platz Ost - Fraktion von B\u00fcndnis 90 \/ DIE GR\u00dcNEN im Rat der Stadt Wuppertal\",\"isPartOf\":{\"@id\":\"https:\/\/gruene-wuppertal.de\/fraktion\/#website\"},\"datePublished\":\"2020-05-22T10:13:28+00:00\",\"dateModified\":\"2020-08-03T12:48:59+00:00\",\"breadcrumb\":{\"@id\":\"https:\/\/gruene-wuppertal.de\/fraktion\/antraege\/gestaltung-primark-platz-ost-2\/#breadcrumb\"},\"inLanguage\":\"de-DE\",\"potentialAction\":[{\"@type\":\"ReadAction\",\"target\":[\"https:\/\/gruene-wuppertal.de\/fraktion\/antraege\/gestaltung-primark-platz-ost-2\/\"]}]},{\"@type\":\"BreadcrumbList\",\"@id\":\"https:\/\/gruene-wuppertal.de\/fraktion\/antraege\/gestaltung-primark-platz-ost-2\/#breadcrumb\",\"itemListElement\":[{\"@type\":\"ListItem\",\"position\":1,\"name\":\"Startseite\",\"item\":\"https:\/\/gruene-wuppertal.de\/fraktion\/\"},{\"@type\":\"ListItem\",\"position\":2,\"name\":\"Gestaltung Primark Platz Ost\"}]},{\"@type\":\"WebSite\",\"@id\":\"https:\/\/gruene-wuppertal.de\/fraktion\/#website\",\"url\":\"https:\/\/gruene-wuppertal.de\/fraktion\/\",\"name\":\"Fraktion von B\u00fcndnis 90 \/ DIE GR\u00dcNEN im Rat der Stadt Wuppertal\",\"description\":\"\",\"potentialAction\":[{\"@type\":\"SearchAction\",\"target\":{\"@type\":\"EntryPoint\",\"urlTemplate\":\"https:\/\/gruene-wuppertal.de\/fraktion\/?s={search_term_string}\"},\"query-input\":\"required name=search_term_string\"}],\"inLanguage\":\"de-DE\"}]}<\/script>\n<!-- \/ Yoast SEO plugin. -->","yoast_head_json":{"title":"Gestaltung Primark Platz Ost - Fraktion von B\u00fcndnis 90 \/ DIE GR\u00dcNEN im Rat der Stadt Wuppertal","robots":{"index":"index","follow":"follow","max-snippet":"max-snippet:-1","max-image-preview":"max-image-preview:large","max-video-preview":"max-video-preview:-1"},"canonical":"https:\/\/gruene-wuppertal.de\/fraktion\/antraege\/gestaltung-primark-platz-ost-2\/","og_locale":"de_DE","og_type":"article","og_title":"Gestaltung Primark Platz Ost - Fraktion von B\u00fcndnis 90 \/ DIE GR\u00dcNEN im Rat der Stadt Wuppertal","og_description":"Antrag der Fraktionen von CDU, B\u00dcNDNIS 90\/DIE GR\u00dcNEN, FDP und Freie W\u00e4hler an die Planungs- und Baubegleitkommission D\u00f6ppersberg am 02.06.2020, an den Ausschuss f\u00fcr Stadtentwicklung, Wirtschaft und Bauen am 04.06.2020, an die \u00a0BV Elberfeld am 09.06.2020, an den Hauptausschuss am 17.06.2020 und an den\u00a0 Rat...","og_url":"https:\/\/gruene-wuppertal.de\/fraktion\/antraege\/gestaltung-primark-platz-ost-2\/","og_site_name":"Fraktion von B\u00fcndnis 90 \/ DIE GR\u00dcNEN im Rat der Stadt Wuppertal","article_modified_time":"2020-08-03T12:48:59+00:00","twitter_card":"summary_large_image","twitter_misc":{"Gesch\u00e4tzte Lesezeit":"2 Minuten"},"schema":{"@context":"https:\/\/schema.org","@graph":[{"@type":"WebPage","@id":"https:\/\/gruene-wuppertal.de\/fraktion\/antraege\/gestaltung-primark-platz-ost-2\/","url":"https:\/\/gruene-wuppertal.de\/fraktion\/antraege\/gestaltung-primark-platz-ost-2\/","name":"Gestaltung Primark Platz Ost - Fraktion von B\u00fcndnis 90 \/ DIE GR\u00dcNEN im Rat der Stadt Wuppertal","isPartOf":{"@id":"https:\/\/gruene-wuppertal.de\/fraktion\/#website"},"datePublished":"2020-05-22T10:13:28+00:00","dateModified":"2020-08-03T12:48:59+00:00","breadcrumb":{"@id":"https:\/\/gruene-wuppertal.de\/fraktion\/antraege\/gestaltung-primark-platz-ost-2\/#breadcrumb"},"inLanguage":"de-DE","potentialAction":[{"@type":"ReadAction","target":["https:\/\/gruene-wuppertal.de\/fraktion\/antraege\/gestaltung-primark-platz-ost-2\/"]}]},{"@type":"BreadcrumbList","@id":"https:\/\/gruene-wuppertal.de\/fraktion\/antraege\/gestaltung-primark-platz-ost-2\/#breadcrumb","itemListElement":[{"@type":"ListItem","position":1,"name":"Startseite","item":"https:\/\/gruene-wuppertal.de\/fraktion\/"},{"@type":"ListItem","position":2,"name":"Gestaltung Primark Platz Ost"}]},{"@type":"WebSite","@id":"https:\/\/gruene-wuppertal.de\/fraktion\/#website","url":"https:\/\/gruene-wuppertal.de\/fraktion\/","name":"Fraktion von B\u00fcndnis 90 \/ DIE GR\u00dcNEN im Rat der Stadt Wuppertal","description":"","potentialAction":[{"@type":"SearchAction","target":{"@type":"EntryPoint","urlTemplate":"https:\/\/gruene-wuppertal.de\/fraktion\/?s={search_term_string}"},"query-input":"required name=search_term_string"}],"inLanguage":"de-DE"}]}},"post_mailing_queue_ids":[],"_links":{"self":[{"href":"https:\/\/gruene-wuppertal.de\/fraktion\/wp-json\/wp\/v2\/antraege\/16873"}],"collection":[{"href":"https:\/\/gruene-wuppertal.de\/fraktion\/wp-json\/wp\/v2\/antraege"}],"about":[{"href":"https:\/\/gruene-wuppertal.de\/fraktion\/wp-json\/wp\/v2\/types\/antraege"}],"author":[{"embeddable":true,"href":"https:\/\/gruene-wuppertal.de\/fraktion\/wp-json\/wp\/v2\/users\/6"}],"replies":[{"embeddable":true,"href":"https:\/\/gruene-wuppertal.de\/fraktion\/wp-json\/wp\/v2\/comments?post=16873"}],"version-history":[{"count":1,"href":"https:\/\/gruene-wuppertal.de\/fraktion\/wp-json\/wp\/v2\/antraege\/16873\/revisions"}],"predecessor-version":[{"id":17933,"href":"https:\/\/gruene-wuppertal.de\/fraktion\/wp-json\/wp\/v2\/antraege\/16873\/revisions\/17933"}],"wp:attachment":[{"href":"https:\/\/gruene-wuppertal.de\/fraktion\/wp-json\/wp\/v2\/media?parent=16873"}],"wp:term":[{"taxonomy":"themen","embeddable":true,"href":"https:\/\/gruene-wuppertal.de\/fraktion\/wp-json\/wp\/v2\/themen?post=16873"}],"curies":[{"name":"wp","href":"https:\/\/api.w.org\/{rel}","templated":true}]}}