{"id":16125,"date":"2019-12-03T12:58:34","date_gmt":"2019-12-03T12:58:34","guid":{"rendered":"https:\/\/gruene-wuppertal.de\/fraktion\/?post_type=antraege&amp;p=16125"},"modified":"2019-12-03T12:58:34","modified_gmt":"2019-12-03T12:58:34","slug":"klimaschutz-in-wuppertal-2","status":"publish","type":"antraege","link":"https:\/\/gruene-wuppertal.de\/fraktion\/antraege\/klimaschutz-in-wuppertal-2\/","title":{"rendered":"Klimaschutz in Wuppertal"},"content":{"rendered":"<p><strong>Zu: VO 1042\/19, B\u00fcrgerantrag \u201eResolution zum Klimanotstand\u201e<\/strong><br \/>\n<strong>an den Ausschuss f\u00fcr Umwelt am 03.12.2019 und an den Hauptausschuss 11.12.2019\u00a0\u00a0\u00a0 <\/strong><\/p>\n<p>Sehr geehrter Herr Oberb\u00fcrgermeister,<br \/>\nsehr geehrte Frau Br\u00fccher,<\/p>\n<p>die Fraktionen von CDU und B\u00dcNDNIS 90\/DIE GR\u00dcNEN beantragen, die Mitglieder des Umweltausschusses, des Hauptausschusses und des Rates m\u00f6gen beschlie\u00dfen:<br \/>\n1. Der Rat der Stadt Wuppertal bekennt sich zu den Klimaschutzzielen des Pariser Abkommens. In diesem Sinne unterst\u00fctzt er die inhaltlichen Ziele des B\u00fcrgerantrages von FRIDAYS FOR FUTURE Wuppertal mit der Resolution zur Ausrufung des Klimanotstandes.<\/p>\n<p>2. Der Rat der Stadt Wuppertal sieht das von ihm beschlossene und von der Verwaltung jetzt umzusetzende \u201e14 Punkte Paket f\u00fcr mehr Klimaschutz&#8220; als ersten Schritt hin zur Klimaneutralit\u00e4t, sieht aber die Notwendigkeit weiterer Schritte und begr\u00fc\u00dft daher die aktuelle Erarbeitung eines integrierten Klimaschutzkonzeptes.<\/p>\n<p>3. Der Rat der Stadt Wuppertal bekr\u00e4ftigt die in der Bergischen Erkl\u00e4rung &#8222;Hundertprozentig erneuerbar \u2013 Gemeinsam die Bergische Energiewende gestalten\u201c (VO\/0960\/12) gesetzten Ziele.<\/p>\n<p>4. Im Haushaltsplan 2020\/21 werden Finanzmittel in H\u00f6he von 500.000 \u20ac f\u00fcr Klimaschutzma\u00dfnahmen und f\u00fcr den 10%igen Eigenanteil f\u00fcr Klimaschutzmanager*innen eingestellt.<\/p>\n<p>5. Die Zusammenarbeit auf dem Gebiet des Klimaschutzes und der Klimawandelanpas-sung zwischen der Bergischen Universit\u00e4t, dem Wuppertal Institut und der Stadt Wuppertal wird &#8211; wie bereits z.B. im Rahmen der Studie \u201eLow Carbon City\u201c erfolgt &#8211; intensiviert.<\/p>\n<p>6. Die Stadt Wuppertal informiert ihre B\u00fcrgerinnen und B\u00fcrger im Rahmen einer kontinuierlichen Aufkl\u00e4rungskampagne \u00fcber die Ursachen und Auswirkungen des Klimawandels und f\u00fchrt zu diesem Zweck B\u00fcrgerbeteiligungsformate ein.<\/p>\n<p>7. Der Rat der Stadt Wuppertal fordert die Bundes- und Landesregierung auf, den Kommunen ausreichend finanzielle Mittel f\u00fcr den Klimaschutz zur Verf\u00fcgung zu stellen.<\/p>\n<p><strong>Begr\u00fcndung:<br \/>\n<\/strong>Die globalen Wetterph\u00e4nomene und Naturkatastrophen, die auf den von Menschen verursachten Klimawandel hinweisen, mehren sich von Jahr zu Jahr. Die Wissenschaft ist sich einig, dass sich der Klimawandel nicht mehr stoppen l\u00e4sst, es lediglich mit vereinten Kr\u00e4ften m\u00f6glich ist, die Erderw\u00e4rmung auf unter 2 Grad zu begrenzen.<\/p>\n<p>Wuppertal war 2018 gleich von drei Wetterkatastrophen betroffen: Sturm, Starkregen und Hitze. Sch\u00e4den in Millionenh\u00f6he sind entstanden. Nicht nur private Sch\u00e4den und Sch\u00e4den an der st\u00e4dtischen Infrastruktur und in Gr\u00fcnanlagen mussten verzeichnet werden, auch litten B\u00fcrgerinnen und B\u00fcrger, vor allem Kleinkinder und Personen im fortgeschrittenen Alter an gesundheitlichen Folgen der Hitzeperiode. Dar\u00fcber hinaus sind unsere heimischen W\u00e4lder durch die langen Trockenperioden bedroht und Fichtenw\u00e4lder durch einen \u00e4u\u00dferst starken Borkenk\u00e4ferbefall. Zahlreiche B\u00e4ume mussten bereits gef\u00e4llt werden. Ebenso wird die Landwirtschaft in m\u00f6glicher Weise existenzbedrohender Weise vom Klimawandel betroffen sein.<\/p>\n<p>Wuppertal ist bereits seit 1991 Mitglied im Klimab\u00fcndnis und hat in den vergangenen Jahren\u00a0 zahlreiche Klimaschutzma\u00dfnahmen wie z.B. die Abschaltung des Kohlekraftwerkes in Elberfeld umgesetzt (Einsparung von 450.000 t CO2). Durch aktuelle politische Initiativen wurde in diesem Jahr u.a. die Baumschutzsatzung wieder eingef\u00fchrt, der kurzfristige Umstieg auf \u00d6kostrom (Einsparung von 16.000 t CO2 j\u00e4hrlich) f\u00fcr die Stadtverwaltung in die Wege geleitet sowie die F\u00f6rderung von\u00a0 Photovoltaik-Anlagen auf kommunalen Geb\u00e4uden in Zusammenarbeit mit B\u00fcrgerenergiegenossenschaften, die Versorgung der st\u00e4dtischen und -Schulmensen mit regionalen Bioprodukten und konkrete Ma\u00dfnahmen zur F\u00f6rderung des Radverkehrs beschlossen. Dar\u00fcber hinaus sollen in Zukunft Bushaltestellenh\u00e4uschen mit Gr\u00fcnd\u00e4chern und Solaranlagen ausgestattet werden, dies dient ebenfalls als Vorbild f\u00fcr private Dach- und Fassadenfl\u00e4chen.<\/p>\n<p>Als Haushaltssicherungskommune ist die Stadt Wuppertal nicht in der Lage, alle notwendigen Klimaschutzma\u00dfnahmen aus eigenen Mitteln Tasche zu finanzieren. Auch die organisatorische Begleitung von solchen Ma\u00dfnahmen bedarf der Unterst\u00fctzung durch Land und Bund.<\/p>\n<p>&nbsp;<\/p>\n<p>Mit freundlichen Gr\u00fc\u00dfen<\/p>\n<p>Hans-J\u00f6rg Herhausen\u00a0 Ludger Kineke\u00a0\u00a0\u00a0\u00a0\u00a0\u00a0 Anja Liebert \u00a0\u00a0 Marc Schulz<br \/>\nFraktionsvorsitzende\u00a0\u00a0\u00a0\u00a0\u00a0\u00a0\u00a0\u00a0\u00a0\u00a0\u00a0\u00a0\u00a0\u00a0\u00a0\u00a0\u00a0\u00a0\u00a0\u00a0\u00a0\u00a0\u00a0\u00a0\u00a0\u00a0\u00a0\u00a0\u00a0\u00a0\u00a0\u00a0\u00a0\u00a0\u00a0\u00a0\u00a0\u00a0\u00a0 Fraktionsvorsitzende<\/p>\n","protected":false},"excerpt":{"rendered":"<p>Zu: VO 1042\/19, B\u00fcrgerantrag \u201eResolution zum Klimanotstand\u201e an den Ausschuss f\u00fcr Umwelt am 03.12.2019 und an den Hauptausschuss 11.12.2019\u00a0\u00a0\u00a0 Sehr geehrter Herr Oberb\u00fcrgermeister, sehr geehrte Frau Br\u00fccher, die Fraktionen von CDU und B\u00dcNDNIS 90\/DIE GR\u00dcNEN beantragen, die Mitglieder des Umweltausschusses, des Hauptausschusses und des Rates&#8230;<\/p>\n","protected":false},"author":20,"featured_media":0,"menu_order":0,"comment_status":"closed","ping_status":"closed","template":"","meta":{"_wp_rev_ctl_limit":""},"themen":[61,24,34,47,23],"yoast_head":"<!-- This site is optimized with the Yoast SEO plugin v21.8 - https:\/\/yoast.com\/wordpress\/plugins\/seo\/ -->\n<title>Klimaschutz in Wuppertal - Fraktion von B\u00fcndnis 90 \/ DIE GR\u00dcNEN im Rat der Stadt Wuppertal<\/title>\n<meta name=\"robots\" content=\"index, follow, max-snippet:-1, max-image-preview:large, max-video-preview:-1\" \/>\n<link rel=\"canonical\" href=\"https:\/\/gruene-wuppertal.de\/fraktion\/antraege\/klimaschutz-in-wuppertal-2\/\" \/>\n<meta property=\"og:locale\" content=\"de_DE\" \/>\n<meta property=\"og:type\" content=\"article\" \/>\n<meta property=\"og:title\" content=\"Klimaschutz in Wuppertal - Fraktion von B\u00fcndnis 90 \/ DIE GR\u00dcNEN im Rat der Stadt Wuppertal\" \/>\n<meta property=\"og:description\" content=\"Zu: VO 1042\/19, B\u00fcrgerantrag \u201eResolution zum Klimanotstand\u201e an den Ausschuss f\u00fcr Umwelt am 03.12.2019 und an den Hauptausschuss 11.12.2019\u00a0\u00a0\u00a0 Sehr geehrter Herr Oberb\u00fcrgermeister, sehr geehrte Frau Br\u00fccher, die Fraktionen von CDU und B\u00dcNDNIS 90\/DIE GR\u00dcNEN beantragen, die Mitglieder des Umweltausschusses, des Hauptausschusses und des Rates...\" \/>\n<meta property=\"og:url\" content=\"https:\/\/gruene-wuppertal.de\/fraktion\/antraege\/klimaschutz-in-wuppertal-2\/\" \/>\n<meta property=\"og:site_name\" content=\"Fraktion von B\u00fcndnis 90 \/ DIE GR\u00dcNEN im Rat der Stadt Wuppertal\" \/>\n<meta name=\"twitter:card\" content=\"summary_large_image\" \/>\n<meta name=\"twitter:label1\" content=\"Gesch\u00e4tzte Lesezeit\" \/>\n\t<meta name=\"twitter:data1\" content=\"3 Minuten\" \/>\n<script type=\"application\/ld+json\" class=\"yoast-schema-graph\">{\"@context\":\"https:\/\/schema.org\",\"@graph\":[{\"@type\":\"WebPage\",\"@id\":\"https:\/\/gruene-wuppertal.de\/fraktion\/antraege\/klimaschutz-in-wuppertal-2\/\",\"url\":\"https:\/\/gruene-wuppertal.de\/fraktion\/antraege\/klimaschutz-in-wuppertal-2\/\",\"name\":\"Klimaschutz in Wuppertal - Fraktion von B\u00fcndnis 90 \/ DIE GR\u00dcNEN im Rat der Stadt Wuppertal\",\"isPartOf\":{\"@id\":\"https:\/\/gruene-wuppertal.de\/fraktion\/#website\"},\"datePublished\":\"2019-12-03T12:58:34+00:00\",\"dateModified\":\"2019-12-03T12:58:34+00:00\",\"breadcrumb\":{\"@id\":\"https:\/\/gruene-wuppertal.de\/fraktion\/antraege\/klimaschutz-in-wuppertal-2\/#breadcrumb\"},\"inLanguage\":\"de-DE\",\"potentialAction\":[{\"@type\":\"ReadAction\",\"target\":[\"https:\/\/gruene-wuppertal.de\/fraktion\/antraege\/klimaschutz-in-wuppertal-2\/\"]}]},{\"@type\":\"BreadcrumbList\",\"@id\":\"https:\/\/gruene-wuppertal.de\/fraktion\/antraege\/klimaschutz-in-wuppertal-2\/#breadcrumb\",\"itemListElement\":[{\"@type\":\"ListItem\",\"position\":1,\"name\":\"Startseite\",\"item\":\"https:\/\/gruene-wuppertal.de\/fraktion\/\"},{\"@type\":\"ListItem\",\"position\":2,\"name\":\"Klimaschutz in Wuppertal\"}]},{\"@type\":\"WebSite\",\"@id\":\"https:\/\/gruene-wuppertal.de\/fraktion\/#website\",\"url\":\"https:\/\/gruene-wuppertal.de\/fraktion\/\",\"name\":\"Fraktion von B\u00fcndnis 90 \/ DIE GR\u00dcNEN im Rat der Stadt Wuppertal\",\"description\":\"\",\"potentialAction\":[{\"@type\":\"SearchAction\",\"target\":{\"@type\":\"EntryPoint\",\"urlTemplate\":\"https:\/\/gruene-wuppertal.de\/fraktion\/?s={search_term_string}\"},\"query-input\":\"required name=search_term_string\"}],\"inLanguage\":\"de-DE\"}]}<\/script>\n<!-- \/ Yoast SEO plugin. -->","yoast_head_json":{"title":"Klimaschutz in Wuppertal - Fraktion von B\u00fcndnis 90 \/ DIE GR\u00dcNEN im Rat der Stadt Wuppertal","robots":{"index":"index","follow":"follow","max-snippet":"max-snippet:-1","max-image-preview":"max-image-preview:large","max-video-preview":"max-video-preview:-1"},"canonical":"https:\/\/gruene-wuppertal.de\/fraktion\/antraege\/klimaschutz-in-wuppertal-2\/","og_locale":"de_DE","og_type":"article","og_title":"Klimaschutz in Wuppertal - Fraktion von B\u00fcndnis 90 \/ DIE GR\u00dcNEN im Rat der Stadt Wuppertal","og_description":"Zu: VO 1042\/19, B\u00fcrgerantrag \u201eResolution zum Klimanotstand\u201e an den Ausschuss f\u00fcr Umwelt am 03.12.2019 und an den Hauptausschuss 11.12.2019\u00a0\u00a0\u00a0 Sehr geehrter Herr Oberb\u00fcrgermeister, sehr geehrte Frau Br\u00fccher, die Fraktionen von CDU und B\u00dcNDNIS 90\/DIE GR\u00dcNEN beantragen, die Mitglieder des Umweltausschusses, des Hauptausschusses und des Rates...","og_url":"https:\/\/gruene-wuppertal.de\/fraktion\/antraege\/klimaschutz-in-wuppertal-2\/","og_site_name":"Fraktion von B\u00fcndnis 90 \/ DIE GR\u00dcNEN im Rat der Stadt Wuppertal","twitter_card":"summary_large_image","twitter_misc":{"Gesch\u00e4tzte Lesezeit":"3 Minuten"},"schema":{"@context":"https:\/\/schema.org","@graph":[{"@type":"WebPage","@id":"https:\/\/gruene-wuppertal.de\/fraktion\/antraege\/klimaschutz-in-wuppertal-2\/","url":"https:\/\/gruene-wuppertal.de\/fraktion\/antraege\/klimaschutz-in-wuppertal-2\/","name":"Klimaschutz in Wuppertal - Fraktion von B\u00fcndnis 90 \/ DIE GR\u00dcNEN im Rat der Stadt Wuppertal","isPartOf":{"@id":"https:\/\/gruene-wuppertal.de\/fraktion\/#website"},"datePublished":"2019-12-03T12:58:34+00:00","dateModified":"2019-12-03T12:58:34+00:00","breadcrumb":{"@id":"https:\/\/gruene-wuppertal.de\/fraktion\/antraege\/klimaschutz-in-wuppertal-2\/#breadcrumb"},"inLanguage":"de-DE","potentialAction":[{"@type":"ReadAction","target":["https:\/\/gruene-wuppertal.de\/fraktion\/antraege\/klimaschutz-in-wuppertal-2\/"]}]},{"@type":"BreadcrumbList","@id":"https:\/\/gruene-wuppertal.de\/fraktion\/antraege\/klimaschutz-in-wuppertal-2\/#breadcrumb","itemListElement":[{"@type":"ListItem","position":1,"name":"Startseite","item":"https:\/\/gruene-wuppertal.de\/fraktion\/"},{"@type":"ListItem","position":2,"name":"Klimaschutz in Wuppertal"}]},{"@type":"WebSite","@id":"https:\/\/gruene-wuppertal.de\/fraktion\/#website","url":"https:\/\/gruene-wuppertal.de\/fraktion\/","name":"Fraktion von B\u00fcndnis 90 \/ DIE GR\u00dcNEN im Rat der Stadt Wuppertal","description":"","potentialAction":[{"@type":"SearchAction","target":{"@type":"EntryPoint","urlTemplate":"https:\/\/gruene-wuppertal.de\/fraktion\/?s={search_term_string}"},"query-input":"required name=search_term_string"}],"inLanguage":"de-DE"}]}},"post_mailing_queue_ids":[],"_links":{"self":[{"href":"https:\/\/gruene-wuppertal.de\/fraktion\/wp-json\/wp\/v2\/antraege\/16125"}],"collection":[{"href":"https:\/\/gruene-wuppertal.de\/fraktion\/wp-json\/wp\/v2\/antraege"}],"about":[{"href":"https:\/\/gruene-wuppertal.de\/fraktion\/wp-json\/wp\/v2\/types\/antraege"}],"author":[{"embeddable":true,"href":"https:\/\/gruene-wuppertal.de\/fraktion\/wp-json\/wp\/v2\/users\/20"}],"replies":[{"embeddable":true,"href":"https:\/\/gruene-wuppertal.de\/fraktion\/wp-json\/wp\/v2\/comments?post=16125"}],"version-history":[{"count":0,"href":"https:\/\/gruene-wuppertal.de\/fraktion\/wp-json\/wp\/v2\/antraege\/16125\/revisions"}],"wp:attachment":[{"href":"https:\/\/gruene-wuppertal.de\/fraktion\/wp-json\/wp\/v2\/media?parent=16125"}],"wp:term":[{"taxonomy":"themen","embeddable":true,"href":"https:\/\/gruene-wuppertal.de\/fraktion\/wp-json\/wp\/v2\/themen?post=16125"}],"curies":[{"name":"wp","href":"https:\/\/api.w.org\/{rel}","templated":true}]}}