{"id":14765,"date":"2019-05-02T11:48:30","date_gmt":"2019-05-02T11:48:30","guid":{"rendered":"https:\/\/gruene-wuppertal.de\/fraktion\/?post_type=antraege&amp;p=14765"},"modified":"2019-05-02T11:48:30","modified_gmt":"2019-05-02T11:48:30","slug":"einfuhrung-einer-burgerfreundlichen-baumschutzsatzung","status":"publish","type":"antraege","link":"https:\/\/gruene-wuppertal.de\/fraktion\/antraege\/einfuhrung-einer-burgerfreundlichen-baumschutzsatzung\/","title":{"rendered":"Einf\u00fchrung einer b\u00fcrgerfreundlichen Baumschutzsatzung"},"content":{"rendered":"<p><strong>Antrag der Fraktionen von CDU und B\u00dcNDNIS 90\/DIE GR\u00dcNEN an den Ausschuss f\u00fcr Umwelt am 07.05.2019, den\u00a0Hauptausschuss am 15.05.2019 und den Rat der Stadt Wuppertal am 20.05.2019<\/strong><\/p>\n<p>Der Antrag wurde beschlossen.<\/p>\n<p>Sehr geehrte Frau Br\u00fccher,<br \/>\nsehr geehrter Herr Oberb\u00fcrgermeister,<\/p>\n<p>die Fraktionen von CDU und B\u00dcNDNIS 90\/DIE GR\u00dcNEN beantragen, die Mitglieder des Ausschusses f\u00fcr Umwelt, des Hauptausschusses und des Rates m\u00f6gen beschlie\u00dfen:<\/p>\n<p>Die Stadtverwaltung wird beauftragt, bis zur n\u00e4chsten Gremienrunde eine b\u00fcrgerfreundliche Baumschutzsatzung vorzulegen.<\/p>\n<p>Kriterien dieser Baumschutzsatzung sollen u.a. sein:<br \/>\n&#8211; Gesch\u00fctzt werden lebende Laubb\u00e4ume mit einem Stammumfang von mindestens 100 cm in 1 Meter H\u00f6he.<\/p>\n<p>&#8211; Obstb\u00e4ume sind gesch\u00fctzt, wenn sich der Kronenansatz in einer H\u00f6he von mindestens 170 cm befindet und der Stammumfang von 100 cm erreicht wird.<\/p>\n<p>&#8211; Mehrst\u00e4mmige B\u00e4ume sind gesch\u00fctzt, wenn mindestens einer der St\u00e4mme einen Mindestumfang von 40 cm aufweist und die Summe der Stammumf\u00e4nge mindestens 100 cm betr\u00e4gt.<\/p>\n<p>&#8211; B\u00fcrgerinnen und B\u00fcrger werden verpflichtet, f\u00fcr jeden entfernten gesch\u00fctzten Baum Ersatzpflanzungen vorzunehmen.<\/p>\n<p>&#8211; M\u00f6gliche Befreiungen werden festgelegt und im Einzelfall gepr\u00fcft.<\/p>\n<p>&#8211; Ist eine\u00a0 Ersatzpflanzung nicht m\u00f6glich, ist eine Ausgleichszahlung zu leisten.<\/p>\n<p>&#8211; In besonders\u00a0 begr\u00fcndeten\u00a0 F\u00e4llen (z.B. zur Gefahrenabwehr) k\u00f6nnen Ausnahmen zugelassen werden.<\/p>\n<p><strong>Begr\u00fcndung:<br \/>\n<\/strong>Private und \u00f6ffentliche Baumbesitzer*innen pflegen ihre B\u00e4ume in der Regel und wollen sie so lange wie m\u00f6glich erhalten. Dennoch gibt es unterschiedliche Gr\u00fcnde, B\u00e4ume zu f\u00e4llen. Damit ein \u00f6kologischer Ausgleich gef\u00f6rdert werden kann, ist es sinnvoll, eine Baumschutzsatzung einzuf\u00fchren, die auf der einen Seite B\u00e4ume sch\u00fctzt, andererseits aber auch die Interessen der B\u00fcrger*innen ber\u00fccksichtigt. Um diesem Interessensausgleich gerecht zu werden, soll es eine grunds\u00e4tzliche Pflicht zur Pflanzung von Ersatzb\u00e4umen geben, es sei denn, in der Einzelfallpr\u00fcfung ergeben sich Gr\u00fcnde f\u00fcr eine Ausnahmeregelung. Dies kann z.B. der Fall sein, wenn B\u00e4ume Wohnungen stark verschatten oder Geb\u00e4udesch\u00e4den verursachen.<\/p>\n<p>Die Bedeutung des Baumschutzes in Zeiten des Klimawandels gewinnt immer mehr an Bedeutung. Der Erhalt des\u00a0 Naturhaushaltes innerhalb der Stadt und\u00a0 die\u00a0 Sicherung der Naherholung verbunden mit der Abwehr sch\u00e4dlicher Einwirkungen auf Menschen, Tiere, B\u00e4ume und Stadtbiotope verbessern das Wuppertaler Stadtklima. Der artenreiche Baumbestand in Wuppertal erf\u00fcllt zahlreiche wichtige Funktionen f\u00fcr den Klimaschutz, die Luftreinhaltung, den Artenschutz und die Temperaturregulierung in Hitzeperioden.<\/p>\n<p>Mit freundlichen Gr\u00fc\u00dfen<\/p>\n<p>Maria Sch\u00fcrmann\u00a0\u00a0\u00a0\u00a0\u00a0\u00a0\u00a0\u00a0\u00a0\u00a0\u00a0\u00a0\u00a0\u00a0\u00a0\u00a0\u00a0\u00a0\u00a0\u00a0\u00a0\u00a0\u00a0\u00a0\u00a0\u00a0\u00a0\u00a0\u00a0\u00a0\u00a0\u00a0\u00a0\u00a0\u00a0\u00a0\u00a0\u00a0\u00a0\u00a0\u00a0\u00a0\u00a0\u00a0\u00a0\u00a0\u00a0\u00a0\u00a0\u00a0\u00a0\u00a0\u00a0\u00a0\u00a0\u00a0\u00a0 Ilona Sch\u00e4fer<br \/>\nB\u00fcrgermeisterin\u00a0\u00a0\u00a0\u00a0\u00a0\u00a0\u00a0\u00a0\u00a0\u00a0\u00a0\u00a0\u00a0\u00a0\u00a0\u00a0\u00a0\u00a0\u00a0\u00a0\u00a0\u00a0\u00a0\u00a0\u00a0\u00a0\u00a0\u00a0\u00a0\u00a0\u00a0\u00a0\u00a0\u00a0\u00a0\u00a0\u00a0\u00a0\u00a0\u00a0\u00a0\u00a0\u00a0\u00a0\u00a0\u00a0\u00a0\u00a0\u00a0\u00a0\u00a0\u00a0\u00a0\u00a0\u00a0\u00a0\u00a0\u00a0\u00a0\u00a0 Stadtverordnete<\/p>\n","protected":false},"excerpt":{"rendered":"<p>Antrag der Fraktionen von CDU und B\u00dcNDNIS 90\/DIE GR\u00dcNEN an den Ausschuss f\u00fcr Umwelt am 07.05.2019, den\u00a0Hauptausschuss am 15.05.2019 und den Rat der Stadt Wuppertal am 20.05.2019 Der Antrag wurde beschlossen. Sehr geehrte Frau Br\u00fccher, sehr geehrter Herr Oberb\u00fcrgermeister, die Fraktionen von CDU und B\u00dcNDNIS&#8230;<\/p>\n","protected":false},"author":20,"featured_media":0,"menu_order":0,"comment_status":"closed","ping_status":"closed","template":"","meta":{"_wp_rev_ctl_limit":""},"themen":[34,47,58,23],"yoast_head":"<!-- This site is optimized with the Yoast SEO plugin v21.8 - https:\/\/yoast.com\/wordpress\/plugins\/seo\/ -->\n<title>Einf\u00fchrung einer b\u00fcrgerfreundlichen Baumschutzsatzung - Fraktion von B\u00fcndnis 90 \/ DIE GR\u00dcNEN im Rat der Stadt Wuppertal<\/title>\n<meta name=\"robots\" content=\"index, follow, max-snippet:-1, max-image-preview:large, max-video-preview:-1\" \/>\n<link rel=\"canonical\" href=\"https:\/\/gruene-wuppertal.de\/fraktion\/antraege\/einfuhrung-einer-burgerfreundlichen-baumschutzsatzung\/\" \/>\n<meta property=\"og:locale\" content=\"de_DE\" \/>\n<meta property=\"og:type\" content=\"article\" \/>\n<meta property=\"og:title\" content=\"Einf\u00fchrung einer b\u00fcrgerfreundlichen Baumschutzsatzung - Fraktion von B\u00fcndnis 90 \/ DIE GR\u00dcNEN im Rat der Stadt Wuppertal\" \/>\n<meta property=\"og:description\" content=\"Antrag der Fraktionen von CDU und B\u00dcNDNIS 90\/DIE GR\u00dcNEN an den Ausschuss f\u00fcr Umwelt am 07.05.2019, den\u00a0Hauptausschuss am 15.05.2019 und den Rat der Stadt Wuppertal am 20.05.2019 Der Antrag wurde beschlossen. Sehr geehrte Frau Br\u00fccher, sehr geehrter Herr Oberb\u00fcrgermeister, die Fraktionen von CDU und B\u00dcNDNIS...\" \/>\n<meta property=\"og:url\" content=\"https:\/\/gruene-wuppertal.de\/fraktion\/antraege\/einfuhrung-einer-burgerfreundlichen-baumschutzsatzung\/\" \/>\n<meta property=\"og:site_name\" content=\"Fraktion von B\u00fcndnis 90 \/ DIE GR\u00dcNEN im Rat der Stadt Wuppertal\" \/>\n<meta name=\"twitter:card\" content=\"summary_large_image\" \/>\n<meta name=\"twitter:label1\" content=\"Gesch\u00e4tzte Lesezeit\" \/>\n\t<meta name=\"twitter:data1\" content=\"2 Minuten\" \/>\n<script type=\"application\/ld+json\" class=\"yoast-schema-graph\">{\"@context\":\"https:\/\/schema.org\",\"@graph\":[{\"@type\":\"WebPage\",\"@id\":\"https:\/\/gruene-wuppertal.de\/fraktion\/antraege\/einfuhrung-einer-burgerfreundlichen-baumschutzsatzung\/\",\"url\":\"https:\/\/gruene-wuppertal.de\/fraktion\/antraege\/einfuhrung-einer-burgerfreundlichen-baumschutzsatzung\/\",\"name\":\"Einf\u00fchrung einer b\u00fcrgerfreundlichen Baumschutzsatzung - Fraktion von B\u00fcndnis 90 \/ DIE GR\u00dcNEN im Rat der Stadt Wuppertal\",\"isPartOf\":{\"@id\":\"https:\/\/gruene-wuppertal.de\/fraktion\/#website\"},\"datePublished\":\"2019-05-02T11:48:30+00:00\",\"dateModified\":\"2019-05-02T11:48:30+00:00\",\"breadcrumb\":{\"@id\":\"https:\/\/gruene-wuppertal.de\/fraktion\/antraege\/einfuhrung-einer-burgerfreundlichen-baumschutzsatzung\/#breadcrumb\"},\"inLanguage\":\"de-DE\",\"potentialAction\":[{\"@type\":\"ReadAction\",\"target\":[\"https:\/\/gruene-wuppertal.de\/fraktion\/antraege\/einfuhrung-einer-burgerfreundlichen-baumschutzsatzung\/\"]}]},{\"@type\":\"BreadcrumbList\",\"@id\":\"https:\/\/gruene-wuppertal.de\/fraktion\/antraege\/einfuhrung-einer-burgerfreundlichen-baumschutzsatzung\/#breadcrumb\",\"itemListElement\":[{\"@type\":\"ListItem\",\"position\":1,\"name\":\"Startseite\",\"item\":\"https:\/\/gruene-wuppertal.de\/fraktion\/\"},{\"@type\":\"ListItem\",\"position\":2,\"name\":\"Einf\u00fchrung einer b\u00fcrgerfreundlichen Baumschutzsatzung\"}]},{\"@type\":\"WebSite\",\"@id\":\"https:\/\/gruene-wuppertal.de\/fraktion\/#website\",\"url\":\"https:\/\/gruene-wuppertal.de\/fraktion\/\",\"name\":\"Fraktion von B\u00fcndnis 90 \/ DIE GR\u00dcNEN im Rat der Stadt Wuppertal\",\"description\":\"\",\"potentialAction\":[{\"@type\":\"SearchAction\",\"target\":{\"@type\":\"EntryPoint\",\"urlTemplate\":\"https:\/\/gruene-wuppertal.de\/fraktion\/?s={search_term_string}\"},\"query-input\":\"required name=search_term_string\"}],\"inLanguage\":\"de-DE\"}]}<\/script>\n<!-- \/ Yoast SEO plugin. -->","yoast_head_json":{"title":"Einf\u00fchrung einer b\u00fcrgerfreundlichen Baumschutzsatzung - Fraktion von B\u00fcndnis 90 \/ DIE GR\u00dcNEN im Rat der Stadt Wuppertal","robots":{"index":"index","follow":"follow","max-snippet":"max-snippet:-1","max-image-preview":"max-image-preview:large","max-video-preview":"max-video-preview:-1"},"canonical":"https:\/\/gruene-wuppertal.de\/fraktion\/antraege\/einfuhrung-einer-burgerfreundlichen-baumschutzsatzung\/","og_locale":"de_DE","og_type":"article","og_title":"Einf\u00fchrung einer b\u00fcrgerfreundlichen Baumschutzsatzung - Fraktion von B\u00fcndnis 90 \/ DIE GR\u00dcNEN im Rat der Stadt Wuppertal","og_description":"Antrag der Fraktionen von CDU und B\u00dcNDNIS 90\/DIE GR\u00dcNEN an den Ausschuss f\u00fcr Umwelt am 07.05.2019, den\u00a0Hauptausschuss am 15.05.2019 und den Rat der Stadt Wuppertal am 20.05.2019 Der Antrag wurde beschlossen. Sehr geehrte Frau Br\u00fccher, sehr geehrter Herr Oberb\u00fcrgermeister, die Fraktionen von CDU und B\u00dcNDNIS...","og_url":"https:\/\/gruene-wuppertal.de\/fraktion\/antraege\/einfuhrung-einer-burgerfreundlichen-baumschutzsatzung\/","og_site_name":"Fraktion von B\u00fcndnis 90 \/ DIE GR\u00dcNEN im Rat der Stadt Wuppertal","twitter_card":"summary_large_image","twitter_misc":{"Gesch\u00e4tzte Lesezeit":"2 Minuten"},"schema":{"@context":"https:\/\/schema.org","@graph":[{"@type":"WebPage","@id":"https:\/\/gruene-wuppertal.de\/fraktion\/antraege\/einfuhrung-einer-burgerfreundlichen-baumschutzsatzung\/","url":"https:\/\/gruene-wuppertal.de\/fraktion\/antraege\/einfuhrung-einer-burgerfreundlichen-baumschutzsatzung\/","name":"Einf\u00fchrung einer b\u00fcrgerfreundlichen Baumschutzsatzung - Fraktion von B\u00fcndnis 90 \/ DIE GR\u00dcNEN im Rat der Stadt Wuppertal","isPartOf":{"@id":"https:\/\/gruene-wuppertal.de\/fraktion\/#website"},"datePublished":"2019-05-02T11:48:30+00:00","dateModified":"2019-05-02T11:48:30+00:00","breadcrumb":{"@id":"https:\/\/gruene-wuppertal.de\/fraktion\/antraege\/einfuhrung-einer-burgerfreundlichen-baumschutzsatzung\/#breadcrumb"},"inLanguage":"de-DE","potentialAction":[{"@type":"ReadAction","target":["https:\/\/gruene-wuppertal.de\/fraktion\/antraege\/einfuhrung-einer-burgerfreundlichen-baumschutzsatzung\/"]}]},{"@type":"BreadcrumbList","@id":"https:\/\/gruene-wuppertal.de\/fraktion\/antraege\/einfuhrung-einer-burgerfreundlichen-baumschutzsatzung\/#breadcrumb","itemListElement":[{"@type":"ListItem","position":1,"name":"Startseite","item":"https:\/\/gruene-wuppertal.de\/fraktion\/"},{"@type":"ListItem","position":2,"name":"Einf\u00fchrung einer b\u00fcrgerfreundlichen Baumschutzsatzung"}]},{"@type":"WebSite","@id":"https:\/\/gruene-wuppertal.de\/fraktion\/#website","url":"https:\/\/gruene-wuppertal.de\/fraktion\/","name":"Fraktion von B\u00fcndnis 90 \/ DIE GR\u00dcNEN im Rat der Stadt Wuppertal","description":"","potentialAction":[{"@type":"SearchAction","target":{"@type":"EntryPoint","urlTemplate":"https:\/\/gruene-wuppertal.de\/fraktion\/?s={search_term_string}"},"query-input":"required name=search_term_string"}],"inLanguage":"de-DE"}]}},"post_mailing_queue_ids":[],"_links":{"self":[{"href":"https:\/\/gruene-wuppertal.de\/fraktion\/wp-json\/wp\/v2\/antraege\/14765"}],"collection":[{"href":"https:\/\/gruene-wuppertal.de\/fraktion\/wp-json\/wp\/v2\/antraege"}],"about":[{"href":"https:\/\/gruene-wuppertal.de\/fraktion\/wp-json\/wp\/v2\/types\/antraege"}],"author":[{"embeddable":true,"href":"https:\/\/gruene-wuppertal.de\/fraktion\/wp-json\/wp\/v2\/users\/20"}],"replies":[{"embeddable":true,"href":"https:\/\/gruene-wuppertal.de\/fraktion\/wp-json\/wp\/v2\/comments?post=14765"}],"version-history":[{"count":0,"href":"https:\/\/gruene-wuppertal.de\/fraktion\/wp-json\/wp\/v2\/antraege\/14765\/revisions"}],"wp:attachment":[{"href":"https:\/\/gruene-wuppertal.de\/fraktion\/wp-json\/wp\/v2\/media?parent=14765"}],"wp:term":[{"taxonomy":"themen","embeddable":true,"href":"https:\/\/gruene-wuppertal.de\/fraktion\/wp-json\/wp\/v2\/themen?post=14765"}],"curies":[{"name":"wp","href":"https:\/\/api.w.org\/{rel}","templated":true}]}}