{"id":14305,"date":"2018-12-18T12:45:31","date_gmt":"2018-12-18T12:45:31","guid":{"rendered":"https:\/\/gruene-wuppertal.de\/fraktion\/?post_type=antraege&amp;p=14305"},"modified":"2018-12-18T12:45:31","modified_gmt":"2018-12-18T12:45:31","slug":"mehr-grun-in-der-stadt-baume-dachbegrunung-und-grunflachen-2","status":"publish","type":"antraege","link":"https:\/\/gruene-wuppertal.de\/fraktion\/antraege\/mehr-grun-in-der-stadt-baume-dachbegrunung-und-grunflachen-2\/","title":{"rendered":"Mehr Gr\u00fcn in der Stadt: B\u00e4ume, Dachbegr\u00fcnung und Gr\u00fcnfl\u00e4chen"},"content":{"rendered":"<div>\n<p><b>Gemeinsamer Antrag an den Hauptausschuss am 20.02.2019 und den Rat der Stadt Wuppertal am 25.02.19<br \/>\n<\/b><\/p>\n<p>Der Antrag wurde beschlossen.<\/p>\n<\/div>\n<p>Sehr geehrter Herr Oberb\u00fcrgermeister,<\/p>\n<p>die Fraktionen von SPD, CDU, B\u00dcNDNIS 90\/DIE GR\u00dcNEN, Linken, FDP, AfW und die Gruppe der WfW, beantragen, die Mitglieder des Hauptausschusses und des Rates m\u00f6gen beschlie\u00dfen:<\/p>\n<ol start=\"1\">\n<li>Die Verwaltung wird beauftragt, im Zuge von Neugestaltung, Umbau oder Sanierungen von st\u00e4dtischen Fl\u00e4chen, Stra\u00dfen oder Pl\u00e4tzen fr\u00fchzeitig den Erhalt vorhandener B\u00e4ume bei den Planungen und bei Ausschreibungen und Wettbewerben intensiv zu pr\u00fcfen. Bei unumg\u00e4nglichen Baumf\u00e4llungen sind die Gremien zu informieren.<\/li>\n<\/ol>\n<ol start=\"2\">\n<li>Die Verwaltung wird beauftragt, \u00fcber notwendige Baumf\u00e4llungen, die nicht in der j\u00e4hrlichen Drucksache \u201eF\u00e4llung von Einzelb\u00e4umen &#8211; Auslichtung von Gr\u00fcnanlagen Waldpflegema\u00dfnahmen\u201c aufgelistet sind, auch unter Nutzung der technischen M\u00f6glichkeiten, die im Rahmen der digitalen Modellkommune Wuppertal geschaffen werden, aktiv zu informieren.<\/li>\n<\/ol>\n<ol start=\"3\">\n<li>Die Verwaltung wird beauftragt zu pr\u00fcfen, inwieweit die Pflanzung von Wildblumen auf st\u00e4dtischen Gr\u00fcnfl\u00e4chen gro\u00dffl\u00e4chig m\u00f6glich ist und ggf.ehrenamtliche \u201eGr\u00fcnpaten\u201c f\u00fcr das Projekt gewonnen werden k\u00f6nnen. (Beschluss des AfU vom 06.11.18)<\/li>\n<\/ol>\n<ol start=\"4\">\n<li>Das Geb\u00e4udemanagement wird um eine Pr\u00fcfung gebeten, welche st\u00e4dtischen Geb\u00e4ude sich f\u00fcr eine Begr\u00fcnung von D\u00e4chern oder Fassaden eignen und zus\u00e4tzlich auch f\u00fcr Photovoltaik oder Solaranlagen.<\/li>\n<\/ol>\n<ol start=\"5\">\n<li>Bei Neupflanzungen von B\u00e4umen auf st\u00e4dtischen Fl\u00e4chen soll f\u00fcr ein gesundes Wachstum darauf geachtet werden, dass grunds\u00e4tzlich gepr\u00fcft wird, ob die Baumgruben nach M\u00f6glichkeit mit einer Standardgr\u00f6\u00dfe von mindestens 18 Kubikmetern angelegt werden sowie es auf dem Von-der-Heydt-Platz bereits umgesetzt werden wird.<\/li>\n<\/ol>\n<p><b>Begr\u00fcndung:<\/b><br \/>\nB\u00e4ume auf st\u00e4dtischen Fl\u00e4chen und Pl\u00e4tzen m\u00fcssen besonderen Schutz genie\u00dfen. In der Vergangenheit und in aktuellen Planungen ist es h\u00e4ufig vorgekommen, dass vorhandene B\u00e4ume gef\u00e4llt wurden, wenn Sanierungen, Neugestaltungen oder Umbauten geplant und durchgef\u00fchrt wurden. Beispiele sind die Umgestaltung von Schulh\u00f6fen und Spielpl\u00e4tzen sowie die Neugestaltung des Von-der-Heydt-Platzes. In Zukunft soll die Verwaltung bei Planungen, Ausschreibungen und Wettbewerben pr\u00fcfen, ob die vorhandenen B\u00e4ume zu erhalten sind. Im Zusammenhang mit den Planungen zu einem barrierefreien Von-der-Heydt-Platzes in Elberfeld hat die Verwaltung den Fraktionen plausibel erl\u00e4utert, dass der Erhalt der vorhandenen B\u00e4ume und eine Umplanung aus finanziellen und gestalterischen Gr\u00fcnden nicht mehr m\u00f6glich sind. Die Neubepflanzung des Platzes mit sechs 8 Meter hohen B\u00e4umen wird in Zukunft zu einer \u00f6kologisch wertvolleren Bepflanzung mit einer positiven Wirkung auf das Stadtklima f\u00fchren und die Aufenthaltsqualit\u00e4t f\u00fcr die B\u00fcrger*innen erh\u00f6hen. Hier h\u00e4tte nur eine vorzeitige Unterschutzstellung der B\u00e4ume und entsprechende Planungen einen Erhalt erm\u00f6glicht.<\/p>\n<p>Im Zuge des Klimawandels und den Auswirkungen von Hitze- und Starkregenereignissen gewinnt die innerst\u00e4dtische Begr\u00fcnung stark an Bedeutung. Durch Stadtb\u00e4ume, Dach- und Fassadenbegr\u00fcnung, Gr\u00fcnfl\u00e4chen und Parks sowie Urban Gardening kann positiver Einfluss auf das Stadtklima genommen werden. Hohe Temperaturen k\u00f6nnen gesenkt und Versickerungsm\u00f6glichkeiten geschaffen werden.<\/p>\n<p>\u00d6ffentlichkeitsarbeit in Bezug auf die Information der B\u00fcrger*innen \u00fcber notwendige geplante Baumf\u00e4llungen ist eine wichtige Aufgabe der Verwaltung, um das berechtigte \u00f6ffentliche Interesse an Schutz und Pflege der Stadtb\u00e4ume zu ber\u00fccksichtigen.<\/p>\n<p>Mit freundlichen Gr\u00fc\u00dfen<\/p>\n<p>Klaus J\u00fcrgen Reese, SPD-Fraktion<br \/>\nMichael M\u00fcller, CDU-Fraktion<br \/>\nAnja Liebert\/Marc Schulz, Fraktion B\u00dcNDNIS 90\/DIE GR\u00dcNEN<br \/>\nGunhild B\u00f6th\/Gerd-Peter Zielezinski, Fraktion Die Linke<br \/>\nAlexander Schmidt, FDP-Fraktion<br \/>\nRalf Wegener, AfW-Fraktion<br \/>\nDorothea Glauner, Gruppe WfW<\/p>\n","protected":false},"excerpt":{"rendered":"<p>Gemeinsamer Antrag an den Hauptausschuss am 20.02.2019 und den Rat der Stadt Wuppertal am 25.02.19 Der Antrag wurde beschlossen. Sehr geehrter Herr Oberb\u00fcrgermeister, die Fraktionen von SPD, CDU, B\u00dcNDNIS 90\/DIE GR\u00dcNEN, Linken, FDP, AfW und die Gruppe der WfW, beantragen, die Mitglieder des Hauptausschusses und&#8230;<\/p>\n","protected":false},"author":20,"featured_media":0,"menu_order":0,"comment_status":"closed","ping_status":"closed","template":"","meta":{"_wp_rev_ctl_limit":""},"themen":[25,58,23],"yoast_head":"<!-- This site is optimized with the Yoast SEO plugin v21.8 - https:\/\/yoast.com\/wordpress\/plugins\/seo\/ -->\n<title>Mehr Gr\u00fcn in der Stadt: B\u00e4ume, Dachbegr\u00fcnung und Gr\u00fcnfl\u00e4chen - Fraktion von B\u00fcndnis 90 \/ DIE GR\u00dcNEN im Rat der Stadt Wuppertal<\/title>\n<meta name=\"robots\" content=\"index, follow, max-snippet:-1, max-image-preview:large, max-video-preview:-1\" \/>\n<link rel=\"canonical\" href=\"https:\/\/gruene-wuppertal.de\/fraktion\/antraege\/mehr-grun-in-der-stadt-baume-dachbegrunung-und-grunflachen-2\/\" \/>\n<meta property=\"og:locale\" content=\"de_DE\" \/>\n<meta property=\"og:type\" content=\"article\" \/>\n<meta property=\"og:title\" content=\"Mehr Gr\u00fcn in der Stadt: B\u00e4ume, Dachbegr\u00fcnung und Gr\u00fcnfl\u00e4chen - Fraktion von B\u00fcndnis 90 \/ DIE GR\u00dcNEN im Rat der Stadt Wuppertal\" \/>\n<meta property=\"og:description\" content=\"Gemeinsamer Antrag an den Hauptausschuss am 20.02.2019 und den Rat der Stadt Wuppertal am 25.02.19 Der Antrag wurde beschlossen. Sehr geehrter Herr Oberb\u00fcrgermeister, die Fraktionen von SPD, CDU, B\u00dcNDNIS 90\/DIE GR\u00dcNEN, Linken, FDP, AfW und die Gruppe der WfW, beantragen, die Mitglieder des Hauptausschusses und...\" \/>\n<meta property=\"og:url\" content=\"https:\/\/gruene-wuppertal.de\/fraktion\/antraege\/mehr-grun-in-der-stadt-baume-dachbegrunung-und-grunflachen-2\/\" \/>\n<meta property=\"og:site_name\" content=\"Fraktion von B\u00fcndnis 90 \/ DIE GR\u00dcNEN im Rat der Stadt Wuppertal\" \/>\n<meta name=\"twitter:card\" content=\"summary_large_image\" \/>\n<meta name=\"twitter:label1\" content=\"Gesch\u00e4tzte Lesezeit\" \/>\n\t<meta name=\"twitter:data1\" content=\"3 Minuten\" \/>\n<script type=\"application\/ld+json\" class=\"yoast-schema-graph\">{\"@context\":\"https:\/\/schema.org\",\"@graph\":[{\"@type\":\"WebPage\",\"@id\":\"https:\/\/gruene-wuppertal.de\/fraktion\/antraege\/mehr-grun-in-der-stadt-baume-dachbegrunung-und-grunflachen-2\/\",\"url\":\"https:\/\/gruene-wuppertal.de\/fraktion\/antraege\/mehr-grun-in-der-stadt-baume-dachbegrunung-und-grunflachen-2\/\",\"name\":\"Mehr Gr\u00fcn in der Stadt: B\u00e4ume, Dachbegr\u00fcnung und Gr\u00fcnfl\u00e4chen - Fraktion von B\u00fcndnis 90 \/ DIE GR\u00dcNEN im Rat der Stadt Wuppertal\",\"isPartOf\":{\"@id\":\"https:\/\/gruene-wuppertal.de\/fraktion\/#website\"},\"datePublished\":\"2018-12-18T12:45:31+00:00\",\"dateModified\":\"2018-12-18T12:45:31+00:00\",\"breadcrumb\":{\"@id\":\"https:\/\/gruene-wuppertal.de\/fraktion\/antraege\/mehr-grun-in-der-stadt-baume-dachbegrunung-und-grunflachen-2\/#breadcrumb\"},\"inLanguage\":\"de-DE\",\"potentialAction\":[{\"@type\":\"ReadAction\",\"target\":[\"https:\/\/gruene-wuppertal.de\/fraktion\/antraege\/mehr-grun-in-der-stadt-baume-dachbegrunung-und-grunflachen-2\/\"]}]},{\"@type\":\"BreadcrumbList\",\"@id\":\"https:\/\/gruene-wuppertal.de\/fraktion\/antraege\/mehr-grun-in-der-stadt-baume-dachbegrunung-und-grunflachen-2\/#breadcrumb\",\"itemListElement\":[{\"@type\":\"ListItem\",\"position\":1,\"name\":\"Startseite\",\"item\":\"https:\/\/gruene-wuppertal.de\/fraktion\/\"},{\"@type\":\"ListItem\",\"position\":2,\"name\":\"Mehr Gr\u00fcn in der Stadt: B\u00e4ume, Dachbegr\u00fcnung und Gr\u00fcnfl\u00e4chen\"}]},{\"@type\":\"WebSite\",\"@id\":\"https:\/\/gruene-wuppertal.de\/fraktion\/#website\",\"url\":\"https:\/\/gruene-wuppertal.de\/fraktion\/\",\"name\":\"Fraktion von B\u00fcndnis 90 \/ DIE GR\u00dcNEN im Rat der Stadt Wuppertal\",\"description\":\"\",\"potentialAction\":[{\"@type\":\"SearchAction\",\"target\":{\"@type\":\"EntryPoint\",\"urlTemplate\":\"https:\/\/gruene-wuppertal.de\/fraktion\/?s={search_term_string}\"},\"query-input\":\"required name=search_term_string\"}],\"inLanguage\":\"de-DE\"}]}<\/script>\n<!-- \/ Yoast SEO plugin. -->","yoast_head_json":{"title":"Mehr Gr\u00fcn in der Stadt: B\u00e4ume, Dachbegr\u00fcnung und Gr\u00fcnfl\u00e4chen - Fraktion von B\u00fcndnis 90 \/ DIE GR\u00dcNEN im Rat der Stadt Wuppertal","robots":{"index":"index","follow":"follow","max-snippet":"max-snippet:-1","max-image-preview":"max-image-preview:large","max-video-preview":"max-video-preview:-1"},"canonical":"https:\/\/gruene-wuppertal.de\/fraktion\/antraege\/mehr-grun-in-der-stadt-baume-dachbegrunung-und-grunflachen-2\/","og_locale":"de_DE","og_type":"article","og_title":"Mehr Gr\u00fcn in der Stadt: B\u00e4ume, Dachbegr\u00fcnung und Gr\u00fcnfl\u00e4chen - Fraktion von B\u00fcndnis 90 \/ DIE GR\u00dcNEN im Rat der Stadt Wuppertal","og_description":"Gemeinsamer Antrag an den Hauptausschuss am 20.02.2019 und den Rat der Stadt Wuppertal am 25.02.19 Der Antrag wurde beschlossen. Sehr geehrter Herr Oberb\u00fcrgermeister, die Fraktionen von SPD, CDU, B\u00dcNDNIS 90\/DIE GR\u00dcNEN, Linken, FDP, AfW und die Gruppe der WfW, beantragen, die Mitglieder des Hauptausschusses und...","og_url":"https:\/\/gruene-wuppertal.de\/fraktion\/antraege\/mehr-grun-in-der-stadt-baume-dachbegrunung-und-grunflachen-2\/","og_site_name":"Fraktion von B\u00fcndnis 90 \/ DIE GR\u00dcNEN im Rat der Stadt Wuppertal","twitter_card":"summary_large_image","twitter_misc":{"Gesch\u00e4tzte Lesezeit":"3 Minuten"},"schema":{"@context":"https:\/\/schema.org","@graph":[{"@type":"WebPage","@id":"https:\/\/gruene-wuppertal.de\/fraktion\/antraege\/mehr-grun-in-der-stadt-baume-dachbegrunung-und-grunflachen-2\/","url":"https:\/\/gruene-wuppertal.de\/fraktion\/antraege\/mehr-grun-in-der-stadt-baume-dachbegrunung-und-grunflachen-2\/","name":"Mehr Gr\u00fcn in der Stadt: B\u00e4ume, Dachbegr\u00fcnung und Gr\u00fcnfl\u00e4chen - Fraktion von B\u00fcndnis 90 \/ DIE GR\u00dcNEN im Rat der Stadt Wuppertal","isPartOf":{"@id":"https:\/\/gruene-wuppertal.de\/fraktion\/#website"},"datePublished":"2018-12-18T12:45:31+00:00","dateModified":"2018-12-18T12:45:31+00:00","breadcrumb":{"@id":"https:\/\/gruene-wuppertal.de\/fraktion\/antraege\/mehr-grun-in-der-stadt-baume-dachbegrunung-und-grunflachen-2\/#breadcrumb"},"inLanguage":"de-DE","potentialAction":[{"@type":"ReadAction","target":["https:\/\/gruene-wuppertal.de\/fraktion\/antraege\/mehr-grun-in-der-stadt-baume-dachbegrunung-und-grunflachen-2\/"]}]},{"@type":"BreadcrumbList","@id":"https:\/\/gruene-wuppertal.de\/fraktion\/antraege\/mehr-grun-in-der-stadt-baume-dachbegrunung-und-grunflachen-2\/#breadcrumb","itemListElement":[{"@type":"ListItem","position":1,"name":"Startseite","item":"https:\/\/gruene-wuppertal.de\/fraktion\/"},{"@type":"ListItem","position":2,"name":"Mehr Gr\u00fcn in der Stadt: B\u00e4ume, Dachbegr\u00fcnung und Gr\u00fcnfl\u00e4chen"}]},{"@type":"WebSite","@id":"https:\/\/gruene-wuppertal.de\/fraktion\/#website","url":"https:\/\/gruene-wuppertal.de\/fraktion\/","name":"Fraktion von B\u00fcndnis 90 \/ DIE GR\u00dcNEN im Rat der Stadt Wuppertal","description":"","potentialAction":[{"@type":"SearchAction","target":{"@type":"EntryPoint","urlTemplate":"https:\/\/gruene-wuppertal.de\/fraktion\/?s={search_term_string}"},"query-input":"required name=search_term_string"}],"inLanguage":"de-DE"}]}},"post_mailing_queue_ids":[],"_links":{"self":[{"href":"https:\/\/gruene-wuppertal.de\/fraktion\/wp-json\/wp\/v2\/antraege\/14305"}],"collection":[{"href":"https:\/\/gruene-wuppertal.de\/fraktion\/wp-json\/wp\/v2\/antraege"}],"about":[{"href":"https:\/\/gruene-wuppertal.de\/fraktion\/wp-json\/wp\/v2\/types\/antraege"}],"author":[{"embeddable":true,"href":"https:\/\/gruene-wuppertal.de\/fraktion\/wp-json\/wp\/v2\/users\/20"}],"replies":[{"embeddable":true,"href":"https:\/\/gruene-wuppertal.de\/fraktion\/wp-json\/wp\/v2\/comments?post=14305"}],"version-history":[{"count":0,"href":"https:\/\/gruene-wuppertal.de\/fraktion\/wp-json\/wp\/v2\/antraege\/14305\/revisions"}],"wp:attachment":[{"href":"https:\/\/gruene-wuppertal.de\/fraktion\/wp-json\/wp\/v2\/media?parent=14305"}],"wp:term":[{"taxonomy":"themen","embeddable":true,"href":"https:\/\/gruene-wuppertal.de\/fraktion\/wp-json\/wp\/v2\/themen?post=14305"}],"curies":[{"name":"wp","href":"https:\/\/api.w.org\/{rel}","templated":true}]}}