{"id":21349,"date":"2023-08-08T16:08:08","date_gmt":"2023-08-08T14:08:08","guid":{"rendered":"https:\/\/gruene-wuppertal.de\/fraktion\/?post_type=anfragen&#038;p=21349"},"modified":"2023-09-01T08:18:38","modified_gmt":"2023-09-01T06:18:38","slug":"sachstand-alternativer-standort-fuer-das-autonome-zentrum","status":"publish","type":"anfragen","link":"https:\/\/gruene-wuppertal.de\/fraktion\/anfragen\/sachstand-alternativer-standort-fuer-das-autonome-zentrum\/","title":{"rendered":"Sachstand alternativer Standort f\u00fcr das Autonome Zentrum"},"content":{"rendered":"<p><strong>Gro\u00dfe Anfrage der Fraktion B\u00dcNDNIS 90\/DIE GR\u00dcNEN an den Rat der Stadt Wuppertal am 05.09.2023<\/strong><\/p>\n<p><a href=\"https:\/\/gruene-wuppertal.de\/fraktion\/wp-content\/uploads\/2023\/08\/TOP-2.6-AZ-VO_0779_23_1_AZStandort_Antwort.pdf\">Die Antwort finden Sie hier.<\/a><\/p>\n<p>Sehr geehrter Herr Oberb\u00fcrgermeister,<br \/>\nam 06.03.2023 hat der Rat der Stadt Wuppertal den Zielbeschluss f\u00fcr den Bau einer Moschee an der Gathe beschlossen und den Aufstellungsbeschlusses 1175 \u2013 Gathe \/ Ludwigstra\u00dfe \/ Markomannenstra\u00dfe (VO\/1658\/23) best\u00e4tigt. Die Planung bezieht auch den jetzigen Standort des Autonomen Zentrums ein.<\/p>\n<p>Vor diesem Hintergrund bitten wir um die Beantwortung folgender Fragen zur o.a. Ratssitzung:<br \/>\n1.) Seit wann gibt es Gespr\u00e4che der Verwaltung mit Aktiven des Autonomen Zentrums \u00fcber eine Verlagerung des Standortes? Wie viele Gespr\u00e4che hat es seitdem insgesamt gegeben?<br \/>\n2.) Haben die Autonomen Kriterien genannt, die ein alternativer Standort f\u00fcr sie aufweisen muss? Gibt es einen Katalog an Mindestkriterien, die auf jeden Fall ber\u00fccksichtigt sein m\u00fcssen, um von den Autonomen akzeptiert zu werden?<br \/>\n3.) Wie viele Standort-Alternativen hat die Verwaltung den Autonomen bislang vorgeschlagen? Wir bitten um Auflistung der einzelnen Objekte sowie jeweils die Begr\u00fcndung, weshalb diese f\u00fcr die Autonomen nicht infrage kamen.<br \/>\n4.) Hat es bereits eine oder mehrere gemeinsame Besichtigungen von m\u00f6glichen Standorten gegeben?<br \/>\n5.) Was sind die n\u00e4chsten konkreten Schritte der Verwaltung f\u00fcr einen alternativen Standort des Autonomen Zentrums?<\/p>\n<p>&nbsp;<\/p>\n<p>Mit freundlichen Gr\u00fc\u00dfen<br \/>\nDenise Frings, Paul Yves Ramette<br \/>\nFraktionsvorsitzend<\/p>\n","protected":false},"excerpt":{"rendered":"<p>Gro\u00dfe Anfrage der Fraktion B\u00dcNDNIS 90\/DIE GR\u00dcNEN an den Rat der Stadt Wuppertal am 05.09.2023 Die Antwort finden Sie hier. Sehr geehrter Herr Oberb\u00fcrgermeister, am 06.03.2023 hat der Rat der Stadt Wuppertal den Zielbeschluss f\u00fcr den Bau einer Moschee an der Gathe beschlossen und den&#8230;<\/p>\n","protected":false},"author":89,"featured_media":0,"menu_order":0,"comment_status":"open","ping_status":"open","template":"","meta":{"_wp_rev_ctl_limit":""},"themen":[446,403],"yoast_head":"<!-- This site is optimized with the Yoast SEO plugin v21.8 - https:\/\/yoast.com\/wordpress\/plugins\/seo\/ -->\n<title>Sachstand alternativer Standort f\u00fcr das Autonome Zentrum - Fraktion von B\u00fcndnis 90 \/ DIE GR\u00dcNEN im Rat der Stadt Wuppertal<\/title>\n<meta name=\"robots\" content=\"index, follow, max-snippet:-1, max-image-preview:large, max-video-preview:-1\" \/>\n<link rel=\"canonical\" href=\"https:\/\/gruene-wuppertal.de\/fraktion\/anfragen\/sachstand-alternativer-standort-fuer-das-autonome-zentrum\/\" \/>\n<meta property=\"og:locale\" content=\"de_DE\" \/>\n<meta property=\"og:type\" content=\"article\" \/>\n<meta property=\"og:title\" content=\"Sachstand alternativer Standort f\u00fcr das Autonome Zentrum - Fraktion von B\u00fcndnis 90 \/ DIE GR\u00dcNEN im Rat der Stadt Wuppertal\" \/>\n<meta property=\"og:description\" content=\"Gro\u00dfe Anfrage der Fraktion B\u00dcNDNIS 90\/DIE GR\u00dcNEN an den Rat der Stadt Wuppertal am 05.09.2023 Die Antwort finden Sie hier. Sehr geehrter Herr Oberb\u00fcrgermeister, am 06.03.2023 hat der Rat der Stadt Wuppertal den Zielbeschluss f\u00fcr den Bau einer Moschee an der Gathe beschlossen und den...\" \/>\n<meta property=\"og:url\" content=\"https:\/\/gruene-wuppertal.de\/fraktion\/anfragen\/sachstand-alternativer-standort-fuer-das-autonome-zentrum\/\" \/>\n<meta property=\"og:site_name\" content=\"Fraktion von B\u00fcndnis 90 \/ DIE GR\u00dcNEN im Rat der Stadt Wuppertal\" \/>\n<meta property=\"article:modified_time\" content=\"2023-09-01T06:18:38+00:00\" \/>\n<meta name=\"twitter:card\" content=\"summary_large_image\" \/>\n<meta name=\"twitter:label1\" content=\"Gesch\u00e4tzte Lesezeit\" \/>\n\t<meta name=\"twitter:data1\" content=\"2 Minuten\" \/>\n<script type=\"application\/ld+json\" class=\"yoast-schema-graph\">{\"@context\":\"https:\/\/schema.org\",\"@graph\":[{\"@type\":\"WebPage\",\"@id\":\"https:\/\/gruene-wuppertal.de\/fraktion\/anfragen\/sachstand-alternativer-standort-fuer-das-autonome-zentrum\/\",\"url\":\"https:\/\/gruene-wuppertal.de\/fraktion\/anfragen\/sachstand-alternativer-standort-fuer-das-autonome-zentrum\/\",\"name\":\"Sachstand alternativer Standort f\u00fcr das Autonome Zentrum - Fraktion von B\u00fcndnis 90 \/ DIE GR\u00dcNEN im Rat der Stadt Wuppertal\",\"isPartOf\":{\"@id\":\"https:\/\/gruene-wuppertal.de\/fraktion\/#website\"},\"datePublished\":\"2023-08-08T14:08:08+00:00\",\"dateModified\":\"2023-09-01T06:18:38+00:00\",\"breadcrumb\":{\"@id\":\"https:\/\/gruene-wuppertal.de\/fraktion\/anfragen\/sachstand-alternativer-standort-fuer-das-autonome-zentrum\/#breadcrumb\"},\"inLanguage\":\"de-DE\",\"potentialAction\":[{\"@type\":\"ReadAction\",\"target\":[\"https:\/\/gruene-wuppertal.de\/fraktion\/anfragen\/sachstand-alternativer-standort-fuer-das-autonome-zentrum\/\"]}]},{\"@type\":\"BreadcrumbList\",\"@id\":\"https:\/\/gruene-wuppertal.de\/fraktion\/anfragen\/sachstand-alternativer-standort-fuer-das-autonome-zentrum\/#breadcrumb\",\"itemListElement\":[{\"@type\":\"ListItem\",\"position\":1,\"name\":\"Startseite\",\"item\":\"https:\/\/gruene-wuppertal.de\/fraktion\/\"},{\"@type\":\"ListItem\",\"position\":2,\"name\":\"Sachstand alternativer Standort f\u00fcr das Autonome Zentrum\"}]},{\"@type\":\"WebSite\",\"@id\":\"https:\/\/gruene-wuppertal.de\/fraktion\/#website\",\"url\":\"https:\/\/gruene-wuppertal.de\/fraktion\/\",\"name\":\"Fraktion von B\u00fcndnis 90 \/ DIE GR\u00dcNEN im Rat der Stadt Wuppertal\",\"description\":\"\",\"potentialAction\":[{\"@type\":\"SearchAction\",\"target\":{\"@type\":\"EntryPoint\",\"urlTemplate\":\"https:\/\/gruene-wuppertal.de\/fraktion\/?s={search_term_string}\"},\"query-input\":\"required name=search_term_string\"}],\"inLanguage\":\"de-DE\"}]}<\/script>\n<!-- \/ Yoast SEO plugin. -->","yoast_head_json":{"title":"Sachstand alternativer Standort f\u00fcr das Autonome Zentrum - Fraktion von B\u00fcndnis 90 \/ DIE GR\u00dcNEN im Rat der Stadt Wuppertal","robots":{"index":"index","follow":"follow","max-snippet":"max-snippet:-1","max-image-preview":"max-image-preview:large","max-video-preview":"max-video-preview:-1"},"canonical":"https:\/\/gruene-wuppertal.de\/fraktion\/anfragen\/sachstand-alternativer-standort-fuer-das-autonome-zentrum\/","og_locale":"de_DE","og_type":"article","og_title":"Sachstand alternativer Standort f\u00fcr das Autonome Zentrum - Fraktion von B\u00fcndnis 90 \/ DIE GR\u00dcNEN im Rat der Stadt Wuppertal","og_description":"Gro\u00dfe Anfrage der Fraktion B\u00dcNDNIS 90\/DIE GR\u00dcNEN an den Rat der Stadt Wuppertal am 05.09.2023 Die Antwort finden Sie hier. Sehr geehrter Herr Oberb\u00fcrgermeister, am 06.03.2023 hat der Rat der Stadt Wuppertal den Zielbeschluss f\u00fcr den Bau einer Moschee an der Gathe beschlossen und den...","og_url":"https:\/\/gruene-wuppertal.de\/fraktion\/anfragen\/sachstand-alternativer-standort-fuer-das-autonome-zentrum\/","og_site_name":"Fraktion von B\u00fcndnis 90 \/ DIE GR\u00dcNEN im Rat der Stadt Wuppertal","article_modified_time":"2023-09-01T06:18:38+00:00","twitter_card":"summary_large_image","twitter_misc":{"Gesch\u00e4tzte Lesezeit":"2 Minuten"},"schema":{"@context":"https:\/\/schema.org","@graph":[{"@type":"WebPage","@id":"https:\/\/gruene-wuppertal.de\/fraktion\/anfragen\/sachstand-alternativer-standort-fuer-das-autonome-zentrum\/","url":"https:\/\/gruene-wuppertal.de\/fraktion\/anfragen\/sachstand-alternativer-standort-fuer-das-autonome-zentrum\/","name":"Sachstand alternativer Standort f\u00fcr das Autonome Zentrum - Fraktion von B\u00fcndnis 90 \/ DIE GR\u00dcNEN im Rat der Stadt Wuppertal","isPartOf":{"@id":"https:\/\/gruene-wuppertal.de\/fraktion\/#website"},"datePublished":"2023-08-08T14:08:08+00:00","dateModified":"2023-09-01T06:18:38+00:00","breadcrumb":{"@id":"https:\/\/gruene-wuppertal.de\/fraktion\/anfragen\/sachstand-alternativer-standort-fuer-das-autonome-zentrum\/#breadcrumb"},"inLanguage":"de-DE","potentialAction":[{"@type":"ReadAction","target":["https:\/\/gruene-wuppertal.de\/fraktion\/anfragen\/sachstand-alternativer-standort-fuer-das-autonome-zentrum\/"]}]},{"@type":"BreadcrumbList","@id":"https:\/\/gruene-wuppertal.de\/fraktion\/anfragen\/sachstand-alternativer-standort-fuer-das-autonome-zentrum\/#breadcrumb","itemListElement":[{"@type":"ListItem","position":1,"name":"Startseite","item":"https:\/\/gruene-wuppertal.de\/fraktion\/"},{"@type":"ListItem","position":2,"name":"Sachstand alternativer Standort f\u00fcr das Autonome Zentrum"}]},{"@type":"WebSite","@id":"https:\/\/gruene-wuppertal.de\/fraktion\/#website","url":"https:\/\/gruene-wuppertal.de\/fraktion\/","name":"Fraktion von B\u00fcndnis 90 \/ DIE GR\u00dcNEN im Rat der Stadt Wuppertal","description":"","potentialAction":[{"@type":"SearchAction","target":{"@type":"EntryPoint","urlTemplate":"https:\/\/gruene-wuppertal.de\/fraktion\/?s={search_term_string}"},"query-input":"required name=search_term_string"}],"inLanguage":"de-DE"}]}},"post_mailing_queue_ids":[],"_links":{"self":[{"href":"https:\/\/gruene-wuppertal.de\/fraktion\/wp-json\/wp\/v2\/anfragen\/21349"}],"collection":[{"href":"https:\/\/gruene-wuppertal.de\/fraktion\/wp-json\/wp\/v2\/anfragen"}],"about":[{"href":"https:\/\/gruene-wuppertal.de\/fraktion\/wp-json\/wp\/v2\/types\/anfragen"}],"author":[{"embeddable":true,"href":"https:\/\/gruene-wuppertal.de\/fraktion\/wp-json\/wp\/v2\/users\/89"}],"replies":[{"embeddable":true,"href":"https:\/\/gruene-wuppertal.de\/fraktion\/wp-json\/wp\/v2\/comments?post=21349"}],"version-history":[{"count":3,"href":"https:\/\/gruene-wuppertal.de\/fraktion\/wp-json\/wp\/v2\/anfragen\/21349\/revisions"}],"predecessor-version":[{"id":21390,"href":"https:\/\/gruene-wuppertal.de\/fraktion\/wp-json\/wp\/v2\/anfragen\/21349\/revisions\/21390"}],"wp:attachment":[{"href":"https:\/\/gruene-wuppertal.de\/fraktion\/wp-json\/wp\/v2\/media?parent=21349"}],"wp:term":[{"taxonomy":"themen","embeddable":true,"href":"https:\/\/gruene-wuppertal.de\/fraktion\/wp-json\/wp\/v2\/themen?post=21349"}],"curies":[{"name":"wp","href":"https:\/\/api.w.org\/{rel}","templated":true}]}}