{"id":21339,"date":"2023-08-08T13:05:17","date_gmt":"2023-08-08T11:05:17","guid":{"rendered":"https:\/\/gruene-wuppertal.de\/fraktion\/?post_type=anfragen&#038;p=21339"},"modified":"2023-08-31T09:42:42","modified_gmt":"2023-08-31T07:42:42","slug":"stoerungen-des-bahnverkehrs-im-grossraum-wuppertal","status":"publish","type":"anfragen","link":"https:\/\/gruene-wuppertal.de\/fraktion\/anfragen\/stoerungen-des-bahnverkehrs-im-grossraum-wuppertal\/","title":{"rendered":"St\u00f6rungen des Bahnverkehrs im Gro\u00dfraum Wuppertal"},"content":{"rendered":"<p><strong>Gro\u00dfe Anfrage der Fraktion B\u00dcNDNIS 90\/DIE GR\u00dcNEN an den Ausschuss f\u00fcr Verkehr am 22.08.2023\u00a0<\/strong><\/p>\n<p><a href=\"https:\/\/gruene-wuppertal.de\/fraktion\/wp-content\/uploads\/2023\/08\/VO-0775-23-1_StoerungBahnverkehr_Antwort-1.pdf\">Die Antwort finden Sie hier.<\/a><\/p>\n<p>Sehr geehrter Herr Ugurman,<\/p>\n<p>vor dem Hintergrund der j\u00fcngsten Sperrungen der Bahnstrecken nach D\u00fcsseldorf und der Sperrung der Strecke der S7 von Wuppertal-Oberbarmen nach Remscheid in den Sommerferien sowie der Sperrung der Bahnstrecke nach Essen ab dem 26.07.23 bittet die Fraktion B\u00dcNDNIS 90\/DIE GR\u00dcNEN um die Beantwortung der folgenden Fragen:<\/p>\n<ol>\n<li>Wurden alle Bauma\u00dfnahmen am Haltepunkt D\u00fcsseldorf-Gerresheim planm\u00e4\u00dfig abgeschlossen? Wir bitten um einen Bericht zum Sachstand der Bauarbeiten.<\/li>\n<li>Wurden alle Bauma\u00dfnahmen an der Strecke der S 7 zwischen Wuppertal-Oberbarmen und Remscheid planm\u00e4\u00dfig abgeschlossen? Wir bitten um einen Bericht zum Sachstand der Bauarbeiten, u.a. auch \u00fcber die aktuelle Klage und deren m\u00f6glichen Einfluss auf die Bauarbeiten.<\/li>\n<li>Wurden alle Bauma\u00dfnahmen auf der Bahnstrecke nach Essen planm\u00e4\u00dfig abgeschlossen? Wir bitten um einen Bericht zum Sachstand der Bauarbeiten.<\/li>\n<li>Seit wann standen die Sperrpausen f\u00fcr die Strecken Wuppertal-Essen, Wuppertal-D\u00fcsseldorf und Wuppertal-Oberbarmen \u2013 Remscheid fest?<\/li>\n<li>Aus welchen Gr\u00fcnden wurde die \u00d6ffentlichkeit erst sehr sp\u00e4t \u00fcber die Streckensperrungen informiert? Welche Verbesserungen innerhalb der Kommunikationsprozesse sind z.B. durch fr\u00fchzeitigere Informationen geplant?<\/li>\n<li>Welche weiteren Bauma\u00dfnahmen sind f\u00fcr die n\u00e4chsten Jahre im Gro\u00dfraum Wuppertal geplant und f\u00fcr welchen Zeitraum sind die anstehenden Sanierungen der Bahnh\u00f6fe im Wuppertaler Stadtgebiet angesetzt?<\/li>\n<\/ol>\n<p>&nbsp;<\/p>\n<p>Mit freundlichen Gr\u00fc\u00dfen<\/p>\n<p>Timo Schmidt\u00a0\u00a0\u00a0\u00a0\u00a0\u00a0\u00a0\u00a0\u00a0\u00a0\u00a0\u00a0\u00a0\u00a0\u00a0\u00a0\u00a0\u00a0\u00a0\u00a0\u00a0\u00a0\u00a0\u00a0\u00a0\u00a0\u00a0\u00a0\u00a0\u00a0\u00a0\u00a0\u00a0\u00a0\u00a0\u00a0\u00a0\u00a0\u00a0\u00a0\u00a0\u00a0\u00a0\u00a0\u00a0\u00a0\u00a0\u00a0\u00a0\u00a0\u00a0\u00a0\u00a0\u00a0\u00a0\u00a0\u00a0\u00a0\u00a0\u00a0\u00a0\u00a0\u00a0\u00a0\u00a0\u00a0\u00a0\u00a0\u00a0\u00a0\u00a0\u00a0\u00a0\u00a0\u00a0\u00a0\u00a0\u00a0\u00a0\u00a0\u00a0\u00a0 Rainer Widmann<br \/>\nStadtverordneter\u00a0 \u00a0 \u00a0 \u00a0 \u00a0 \u00a0 \u00a0 \u00a0 \u00a0 \u00a0 \u00a0 \u00a0 \u00a0 \u00a0 \u00a0 \u00a0 \u00a0 \u00a0 \u00a0 \u00a0 \u00a0 \u00a0 \u00a0 \u00a0 \u00a0 \u00a0 \u00a0 \u00a0 \u00a0 \u00a0 \u00a0 \u00a0 \u00a0 \u00a0 \u00a0 \u00a0 \u00a0 \u00a0 \u00a0 Stadtverordneter<\/p>\n","protected":false},"excerpt":{"rendered":"<p>Gro\u00dfe Anfrage der Fraktion B\u00dcNDNIS 90\/DIE GR\u00dcNEN an den Ausschuss f\u00fcr Verkehr am 22.08.2023\u00a0 Die Antwort finden Sie hier. Sehr geehrter Herr Ugurman, vor dem Hintergrund der j\u00fcngsten Sperrungen der Bahnstrecken nach D\u00fcsseldorf und der Sperrung der Strecke der S7 von Wuppertal-Oberbarmen nach Remscheid in&#8230;<\/p>\n","protected":false},"author":89,"featured_media":0,"menu_order":0,"comment_status":"open","ping_status":"open","template":"","meta":{"_wp_rev_ctl_limit":""},"themen":[439,19,44,255],"yoast_head":"<!-- This site is optimized with the Yoast SEO plugin v21.8 - https:\/\/yoast.com\/wordpress\/plugins\/seo\/ -->\n<title>St\u00f6rungen des Bahnverkehrs im Gro\u00dfraum Wuppertal - Fraktion von B\u00fcndnis 90 \/ DIE GR\u00dcNEN im Rat der Stadt Wuppertal<\/title>\n<meta name=\"robots\" content=\"index, follow, max-snippet:-1, max-image-preview:large, max-video-preview:-1\" \/>\n<link rel=\"canonical\" href=\"https:\/\/gruene-wuppertal.de\/fraktion\/anfragen\/stoerungen-des-bahnverkehrs-im-grossraum-wuppertal\/\" \/>\n<meta property=\"og:locale\" content=\"de_DE\" \/>\n<meta property=\"og:type\" content=\"article\" \/>\n<meta property=\"og:title\" content=\"St\u00f6rungen des Bahnverkehrs im Gro\u00dfraum Wuppertal - Fraktion von B\u00fcndnis 90 \/ DIE GR\u00dcNEN im Rat der Stadt Wuppertal\" \/>\n<meta property=\"og:description\" content=\"Gro\u00dfe Anfrage der Fraktion B\u00dcNDNIS 90\/DIE GR\u00dcNEN an den Ausschuss f\u00fcr Verkehr am 22.08.2023\u00a0 Die Antwort finden Sie hier. Sehr geehrter Herr Ugurman, vor dem Hintergrund der j\u00fcngsten Sperrungen der Bahnstrecken nach D\u00fcsseldorf und der Sperrung der Strecke der S7 von Wuppertal-Oberbarmen nach Remscheid in...\" \/>\n<meta property=\"og:url\" content=\"https:\/\/gruene-wuppertal.de\/fraktion\/anfragen\/stoerungen-des-bahnverkehrs-im-grossraum-wuppertal\/\" \/>\n<meta property=\"og:site_name\" content=\"Fraktion von B\u00fcndnis 90 \/ DIE GR\u00dcNEN im Rat der Stadt Wuppertal\" \/>\n<meta property=\"article:modified_time\" content=\"2023-08-31T07:42:42+00:00\" \/>\n<meta name=\"twitter:card\" content=\"summary_large_image\" \/>\n<meta name=\"twitter:label1\" content=\"Gesch\u00e4tzte Lesezeit\" \/>\n\t<meta name=\"twitter:data1\" content=\"2 Minuten\" \/>\n<script type=\"application\/ld+json\" class=\"yoast-schema-graph\">{\"@context\":\"https:\/\/schema.org\",\"@graph\":[{\"@type\":\"WebPage\",\"@id\":\"https:\/\/gruene-wuppertal.de\/fraktion\/anfragen\/stoerungen-des-bahnverkehrs-im-grossraum-wuppertal\/\",\"url\":\"https:\/\/gruene-wuppertal.de\/fraktion\/anfragen\/stoerungen-des-bahnverkehrs-im-grossraum-wuppertal\/\",\"name\":\"St\u00f6rungen des Bahnverkehrs im Gro\u00dfraum Wuppertal - Fraktion von B\u00fcndnis 90 \/ DIE GR\u00dcNEN im Rat der Stadt Wuppertal\",\"isPartOf\":{\"@id\":\"https:\/\/gruene-wuppertal.de\/fraktion\/#website\"},\"datePublished\":\"2023-08-08T11:05:17+00:00\",\"dateModified\":\"2023-08-31T07:42:42+00:00\",\"breadcrumb\":{\"@id\":\"https:\/\/gruene-wuppertal.de\/fraktion\/anfragen\/stoerungen-des-bahnverkehrs-im-grossraum-wuppertal\/#breadcrumb\"},\"inLanguage\":\"de-DE\",\"potentialAction\":[{\"@type\":\"ReadAction\",\"target\":[\"https:\/\/gruene-wuppertal.de\/fraktion\/anfragen\/stoerungen-des-bahnverkehrs-im-grossraum-wuppertal\/\"]}]},{\"@type\":\"BreadcrumbList\",\"@id\":\"https:\/\/gruene-wuppertal.de\/fraktion\/anfragen\/stoerungen-des-bahnverkehrs-im-grossraum-wuppertal\/#breadcrumb\",\"itemListElement\":[{\"@type\":\"ListItem\",\"position\":1,\"name\":\"Startseite\",\"item\":\"https:\/\/gruene-wuppertal.de\/fraktion\/\"},{\"@type\":\"ListItem\",\"position\":2,\"name\":\"St\u00f6rungen des Bahnverkehrs im Gro\u00dfraum Wuppertal\"}]},{\"@type\":\"WebSite\",\"@id\":\"https:\/\/gruene-wuppertal.de\/fraktion\/#website\",\"url\":\"https:\/\/gruene-wuppertal.de\/fraktion\/\",\"name\":\"Fraktion von B\u00fcndnis 90 \/ DIE GR\u00dcNEN im Rat der Stadt Wuppertal\",\"description\":\"\",\"potentialAction\":[{\"@type\":\"SearchAction\",\"target\":{\"@type\":\"EntryPoint\",\"urlTemplate\":\"https:\/\/gruene-wuppertal.de\/fraktion\/?s={search_term_string}\"},\"query-input\":\"required name=search_term_string\"}],\"inLanguage\":\"de-DE\"}]}<\/script>\n<!-- \/ Yoast SEO plugin. -->","yoast_head_json":{"title":"St\u00f6rungen des Bahnverkehrs im Gro\u00dfraum Wuppertal - Fraktion von B\u00fcndnis 90 \/ DIE GR\u00dcNEN im Rat der Stadt Wuppertal","robots":{"index":"index","follow":"follow","max-snippet":"max-snippet:-1","max-image-preview":"max-image-preview:large","max-video-preview":"max-video-preview:-1"},"canonical":"https:\/\/gruene-wuppertal.de\/fraktion\/anfragen\/stoerungen-des-bahnverkehrs-im-grossraum-wuppertal\/","og_locale":"de_DE","og_type":"article","og_title":"St\u00f6rungen des Bahnverkehrs im Gro\u00dfraum Wuppertal - Fraktion von B\u00fcndnis 90 \/ DIE GR\u00dcNEN im Rat der Stadt Wuppertal","og_description":"Gro\u00dfe Anfrage der Fraktion B\u00dcNDNIS 90\/DIE GR\u00dcNEN an den Ausschuss f\u00fcr Verkehr am 22.08.2023\u00a0 Die Antwort finden Sie hier. Sehr geehrter Herr Ugurman, vor dem Hintergrund der j\u00fcngsten Sperrungen der Bahnstrecken nach D\u00fcsseldorf und der Sperrung der Strecke der S7 von Wuppertal-Oberbarmen nach Remscheid in...","og_url":"https:\/\/gruene-wuppertal.de\/fraktion\/anfragen\/stoerungen-des-bahnverkehrs-im-grossraum-wuppertal\/","og_site_name":"Fraktion von B\u00fcndnis 90 \/ DIE GR\u00dcNEN im Rat der Stadt Wuppertal","article_modified_time":"2023-08-31T07:42:42+00:00","twitter_card":"summary_large_image","twitter_misc":{"Gesch\u00e4tzte Lesezeit":"2 Minuten"},"schema":{"@context":"https:\/\/schema.org","@graph":[{"@type":"WebPage","@id":"https:\/\/gruene-wuppertal.de\/fraktion\/anfragen\/stoerungen-des-bahnverkehrs-im-grossraum-wuppertal\/","url":"https:\/\/gruene-wuppertal.de\/fraktion\/anfragen\/stoerungen-des-bahnverkehrs-im-grossraum-wuppertal\/","name":"St\u00f6rungen des Bahnverkehrs im Gro\u00dfraum Wuppertal - Fraktion von B\u00fcndnis 90 \/ DIE GR\u00dcNEN im Rat der Stadt Wuppertal","isPartOf":{"@id":"https:\/\/gruene-wuppertal.de\/fraktion\/#website"},"datePublished":"2023-08-08T11:05:17+00:00","dateModified":"2023-08-31T07:42:42+00:00","breadcrumb":{"@id":"https:\/\/gruene-wuppertal.de\/fraktion\/anfragen\/stoerungen-des-bahnverkehrs-im-grossraum-wuppertal\/#breadcrumb"},"inLanguage":"de-DE","potentialAction":[{"@type":"ReadAction","target":["https:\/\/gruene-wuppertal.de\/fraktion\/anfragen\/stoerungen-des-bahnverkehrs-im-grossraum-wuppertal\/"]}]},{"@type":"BreadcrumbList","@id":"https:\/\/gruene-wuppertal.de\/fraktion\/anfragen\/stoerungen-des-bahnverkehrs-im-grossraum-wuppertal\/#breadcrumb","itemListElement":[{"@type":"ListItem","position":1,"name":"Startseite","item":"https:\/\/gruene-wuppertal.de\/fraktion\/"},{"@type":"ListItem","position":2,"name":"St\u00f6rungen des Bahnverkehrs im Gro\u00dfraum Wuppertal"}]},{"@type":"WebSite","@id":"https:\/\/gruene-wuppertal.de\/fraktion\/#website","url":"https:\/\/gruene-wuppertal.de\/fraktion\/","name":"Fraktion von B\u00fcndnis 90 \/ DIE GR\u00dcNEN im Rat der Stadt Wuppertal","description":"","potentialAction":[{"@type":"SearchAction","target":{"@type":"EntryPoint","urlTemplate":"https:\/\/gruene-wuppertal.de\/fraktion\/?s={search_term_string}"},"query-input":"required name=search_term_string"}],"inLanguage":"de-DE"}]}},"post_mailing_queue_ids":[],"_links":{"self":[{"href":"https:\/\/gruene-wuppertal.de\/fraktion\/wp-json\/wp\/v2\/anfragen\/21339"}],"collection":[{"href":"https:\/\/gruene-wuppertal.de\/fraktion\/wp-json\/wp\/v2\/anfragen"}],"about":[{"href":"https:\/\/gruene-wuppertal.de\/fraktion\/wp-json\/wp\/v2\/types\/anfragen"}],"author":[{"embeddable":true,"href":"https:\/\/gruene-wuppertal.de\/fraktion\/wp-json\/wp\/v2\/users\/89"}],"replies":[{"embeddable":true,"href":"https:\/\/gruene-wuppertal.de\/fraktion\/wp-json\/wp\/v2\/comments?post=21339"}],"version-history":[{"count":4,"href":"https:\/\/gruene-wuppertal.de\/fraktion\/wp-json\/wp\/v2\/anfragen\/21339\/revisions"}],"predecessor-version":[{"id":21385,"href":"https:\/\/gruene-wuppertal.de\/fraktion\/wp-json\/wp\/v2\/anfragen\/21339\/revisions\/21385"}],"wp:attachment":[{"href":"https:\/\/gruene-wuppertal.de\/fraktion\/wp-json\/wp\/v2\/media?parent=21339"}],"wp:term":[{"taxonomy":"themen","embeddable":true,"href":"https:\/\/gruene-wuppertal.de\/fraktion\/wp-json\/wp\/v2\/themen?post=21339"}],"curies":[{"name":"wp","href":"https:\/\/api.w.org\/{rel}","templated":true}]}}