{"id":20865,"date":"2022-11-15T12:30:54","date_gmt":"2022-11-15T11:30:54","guid":{"rendered":"https:\/\/gruene-wuppertal.de\/fraktion\/?post_type=anfragen&#038;p=20865"},"modified":"2022-12-06T09:34:55","modified_gmt":"2022-12-06T08:34:55","slug":"zukuenftige-nutzung-der-raeumlichkeiten-der-st-anna-klinik-aufgabe-des-altenheimstandortes","status":"publish","type":"anfragen","link":"https:\/\/gruene-wuppertal.de\/fraktion\/anfragen\/zukuenftige-nutzung-der-raeumlichkeiten-der-st-anna-klinik-aufgabe-des-altenheimstandortes\/","title":{"rendered":"Zuk\u00fcnftige Nutzung der R\u00e4umlichkeiten der St. Anna-Klinik &#8211; Aufgabe des Altenheimstandortes"},"content":{"rendered":"<p><strong>Gro\u00dfe Anfrage der Fraktion B\u00dcNDNIS 90\/DIE GR\u00dcNEN an den Betriebsausschuss APH und KIJU am 29.11.2022 und an den Ausschuss f\u00fcr Soziales, Familie und Gesundheit am 29.11.2022<\/strong><\/p>\n<p><a href=\"https:\/\/gruene-wuppertal.de\/fraktion\/wp-content\/uploads\/2022\/11\/Antwort_Aufgabe-Altenheim-Standort.pdf\">Die Antwort finden Sie hier.<\/a><\/p>\n<p>Sehr geehrter Herr Ramette,<br \/>\nsehr geehrter Herr Gehrenbeck,<br \/>\nwie wir durch die Betriebsleitung der Altenpflegeheime und durch die Presse erfuhren, beabsichtigt der Eigenbetrieb APH die Nutzung der R\u00e4umlichkeiten in der Vogelsangstra\u00dfe 106 aufzugeben.<br \/>\nVor diesem Hintergrund bitten wir die Verwaltung um Beantwortung folgender Fragen:<\/p>\n<p>1. Bis zu welchem Zeitpunkt ist der Auszug aller Bewohner*innen des Altenheimes \u201eOLiPla geplant?<br \/>\n2. Wie kam es zu einem recht kurzfristigen Scheitern der Verhandlungen zwischen der Vermieterin (Cellitinnen) und dem Mieter (APH) bez\u00fcglich der Umbaukosten des Standortes und waren diese nicht mittelfristig absehbar?<br \/>\n3. Wird es von Seiten der Stadt Wuppertal eine weitere Anmietung der R\u00e4umlichkeiten geben, bspw. durch das Ressort Zuwanderung und Integration, um dort den Standort als Fl\u00fcchtlingsunterkunft weiter auszubauen?<br \/>\n4. Wie langfristig sind die Vertr\u00e4ge zwischen der Vermieterin und der Stadt Wuppertal f\u00fcr die durch die Stadt genutzten Fl\u00e4chen?<br \/>\n5. Ist die Stadt mit den Cellitinnen \u00fcber die langfristige Perspektive des gesamten Geb\u00e4udetraktes an der Vogelsangstra\u00dfe 106 im Gespr\u00e4ch oder hat sie Kenntnisse \u00fcber die Planung der Cellitinnen nach der eigentlichen Nutzung als Krankenhausstandort?<br \/>\n6. Teilt die Stadt die Auffassung, dass das Gel\u00e4nde von der Eigent\u00fcmerin dringend entwickelt werden muss, um weitere gro\u00dffl\u00e4chige Leerst\u00e4nde zu vermeiden?<\/p>\n<p>Die Verwaltung wird gebeten, die Antworten auch der BV Uellendahl-Katernberg zur Verf\u00fcgung zu stellen.<\/p>\n<p>Mit freundlichen Gr\u00fc\u00dfen<br \/>\nMarcel Gabriel-Simon\u00a0 \u00a0 \u00a0 \u00a0 \u00a0 \u00a0 \u00a0 \u00a0 \u00a0 \u00a0 \u00a0 \u00a0 \u00a0 \u00a0 \u00a0Verena Gabriel<br \/>\nSozialpolitischer Sprecher\u00a0 \u00a0 \u00a0 \u00a0 \u00a0 \u00a0 \u00a0 \u00a0 \u00a0 \u00a0 Sprecherin im BA APH\/KIJU<\/p>\n","protected":false},"excerpt":{"rendered":"<p>Gro\u00dfe Anfrage der Fraktion B\u00dcNDNIS 90\/DIE GR\u00dcNEN an den Betriebsausschuss APH und KIJU am 29.11.2022 und an den Ausschuss f\u00fcr Soziales, Familie und Gesundheit am 29.11.2022 Die Antwort finden Sie hier. Sehr geehrter Herr Ramette, sehr geehrter Herr Gehrenbeck, wie wir durch die Betriebsleitung der&#8230;<\/p>\n","protected":false},"author":89,"featured_media":0,"menu_order":0,"comment_status":"open","ping_status":"open","template":"","meta":{"_wp_rev_ctl_limit":""},"themen":[264,266,265,36],"yoast_head":"<!-- This site is optimized with the Yoast SEO plugin v21.8 - https:\/\/yoast.com\/wordpress\/plugins\/seo\/ -->\n<title>Zuk\u00fcnftige Nutzung der R\u00e4umlichkeiten der St. Anna-Klinik - Aufgabe des Altenheimstandortes - Fraktion von B\u00fcndnis 90 \/ DIE GR\u00dcNEN im Rat der Stadt Wuppertal<\/title>\n<meta name=\"robots\" content=\"index, follow, max-snippet:-1, max-image-preview:large, max-video-preview:-1\" \/>\n<link rel=\"canonical\" href=\"https:\/\/gruene-wuppertal.de\/fraktion\/anfragen\/zukuenftige-nutzung-der-raeumlichkeiten-der-st-anna-klinik-aufgabe-des-altenheimstandortes\/\" \/>\n<meta property=\"og:locale\" content=\"de_DE\" \/>\n<meta property=\"og:type\" content=\"article\" \/>\n<meta property=\"og:title\" content=\"Zuk\u00fcnftige Nutzung der R\u00e4umlichkeiten der St. Anna-Klinik - Aufgabe des Altenheimstandortes - Fraktion von B\u00fcndnis 90 \/ DIE GR\u00dcNEN im Rat der Stadt Wuppertal\" \/>\n<meta property=\"og:description\" content=\"Gro\u00dfe Anfrage der Fraktion B\u00dcNDNIS 90\/DIE GR\u00dcNEN an den Betriebsausschuss APH und KIJU am 29.11.2022 und an den Ausschuss f\u00fcr Soziales, Familie und Gesundheit am 29.11.2022 Die Antwort finden Sie hier. Sehr geehrter Herr Ramette, sehr geehrter Herr Gehrenbeck, wie wir durch die Betriebsleitung der...\" \/>\n<meta property=\"og:url\" content=\"https:\/\/gruene-wuppertal.de\/fraktion\/anfragen\/zukuenftige-nutzung-der-raeumlichkeiten-der-st-anna-klinik-aufgabe-des-altenheimstandortes\/\" \/>\n<meta property=\"og:site_name\" content=\"Fraktion von B\u00fcndnis 90 \/ DIE GR\u00dcNEN im Rat der Stadt Wuppertal\" \/>\n<meta property=\"article:modified_time\" content=\"2022-12-06T08:34:55+00:00\" \/>\n<meta name=\"twitter:card\" content=\"summary_large_image\" \/>\n<meta name=\"twitter:label1\" content=\"Gesch\u00e4tzte Lesezeit\" \/>\n\t<meta name=\"twitter:data1\" content=\"2 Minuten\" \/>\n<script type=\"application\/ld+json\" class=\"yoast-schema-graph\">{\"@context\":\"https:\/\/schema.org\",\"@graph\":[{\"@type\":\"WebPage\",\"@id\":\"https:\/\/gruene-wuppertal.de\/fraktion\/anfragen\/zukuenftige-nutzung-der-raeumlichkeiten-der-st-anna-klinik-aufgabe-des-altenheimstandortes\/\",\"url\":\"https:\/\/gruene-wuppertal.de\/fraktion\/anfragen\/zukuenftige-nutzung-der-raeumlichkeiten-der-st-anna-klinik-aufgabe-des-altenheimstandortes\/\",\"name\":\"Zuk\u00fcnftige Nutzung der R\u00e4umlichkeiten der St. Anna-Klinik - Aufgabe des Altenheimstandortes - Fraktion von B\u00fcndnis 90 \/ DIE GR\u00dcNEN im Rat der Stadt Wuppertal\",\"isPartOf\":{\"@id\":\"https:\/\/gruene-wuppertal.de\/fraktion\/#website\"},\"datePublished\":\"2022-11-15T11:30:54+00:00\",\"dateModified\":\"2022-12-06T08:34:55+00:00\",\"breadcrumb\":{\"@id\":\"https:\/\/gruene-wuppertal.de\/fraktion\/anfragen\/zukuenftige-nutzung-der-raeumlichkeiten-der-st-anna-klinik-aufgabe-des-altenheimstandortes\/#breadcrumb\"},\"inLanguage\":\"de-DE\",\"potentialAction\":[{\"@type\":\"ReadAction\",\"target\":[\"https:\/\/gruene-wuppertal.de\/fraktion\/anfragen\/zukuenftige-nutzung-der-raeumlichkeiten-der-st-anna-klinik-aufgabe-des-altenheimstandortes\/\"]}]},{\"@type\":\"BreadcrumbList\",\"@id\":\"https:\/\/gruene-wuppertal.de\/fraktion\/anfragen\/zukuenftige-nutzung-der-raeumlichkeiten-der-st-anna-klinik-aufgabe-des-altenheimstandortes\/#breadcrumb\",\"itemListElement\":[{\"@type\":\"ListItem\",\"position\":1,\"name\":\"Startseite\",\"item\":\"https:\/\/gruene-wuppertal.de\/fraktion\/\"},{\"@type\":\"ListItem\",\"position\":2,\"name\":\"Zuk\u00fcnftige Nutzung der R\u00e4umlichkeiten der St. Anna-Klinik &#8211; Aufgabe des Altenheimstandortes\"}]},{\"@type\":\"WebSite\",\"@id\":\"https:\/\/gruene-wuppertal.de\/fraktion\/#website\",\"url\":\"https:\/\/gruene-wuppertal.de\/fraktion\/\",\"name\":\"Fraktion von B\u00fcndnis 90 \/ DIE GR\u00dcNEN im Rat der Stadt Wuppertal\",\"description\":\"\",\"potentialAction\":[{\"@type\":\"SearchAction\",\"target\":{\"@type\":\"EntryPoint\",\"urlTemplate\":\"https:\/\/gruene-wuppertal.de\/fraktion\/?s={search_term_string}\"},\"query-input\":\"required name=search_term_string\"}],\"inLanguage\":\"de-DE\"}]}<\/script>\n<!-- \/ Yoast SEO plugin. -->","yoast_head_json":{"title":"Zuk\u00fcnftige Nutzung der R\u00e4umlichkeiten der St. Anna-Klinik - Aufgabe des Altenheimstandortes - Fraktion von B\u00fcndnis 90 \/ DIE GR\u00dcNEN im Rat der Stadt Wuppertal","robots":{"index":"index","follow":"follow","max-snippet":"max-snippet:-1","max-image-preview":"max-image-preview:large","max-video-preview":"max-video-preview:-1"},"canonical":"https:\/\/gruene-wuppertal.de\/fraktion\/anfragen\/zukuenftige-nutzung-der-raeumlichkeiten-der-st-anna-klinik-aufgabe-des-altenheimstandortes\/","og_locale":"de_DE","og_type":"article","og_title":"Zuk\u00fcnftige Nutzung der R\u00e4umlichkeiten der St. Anna-Klinik - Aufgabe des Altenheimstandortes - Fraktion von B\u00fcndnis 90 \/ DIE GR\u00dcNEN im Rat der Stadt Wuppertal","og_description":"Gro\u00dfe Anfrage der Fraktion B\u00dcNDNIS 90\/DIE GR\u00dcNEN an den Betriebsausschuss APH und KIJU am 29.11.2022 und an den Ausschuss f\u00fcr Soziales, Familie und Gesundheit am 29.11.2022 Die Antwort finden Sie hier. Sehr geehrter Herr Ramette, sehr geehrter Herr Gehrenbeck, wie wir durch die Betriebsleitung der...","og_url":"https:\/\/gruene-wuppertal.de\/fraktion\/anfragen\/zukuenftige-nutzung-der-raeumlichkeiten-der-st-anna-klinik-aufgabe-des-altenheimstandortes\/","og_site_name":"Fraktion von B\u00fcndnis 90 \/ DIE GR\u00dcNEN im Rat der Stadt Wuppertal","article_modified_time":"2022-12-06T08:34:55+00:00","twitter_card":"summary_large_image","twitter_misc":{"Gesch\u00e4tzte Lesezeit":"2 Minuten"},"schema":{"@context":"https:\/\/schema.org","@graph":[{"@type":"WebPage","@id":"https:\/\/gruene-wuppertal.de\/fraktion\/anfragen\/zukuenftige-nutzung-der-raeumlichkeiten-der-st-anna-klinik-aufgabe-des-altenheimstandortes\/","url":"https:\/\/gruene-wuppertal.de\/fraktion\/anfragen\/zukuenftige-nutzung-der-raeumlichkeiten-der-st-anna-klinik-aufgabe-des-altenheimstandortes\/","name":"Zuk\u00fcnftige Nutzung der R\u00e4umlichkeiten der St. Anna-Klinik - Aufgabe des Altenheimstandortes - Fraktion von B\u00fcndnis 90 \/ DIE GR\u00dcNEN im Rat der Stadt Wuppertal","isPartOf":{"@id":"https:\/\/gruene-wuppertal.de\/fraktion\/#website"},"datePublished":"2022-11-15T11:30:54+00:00","dateModified":"2022-12-06T08:34:55+00:00","breadcrumb":{"@id":"https:\/\/gruene-wuppertal.de\/fraktion\/anfragen\/zukuenftige-nutzung-der-raeumlichkeiten-der-st-anna-klinik-aufgabe-des-altenheimstandortes\/#breadcrumb"},"inLanguage":"de-DE","potentialAction":[{"@type":"ReadAction","target":["https:\/\/gruene-wuppertal.de\/fraktion\/anfragen\/zukuenftige-nutzung-der-raeumlichkeiten-der-st-anna-klinik-aufgabe-des-altenheimstandortes\/"]}]},{"@type":"BreadcrumbList","@id":"https:\/\/gruene-wuppertal.de\/fraktion\/anfragen\/zukuenftige-nutzung-der-raeumlichkeiten-der-st-anna-klinik-aufgabe-des-altenheimstandortes\/#breadcrumb","itemListElement":[{"@type":"ListItem","position":1,"name":"Startseite","item":"https:\/\/gruene-wuppertal.de\/fraktion\/"},{"@type":"ListItem","position":2,"name":"Zuk\u00fcnftige Nutzung der R\u00e4umlichkeiten der St. Anna-Klinik &#8211; Aufgabe des Altenheimstandortes"}]},{"@type":"WebSite","@id":"https:\/\/gruene-wuppertal.de\/fraktion\/#website","url":"https:\/\/gruene-wuppertal.de\/fraktion\/","name":"Fraktion von B\u00fcndnis 90 \/ DIE GR\u00dcNEN im Rat der Stadt Wuppertal","description":"","potentialAction":[{"@type":"SearchAction","target":{"@type":"EntryPoint","urlTemplate":"https:\/\/gruene-wuppertal.de\/fraktion\/?s={search_term_string}"},"query-input":"required name=search_term_string"}],"inLanguage":"de-DE"}]}},"post_mailing_queue_ids":[],"_links":{"self":[{"href":"https:\/\/gruene-wuppertal.de\/fraktion\/wp-json\/wp\/v2\/anfragen\/20865"}],"collection":[{"href":"https:\/\/gruene-wuppertal.de\/fraktion\/wp-json\/wp\/v2\/anfragen"}],"about":[{"href":"https:\/\/gruene-wuppertal.de\/fraktion\/wp-json\/wp\/v2\/types\/anfragen"}],"author":[{"embeddable":true,"href":"https:\/\/gruene-wuppertal.de\/fraktion\/wp-json\/wp\/v2\/users\/89"}],"replies":[{"embeddable":true,"href":"https:\/\/gruene-wuppertal.de\/fraktion\/wp-json\/wp\/v2\/comments?post=20865"}],"version-history":[{"count":4,"href":"https:\/\/gruene-wuppertal.de\/fraktion\/wp-json\/wp\/v2\/anfragen\/20865\/revisions"}],"predecessor-version":[{"id":20939,"href":"https:\/\/gruene-wuppertal.de\/fraktion\/wp-json\/wp\/v2\/anfragen\/20865\/revisions\/20939"}],"wp:attachment":[{"href":"https:\/\/gruene-wuppertal.de\/fraktion\/wp-json\/wp\/v2\/media?parent=20865"}],"wp:term":[{"taxonomy":"themen","embeddable":true,"href":"https:\/\/gruene-wuppertal.de\/fraktion\/wp-json\/wp\/v2\/themen?post=20865"}],"curies":[{"name":"wp","href":"https:\/\/api.w.org\/{rel}","templated":true}]}}