{"id":19311,"date":"2021-06-09T10:12:12","date_gmt":"2021-06-09T08:12:12","guid":{"rendered":"https:\/\/gruene-wuppertal.de\/fraktion\/?post_type=anfragen&#038;p=19311"},"modified":"2021-06-17T10:00:15","modified_gmt":"2021-06-17T08:00:15","slug":"flaechen-unter-autobahnbruecken","status":"publish","type":"anfragen","link":"https:\/\/gruene-wuppertal.de\/fraktion\/anfragen\/flaechen-unter-autobahnbruecken\/","title":{"rendered":"Fl\u00e4chen unter Autobahnbr\u00fccken"},"content":{"rendered":"<p><strong>Gro\u00dfe Anfrage der Fraktion B\u00dcNDNIS 90\/DIE GR\u00dcNEN an den Ausschuss f\u00fcr Stadtentwicklung und Bauen am 10.06.2021\u00a0<\/strong><\/p>\n<p><strong>Die Antwort finden Sie hier: <a href=\"https:\/\/gruene-wuppertal.de\/fraktion\/wp-content\/uploads\/2021\/06\/VO_0927_21_1_A_Antwort_Autobahnbruecken.pdf\">VO_0927_21_1_A_Antwort_Autobahnbr\u00fccken<\/a><\/strong><\/p>\n<p>Sehr geehrter Herr K\u00f6ksal,<\/p>\n<p>intelligente Innenverdichtung und Nutzung freier Fl\u00e4chen nahe des Stadtkerns geh\u00f6ren zu den erkl\u00e4rten gesamtpolitischen Zielen der Stadt. Durch die Lage der A46 gibt es im Stadtgebiet eine Vielzahl an Autobahnbr\u00fccken und entsprechender Fl\u00e4che darunter. Im Sinne einer kreativen Stadtgestaltung m\u00f6chten wir wissen, welche Nutzungsm\u00f6glichkeiten f\u00fcr diese Fl\u00e4chen in Frage kommen um entsprechende in Frage kommende Initiativen zu entwickeln oder auch bei Nachfrage und Suche nach Fl\u00e4chen f\u00fcr unterschiedlichste Projekte auch diese mit zu ber\u00fccksichtigen.<\/p>\n<p>Vor diesem Hintergrund bittet die Fraktion B\u00dcNDNIS 90\/DIE GR\u00dcNEN um die Beantwortung der folgenden Fragen:<\/p>\n<ul>\n<li>Welche Fl\u00e4chen unter Autobahnbr\u00fccken und -\u00fcberf\u00fchrungen auf Stadtgebiet sind vorhanden? Wir bitten um Angabe der Gr\u00f6\u00dfe der Fl\u00e4che, die derzeitige Nutzung und die Besitzverh\u00e4ltnisse (privat oder \u00f6ffentlich).<\/li>\n<li>Welche Nutzungen auf diesen Fl\u00e4chen sind, ggf. in Absprache mit der Autobahn GmbH, theoretisch m\u00f6glich bzw. welche sind kategorisch ausgeschlossen?<\/li>\n<\/ul>\n<p>&nbsp;<\/p>\n<p>Mit freundlichen Gr\u00fc\u00dfen<\/p>\n<p>Marta Ulusoy\u00a0\u00a0\u00a0\u00a0\u00a0\u00a0\u00a0\u00a0\u00a0\u00a0\u00a0\u00a0\u00a0\u00a0\u00a0\u00a0\u00a0 \u00a0\u00a0\u00a0\u00a0\u00a0\u00a0\u00a0\u00a0\u00a0\u00a0\u00a0\u00a0\u00a0 Yazg\u00fcl\u00fc Zeybek<\/p>\n<p>Stadtverordnete\u00a0\u00a0\u00a0\u00a0\u00a0\u00a0\u00a0\u00a0\u00a0\u00a0\u00a0\u00a0\u00a0\u00a0\u00a0\u00a0\u00a0\u00a0\u00a0\u00a0\u00a0\u00a0\u00a0\u00a0\u00a0\u00a0 Fraktionsvorsitzende<\/p>\n<p>&nbsp;<\/p>\n","protected":false},"excerpt":{"rendered":"<p>Gro\u00dfe Anfrage der Fraktion B\u00dcNDNIS 90\/DIE GR\u00dcNEN an den Ausschuss f\u00fcr Stadtentwicklung und Bauen am 10.06.2021\u00a0 Die Antwort finden Sie hier: VO_0927_21_1_A_Antwort_Autobahnbr\u00fccken Sehr geehrter Herr K\u00f6ksal, intelligente Innenverdichtung und Nutzung freier Fl\u00e4chen nahe des Stadtkerns geh\u00f6ren zu den erkl\u00e4rten gesamtpolitischen Zielen der Stadt. Durch die&#8230;<\/p>\n","protected":false},"author":89,"featured_media":0,"menu_order":0,"comment_status":"open","ping_status":"open","template":"","meta":{"_wp_rev_ctl_limit":""},"themen":[87,58],"yoast_head":"<!-- This site is optimized with the Yoast SEO plugin v21.8 - https:\/\/yoast.com\/wordpress\/plugins\/seo\/ -->\n<title>Fl\u00e4chen unter Autobahnbr\u00fccken - Fraktion von B\u00fcndnis 90 \/ DIE GR\u00dcNEN im Rat der Stadt Wuppertal<\/title>\n<meta name=\"robots\" content=\"index, follow, max-snippet:-1, max-image-preview:large, max-video-preview:-1\" \/>\n<link rel=\"canonical\" href=\"https:\/\/gruene-wuppertal.de\/fraktion\/anfragen\/flaechen-unter-autobahnbruecken\/\" \/>\n<meta property=\"og:locale\" content=\"de_DE\" \/>\n<meta property=\"og:type\" content=\"article\" \/>\n<meta property=\"og:title\" content=\"Fl\u00e4chen unter Autobahnbr\u00fccken - Fraktion von B\u00fcndnis 90 \/ DIE GR\u00dcNEN im Rat der Stadt Wuppertal\" \/>\n<meta property=\"og:description\" content=\"Gro\u00dfe Anfrage der Fraktion B\u00dcNDNIS 90\/DIE GR\u00dcNEN an den Ausschuss f\u00fcr Stadtentwicklung und Bauen am 10.06.2021\u00a0 Die Antwort finden Sie hier: VO_0927_21_1_A_Antwort_Autobahnbr\u00fccken Sehr geehrter Herr K\u00f6ksal, intelligente Innenverdichtung und Nutzung freier Fl\u00e4chen nahe des Stadtkerns geh\u00f6ren zu den erkl\u00e4rten gesamtpolitischen Zielen der Stadt. Durch die...\" \/>\n<meta property=\"og:url\" content=\"https:\/\/gruene-wuppertal.de\/fraktion\/anfragen\/flaechen-unter-autobahnbruecken\/\" \/>\n<meta property=\"og:site_name\" content=\"Fraktion von B\u00fcndnis 90 \/ DIE GR\u00dcNEN im Rat der Stadt Wuppertal\" \/>\n<meta property=\"article:modified_time\" content=\"2021-06-17T08:00:15+00:00\" \/>\n<meta name=\"twitter:card\" content=\"summary_large_image\" \/>\n<meta name=\"twitter:label1\" content=\"Gesch\u00e4tzte Lesezeit\" \/>\n\t<meta name=\"twitter:data1\" content=\"1 Minute\" \/>\n<script type=\"application\/ld+json\" class=\"yoast-schema-graph\">{\"@context\":\"https:\/\/schema.org\",\"@graph\":[{\"@type\":\"WebPage\",\"@id\":\"https:\/\/gruene-wuppertal.de\/fraktion\/anfragen\/flaechen-unter-autobahnbruecken\/\",\"url\":\"https:\/\/gruene-wuppertal.de\/fraktion\/anfragen\/flaechen-unter-autobahnbruecken\/\",\"name\":\"Fl\u00e4chen unter Autobahnbr\u00fccken - Fraktion von B\u00fcndnis 90 \/ DIE GR\u00dcNEN im Rat der Stadt Wuppertal\",\"isPartOf\":{\"@id\":\"https:\/\/gruene-wuppertal.de\/fraktion\/#website\"},\"datePublished\":\"2021-06-09T08:12:12+00:00\",\"dateModified\":\"2021-06-17T08:00:15+00:00\",\"breadcrumb\":{\"@id\":\"https:\/\/gruene-wuppertal.de\/fraktion\/anfragen\/flaechen-unter-autobahnbruecken\/#breadcrumb\"},\"inLanguage\":\"de-DE\",\"potentialAction\":[{\"@type\":\"ReadAction\",\"target\":[\"https:\/\/gruene-wuppertal.de\/fraktion\/anfragen\/flaechen-unter-autobahnbruecken\/\"]}]},{\"@type\":\"BreadcrumbList\",\"@id\":\"https:\/\/gruene-wuppertal.de\/fraktion\/anfragen\/flaechen-unter-autobahnbruecken\/#breadcrumb\",\"itemListElement\":[{\"@type\":\"ListItem\",\"position\":1,\"name\":\"Startseite\",\"item\":\"https:\/\/gruene-wuppertal.de\/fraktion\/\"},{\"@type\":\"ListItem\",\"position\":2,\"name\":\"Fl\u00e4chen unter Autobahnbr\u00fccken\"}]},{\"@type\":\"WebSite\",\"@id\":\"https:\/\/gruene-wuppertal.de\/fraktion\/#website\",\"url\":\"https:\/\/gruene-wuppertal.de\/fraktion\/\",\"name\":\"Fraktion von B\u00fcndnis 90 \/ DIE GR\u00dcNEN im Rat der Stadt Wuppertal\",\"description\":\"\",\"potentialAction\":[{\"@type\":\"SearchAction\",\"target\":{\"@type\":\"EntryPoint\",\"urlTemplate\":\"https:\/\/gruene-wuppertal.de\/fraktion\/?s={search_term_string}\"},\"query-input\":\"required name=search_term_string\"}],\"inLanguage\":\"de-DE\"}]}<\/script>\n<!-- \/ Yoast SEO plugin. -->","yoast_head_json":{"title":"Fl\u00e4chen unter Autobahnbr\u00fccken - Fraktion von B\u00fcndnis 90 \/ DIE GR\u00dcNEN im Rat der Stadt Wuppertal","robots":{"index":"index","follow":"follow","max-snippet":"max-snippet:-1","max-image-preview":"max-image-preview:large","max-video-preview":"max-video-preview:-1"},"canonical":"https:\/\/gruene-wuppertal.de\/fraktion\/anfragen\/flaechen-unter-autobahnbruecken\/","og_locale":"de_DE","og_type":"article","og_title":"Fl\u00e4chen unter Autobahnbr\u00fccken - Fraktion von B\u00fcndnis 90 \/ DIE GR\u00dcNEN im Rat der Stadt Wuppertal","og_description":"Gro\u00dfe Anfrage der Fraktion B\u00dcNDNIS 90\/DIE GR\u00dcNEN an den Ausschuss f\u00fcr Stadtentwicklung und Bauen am 10.06.2021\u00a0 Die Antwort finden Sie hier: VO_0927_21_1_A_Antwort_Autobahnbr\u00fccken Sehr geehrter Herr K\u00f6ksal, intelligente Innenverdichtung und Nutzung freier Fl\u00e4chen nahe des Stadtkerns geh\u00f6ren zu den erkl\u00e4rten gesamtpolitischen Zielen der Stadt. Durch die...","og_url":"https:\/\/gruene-wuppertal.de\/fraktion\/anfragen\/flaechen-unter-autobahnbruecken\/","og_site_name":"Fraktion von B\u00fcndnis 90 \/ DIE GR\u00dcNEN im Rat der Stadt Wuppertal","article_modified_time":"2021-06-17T08:00:15+00:00","twitter_card":"summary_large_image","twitter_misc":{"Gesch\u00e4tzte Lesezeit":"1 Minute"},"schema":{"@context":"https:\/\/schema.org","@graph":[{"@type":"WebPage","@id":"https:\/\/gruene-wuppertal.de\/fraktion\/anfragen\/flaechen-unter-autobahnbruecken\/","url":"https:\/\/gruene-wuppertal.de\/fraktion\/anfragen\/flaechen-unter-autobahnbruecken\/","name":"Fl\u00e4chen unter Autobahnbr\u00fccken - Fraktion von B\u00fcndnis 90 \/ DIE GR\u00dcNEN im Rat der Stadt Wuppertal","isPartOf":{"@id":"https:\/\/gruene-wuppertal.de\/fraktion\/#website"},"datePublished":"2021-06-09T08:12:12+00:00","dateModified":"2021-06-17T08:00:15+00:00","breadcrumb":{"@id":"https:\/\/gruene-wuppertal.de\/fraktion\/anfragen\/flaechen-unter-autobahnbruecken\/#breadcrumb"},"inLanguage":"de-DE","potentialAction":[{"@type":"ReadAction","target":["https:\/\/gruene-wuppertal.de\/fraktion\/anfragen\/flaechen-unter-autobahnbruecken\/"]}]},{"@type":"BreadcrumbList","@id":"https:\/\/gruene-wuppertal.de\/fraktion\/anfragen\/flaechen-unter-autobahnbruecken\/#breadcrumb","itemListElement":[{"@type":"ListItem","position":1,"name":"Startseite","item":"https:\/\/gruene-wuppertal.de\/fraktion\/"},{"@type":"ListItem","position":2,"name":"Fl\u00e4chen unter Autobahnbr\u00fccken"}]},{"@type":"WebSite","@id":"https:\/\/gruene-wuppertal.de\/fraktion\/#website","url":"https:\/\/gruene-wuppertal.de\/fraktion\/","name":"Fraktion von B\u00fcndnis 90 \/ DIE GR\u00dcNEN im Rat der Stadt Wuppertal","description":"","potentialAction":[{"@type":"SearchAction","target":{"@type":"EntryPoint","urlTemplate":"https:\/\/gruene-wuppertal.de\/fraktion\/?s={search_term_string}"},"query-input":"required name=search_term_string"}],"inLanguage":"de-DE"}]}},"post_mailing_queue_ids":[],"_links":{"self":[{"href":"https:\/\/gruene-wuppertal.de\/fraktion\/wp-json\/wp\/v2\/anfragen\/19311"}],"collection":[{"href":"https:\/\/gruene-wuppertal.de\/fraktion\/wp-json\/wp\/v2\/anfragen"}],"about":[{"href":"https:\/\/gruene-wuppertal.de\/fraktion\/wp-json\/wp\/v2\/types\/anfragen"}],"author":[{"embeddable":true,"href":"https:\/\/gruene-wuppertal.de\/fraktion\/wp-json\/wp\/v2\/users\/89"}],"replies":[{"embeddable":true,"href":"https:\/\/gruene-wuppertal.de\/fraktion\/wp-json\/wp\/v2\/comments?post=19311"}],"version-history":[{"count":6,"href":"https:\/\/gruene-wuppertal.de\/fraktion\/wp-json\/wp\/v2\/anfragen\/19311\/revisions"}],"predecessor-version":[{"id":19356,"href":"https:\/\/gruene-wuppertal.de\/fraktion\/wp-json\/wp\/v2\/anfragen\/19311\/revisions\/19356"}],"wp:attachment":[{"href":"https:\/\/gruene-wuppertal.de\/fraktion\/wp-json\/wp\/v2\/media?parent=19311"}],"wp:term":[{"taxonomy":"themen","embeddable":true,"href":"https:\/\/gruene-wuppertal.de\/fraktion\/wp-json\/wp\/v2\/themen?post=19311"}],"curies":[{"name":"wp","href":"https:\/\/api.w.org\/{rel}","templated":true}]}}