{"id":14038,"date":"2018-10-22T13:38:04","date_gmt":"2018-10-22T13:38:04","guid":{"rendered":"https:\/\/gruene-wuppertal.de\/fraktion\/?post_type=anfragen&amp;p=14038"},"modified":"2018-10-22T13:38:04","modified_gmt":"2018-10-22T13:38:04","slug":"ansiedlung-einer-forensischen-klinik-auf-der-kleinen-hohe-oder-an-der-parkstrase-2","status":"publish","type":"anfragen","link":"https:\/\/gruene-wuppertal.de\/fraktion\/anfragen\/ansiedlung-einer-forensischen-klinik-auf-der-kleinen-hohe-oder-an-der-parkstrase-2\/","title":{"rendered":"Ansiedlung einer forensischen Klinik auf der Kleinen H\u00f6he oder an der Parkstra\u00dfe"},"content":{"rendered":"<p><strong>Gro\u00dfe Anfrage an den Ausschuss f\u00fcr Stadtentwicklung, Wirtschaft und Bauen am 08.11.2018<\/strong><\/p>\n<p>Die Antwort der Verwaltung finden Sie hier: <a href=\"https:\/\/gruene-wuppertal.de\/fraktion\/wp-content\/uploads\/2018\/10\/Antwort_Kleine_Hoehe.pdf\">Antwort_Kleine_Hoehe<\/a><\/p>\n<p>Sehr geehrter Herr M\u00fcller,<\/p>\n<p>das B-Planverfahren zur Ansiedlung einer forensischen Klinik auf der Kleinen H\u00f6he soll weitergef\u00fchrt werden. In einem Schreiben des Landesbeauftragten f\u00fcr den Ma\u00dfregelvollzug hei\u00dft es, dass das Land NRW die Fl\u00e4che\u00a0 auf der Kleinen H\u00f6he mittlerweile priorisiere, allerdings auch die Fl\u00e4che an der Parkstra\u00dfe, die urspr\u00fcnglich f\u00fcr die Bereitschaftspolizei vorgesehen war, f\u00fcr geeignet halte.<\/p>\n<p>Vor diesem Hintergrund bitten wir die Verwaltung um die Beantwortung der folgenden Fragen:<\/p>\n<ol start=\"1\">\n<li>Welche verwaltungsrechtlichen M\u00f6glichkeiten gibt es f\u00fcr die Stadt Wuppertal, das B-Planverfahren 1230 &#8211; Ma\u00dfregelvollzugsklinik Kleine H\u00f6he zu beenden und dem Land NRW vorzuschlagen, die forensische Klinik auf der Fl\u00e4che an der Parkstra\u00dfe zu bauen?<\/li>\n<\/ol>\n<ol start=\"2\">\n<li>Welche verwaltungsrechtlichen M\u00f6glichkeiten gibt es bei Fortf\u00fchrung des B-Planverfahrens 1230 &#8211; Ma\u00dfregelvollzugsklinik Kleine H\u00f6he, die restliche Fl\u00e4che von einer Bebauung frei zu halten?<\/li>\n<\/ol>\n<p>Mit freundlichen Gr\u00fc\u00dfen<\/p>\n<p>Anja Liebert\u00a0\u00a0\u00a0\u00a0\u00a0\u00a0\u00a0\u00a0\u00a0\u00a0\u00a0\u00a0\u00a0\u00a0\u00a0\u00a0\u00a0\u00a0\u00a0\u00a0\u00a0\u00a0\u00a0\u00a0\u00a0\u00a0\u00a0\u00a0\u00a0\u00a0\u00a0\u00a0\u00a0\u00a0\u00a0\u00a0\u00a0\u00a0\u00a0 Yazg\u00fcl\u00fc Zeybek<br \/>\nFraktionsvorsitzende\u00a0\u00a0\u00a0\u00a0\u00a0\u00a0\u00a0\u00a0\u00a0\u00a0\u00a0\u00a0\u00a0\u00a0\u00a0\u00a0\u00a0\u00a0\u00a0\u00a0\u00a0\u00a0\u00a0 \u00a0 Stadtverordnete<\/p>\n","protected":false},"excerpt":{"rendered":"<p>Gro\u00dfe Anfrage an den Ausschuss f\u00fcr Stadtentwicklung, Wirtschaft und Bauen am 08.11.2018 Die Antwort der Verwaltung finden Sie hier: Antwort_Kleine_Hoehe Sehr geehrter Herr M\u00fcller, das B-Planverfahren zur Ansiedlung einer forensischen Klinik auf der Kleinen H\u00f6he soll weitergef\u00fchrt werden. In einem Schreiben des Landesbeauftragten f\u00fcr den&#8230;<\/p>\n","protected":false},"author":20,"featured_media":0,"menu_order":0,"comment_status":"closed","ping_status":"closed","template":"","meta":{"_wp_rev_ctl_limit":""},"themen":[25,9,23],"yoast_head":"<!-- This site is optimized with the Yoast SEO plugin v21.8 - https:\/\/yoast.com\/wordpress\/plugins\/seo\/ -->\n<title>Ansiedlung einer forensischen Klinik auf der Kleinen H\u00f6he oder an der Parkstra\u00dfe - Fraktion von B\u00fcndnis 90 \/ DIE GR\u00dcNEN im Rat der Stadt Wuppertal<\/title>\n<meta name=\"robots\" content=\"index, follow, max-snippet:-1, max-image-preview:large, max-video-preview:-1\" \/>\n<link rel=\"canonical\" href=\"https:\/\/gruene-wuppertal.de\/fraktion\/anfragen\/ansiedlung-einer-forensischen-klinik-auf-der-kleinen-hohe-oder-an-der-parkstrase-2\/\" \/>\n<meta property=\"og:locale\" content=\"de_DE\" \/>\n<meta property=\"og:type\" content=\"article\" \/>\n<meta property=\"og:title\" content=\"Ansiedlung einer forensischen Klinik auf der Kleinen H\u00f6he oder an der Parkstra\u00dfe - Fraktion von B\u00fcndnis 90 \/ DIE GR\u00dcNEN im Rat der Stadt Wuppertal\" \/>\n<meta property=\"og:description\" content=\"Gro\u00dfe Anfrage an den Ausschuss f\u00fcr Stadtentwicklung, Wirtschaft und Bauen am 08.11.2018 Die Antwort der Verwaltung finden Sie hier: Antwort_Kleine_Hoehe Sehr geehrter Herr M\u00fcller, das B-Planverfahren zur Ansiedlung einer forensischen Klinik auf der Kleinen H\u00f6he soll weitergef\u00fchrt werden. In einem Schreiben des Landesbeauftragten f\u00fcr den...\" \/>\n<meta property=\"og:url\" content=\"https:\/\/gruene-wuppertal.de\/fraktion\/anfragen\/ansiedlung-einer-forensischen-klinik-auf-der-kleinen-hohe-oder-an-der-parkstrase-2\/\" \/>\n<meta property=\"og:site_name\" content=\"Fraktion von B\u00fcndnis 90 \/ DIE GR\u00dcNEN im Rat der Stadt Wuppertal\" \/>\n<meta name=\"twitter:card\" content=\"summary_large_image\" \/>\n<meta name=\"twitter:label1\" content=\"Gesch\u00e4tzte Lesezeit\" \/>\n\t<meta name=\"twitter:data1\" content=\"1 Minute\" \/>\n<script type=\"application\/ld+json\" class=\"yoast-schema-graph\">{\"@context\":\"https:\/\/schema.org\",\"@graph\":[{\"@type\":\"WebPage\",\"@id\":\"https:\/\/gruene-wuppertal.de\/fraktion\/anfragen\/ansiedlung-einer-forensischen-klinik-auf-der-kleinen-hohe-oder-an-der-parkstrase-2\/\",\"url\":\"https:\/\/gruene-wuppertal.de\/fraktion\/anfragen\/ansiedlung-einer-forensischen-klinik-auf-der-kleinen-hohe-oder-an-der-parkstrase-2\/\",\"name\":\"Ansiedlung einer forensischen Klinik auf der Kleinen H\u00f6he oder an der Parkstra\u00dfe - Fraktion von B\u00fcndnis 90 \/ DIE GR\u00dcNEN im Rat der Stadt Wuppertal\",\"isPartOf\":{\"@id\":\"https:\/\/gruene-wuppertal.de\/fraktion\/#website\"},\"datePublished\":\"2018-10-22T13:38:04+00:00\",\"dateModified\":\"2018-10-22T13:38:04+00:00\",\"breadcrumb\":{\"@id\":\"https:\/\/gruene-wuppertal.de\/fraktion\/anfragen\/ansiedlung-einer-forensischen-klinik-auf-der-kleinen-hohe-oder-an-der-parkstrase-2\/#breadcrumb\"},\"inLanguage\":\"de-DE\",\"potentialAction\":[{\"@type\":\"ReadAction\",\"target\":[\"https:\/\/gruene-wuppertal.de\/fraktion\/anfragen\/ansiedlung-einer-forensischen-klinik-auf-der-kleinen-hohe-oder-an-der-parkstrase-2\/\"]}]},{\"@type\":\"BreadcrumbList\",\"@id\":\"https:\/\/gruene-wuppertal.de\/fraktion\/anfragen\/ansiedlung-einer-forensischen-klinik-auf-der-kleinen-hohe-oder-an-der-parkstrase-2\/#breadcrumb\",\"itemListElement\":[{\"@type\":\"ListItem\",\"position\":1,\"name\":\"Startseite\",\"item\":\"https:\/\/gruene-wuppertal.de\/fraktion\/\"},{\"@type\":\"ListItem\",\"position\":2,\"name\":\"Ansiedlung einer forensischen Klinik auf der Kleinen H\u00f6he oder an der Parkstra\u00dfe\"}]},{\"@type\":\"WebSite\",\"@id\":\"https:\/\/gruene-wuppertal.de\/fraktion\/#website\",\"url\":\"https:\/\/gruene-wuppertal.de\/fraktion\/\",\"name\":\"Fraktion von B\u00fcndnis 90 \/ DIE GR\u00dcNEN im Rat der Stadt Wuppertal\",\"description\":\"\",\"potentialAction\":[{\"@type\":\"SearchAction\",\"target\":{\"@type\":\"EntryPoint\",\"urlTemplate\":\"https:\/\/gruene-wuppertal.de\/fraktion\/?s={search_term_string}\"},\"query-input\":\"required name=search_term_string\"}],\"inLanguage\":\"de-DE\"}]}<\/script>\n<!-- \/ Yoast SEO plugin. -->","yoast_head_json":{"title":"Ansiedlung einer forensischen Klinik auf der Kleinen H\u00f6he oder an der Parkstra\u00dfe - Fraktion von B\u00fcndnis 90 \/ DIE GR\u00dcNEN im Rat der Stadt Wuppertal","robots":{"index":"index","follow":"follow","max-snippet":"max-snippet:-1","max-image-preview":"max-image-preview:large","max-video-preview":"max-video-preview:-1"},"canonical":"https:\/\/gruene-wuppertal.de\/fraktion\/anfragen\/ansiedlung-einer-forensischen-klinik-auf-der-kleinen-hohe-oder-an-der-parkstrase-2\/","og_locale":"de_DE","og_type":"article","og_title":"Ansiedlung einer forensischen Klinik auf der Kleinen H\u00f6he oder an der Parkstra\u00dfe - Fraktion von B\u00fcndnis 90 \/ DIE GR\u00dcNEN im Rat der Stadt Wuppertal","og_description":"Gro\u00dfe Anfrage an den Ausschuss f\u00fcr Stadtentwicklung, Wirtschaft und Bauen am 08.11.2018 Die Antwort der Verwaltung finden Sie hier: Antwort_Kleine_Hoehe Sehr geehrter Herr M\u00fcller, das B-Planverfahren zur Ansiedlung einer forensischen Klinik auf der Kleinen H\u00f6he soll weitergef\u00fchrt werden. In einem Schreiben des Landesbeauftragten f\u00fcr den...","og_url":"https:\/\/gruene-wuppertal.de\/fraktion\/anfragen\/ansiedlung-einer-forensischen-klinik-auf-der-kleinen-hohe-oder-an-der-parkstrase-2\/","og_site_name":"Fraktion von B\u00fcndnis 90 \/ DIE GR\u00dcNEN im Rat der Stadt Wuppertal","twitter_card":"summary_large_image","twitter_misc":{"Gesch\u00e4tzte Lesezeit":"1 Minute"},"schema":{"@context":"https:\/\/schema.org","@graph":[{"@type":"WebPage","@id":"https:\/\/gruene-wuppertal.de\/fraktion\/anfragen\/ansiedlung-einer-forensischen-klinik-auf-der-kleinen-hohe-oder-an-der-parkstrase-2\/","url":"https:\/\/gruene-wuppertal.de\/fraktion\/anfragen\/ansiedlung-einer-forensischen-klinik-auf-der-kleinen-hohe-oder-an-der-parkstrase-2\/","name":"Ansiedlung einer forensischen Klinik auf der Kleinen H\u00f6he oder an der Parkstra\u00dfe - Fraktion von B\u00fcndnis 90 \/ DIE GR\u00dcNEN im Rat der Stadt Wuppertal","isPartOf":{"@id":"https:\/\/gruene-wuppertal.de\/fraktion\/#website"},"datePublished":"2018-10-22T13:38:04+00:00","dateModified":"2018-10-22T13:38:04+00:00","breadcrumb":{"@id":"https:\/\/gruene-wuppertal.de\/fraktion\/anfragen\/ansiedlung-einer-forensischen-klinik-auf-der-kleinen-hohe-oder-an-der-parkstrase-2\/#breadcrumb"},"inLanguage":"de-DE","potentialAction":[{"@type":"ReadAction","target":["https:\/\/gruene-wuppertal.de\/fraktion\/anfragen\/ansiedlung-einer-forensischen-klinik-auf-der-kleinen-hohe-oder-an-der-parkstrase-2\/"]}]},{"@type":"BreadcrumbList","@id":"https:\/\/gruene-wuppertal.de\/fraktion\/anfragen\/ansiedlung-einer-forensischen-klinik-auf-der-kleinen-hohe-oder-an-der-parkstrase-2\/#breadcrumb","itemListElement":[{"@type":"ListItem","position":1,"name":"Startseite","item":"https:\/\/gruene-wuppertal.de\/fraktion\/"},{"@type":"ListItem","position":2,"name":"Ansiedlung einer forensischen Klinik auf der Kleinen H\u00f6he oder an der Parkstra\u00dfe"}]},{"@type":"WebSite","@id":"https:\/\/gruene-wuppertal.de\/fraktion\/#website","url":"https:\/\/gruene-wuppertal.de\/fraktion\/","name":"Fraktion von B\u00fcndnis 90 \/ DIE GR\u00dcNEN im Rat der Stadt Wuppertal","description":"","potentialAction":[{"@type":"SearchAction","target":{"@type":"EntryPoint","urlTemplate":"https:\/\/gruene-wuppertal.de\/fraktion\/?s={search_term_string}"},"query-input":"required name=search_term_string"}],"inLanguage":"de-DE"}]}},"post_mailing_queue_ids":[],"_links":{"self":[{"href":"https:\/\/gruene-wuppertal.de\/fraktion\/wp-json\/wp\/v2\/anfragen\/14038"}],"collection":[{"href":"https:\/\/gruene-wuppertal.de\/fraktion\/wp-json\/wp\/v2\/anfragen"}],"about":[{"href":"https:\/\/gruene-wuppertal.de\/fraktion\/wp-json\/wp\/v2\/types\/anfragen"}],"author":[{"embeddable":true,"href":"https:\/\/gruene-wuppertal.de\/fraktion\/wp-json\/wp\/v2\/users\/20"}],"replies":[{"embeddable":true,"href":"https:\/\/gruene-wuppertal.de\/fraktion\/wp-json\/wp\/v2\/comments?post=14038"}],"version-history":[{"count":0,"href":"https:\/\/gruene-wuppertal.de\/fraktion\/wp-json\/wp\/v2\/anfragen\/14038\/revisions"}],"wp:attachment":[{"href":"https:\/\/gruene-wuppertal.de\/fraktion\/wp-json\/wp\/v2\/media?parent=14038"}],"wp:term":[{"taxonomy":"themen","embeddable":true,"href":"https:\/\/gruene-wuppertal.de\/fraktion\/wp-json\/wp\/v2\/themen?post=14038"}],"curies":[{"name":"wp","href":"https:\/\/api.w.org\/{rel}","templated":true}]}}