{"id":12715,"date":"2018-01-23T14:53:24","date_gmt":"2018-01-23T14:53:24","guid":{"rendered":"https:\/\/gruene-wuppertal.de\/fraktion\/?post_type=anfragen&amp;p=12715"},"modified":"2018-01-23T14:53:24","modified_gmt":"2018-01-23T14:53:24","slug":"forensik-standorte-in-wuppertal-2","status":"publish","type":"anfragen","link":"https:\/\/gruene-wuppertal.de\/fraktion\/anfragen\/forensik-standorte-in-wuppertal-2\/","title":{"rendered":"Forensik-Standorte in Wuppertal"},"content":{"rendered":"<p><strong>Die Antwort des Oberb\u00fcrgermeisters finden Sie in dieser PDF-Datei<\/strong>:<br \/>\n<a href=\"https:\/\/gruene-wuppertal.de\/fraktion\/wp-content\/uploads\/2018\/01\/Antwort_Kleine_Anfrage_Forensik.pdf\">Antwort_Kleine_Anfrage_Forensik<\/a><\/p>\n<p>Sehr geehrter Herr Oberb\u00fcrgermeister,<\/p>\n<p>der Antwort des NRW-Innenministeriums auf die kleine Anfrage des Landtagsabgeordneten Mostofizadeh (GR\u00dcNE) \u201e\u00dcberpr\u00fcft das Land den Umzug der Bereitschaftspolizei Wuppertal und welche Auswirkungen hat dies auf die geplante Errichtung einer Forensik auf der Kleinen H\u00f6he?\u201c (<a href=\"https:\/\/www.landtag.nrw.de\/Dokumentenservice\/portal\/WWW\/dokumentenarchiv\/Dokument\/MMD17-1776.pdf\">17\/1776<\/a>) ist zu entnehmen, dass das Land NRW die landeseigene Fl\u00e4che an der Parkstra\u00dfe f\u00fcr eine Forensik zur Verf\u00fcgung stellen m\u00f6chte, wenn die Fl\u00e4che an der M\u00fcngstener Stra\u00dfe dauerhaft f\u00fcr polizeiliche Zweck ben\u00f6tigt wird.<\/p>\n<p>Im Zusammenhang mit der Benennung der Kleinen H\u00f6he als Alternative zum Standort an der M\u00fcngstener Stra\u00dfe wurde vereinbart, dass bis Ende 2017 f\u00fcr das Vorhaben Baurecht geschaffen werden m\u00fcsse, andernfalls w\u00fcrde das Land die Planungen an der M\u00fcngstener Stra\u00dfe wieder aufnehmen. Gleichwohl erkl\u00e4rten sowohl die Stadt als auch der FDP-Landtagsabgeordnete Hafke im letzten Jahr presse\u00f6ffentlich, dass davon auszugehen sei, dass sich das Land auch auf eine Entscheidung im ersten Quartal oder m\u00f6glicherweise sogar bis Mitte des Jahres 2017 einlassen k\u00f6nnte, &#8222;wenn erkennbar ist, dass die Verz\u00f6gerung nicht auf Seiten der Stadt liegt&#8220;.<\/p>\n<p>Vor diesem Hintergrund bittet die Fraktion B\u00dcNDNIS 90\/DIE GR\u00dcNEN um die Beantwortung der folgenden Fragen:<\/p>\n<p>1. Wann und in welcher Form erfolgte die Zusage des Landes, dass die Schaffung von Baurecht auf der Kleinen H\u00f6he nicht zwangsl\u00e4ufig bis zum 31.12.17, sondern auch sp\u00e4ter noch erfolgen k\u00f6nne?<\/p>\n<p>2. Welche Gr\u00fcnde trugen dazu bei, dass die Stadt Wuppertal bis zum 31.12.17 kein Baurecht auf der Kleinen H\u00f6he schaffen konnte?<\/p>\n<p>3. Bis wann wird die Stadt Wuppertal Baurecht f\u00fcr die Kleine H\u00f6he schaffen k\u00f6nnen?<\/p>\n<p>4. Wie erkl\u00e4rt sich die Stadt Wuppertal die widerspr\u00fcchlichen \u00c4u\u00dferungen des Landtagsabgeordneten Hafke, der im September 2017 eine Verz\u00f6gerung bei der Schaffung von Baurecht auf der Kleinen H\u00f6he als unproblematisch ansah, dies dann auch am 17.01.2018 gegen\u00fcber der WZ bekr\u00e4ftigt und dann wenige Tage sp\u00e4ter bei Radio Wuppertal die Stadt daf\u00fcr kritisiert, dass das Land wegen des fehlenden Baurechts seine Planungen \u00e4ndert?<\/p>\n<p>5. Wie lange w\u00fcrde es dauern, an der Parkstra\u00dfe Baurecht f\u00fcr eine forensische Klinik zu schaffen, falls das Innenministerium sich f\u00fcr einen Verbleib der Bereitschaftspolizei an der M\u00fcngstener Stra\u00dfe entscheidet?<\/p>\n<p>Mit freundlichen Gr\u00fc\u00dfen<\/p>\n<p>Marc Schulz \u00a0 \u00a0 \u00a0 \u00a0 \u00a0 \u00a0 \u00a0 \u00a0 \u00a0 \u00a0 \u00a0 \u00a0 \u00a0 \u00a0 \u00a0 \u00a0 \u00a0 \u00a0 \u00a0 Ilona Sch\u00e4fer<br \/>\nFraktionsvorsitzender\u00a0\u00a0\u00a0\u00a0\u00a0\u00a0\u00a0\u00a0\u00a0\u00a0\u00a0\u00a0\u00a0\u00a0\u00a0\u00a0\u00a0\u00a0\u00a0\u00a0\u00a0\u00a0\u00a0 Stadtverordnete<\/p>\n","protected":false},"excerpt":{"rendered":"<p>Die Antwort des Oberb\u00fcrgermeisters finden Sie in dieser PDF-Datei: Antwort_Kleine_Anfrage_Forensik Sehr geehrter Herr Oberb\u00fcrgermeister, der Antwort des NRW-Innenministeriums auf die kleine Anfrage des Landtagsabgeordneten Mostofizadeh (GR\u00dcNE) \u201e\u00dcberpr\u00fcft das Land den Umzug der Bereitschaftspolizei Wuppertal und welche Auswirkungen hat dies auf die geplante Errichtung einer Forensik&#8230;<\/p>\n","protected":false},"author":20,"featured_media":0,"menu_order":0,"comment_status":"closed","ping_status":"closed","template":"","meta":{"_wp_rev_ctl_limit":""},"themen":[25,81,24,58],"yoast_head":"<!-- This site is optimized with the Yoast SEO plugin v21.8 - https:\/\/yoast.com\/wordpress\/plugins\/seo\/ -->\n<title>Forensik-Standorte in Wuppertal - Fraktion von B\u00fcndnis 90 \/ DIE GR\u00dcNEN im Rat der Stadt Wuppertal<\/title>\n<meta name=\"robots\" content=\"index, follow, max-snippet:-1, max-image-preview:large, max-video-preview:-1\" \/>\n<link rel=\"canonical\" href=\"https:\/\/gruene-wuppertal.de\/fraktion\/anfragen\/forensik-standorte-in-wuppertal-2\/\" \/>\n<meta property=\"og:locale\" content=\"de_DE\" \/>\n<meta property=\"og:type\" content=\"article\" \/>\n<meta property=\"og:title\" content=\"Forensik-Standorte in Wuppertal - Fraktion von B\u00fcndnis 90 \/ DIE GR\u00dcNEN im Rat der Stadt Wuppertal\" \/>\n<meta property=\"og:description\" content=\"Die Antwort des Oberb\u00fcrgermeisters finden Sie in dieser PDF-Datei: Antwort_Kleine_Anfrage_Forensik Sehr geehrter Herr Oberb\u00fcrgermeister, der Antwort des NRW-Innenministeriums auf die kleine Anfrage des Landtagsabgeordneten Mostofizadeh (GR\u00dcNE) \u201e\u00dcberpr\u00fcft das Land den Umzug der Bereitschaftspolizei Wuppertal und welche Auswirkungen hat dies auf die geplante Errichtung einer Forensik...\" \/>\n<meta property=\"og:url\" content=\"https:\/\/gruene-wuppertal.de\/fraktion\/anfragen\/forensik-standorte-in-wuppertal-2\/\" \/>\n<meta property=\"og:site_name\" content=\"Fraktion von B\u00fcndnis 90 \/ DIE GR\u00dcNEN im Rat der Stadt Wuppertal\" \/>\n<meta name=\"twitter:card\" content=\"summary_large_image\" \/>\n<meta name=\"twitter:label1\" content=\"Gesch\u00e4tzte Lesezeit\" \/>\n\t<meta name=\"twitter:data1\" content=\"2 Minuten\" \/>\n<script type=\"application\/ld+json\" class=\"yoast-schema-graph\">{\"@context\":\"https:\/\/schema.org\",\"@graph\":[{\"@type\":\"WebPage\",\"@id\":\"https:\/\/gruene-wuppertal.de\/fraktion\/anfragen\/forensik-standorte-in-wuppertal-2\/\",\"url\":\"https:\/\/gruene-wuppertal.de\/fraktion\/anfragen\/forensik-standorte-in-wuppertal-2\/\",\"name\":\"Forensik-Standorte in Wuppertal - Fraktion von B\u00fcndnis 90 \/ DIE GR\u00dcNEN im Rat der Stadt Wuppertal\",\"isPartOf\":{\"@id\":\"https:\/\/gruene-wuppertal.de\/fraktion\/#website\"},\"datePublished\":\"2018-01-23T14:53:24+00:00\",\"dateModified\":\"2018-01-23T14:53:24+00:00\",\"breadcrumb\":{\"@id\":\"https:\/\/gruene-wuppertal.de\/fraktion\/anfragen\/forensik-standorte-in-wuppertal-2\/#breadcrumb\"},\"inLanguage\":\"de-DE\",\"potentialAction\":[{\"@type\":\"ReadAction\",\"target\":[\"https:\/\/gruene-wuppertal.de\/fraktion\/anfragen\/forensik-standorte-in-wuppertal-2\/\"]}]},{\"@type\":\"BreadcrumbList\",\"@id\":\"https:\/\/gruene-wuppertal.de\/fraktion\/anfragen\/forensik-standorte-in-wuppertal-2\/#breadcrumb\",\"itemListElement\":[{\"@type\":\"ListItem\",\"position\":1,\"name\":\"Startseite\",\"item\":\"https:\/\/gruene-wuppertal.de\/fraktion\/\"},{\"@type\":\"ListItem\",\"position\":2,\"name\":\"Forensik-Standorte in Wuppertal\"}]},{\"@type\":\"WebSite\",\"@id\":\"https:\/\/gruene-wuppertal.de\/fraktion\/#website\",\"url\":\"https:\/\/gruene-wuppertal.de\/fraktion\/\",\"name\":\"Fraktion von B\u00fcndnis 90 \/ DIE GR\u00dcNEN im Rat der Stadt Wuppertal\",\"description\":\"\",\"potentialAction\":[{\"@type\":\"SearchAction\",\"target\":{\"@type\":\"EntryPoint\",\"urlTemplate\":\"https:\/\/gruene-wuppertal.de\/fraktion\/?s={search_term_string}\"},\"query-input\":\"required name=search_term_string\"}],\"inLanguage\":\"de-DE\"}]}<\/script>\n<!-- \/ Yoast SEO plugin. -->","yoast_head_json":{"title":"Forensik-Standorte in Wuppertal - Fraktion von B\u00fcndnis 90 \/ DIE GR\u00dcNEN im Rat der Stadt Wuppertal","robots":{"index":"index","follow":"follow","max-snippet":"max-snippet:-1","max-image-preview":"max-image-preview:large","max-video-preview":"max-video-preview:-1"},"canonical":"https:\/\/gruene-wuppertal.de\/fraktion\/anfragen\/forensik-standorte-in-wuppertal-2\/","og_locale":"de_DE","og_type":"article","og_title":"Forensik-Standorte in Wuppertal - Fraktion von B\u00fcndnis 90 \/ DIE GR\u00dcNEN im Rat der Stadt Wuppertal","og_description":"Die Antwort des Oberb\u00fcrgermeisters finden Sie in dieser PDF-Datei: Antwort_Kleine_Anfrage_Forensik Sehr geehrter Herr Oberb\u00fcrgermeister, der Antwort des NRW-Innenministeriums auf die kleine Anfrage des Landtagsabgeordneten Mostofizadeh (GR\u00dcNE) \u201e\u00dcberpr\u00fcft das Land den Umzug der Bereitschaftspolizei Wuppertal und welche Auswirkungen hat dies auf die geplante Errichtung einer Forensik...","og_url":"https:\/\/gruene-wuppertal.de\/fraktion\/anfragen\/forensik-standorte-in-wuppertal-2\/","og_site_name":"Fraktion von B\u00fcndnis 90 \/ DIE GR\u00dcNEN im Rat der Stadt Wuppertal","twitter_card":"summary_large_image","twitter_misc":{"Gesch\u00e4tzte Lesezeit":"2 Minuten"},"schema":{"@context":"https:\/\/schema.org","@graph":[{"@type":"WebPage","@id":"https:\/\/gruene-wuppertal.de\/fraktion\/anfragen\/forensik-standorte-in-wuppertal-2\/","url":"https:\/\/gruene-wuppertal.de\/fraktion\/anfragen\/forensik-standorte-in-wuppertal-2\/","name":"Forensik-Standorte in Wuppertal - Fraktion von B\u00fcndnis 90 \/ DIE GR\u00dcNEN im Rat der Stadt Wuppertal","isPartOf":{"@id":"https:\/\/gruene-wuppertal.de\/fraktion\/#website"},"datePublished":"2018-01-23T14:53:24+00:00","dateModified":"2018-01-23T14:53:24+00:00","breadcrumb":{"@id":"https:\/\/gruene-wuppertal.de\/fraktion\/anfragen\/forensik-standorte-in-wuppertal-2\/#breadcrumb"},"inLanguage":"de-DE","potentialAction":[{"@type":"ReadAction","target":["https:\/\/gruene-wuppertal.de\/fraktion\/anfragen\/forensik-standorte-in-wuppertal-2\/"]}]},{"@type":"BreadcrumbList","@id":"https:\/\/gruene-wuppertal.de\/fraktion\/anfragen\/forensik-standorte-in-wuppertal-2\/#breadcrumb","itemListElement":[{"@type":"ListItem","position":1,"name":"Startseite","item":"https:\/\/gruene-wuppertal.de\/fraktion\/"},{"@type":"ListItem","position":2,"name":"Forensik-Standorte in Wuppertal"}]},{"@type":"WebSite","@id":"https:\/\/gruene-wuppertal.de\/fraktion\/#website","url":"https:\/\/gruene-wuppertal.de\/fraktion\/","name":"Fraktion von B\u00fcndnis 90 \/ DIE GR\u00dcNEN im Rat der Stadt Wuppertal","description":"","potentialAction":[{"@type":"SearchAction","target":{"@type":"EntryPoint","urlTemplate":"https:\/\/gruene-wuppertal.de\/fraktion\/?s={search_term_string}"},"query-input":"required name=search_term_string"}],"inLanguage":"de-DE"}]}},"post_mailing_queue_ids":[],"_links":{"self":[{"href":"https:\/\/gruene-wuppertal.de\/fraktion\/wp-json\/wp\/v2\/anfragen\/12715"}],"collection":[{"href":"https:\/\/gruene-wuppertal.de\/fraktion\/wp-json\/wp\/v2\/anfragen"}],"about":[{"href":"https:\/\/gruene-wuppertal.de\/fraktion\/wp-json\/wp\/v2\/types\/anfragen"}],"author":[{"embeddable":true,"href":"https:\/\/gruene-wuppertal.de\/fraktion\/wp-json\/wp\/v2\/users\/20"}],"replies":[{"embeddable":true,"href":"https:\/\/gruene-wuppertal.de\/fraktion\/wp-json\/wp\/v2\/comments?post=12715"}],"version-history":[{"count":0,"href":"https:\/\/gruene-wuppertal.de\/fraktion\/wp-json\/wp\/v2\/anfragen\/12715\/revisions"}],"wp:attachment":[{"href":"https:\/\/gruene-wuppertal.de\/fraktion\/wp-json\/wp\/v2\/media?parent=12715"}],"wp:term":[{"taxonomy":"themen","embeddable":true,"href":"https:\/\/gruene-wuppertal.de\/fraktion\/wp-json\/wp\/v2\/themen?post=12715"}],"curies":[{"name":"wp","href":"https:\/\/api.w.org\/{rel}","templated":true}]}}