{"version":"1.0","provider_name":"Fraktion von B\u00fcndnis 90 \/ DIE GR\u00dcNEN im Rat der Stadt Wuppertal","provider_url":"https:\/\/gruene-wuppertal.de\/fraktion","author_name":"Karin Bohr","author_url":"https:\/\/gruene-wuppertal.de\/fraktion\/author\/karin-bohr\/","title":"Klimaschutz in Wuppertal - Fraktion von B\u00fcndnis 90 \/ DIE GR\u00dcNEN im Rat der Stadt Wuppertal","type":"rich","width":600,"height":338,"html":"<blockquote class=\"wp-embedded-content\" data-secret=\"Mx1y0d4h40\"><a href=\"https:\/\/gruene-wuppertal.de\/fraktion\/antraege\/klimaschutz-in-wuppertal-2\/\">Klimaschutz in Wuppertal<\/a><\/blockquote><iframe sandbox=\"allow-scripts\" security=\"restricted\" src=\"https:\/\/gruene-wuppertal.de\/fraktion\/antraege\/klimaschutz-in-wuppertal-2\/embed\/#?secret=Mx1y0d4h40\" width=\"600\" height=\"338\" title=\"&#8222;Klimaschutz in Wuppertal&#8220; &#8212; Fraktion von B\u00fcndnis 90 \/ DIE GR\u00dcNEN im Rat der Stadt Wuppertal\" data-secret=\"Mx1y0d4h40\" frameborder=\"0\" marginwidth=\"0\" marginheight=\"0\" scrolling=\"no\" class=\"wp-embedded-content\"><\/iframe><script type=\"text\/javascript\">\n\/* <![CDATA[ *\/\n\/*! This file is auto-generated *\/\n!function(d,l){\"use strict\";l.querySelector&&d.addEventListener&&\"undefined\"!=typeof URL&&(d.wp=d.wp||{},d.wp.receiveEmbedMessage||(d.wp.receiveEmbedMessage=function(e){var t=e.data;if((t||t.secret||t.message||t.value)&&!\/[^a-zA-Z0-9]\/.test(t.secret)){for(var s,r,n,a=l.querySelectorAll('iframe[data-secret=\"'+t.secret+'\"]'),o=l.querySelectorAll('blockquote[data-secret=\"'+t.secret+'\"]'),c=new RegExp(\"^https?:$\",\"i\"),i=0;i<o.length;i++)o[i].style.display=\"none\";for(i=0;i<a.length;i++)s=a[i],e.source===s.contentWindow&&(s.removeAttribute(\"style\"),\"height\"===t.message?(1e3<(r=parseInt(t.value,10))?r=1e3:~~r<200&&(r=200),s.height=r):\"link\"===t.message&&(r=new URL(s.getAttribute(\"src\")),n=new URL(t.value),c.test(n.protocol))&&n.host===r.host&&l.activeElement===s&&(d.top.location.href=t.value))}},d.addEventListener(\"message\",d.wp.receiveEmbedMessage,!1),l.addEventListener(\"DOMContentLoaded\",function(){for(var e,t,s=l.querySelectorAll(\"iframe.wp-embedded-content\"),r=0;r<s.length;r++)(t=(e=s[r]).getAttribute(\"data-secret\"))||(t=Math.random().toString(36).substring(2,12),e.src+=\"#?secret=\"+t,e.setAttribute(\"data-secret\",t)),e.contentWindow.postMessage({message:\"ready\",secret:t},\"*\")},!1)))}(window,document);\n\/* ]]> *\/\n<\/script>\n","description":"Zu: VO 1042\/19, B\u00fcrgerantrag \u201eResolution zum Klimanotstand\u201e an den Ausschuss f\u00fcr Umwelt am 03.12.2019 und an den Hauptausschuss 11.12.2019\u00a0\u00a0\u00a0 Sehr geehrter Herr Oberb\u00fcrgermeister, sehr geehrte Frau Br\u00fccher, die Fraktionen von CDU und B\u00dcNDNIS 90\/DIE GR\u00dcNEN beantragen, die Mitglieder des Umweltausschusses, des Hauptausschusses und des Rates..."}